{"id":293856,"date":"2023-11-22T17:08:54","date_gmt":"2023-11-22T20:08:54","guid":{"rendered":"https:\/\/emfoco.med.br\/our-history\/"},"modified":"2025-08-22T17:40:07","modified_gmt":"2025-08-22T20:40:07","slug":"our-history","status":"publish","type":"page","link":"https:\/\/emfoco.med.br\/en\/our-history\/","title":{"rendered":"Our History"},"content":{"rendered":"<p>[et_pb_section fb_built=&#8221;1&#8243; disabled_on=&#8221;on|on|off&#8221; _builder_version=&#8221;4.27.4&#8243; _module_preset=&#8221;default&#8221; background_image=&#8221;https:\/\/emfoco.med.br\/wp-content\/uploads\/2024\/04\/banner-nossa-historia-1-copiar.webp&#8221; custom_margin=&#8221;||||false|false&#8221; custom_padding=&#8221;400px||||false|false&#8221; hover_enabled=&#8221;0&#8243; custom_css_main_element=&#8221;height:510px;&#8221; global_colors_info=&#8221;{}&#8221; sticky_enabled=&#8221;0&#8243;][et_pb_row _builder_version=&#8221;4.27.4&#8243; _module_preset=&#8221;default&#8221;][et_pb_column _builder_version=&#8221;4.27.4&#8243; _module_preset=&#8221;default&#8221; type=&#8221;4_4&#8243;][et_pb_text _builder_version=&#8221;4.27.4&#8243; _module_preset=&#8221;default&#8221; header_2_font=&#8221;|600|||||||&#8221; header_2_text_align=&#8221;center&#8221; header_2_text_color=&#8221;#FFFFFF&#8221; header_2_font_size=&#8221;18px&#8221; header_2_line_height=&#8221;1.4em&#8221; custom_margin=&#8221;||||false|false&#8221; custom_padding=&#8221;|||5%|false|false&#8221; hover_enabled=&#8221;0&#8243; header_2_text_shadow_style=&#8221;preset1&#8243; global_colors_info=&#8221;{}&#8221; locked=&#8221;off&#8221; sticky_enabled=&#8221;0&#8243;]<\/p>\n<h1><span style=\"vertical-align: inherit;\"><span style=\"vertical-align: inherit;\">From Dream to Reality: the History of the Instituto Medicina Em Foco<\/span><\/span><\/h1>\n<p>[\/et_pb_text][\/et_pb_column][\/et_pb_row][\/et_pb_section][et_pb_section fb_built=&#8221;1&#8243; disabled_on=&#8221;off|off|on&#8221; _builder_version=&#8221;4.25.0&#8243; _module_preset=&#8221;default&#8221; background_color=&#8221;rgba(0,0,0,0.33)&#8221; background_image=&#8221;https:\/\/emfoco.med.br\/wp-content\/uploads\/2024\/05\/banner-nossa-historia-_1_-copiar.webp&#8221; background_position=&#8221;center_left&#8221; background_horizontal_offset=&#8221;70%&#8221; background_blend=&#8221;multiply&#8221; global_colors_info=&#8221;{}&#8221;][et_pb_row _builder_version=&#8221;4.23.1&#8243; _module_preset=&#8221;default&#8221; custom_padding=&#8221;91px||||false|false&#8221; global_colors_info=&#8221;{}&#8221;][et_pb_column type=&#8221;4_4&#8243; _builder_version=&#8221;4.23.1&#8243; _module_preset=&#8221;default&#8221; global_colors_info=&#8221;{}&#8221;][et_pb_text _builder_version=&#8221;4.23.1&#8243; _module_preset=&#8221;default&#8221; header_2_font=&#8221;|600|||||||&#8221; header_2_text_align=&#8221;center&#8221; header_2_text_color=&#8221;#FFFFFF&#8221; header_2_font_size=&#8221;18px&#8221; header_2_line_height=&#8221;1.4em&#8221; custom_margin=&#8221;||||false|false&#8221; custom_padding=&#8221;|||5%|false|false&#8221; header_2_text_shadow_style=&#8221;preset1&#8243; global_colors_info=&#8221;{}&#8221;]<\/p>\n<h2>From Dream to Reality: the History of the Instituto Medicina Em Foco<\/h2>\n<p>[\/et_pb_text][\/et_pb_column][\/et_pb_row][\/et_pb_section][et_pb_section fb_built=&#8221;1&#8243; disabled_on=&#8221;on|on|off&#8221; admin_label=&#8221;About&#8221; _builder_version=&#8221;4.16&#8243; use_background_color_gradient=&#8221;on&#8221; background_color_gradient_direction=&#8221;90deg&#8221; background_color_gradient_stops=&#8221;#13678a 50%|#ffffff 50%&#8221; background_color_gradient_start=&#8221;#0059c3&#8243; background_color_gradient_start_position=&#8221;50%&#8221; background_color_gradient_end=&#8221;#ffffff&#8221; background_color_gradient_end_position=&#8221;50%&#8221; background_image=&#8221;https:\/\/emfoco.med.br\/wp-content\/uploads\/2023\/11\/dentist-13.png&#8221; background_size=&#8221;initial&#8221; background_position=&#8221;top_right&#8221; custom_padding=&#8221;0|0px|0|0px|false|false&#8221; locked=&#8221;off&#8221; global_colors_info=&#8221;{}&#8221;][et_pb_row column_structure=&#8221;2_5,3_5&#8243; custom_padding_last_edited=&#8221;on|desktop&#8221; _builder_version=&#8221;4.16&#8243; use_background_color_gradient=&#8221;on&#8221; background_color_gradient_direction=&#8221;75deg&#8221; background_color_gradient_stops=&#8221;#5dbfbe 0%|#5dbfbe 100%&#8221; background_color_gradient_start=&#8221;#0059c3&#8243; background_color_gradient_end=&#8221;#0081ff&#8221; max_width=&#8221;1280px&#8221; module_alignment=&#8221;center&#8221; custom_margin=&#8221;|||&#8221; custom_padding=&#8221;0|0|90px|5vw|false|false&#8221; custom_padding_tablet=&#8221;|5vw||5vw||true&#8221; custom_padding_phone=&#8221;|5vw||5vw||true&#8221; animation_style=&#8221;zoom&#8221; animation_direction=&#8221;top&#8221; animation_intensity_zoom=&#8221;1%&#8221; border_radii=&#8221;|10vw||10vw|&#8221; box_shadow_style=&#8221;preset1&#8243; box_shadow_horizontal=&#8221;60px&#8221; box_shadow_vertical=&#8221;0px&#8221; box_shadow_blur=&#8221;60px&#8221; box_shadow_spread=&#8221;-40px&#8221; box_shadow_color=&#8221;rgba(0,121,255,0.1)&#8221; use_custom_width=&#8221;on&#8221; custom_width_px=&#8221;1280px&#8221; global_colors_info=&#8221;{}&#8221;][et_pb_column type=&#8221;2_5&#8243; _builder_version=&#8221;4.16&#8243; custom_padding=&#8221;60px|||&#8221; custom_padding_tablet=&#8221;40px|||&#8221; custom_padding_phone=&#8221;20px|||&#8221; custom_padding_last_edited=&#8221;off|desktop&#8221; global_colors_info=&#8221;{}&#8221; padding_phone=&#8221;20px|||&#8221; padding_tablet=&#8221;40px|||&#8221; padding_last_edited=&#8221;off|desktop&#8221; custom_padding__hover=&#8221;|||&#8221;][et_pb_text _builder_version=&#8221;4.23.4&#8243; text_font=&#8221;||||||||&#8221; text_font_size=&#8221;16px&#8221; text_line_height=&#8221;2em&#8221; ul_font=&#8221;||||||||&#8221; ol_font=&#8221;||||||||&#8221; header_font=&#8221;||||||||&#8221; header_2_font=&#8221;Cantata One||||||||&#8221; header_2_font_size=&#8221;40px&#8221; header_2_line_height=&#8221;1.4em&#8221; background_layout=&#8221;dark&#8221; header_2_font_size_tablet=&#8221;35px&#8221; header_2_font_size_phone=&#8221;25px&#8221; header_2_font_size_last_edited=&#8221;on|phone&#8221; global_colors_info=&#8221;{}&#8221;]<\/p>\n<p>In the heart of the bustling S\u00e3o Paulo metropolis, a vision shared by idealizing minds emerges, transforming the medical experience into something beyond simple consultations and diagnoses.<\/p>\n<p>Since they met, two young doctors, <a href=\"https:\/\/emfoco.med.br\/drrodrigobarbosa\/\">Dr. Rodrigo Barbosa<\/a> and <a href=\"https:\/\/emfoco.med.br\/draadrianamarcoantonio\/\">Dr. Adriana Marco Ant\u00f4nio <\/a>, soon became friends, united by a common passion: medicine and caring for others.<\/p>\n<p>So, amidst the chaos of modern life, a pioneering proposal for humanized care and treatment is born: the Instituto Medicina em Foco.<\/p>\n<p>The project&#8217;s creators realized a gap in patient care, often done halfway, and the lack of an integrated care network. They also saw the need to improve communication, as information was lost, and the patient was harmed, since many prescribed treatments were conflicting due to the lack of dialogue. <\/p>\n<p>[\/et_pb_text][\/et_pb_column][et_pb_column type=&#8221;3_5&#8243; _builder_version=&#8221;4.16&#8243; custom_padding=&#8221;|||&#8221; custom_padding_tablet=&#8221;40px|||&#8221; custom_padding_phone=&#8221;20px|||&#8221; custom_padding_last_edited=&#8221;off|desktop&#8221; global_colors_info=&#8221;{}&#8221; padding_phone=&#8221;20px|||&#8221; padding_tablet=&#8221;40px|||&#8221; padding_last_edited=&#8221;off|desktop&#8221; custom_padding__hover=&#8221;|||&#8221;][et_pb_code _builder_version=&#8221;4.23.1&#8243; _module_preset=&#8221;default&#8221; global_colors_info=&#8221;{}&#8221;]<iframe loading=\"lazy\" title=\"YouTube video player\" src=\"https:\/\/www.youtube.com\/embed\/yOdT1ymPJKc?si=1CxvoOYC8XpCVuZO\" width=\"560\" height=\"315\" frameborder=\"0\" allowfullscreen=\"allowfullscreen\"><\/iframe>[\/et_pb_code][et_pb_text _builder_version=&#8221;4.23.1&#8243; text_font=&#8221;||||||||&#8221; text_font_size=&#8221;16px&#8221; text_line_height=&#8221;1.9em&#8221; ul_font=&#8221;|700|||||||&#8221; ul_line_height=&#8221;2em&#8221; background_layout=&#8221;dark&#8221; locked=&#8221;off&#8221; global_colors_info=&#8221;{}&#8221;]<\/p>\n<p>In addition, both are involved with the treatment of diseases in groups that for many reasons were on the margins of the centralized views of medicine and society, such as obese patients, LGBTQ+ patients, amputees and those undergoing dialysis.<\/p>\n<p>The story of the Instituto Medicina em Foco is about shared dreams. The Institute&#8217;s objective is to create an environment open to diversity, where everyone feels welcome, regardless of race, creed or sexual orientation and, more than that, regardless of their medical condition, so that everyone feels comfortable and supported. <\/p>\n<p>[\/et_pb_text][\/et_pb_column][\/et_pb_row][\/et_pb_section][et_pb_section fb_built=&#8221;1&#8243; disabled_on=&#8221;off|off|on&#8221; admin_label=&#8221;About&#8221; _builder_version=&#8221;4.16&#8243; use_background_color_gradient=&#8221;on&#8221; background_color_gradient_direction=&#8221;90deg&#8221; background_color_gradient_stops=&#8221;#13678a 50%|#ffffff 50%&#8221; background_color_gradient_start=&#8221;#0059c3&#8243; background_color_gradient_start_position=&#8221;50%&#8221; background_color_gradient_end=&#8221;#ffffff&#8221; background_color_gradient_end_position=&#8221;50%&#8221; background_image=&#8221;https:\/\/emfoco.med.br\/wp-content\/uploads\/2023\/11\/dentist-13.png&#8221; background_size=&#8221;initial&#8221; background_position=&#8221;top_right&#8221; custom_padding=&#8221;0|0px|0|0px|false|false&#8221; locked=&#8221;off&#8221; global_colors_info=&#8221;{}&#8221;][et_pb_row column_structure=&#8221;2_5,3_5&#8243; custom_padding_last_edited=&#8221;on|desktop&#8221; _builder_version=&#8221;4.23.3&#8243; use_background_color_gradient=&#8221;on&#8221; background_color_gradient_direction=&#8221;75deg&#8221; background_color_gradient_stops=&#8221;#5dbfbe 0%|#5dbfbe 100%&#8221; background_color_gradient_start=&#8221;#0059c3&#8243; background_color_gradient_end=&#8221;#0081ff&#8221; max_width=&#8221;1280px&#8221; module_alignment=&#8221;center&#8221; custom_margin=&#8221;|||&#8221; custom_padding=&#8221;0|0|90px|5vw|false|false&#8221; custom_padding_tablet=&#8221;|5vw||5vw||true&#8221; custom_padding_phone=&#8221;|5vw||5vw||true&#8221; animation_style=&#8221;zoom&#8221; animation_direction=&#8221;top&#8221; animation_intensity_zoom=&#8221;1%&#8221; border_radii=&#8221;|10vw||10vw|&#8221; box_shadow_style=&#8221;preset1&#8243; box_shadow_horizontal=&#8221;60px&#8221; box_shadow_vertical=&#8221;0px&#8221; box_shadow_blur=&#8221;60px&#8221; box_shadow_spread=&#8221;-40px&#8221; box_shadow_color=&#8221;rgba(0,121,255,0.1)&#8221; use_custom_width=&#8221;on&#8221; custom_width_px=&#8221;1280px&#8221; global_colors_info=&#8221;{}&#8221;][et_pb_column type=&#8221;2_5&#8243; _builder_version=&#8221;4.16&#8243; custom_padding=&#8221;60px|||&#8221; custom_padding_tablet=&#8221;40px|||&#8221; custom_padding_phone=&#8221;20px|||&#8221; custom_padding_last_edited=&#8221;off|desktop&#8221; global_colors_info=&#8221;{}&#8221; padding_phone=&#8221;20px|||&#8221; padding_tablet=&#8221;40px|||&#8221; padding_last_edited=&#8221;off|desktop&#8221; custom_padding__hover=&#8221;|||&#8221;][et_pb_text _builder_version=&#8221;4.23.3&#8243; text_font=&#8221;||||||||&#8221; text_line_height=&#8221;2em&#8221; ul_font=&#8221;||||||||&#8221; ol_font=&#8221;||||||||&#8221; header_font=&#8221;||||||||&#8221; header_2_font=&#8221;Cantata One||||||||&#8221; header_2_font_size=&#8221;40px&#8221; header_2_line_height=&#8221;1.4em&#8221; background_layout=&#8221;dark&#8221; header_2_font_size_tablet=&#8221;35px&#8221; header_2_font_size_phone=&#8221;25px&#8221; header_2_font_size_last_edited=&#8221;on|phone&#8221; global_colors_info=&#8221;{}&#8221;]<\/p>\n<p>In the heart of the bustling S\u00e3o Paulo metropolis, a vision shared by idealizing minds emerges, transforming the medical experience into something beyond simple consultations and diagnoses.<\/p>\n<p>Since they met, two young doctors, Dr. Rodrigo Barbosa and Dr. Adriana Marco Ant\u00f4nio, soon became friends, united by a common passion: medicine and caring for others. <\/p>\n<p>[\/et_pb_text][\/et_pb_column][et_pb_column type=&#8221;3_5&#8243; _builder_version=&#8221;4.16&#8243; custom_padding=&#8221;|||&#8221; custom_padding_tablet=&#8221;40px|||&#8221; custom_padding_phone=&#8221;20px|||&#8221; custom_padding_last_edited=&#8221;off|desktop&#8221; global_colors_info=&#8221;{}&#8221; padding_phone=&#8221;20px|||&#8221; padding_tablet=&#8221;40px|||&#8221; padding_last_edited=&#8221;off|desktop&#8221; custom_padding__hover=&#8221;|||&#8221;][et_pb_code _builder_version=&#8221;4.23.1&#8243; _module_preset=&#8221;default&#8221; global_colors_info=&#8221;{}&#8221;]<iframe loading=\"lazy\" title=\"YouTube video player\" src=\"https:\/\/www.youtube.com\/embed\/yOdT1ymPJKc?si=1CxvoOYC8XpCVuZO\" width=\"560\" height=\"315\" frameborder=\"0\" allowfullscreen=\"allowfullscreen\"><\/iframe>[\/et_pb_code][et_pb_toggle title=&#8221;Read More&#8221; open_toggle_background_color=&#8221;#5dbfbe&#8221; closed_toggle_background_color=&#8221;#13678a&#8221; _builder_version=&#8221;4.23.3&#8243; _module_preset=&#8221;default&#8221; title_text_color=&#8221;#FFFFFF&#8221; body_text_color=&#8221;#FFFFFF&#8221; global_colors_info=&#8221;{}&#8221;]<\/p>\n<p>So, amidst the chaos of modern life, a pioneering proposal for humanized care and treatment is born: the Instituto Medicina em Foco.<\/p>\n<p>The project&#8217;s creators realized a gap in patient care, often done halfway, and the lack of an integrated care network. They also saw the need to improve communication, as information was lost, and the patient was harmed, since many prescribed treatments were conflicting due to the lack of dialogue. <\/p>\n<p>In addition, both are involved with the treatment of diseases in groups that for many reasons were on the margins of the centralized views of medicine and society, such as obese patients, LGBTQ+ patients, amputees and those undergoing dialysis.<\/p>\n<p>The story of the Instituto Medicina em Foco is about shared dreams. The Institute&#8217;s objective is to create an environment open to diversity, where everyone feels welcome, regardless of race, creed or sexual orientation and, more than that, regardless of their medical condition, so that everyone feels comfortable and supported. <\/p>\n<p>[\/et_pb_toggle][\/et_pb_column][\/et_pb_row][\/et_pb_section][et_pb_section fb_built=&#8221;1&#8243; disabled_on=&#8221;off|off|off&#8221; admin_label=&#8221;Features&#8221; _builder_version=&#8221;4.23.1&#8243; background_color=&#8221;#13678a&#8221; custom_margin=&#8221;||||false|false&#8221; custom_margin_tablet=&#8221;0px|||&#8221; custom_margin_phone=&#8221;&#8221; custom_margin_last_edited=&#8221;on|tablet&#8221; custom_padding=&#8221;40px|0px|54px|0px|false|false&#8221; top_divider_height=&#8221;14px&#8221; top_divider_repeat=&#8221;18x&#8221; top_divider_repeat_tablet=&#8221;9x&#8221; top_divider_repeat_phone=&#8221;4x&#8221; top_divider_repeat_last_edited=&#8221;on|phone&#8221; locked=&#8221;off&#8221; global_colors_info=&#8221;{}&#8221;][et_pb_row column_structure=&#8221;1_3,1_3,1_3&#8243; _builder_version=&#8221;4.16&#8243; locked=&#8221;off&#8221; global_colors_info=&#8221;{}&#8221;][et_pb_column type=&#8221;1_3&#8243; _builder_version=&#8221;4.16&#8243; custom_padding=&#8221;|||&#8221; global_colors_info=&#8221;{}&#8221; custom_padding__hover=&#8221;|||&#8221;][et_pb_blurb title=&#8221;Barriers&#8221; use_icon=&#8221;on&#8221; font_icon=&#8221;&#xe012;||divi||400&#8243; icon_color=&#8221;#FFFFFF&#8221; icon_placement=&#8221;left&#8221; _builder_version=&#8221;4.23.1&#8243; header_level=&#8221;h3&#8243; header_font=&#8221;||||||||&#8221; header_text_color=&#8221;#FFFFFF&#8221; header_font_size=&#8221;20px&#8221; header_line_height=&#8221;1.6em&#8221; body_font=&#8221;||||||||&#8221; body_text_color=&#8221;#FFFFFF&#8221; body_line_height=&#8221;2em&#8221; animation=&#8221;off&#8221; global_colors_info=&#8221;{}&#8221;]<\/p>\n<p>The countless barriers that life imposed to the realization of this dream were not enough to stop the dream of these two, who found in others who also had the same desire: To transform medicine in a unique way \u2013 with affection, care and respect \u2013 to create an environment where the patient feels \u201cembraced\u201d.<\/p>\n<p>[\/et_pb_blurb][\/et_pb_column][et_pb_column type=&#8221;1_3&#8243; _builder_version=&#8221;4.16&#8243; custom_padding=&#8221;|||&#8221; global_colors_info=&#8221;{}&#8221; custom_padding__hover=&#8221;|||&#8221;][et_pb_blurb title=&#8221;Dream&#8221; use_icon=&#8221;on&#8221; font_icon=&#8221;&#xe007;||divi||400&#8243; icon_color=&#8221;#FFFFFF&#8221; icon_placement=&#8221;left&#8221; _builder_version=&#8221;4.23.1&#8243; header_level=&#8221;h3&#8243; header_font=&#8221;||||||||&#8221; header_text_color=&#8221;#FFFFFF&#8221; header_font_size=&#8221;20px&#8221; header_line_height=&#8221;1.6em&#8221; body_font=&#8221;||||||||&#8221; body_text_color=&#8221;#FFFFFF&#8221; body_line_height=&#8221;2em&#8221; animation=&#8221;off&#8221; global_colors_info=&#8221;{}&#8221;]<\/p>\n<p>Thus, a dream shared by visionary minds was born: Dr. Rodrigo Barbosa, a digestive system surgeon; Dr. Adriana Marco Ant\u00f4nio, a vascular surgeon; the manager Allephy, and the fellow doctors Dr. F\u00e1bio Piovezan and Dr. Vanessa Prado.  <\/p>\n<p>[\/et_pb_blurb][\/et_pb_column][et_pb_column type=&#8221;1_3&#8243; _builder_version=&#8221;4.16&#8243; custom_padding=&#8221;|||&#8221; global_colors_info=&#8221;{}&#8221; custom_padding__hover=&#8221;|||&#8221;][et_pb_blurb title=&#8221;Medicina Em Foco&#8221; image=&#8221;https:\/\/emfoco.med.br\/wp-content\/uploads\/2023\/11\/2.png&#8221; icon_placement=&#8221;left&#8221; _builder_version=&#8221;4.23.1&#8243; header_level=&#8221;h3&#8243; header_font=&#8221;||||||||&#8221; header_text_color=&#8221;#FFFFFF&#8221; header_font_size=&#8221;20px&#8221; header_line_height=&#8221;1.6em&#8221; body_font=&#8221;||||||||&#8221; body_text_color=&#8221;#FFFFFF&#8221; body_line_height=&#8221;2em&#8221; animation=&#8221;off&#8221; global_colors_info=&#8221;{}&#8221;]<\/p>\n<p>Together, they imagined a place where medicine was not just a service, but a transformative experience, and from this dream, the Instituto Medicina em Foco took shape.<\/p>\n<p>[\/et_pb_blurb][\/et_pb_column][\/et_pb_row][\/et_pb_section][et_pb_section fb_built=&#8221;1&#8243; specialty=&#8221;on&#8221; disabled_on=&#8221;on|on|off&#8221; admin_label=&#8221;Feature&#8221; _builder_version=&#8221;4.23.1&#8243; locked=&#8221;off&#8221; global_colors_info=&#8221;{}&#8221;][et_pb_column type=&#8221;1_3&#8243; _builder_version=&#8221;4.16&#8243; custom_padding=&#8221;|||&#8221; global_colors_info=&#8221;{}&#8221; custom_padding__hover=&#8221;|||&#8221;][et_pb_text _builder_version=&#8221;4.23.1&#8243; text_font=&#8221;||||||||&#8221; text_text_color=&#8221;#000000&#8243; text_line_height=&#8221;2em&#8221; header_font=&#8221;||||||||&#8221; header_3_font=&#8221;Cantata One||||||||&#8221; header_3_font_size=&#8221;20px&#8221; header_3_line_height=&#8221;1.6em&#8221; text_orientation=&#8221;center&#8221; custom_margin=&#8221;||30px|&#8221; header_3_font_size_tablet=&#8221;&#8221; header_3_font_size_phone=&#8221;25px&#8221; header_3_font_size_last_edited=&#8221;on|phone&#8221; locked=&#8221;off&#8221; global_colors_info=&#8221;{}&#8221;]<\/p>\n<p>At the heart of the Institute is an elite team, characterized not only by their technical skills, but by their ability to smile in the face of difficulties, and to base our joys on the possibility of changing lives.<\/p>\n<p>[\/et_pb_text][et_pb_image src=&#8221;https:\/\/emfoco.med.br\/wp-content\/uploads\/2023\/09\/cropped-001-PNG-versao-principal-scaled-1.webp&#8221; alt=&#8221;instituto medicina em foco&#8221; title_text=&#8221;cropped-001-PNG-versao-principal-scaled-1.Webp&#8221; align=&#8221;center&#8221; _builder_version=&#8221;4.23.1&#8243; _module_preset=&#8221;default&#8221; width=&#8221;60%&#8221; global_colors_info=&#8221;{}&#8221;][\/et_pb_image][\/et_pb_column][et_pb_column type=&#8221;2_3&#8243; specialty_columns=&#8221;2&#8243; _builder_version=&#8221;4.16&#8243; custom_padding=&#8221;|||&#8221; global_colors_info=&#8221;{}&#8221; custom_padding__hover=&#8221;|||&#8221;][et_pb_row_inner _builder_version=&#8221;4.16&#8243; background_color=&#8221;#ffffff&#8221; background_color_gradient_direction=&#8221;108deg&#8221; custom_margin=&#8221;0px||0px||true&#8221; custom_padding=&#8221;80px|40px|80px|40px|true|true&#8221; animation_style=&#8221;slide&#8221; animation_direction=&#8221;right&#8221; animation_intensity_slide=&#8221;5%&#8221; border_radii=&#8221;on|20px|20px|20px|20px&#8221; box_shadow_style=&#8221;preset1&#8243; box_shadow_vertical=&#8221;40px&#8221; box_shadow_blur=&#8221;60px&#8221; box_shadow_color=&#8221;rgba(0,64,135,0.06)&#8221; global_colors_info=&#8221;{}&#8221;][et_pb_column_inner saved_specialty_column_type=&#8221;2_3&#8243; _builder_version=&#8221;4.16&#8243; custom_padding=&#8221;|||&#8221; global_colors_info=&#8221;{}&#8221; custom_padding__hover=&#8221;|||&#8221;][et_pb_text _builder_version=&#8221;4.24.3&#8243; text_font=&#8221;||||||||&#8221; text_text_color=&#8221;#000000&#8243; text_line_height=&#8221;2em&#8221; header_font=&#8221;||||||||&#8221; header_2_font=&#8221;||||||||&#8221; header_2_font_size=&#8221;40px&#8221; header_2_line_height=&#8221;1.4em&#8221; text_orientation=&#8221;center&#8221; max_width=&#8221;500px&#8221; module_alignment=&#8221;center&#8221; header_2_font_size_tablet=&#8221;35px&#8221; header_2_font_size_phone=&#8221;25px&#8221; header_2_font_size_last_edited=&#8221;on|phone&#8221; locked=&#8221;off&#8221; global_colors_info=&#8221;{}&#8221;]<\/p>\n<h2>More than a Team, a Family<\/h2>\n<p>More than a team, a medical family composed of renowned surgeons and clinicians who collaborate in several reference hospitals in S\u00e3o Paulo, such as Hospital S\u00edrio Liban\u00eas, Hospital Albert Einstein, Hospital 9 de Julho, Vila Nova Star, S\u00e3o Luiz Itaim and Morumbi, in addition to the Hospital Alem\u00e3o Oswaldo Cruz, all engaged in their areas, standing out in the most different areas of activity and care.<\/p>\n<p>&nbsp;<\/p>\n<p>[\/et_pb_text][\/et_pb_column_inner][\/et_pb_row_inner][\/et_pb_column][\/et_pb_section][et_pb_section fb_built=&#8221;1&#8243; specialty=&#8221;on&#8221; disabled_on=&#8221;off|off|on&#8221; admin_label=&#8221;Feature&#8221; _builder_version=&#8221;4.23.3&#8243; custom_padding=&#8221;||0px||false|false&#8221; locked=&#8221;off&#8221; global_colors_info=&#8221;{}&#8221;][et_pb_column type=&#8221;1_3&#8243; _builder_version=&#8221;4.16&#8243; custom_padding=&#8221;|||&#8221; global_colors_info=&#8221;{}&#8221; custom_padding__hover=&#8221;|||&#8221;][et_pb_text _builder_version=&#8221;4.23.1&#8243; text_font=&#8221;||||||||&#8221; text_text_color=&#8221;#000000&#8243; text_line_height=&#8221;2em&#8221; header_font=&#8221;||||||||&#8221; header_3_font=&#8221;Cantata One||||||||&#8221; header_3_font_size=&#8221;20px&#8221; header_3_line_height=&#8221;1.6em&#8221; text_orientation=&#8221;center&#8221; custom_margin=&#8221;||30px|&#8221; header_3_font_size_tablet=&#8221;&#8221; header_3_font_size_phone=&#8221;25px&#8221; header_3_font_size_last_edited=&#8221;on|phone&#8221; locked=&#8221;off&#8221; global_colors_info=&#8221;{}&#8221;]<\/p>\n<p>At the heart of the Institute is an elite team, characterized not only by their technical skills, but by their ability to smile in the face of difficulties, and to base our joys on the possibility of changing lives.<\/p>\n<p>[\/et_pb_text][et_pb_image src=&#8221;https:\/\/emfoco.med.br\/wp-content\/uploads\/2023\/09\/cropped-001-PNG-versao-principal-scaled-1.webp&#8221; alt=&#8221;instituto medicina em foco&#8221; title_text=&#8221;cropped-001-PNG-versao-principal-scaled-1.Webp&#8221; align=&#8221;center&#8221; _builder_version=&#8221;4.23.3&#8243; _module_preset=&#8221;default&#8221; width=&#8221;60%&#8221; max_width=&#8221;45%&#8221; global_colors_info=&#8221;{}&#8221;][\/et_pb_image][\/et_pb_column][et_pb_column type=&#8221;2_3&#8243; specialty_columns=&#8221;2&#8243; _builder_version=&#8221;4.16&#8243; custom_padding=&#8221;|||&#8221; global_colors_info=&#8221;{}&#8221; custom_padding__hover=&#8221;|||&#8221;][et_pb_row_inner _builder_version=&#8221;4.23.3&#8243; background_color=&#8221;#ffffff&#8221; background_color_gradient_direction=&#8221;108deg&#8221; custom_margin=&#8221;0px||0px||true&#8221; custom_padding=&#8221;0px|40px|0px|40px|true|true&#8221; animation_style=&#8221;slide&#8221; animation_direction=&#8221;right&#8221; animation_intensity_slide=&#8221;5%&#8221; border_radii=&#8221;on|20px|20px|20px|20px&#8221; box_shadow_style=&#8221;preset1&#8243; box_shadow_vertical=&#8221;40px&#8221; box_shadow_blur=&#8221;60px&#8221; box_shadow_color=&#8221;rgba(0,64,135,0.06)&#8221; global_colors_info=&#8221;{}&#8221;][et_pb_column_inner saved_specialty_column_type=&#8221;2_3&#8243; _builder_version=&#8221;4.16&#8243; custom_padding=&#8221;|||&#8221; global_colors_info=&#8221;{}&#8221; custom_padding__hover=&#8221;|||&#8221;][et_pb_text _builder_version=&#8221;4.24.3&#8243; text_font=&#8221;||||||||&#8221; text_text_color=&#8221;#000000&#8243; text_line_height=&#8221;2em&#8221; header_font=&#8221;||||||||&#8221; header_2_font=&#8221;||||||||&#8221; header_2_text_color=&#8221;#13678a&#8221; header_2_font_size=&#8221;40px&#8221; header_2_line_height=&#8221;1.4em&#8221; text_orientation=&#8221;center&#8221; module_alignment=&#8221;center&#8221; header_2_font_size_tablet=&#8221;35px&#8221; header_2_font_size_phone=&#8221;18px&#8221; header_2_font_size_last_edited=&#8221;on|phone&#8221; locked=&#8221;off&#8221; global_colors_info=&#8221;{}&#8221;]<\/p>\n<h2>More than a Team, a Family<\/h2>\n<p>More than a team, a medical family composed of renowned surgeons and clinicians who collaborate in several reference hospitals in S\u00e3o Paulo, such as Hospital S\u00edrio Liban\u00eas, Hospital Albert Einstein, Hospital 9 de Julho, Vila Nova Star, S\u00e3o Luiz Itaim and Morumbi, in addition to the Hospital Alem\u00e3o Oswaldo Cruz, all engaged in their areas, standing out in the most different areas of activity and care.<\/p>\n<p>&nbsp;<\/p>\n<p>[\/et_pb_text][\/et_pb_column_inner][\/et_pb_row_inner][\/et_pb_column][\/et_pb_section][et_pb_section fb_built=&#8221;1&#8243; disabled_on=&#8221;on|on|off&#8221; admin_label=&#8221;Our Mission&#8221; _builder_version=&#8221;4.23.1&#8243; background_enable_color=&#8221;off&#8221; background_enable_image=&#8221;off&#8221; custom_padding=&#8221;54px|0px|1px|0px|false|false&#8221; border_radii=&#8221;||||20vw&#8221; locked=&#8221;off&#8221; global_colors_info=&#8221;{}&#8221;][et_pb_row _builder_version=&#8221;4.23.1&#8243; _module_preset=&#8221;default&#8221; global_colors_info=&#8221;{}&#8221;][et_pb_column type=&#8221;4_4&#8243; _builder_version=&#8221;4.23.1&#8243; _module_preset=&#8221;default&#8221; global_colors_info=&#8221;{}&#8221;][et_pb_text _builder_version=&#8221;4.23.1&#8243; _module_preset=&#8221;default&#8221; text_text_color=&#8221;#000000&#8243; text_font_size=&#8221;17px&#8221; text_line_height=&#8221;1.8em&#8221; header_2_font=&#8221;|600|||||||&#8221; header_2_text_align=&#8221;left&#8221; header_2_text_color=&#8221;#FFFFFF&#8221; header_2_font_size=&#8221;60px&#8221; module_alignment=&#8221;center&#8221; custom_padding=&#8221;||||false|false&#8221; global_colors_info=&#8221;{}&#8221;]<\/p>\n<p>On this journey, we invite you to enter our world, where each consultation is a conversation, each diagnosis is an opportunity to care and each patient is part of our family.<\/p>\n<p>Welcome to the Instituto Medicina em Foco, where medicine meets the humanized touch and healing is more than a treatment, it is a transformative experience.<\/p>\n<p>[\/et_pb_text][et_pb_text _builder_version=&#8221;4.23.1&#8243; _module_preset=&#8221;default&#8221; text_text_color=&#8221;#000000&#8243; text_font_size=&#8221;17px&#8221; text_line_height=&#8221;1.8em&#8221; header_2_font=&#8221;|600|||||||&#8221; header_2_text_align=&#8221;left&#8221; header_2_text_color=&#8221;#FFFFFF&#8221; header_2_font_size=&#8221;60px&#8221; header_3_text_align=&#8221;center&#8221; header_3_line_height=&#8221;1.7em&#8221; module_alignment=&#8221;center&#8221; custom_padding=&#8221;||||false|false&#8221; global_colors_info=&#8221;{}&#8221;]<\/p>\n<h3>Deciphering our Identity: the Symbolism behind the Logo<\/h3>\n<p><span>The Instituto Medicina em Foco logo is much more than just a symbol; it is a visual representation of our philosophy and commitment to humanized and patient-centered medicine, a visual manifestation that illustrates the pillars of work and values that we defend.<\/span><\/p>\n<p>[\/et_pb_text][\/et_pb_column][\/et_pb_row][et_pb_row column_structure=&#8221;1_2,1_2&#8243; use_custom_gutter=&#8221;on&#8221; gutter_width=&#8221;1&#8243; _builder_version=&#8221;4.23.1&#8243; _module_preset=&#8221;default&#8221; width=&#8221;60%&#8221; global_colors_info=&#8221;{}&#8221;][et_pb_column type=&#8221;1_2&#8243; _builder_version=&#8221;4.23.1&#8243; _module_preset=&#8221;default&#8221; global_colors_info=&#8221;{}&#8221;][et_pb_image src=&#8221;https:\/\/emfoco.med.br\/wp-content\/uploads\/2023\/11\/1.png&#8221; title_text=&#8221;1&#8243; align=&#8221;center&#8221; _builder_version=&#8221;4.23.1&#8243; _module_preset=&#8221;default&#8221; global_colors_info=&#8221;{}&#8221;][\/et_pb_image][\/et_pb_column][et_pb_column type=&#8221;1_2&#8243; _builder_version=&#8221;4.23.1&#8243; _module_preset=&#8221;default&#8221; global_colors_info=&#8221;{}&#8221;][et_pb_text _builder_version=&#8221;4.23.1&#8243; _module_preset=&#8221;default&#8221; text_font=&#8221;||||||||&#8221; text_text_color=&#8221;#000000&#8243; text_font_size=&#8221;17px&#8221; text_line_height=&#8221;1.8em&#8221; header_2_font=&#8221;|600|||||||&#8221; header_2_text_align=&#8221;left&#8221; header_2_text_color=&#8221;#FFFFFF&#8221; header_2_font_size=&#8221;60px&#8221; header_3_text_align=&#8221;center&#8221; header_3_line_height=&#8221;1.3em&#8221; module_alignment=&#8221;center&#8221; custom_margin=&#8221;20px||||false|false&#8221; custom_padding=&#8221;||||false|false&#8221; global_colors_info=&#8221;{}&#8221;]<\/p>\n<p><span>The outer end (dark blue) represents the doctors, each from a different specialty, and the multidisciplinary team. They are united, arm in arm, forming a circle. Each element is a human being, all of the same color to represent equality, and around a central point.  <\/span><\/p>\n<p>[\/et_pb_text][\/et_pb_column][\/et_pb_row][et_pb_row column_structure=&#8221;1_2,1_2&#8243; use_custom_gutter=&#8221;on&#8221; gutter_width=&#8221;1&#8243; _builder_version=&#8221;4.23.1&#8243; _module_preset=&#8221;default&#8221; width=&#8221;60%&#8221; global_colors_info=&#8221;{}&#8221;][et_pb_column type=&#8221;1_2&#8243; _builder_version=&#8221;4.23.1&#8243; _module_preset=&#8221;default&#8221; global_colors_info=&#8221;{}&#8221;][et_pb_text _builder_version=&#8221;4.23.1&#8243; _module_preset=&#8221;default&#8221; text_font=&#8221;||||||||&#8221; text_text_color=&#8221;#000000&#8243; text_font_size=&#8221;17px&#8221; text_line_height=&#8221;1.8em&#8221; header_2_font=&#8221;|600|||||||&#8221; header_2_text_align=&#8221;left&#8221; header_2_text_color=&#8221;#FFFFFF&#8221; header_2_font_size=&#8221;60px&#8221; header_3_text_align=&#8221;center&#8221; header_3_line_height=&#8221;1.3em&#8221; module_alignment=&#8221;center&#8221; custom_margin=&#8221;60px||||false|false&#8221; custom_padding=&#8221;||||false|false&#8221; global_colors_info=&#8221;{}&#8221;]<\/p>\n<p><span>Next, the inner end represents the centralization of care. All doctors and health professionals looking to the center. <\/span><\/p>\n<p>[\/et_pb_text][\/et_pb_column][et_pb_column type=&#8221;1_2&#8243; _builder_version=&#8221;4.23.1&#8243; _module_preset=&#8221;default&#8221; global_colors_info=&#8221;{}&#8221;][et_pb_image src=&#8221;https:\/\/emfoco.med.br\/wp-content\/uploads\/2023\/11\/2.png&#8221; title_text=&#8221;2&#8243; align=&#8221;center&#8221; _builder_version=&#8221;4.23.1&#8243; _module_preset=&#8221;default&#8221; global_colors_info=&#8221;{}&#8221;][\/et_pb_image][\/et_pb_column][\/et_pb_row][et_pb_row column_structure=&#8221;1_2,1_2&#8243; use_custom_gutter=&#8221;on&#8221; gutter_width=&#8221;1&#8243; _builder_version=&#8221;4.23.1&#8243; _module_preset=&#8221;default&#8221; width=&#8221;60%&#8221; global_colors_info=&#8221;{}&#8221;][et_pb_column type=&#8221;1_2&#8243; _builder_version=&#8221;4.23.1&#8243; _module_preset=&#8221;default&#8221; global_colors_info=&#8221;{}&#8221;][et_pb_image src=&#8221;https:\/\/emfoco.med.br\/wp-content\/uploads\/2023\/11\/3.png&#8221; title_text=&#8221;3&#8243; align=&#8221;center&#8221; _builder_version=&#8221;4.23.1&#8243; _module_preset=&#8221;default&#8221; global_colors_info=&#8221;{}&#8221;][\/et_pb_image][\/et_pb_column][et_pb_column type=&#8221;1_2&#8243; _builder_version=&#8221;4.23.1&#8243; _module_preset=&#8221;default&#8221; global_colors_info=&#8221;{}&#8221;][et_pb_text _builder_version=&#8221;4.23.1&#8243; _module_preset=&#8221;default&#8221; text_font=&#8221;||||||||&#8221; text_text_color=&#8221;#000000&#8243; text_font_size=&#8221;17px&#8221; text_line_height=&#8221;1.8em&#8221; header_2_font=&#8221;|600|||||||&#8221; header_2_text_align=&#8221;left&#8221; header_2_text_color=&#8221;#FFFFFF&#8221; header_2_font_size=&#8221;60px&#8221; header_3_text_align=&#8221;center&#8221; header_3_line_height=&#8221;1.3em&#8221; module_alignment=&#8221;center&#8221; custom_margin=&#8221;35px||||false|false&#8221; custom_padding=&#8221;||||false|false&#8221; global_colors_info=&#8221;{}&#8221;]<\/p>\n<p>The central point is the patient, who is at the heart of everything we do. Thus, each doctor represents a crucial piece of the health puzzle, and together they form a comprehensive and collaborative care network. <\/p>\n<p>[\/et_pb_text][\/et_pb_column][\/et_pb_row][\/et_pb_section][et_pb_section fb_built=&#8221;1&#8243; disabled_on=&#8221;off|off|on&#8221; admin_label=&#8221;Our Mission&#8221; _builder_version=&#8221;4.23.3&#8243; background_enable_color=&#8221;off&#8221; background_enable_image=&#8221;off&#8221; custom_padding=&#8221;0px|0px|1px|0px|false|false&#8221; border_radii=&#8221;||||20vw&#8221; locked=&#8221;off&#8221; global_colors_info=&#8221;{}&#8221;][et_pb_row _builder_version=&#8221;4.23.1&#8243; _module_preset=&#8221;default&#8221; global_colors_info=&#8221;{}&#8221;][et_pb_column type=&#8221;4_4&#8243; _builder_version=&#8221;4.23.1&#8243; _module_preset=&#8221;default&#8221; global_colors_info=&#8221;{}&#8221;][et_pb_text _builder_version=&#8221;4.23.3&#8243; _module_preset=&#8221;default&#8221; text_text_color=&#8221;#000000&#8243; text_line_height=&#8221;1.8em&#8221; header_2_font=&#8221;|600|||||||&#8221; header_2_text_align=&#8221;left&#8221; header_2_text_color=&#8221;#FFFFFF&#8221; header_2_font_size=&#8221;60px&#8221; text_orientation=&#8221;center&#8221; module_alignment=&#8221;center&#8221; custom_padding=&#8221;||||false|false&#8221; global_colors_info=&#8221;{}&#8221;]<\/p>\n<p>On this journey, we invite you to enter our world, where each consultation is a conversation, each diagnosis is an opportunity to care and each patient is part of our family.<\/p>\n<p>Welcome to the Instituto Medicina em Foco, where medicine meets the humanized touch and healing is more than a treatment, it is a transformative experience.<\/p>\n<p>[\/et_pb_text][et_pb_text _builder_version=&#8221;4.23.3&#8243; _module_preset=&#8221;default&#8221; text_text_color=&#8221;#000000&#8243; text_line_height=&#8221;1.8em&#8221; header_2_font=&#8221;|600|||||||&#8221; header_2_text_align=&#8221;left&#8221; header_2_text_color=&#8221;#FFFFFF&#8221; header_2_font_size=&#8221;60px&#8221; header_3_text_align=&#8221;center&#8221; header_3_text_color=&#8221;#13678a&#8221; header_3_font_size=&#8221;18px&#8221; header_3_line_height=&#8221;1.7em&#8221; module_alignment=&#8221;center&#8221; custom_padding=&#8221;||||false|false&#8221; global_colors_info=&#8221;{}&#8221;]<\/p>\n<h3>Deciphering our Identity: the Symbolism behind the Logo<\/h3>\n<p><span>The Instituto Medicina em Foco logo is much more than just a symbol; it is a visual representation of our philosophy and commitment to humanized and patient-centered medicine, a visual manifestation that illustrates the pillars of work and values that we defend.<\/span><\/p>\n<p>[\/et_pb_text][\/et_pb_column][\/et_pb_row][et_pb_row use_custom_gutter=&#8221;on&#8221; gutter_width=&#8221;1&#8243; _builder_version=&#8221;4.23.3&#8243; _module_preset=&#8221;default&#8221; global_colors_info=&#8221;{}&#8221;][et_pb_column type=&#8221;4_4&#8243; _builder_version=&#8221;4.23.1&#8243; _module_preset=&#8221;default&#8221; global_colors_info=&#8221;{}&#8221;][et_pb_image src=&#8221;https:\/\/emfoco.med.br\/wp-content\/uploads\/2023\/11\/1.png&#8221; title_text=&#8221;1&#8243; align=&#8221;center&#8221; _builder_version=&#8221;4.23.1&#8243; _module_preset=&#8221;default&#8221; global_colors_info=&#8221;{}&#8221;][\/et_pb_image][et_pb_text _builder_version=&#8221;4.23.3&#8243; _module_preset=&#8221;default&#8221; text_font=&#8221;||||||||&#8221; text_text_color=&#8221;#000000&#8243; text_line_height=&#8221;1.8em&#8221; header_2_font=&#8221;|600|||||||&#8221; header_2_text_align=&#8221;left&#8221; header_2_text_color=&#8221;#FFFFFF&#8221; header_2_font_size=&#8221;60px&#8221; header_3_text_align=&#8221;center&#8221; header_3_line_height=&#8221;1.3em&#8221; text_orientation=&#8221;center&#8221; module_alignment=&#8221;center&#8221; custom_margin=&#8221;20px||||false|false&#8221; custom_padding=&#8221;||||false|false&#8221; global_colors_info=&#8221;{}&#8221;]<\/p>\n<p><span>The outer end (dark blue) represents the doctors, each from a different specialty, and the multidisciplinary team. They are united, arm in arm, forming a circle. Each element is a human being, all of the same color to represent equality, and around a central point.  <\/span><\/p>\n<p>[\/et_pb_text][\/et_pb_column][\/et_pb_row][et_pb_row column_structure=&#8221;1_2,1_2&#8243; use_custom_gutter=&#8221;on&#8221; gutter_width=&#8221;1&#8243; _builder_version=&#8221;4.23.1&#8243; _module_preset=&#8221;default&#8221; global_colors_info=&#8221;{}&#8221;][et_pb_column type=&#8221;1_2&#8243; _builder_version=&#8221;4.23.1&#8243; _module_preset=&#8221;default&#8221; global_colors_info=&#8221;{}&#8221;][et_pb_image src=&#8221;https:\/\/emfoco.med.br\/wp-content\/uploads\/2023\/11\/2.png&#8221; title_text=&#8221;2&#8243; align=&#8221;center&#8221; _builder_version=&#8221;4.23.1&#8243; _module_preset=&#8221;default&#8221; global_colors_info=&#8221;{}&#8221;][\/et_pb_image][et_pb_text _builder_version=&#8221;4.23.3&#8243; _module_preset=&#8221;default&#8221; text_font=&#8221;||||||||&#8221; text_text_color=&#8221;#000000&#8243; text_line_height=&#8221;1.8em&#8221; header_2_font=&#8221;|600|||||||&#8221; header_2_text_align=&#8221;left&#8221; header_2_text_color=&#8221;#FFFFFF&#8221; header_2_font_size=&#8221;60px&#8221; header_3_text_align=&#8221;center&#8221; header_3_line_height=&#8221;1.3em&#8221; text_orientation=&#8221;center&#8221; module_alignment=&#8221;center&#8221; custom_margin=&#8221;60px||||false|false&#8221; custom_padding=&#8221;||||false|false&#8221; global_colors_info=&#8221;{}&#8221;]<\/p>\n<p><span>Next, the inner end represents the centralization of care. All doctors and health professionals looking to the center. <\/span><\/p>\n<p>[\/et_pb_text][\/et_pb_column][et_pb_column type=&#8221;1_2&#8243; _builder_version=&#8221;4.23.1&#8243; _module_preset=&#8221;default&#8221; global_colors_info=&#8221;{}&#8221;][\/et_pb_column][\/et_pb_row][et_pb_row column_structure=&#8221;1_2,1_2&#8243; use_custom_gutter=&#8221;on&#8221; gutter_width=&#8221;1&#8243; _builder_version=&#8221;4.23.1&#8243; _module_preset=&#8221;default&#8221; global_colors_info=&#8221;{}&#8221;][et_pb_column type=&#8221;1_2&#8243; _builder_version=&#8221;4.23.1&#8243; _module_preset=&#8221;default&#8221; global_colors_info=&#8221;{}&#8221;][et_pb_image src=&#8221;https:\/\/emfoco.med.br\/wp-content\/uploads\/2023\/11\/3.png&#8221; title_text=&#8221;3&#8243; align=&#8221;center&#8221; _builder_version=&#8221;4.23.1&#8243; _module_preset=&#8221;default&#8221; global_colors_info=&#8221;{}&#8221;][\/et_pb_image][\/et_pb_column][et_pb_column type=&#8221;1_2&#8243; _builder_version=&#8221;4.23.1&#8243; _module_preset=&#8221;default&#8221; global_colors_info=&#8221;{}&#8221;][et_pb_text _builder_version=&#8221;4.23.3&#8243; _module_preset=&#8221;default&#8221; text_font=&#8221;||||||||&#8221; text_text_color=&#8221;#000000&#8243; text_line_height=&#8221;1.8em&#8221; header_2_font=&#8221;|600|||||||&#8221; header_2_text_align=&#8221;left&#8221; header_2_text_color=&#8221;#FFFFFF&#8221; header_2_font_size=&#8221;60px&#8221; header_3_text_align=&#8221;center&#8221; header_3_line_height=&#8221;1.3em&#8221; text_orientation=&#8221;center&#8221; module_alignment=&#8221;center&#8221; custom_margin=&#8221;35px||||false|false&#8221; custom_padding=&#8221;||||false|false&#8221; global_colors_info=&#8221;{}&#8221;]<\/p>\n<p>The central point is the patient, who is at the heart of everything we do. Thus, each doctor represents a crucial piece of the health puzzle, and together they form a comprehensive and collaborative care network. <\/p>\n<p>[\/et_pb_text][\/et_pb_column][\/et_pb_row][\/et_pb_section][et_pb_section fb_built=&#8221;1&#8243; specialty=&#8221;on&#8221; admin_label=&#8221;Feature&#8221; _builder_version=&#8221;4.23.3&#8243; locked=&#8221;off&#8221; global_colors_info=&#8221;{}&#8221;][et_pb_column type=&#8221;1_3&#8243; _builder_version=&#8221;4.16&#8243; custom_padding=&#8221;|||&#8221; global_colors_info=&#8221;{}&#8221; custom_padding__hover=&#8221;|||&#8221;][et_pb_text _builder_version=&#8221;4.23.3&#8243; text_font=&#8221;||||||||&#8221; text_text_color=&#8221;#000000&#8243; text_line_height=&#8221;2em&#8221; header_font=&#8221;||||||||&#8221; header_3_font=&#8221;Cantata One||||||||&#8221; header_3_font_size=&#8221;20px&#8221; header_3_line_height=&#8221;1.6em&#8221; text_orientation=&#8221;center&#8221; custom_margin=&#8221;||||false|false&#8221; custom_padding=&#8221;0px||0px||true|false&#8221; header_3_font_size_tablet=&#8221;&#8221; header_3_font_size_phone=&#8221;25px&#8221; header_3_font_size_last_edited=&#8221;on|phone&#8221; locked=&#8221;off&#8221; global_colors_info=&#8221;{}&#8221;]<\/p>\n<p><span>The arrangement of doctors around the patient is not just a visual representation; it symbolizes our dedication to looking beyond medical conditions and focusing on the real person, with their unique needs, desires and stories.<\/span><\/p>\n<p><span>It is a constant reminder that each individual is unique and deserves personalized and respectful attention. Keeping the logo simple in terms of colors has a reason: for us, all people are equal. <\/span><\/p>\n<p>[\/et_pb_text][\/et_pb_column][et_pb_column type=&#8221;2_3&#8243; specialty_columns=&#8221;2&#8243; _builder_version=&#8221;4.16&#8243; custom_padding=&#8221;|||&#8221; global_colors_info=&#8221;{}&#8221; custom_padding__hover=&#8221;|||&#8221;][et_pb_row_inner _builder_version=&#8221;4.23.3&#8243; background_color=&#8221;#ffffff&#8221; background_color_gradient_direction=&#8221;108deg&#8221; custom_margin=&#8221;0px||0px||true&#8221; custom_padding=&#8221;0px|20px|0px|20px|true|true&#8221; animation_style=&#8221;slide&#8221; animation_direction=&#8221;right&#8221; animation_intensity_slide=&#8221;5%&#8221; border_radii=&#8221;on|20px|20px|20px|20px&#8221; box_shadow_style=&#8221;preset1&#8243; box_shadow_vertical=&#8221;40px&#8221; box_shadow_blur=&#8221;60px&#8221; box_shadow_color=&#8221;rgba(0,64,135,0.06)&#8221; global_colors_info=&#8221;{}&#8221;][et_pb_column_inner saved_specialty_column_type=&#8221;2_3&#8243; _builder_version=&#8221;4.16&#8243; custom_padding=&#8221;|||&#8221; global_colors_info=&#8221;{}&#8221; custom_padding__hover=&#8221;|||&#8221;][et_pb_text _builder_version=&#8221;4.23.3&#8243; text_font=&#8221;||||||||&#8221; text_text_color=&#8221;#000000&#8243; text_line_height=&#8221;2em&#8221; header_font=&#8221;||||||||&#8221; header_2_font=&#8221;||||||||&#8221; header_2_text_color=&#8221;#13678a&#8221; header_2_font_size=&#8221;40px&#8221; header_2_line_height=&#8221;1.4em&#8221; text_orientation=&#8221;center&#8221; max_width=&#8221;500px&#8221; module_alignment=&#8221;center&#8221; header_2_font_size_tablet=&#8221;35px&#8221; header_2_font_size_phone=&#8221;25px&#8221; header_2_font_size_last_edited=&#8221;on|phone&#8221; locked=&#8221;off&#8221; global_colors_info=&#8221;{}&#8221;]<\/p>\n<h2>Instituto Medicina Em Foco: Care that Transforms Lives<\/h2>\n<p>The Instituto Medicina em Foco is more than a clinic; it is a welcoming and modern environment, meticulously designed to create a familiar atmosphere. Plants, wood and pleasant aromas permeate the space, providing a feeling of being at home to patients. <\/p>\n<p>At the Instituto Medicina em Foco, everyone is welcome, regardless of origin or medical condition. Diversity is celebrated, and accessibility is prioritized. <\/p>\n<p>&nbsp;<\/p>\n<p>[\/et_pb_text][\/et_pb_column_inner][\/et_pb_row_inner][\/et_pb_column][\/et_pb_section][et_pb_section fb_built=&#8221;1&#8243; disabled_on=&#8221;on|on|off&#8221; _builder_version=&#8221;4.23.1&#8243; _module_preset=&#8221;default&#8221; custom_padding=&#8221;0px||||false|false&#8221; locked=&#8221;off&#8221; global_colors_info=&#8221;{}&#8221;][et_pb_row _builder_version=&#8221;4.23.1&#8243; _module_preset=&#8221;default&#8221; global_colors_info=&#8221;{}&#8221;][et_pb_column type=&#8221;4_4&#8243; _builder_version=&#8221;4.23.1&#8243; _module_preset=&#8221;default&#8221; global_colors_info=&#8221;{}&#8221;][et_pb_text _builder_version=&#8221;4.23.1&#8243; _module_preset=&#8221;default&#8221; text_text_color=&#8221;#000000&#8243; text_font_size=&#8221;17px&#8221; text_line_height=&#8221;1.8em&#8221; header_2_font=&#8221;|600|||||||&#8221; header_2_text_align=&#8221;left&#8221; header_2_text_color=&#8221;#FFFFFF&#8221; header_2_font_size=&#8221;60px&#8221; header_3_text_align=&#8221;center&#8221; header_3_text_color=&#8221;#000000&#8243; header_3_line_height=&#8221;1.7em&#8221; module_alignment=&#8221;center&#8221; custom_padding=&#8221;||||false|false&#8221; global_colors_info=&#8221;{}&#8221;]<\/p>\n<p> <span>The emphasis on prevention occupies a central place in the Institute. We place great importance on early identification and provide personalized tracking of genetic conditions, as we believe that an early diagnosis simplifies the treatment process. This conviction is even more crucial at a time when every moment is valuable.  <\/span><\/p>\n<p><span>In addition, the Institute is a place of constant innovation. Processes have been automated to save time, providing a smooth experience for both doctors and patients. The doctor-patient relationship is sacred here, being valued and respected.  <\/span><\/p>\n<p><span>Ready to be part of our family and experience a patient-centered approach to health? <\/span><\/p>\n<p><span>Schedule your appointment at the Instituto Medicina em Foco right now and start your journey towards a more welcoming, humanized and high-quality health.<\/span><\/p>\n<p>[\/et_pb_text][\/et_pb_column][\/et_pb_row][\/et_pb_section][et_pb_section fb_built=&#8221;1&#8243; _builder_version=&#8221;4.16&#8243; _module_preset=&#8221;default&#8221; background_color=&#8221;#f7f8f9&#8243; global_colors_info=&#8221;{}&#8221;][et_pb_row _builder_version=&#8221;4.16&#8243; _module_preset=&#8221;default&#8221; locked=&#8221;off&#8221; global_colors_info=&#8221;{}&#8221;][et_pb_column type=&#8221;4_4&#8243; _builder_version=&#8221;4.16&#8243; _module_preset=&#8221;default&#8221; global_colors_info=&#8221;{}&#8221;][et_pb_text _builder_version=&#8221;4.23.3&#8243; _module_preset=&#8221;default&#8221; text_text_color=&#8221;#000000&#8243; text_font_size=&#8221;17px&#8221; text_line_height=&#8221;1.8em&#8221; header_2_font=&#8221;|600|||||||&#8221; header_2_text_align=&#8221;left&#8221; header_2_text_color=&#8221;#FFFFFF&#8221; header_2_font_size=&#8221;60px&#8221; header_3_text_align=&#8221;center&#8221; header_3_text_color=&#8221;#13678a&#8221; header_3_line_height=&#8221;1.7em&#8221; text_orientation=&#8221;center&#8221; module_alignment=&#8221;center&#8221; custom_padding=&#8221;||||false|false&#8221; global_colors_info=&#8221;{}&#8221;]<\/p>\n<h3>Special Thanks to those Involved in the Instituto Medicina Em Foco Project<\/h3>\n<p><span>In this space we express our thanks to all who actively participated in the realization of this dream. Great results are only achieved with great teams! <\/span><\/p>\n<p>[\/et_pb_text][\/et_pb_column][\/et_pb_row][et_pb_row column_structure=&#8221;1_3,1_3,1_3&#8243; disabled_on=&#8221;on|on|off&#8221; _builder_version=&#8221;4.16&#8243; _module_preset=&#8221;default&#8221; global_colors_info=&#8221;{}&#8221;][et_pb_column type=&#8221;1_3&#8243; _builder_version=&#8221;4.16&#8243; _module_preset=&#8221;default&#8221; global_colors_info=&#8221;{}&#8221;][difl_advanced_person ap_photo=&#8221;https:\/\/emfoco.med.br\/wp-content\/uploads\/2023\/12\/Gabriel-padrao-copiar.webp&#8221; enable_icon_on_overlay=&#8221;on&#8221; anm_content_padding=&#8221;0em&#8221; content_position=&#8221;c4-layout-bottom-center&#8221; overlay=&#8221;on&#8221; ekip_overlay_background_bgcolor=&#8221;rgba(0,0,0,0.4)&#8221; ap_name=&#8221;Neri Faim Arquitetos Associados&#8221; ap_role=&#8221;Architect and Works Manager: Gabriel Neri Faim&#8221; ap_instagram=&#8221;https:\/\/www.instagram.com\/nerifaim?igshid=MzMyNGUyNmU2YQ%3D%3D&#8221; ap_email=&#8221;https:\/\/www.nerifaim.com.br\/&#8221; icon_color=&#8221;#FFFFFF&#8221; social_wrapper_background_bgcolor=&#8221;rgba(0,0,0,0.52)&#8221; social_wrapper_margin=&#8221;|-50%||-50%|false|true&#8221; social_wrapper_padding=&#8221;4px|40px|4px|40px|true|true&#8221; name_margin=&#8221;32px||||false|false&#8221; role_margin=&#8221;5px||||false|false&#8221; social_padding=&#8221;8px|9px|8px|9px|true|true&#8221; module_wrapper_margin_tablet=&#8221;||30px||false|false&#8221; module_wrapper_margin_phone=&#8221;||20px||false|false&#8221; module_wrapper_margin_last_edited=&#8221;on|phone&#8221; social_wrapper_padding_tablet=&#8221;|85px||85px|true|true&#8221; social_wrapper_padding_phone=&#8221;|40%||40%|true|true&#8221; social_wrapper_padding_last_edited=&#8221;on|phone&#8221; name_margin_tablet=&#8221;20px||||false|false&#8221; name_margin_phone=&#8221;&#8221; name_margin_last_edited=&#8221;on|desktop&#8221; _builder_version=&#8221;4.23.3&#8243; _module_preset=&#8221;default&#8221; name_font=&#8221;|500|||||||&#8221; name_text_color=&#8221;#2c415c&#8221; name_font_size=&#8221;18px&#8221; name_line_height=&#8221;36px&#8221; role_font=&#8221;|700|||||||&#8221; role_text_color=&#8221;#2c415c&#8221; role_font_size=&#8221;14px&#8221; role_line_height=&#8221;26px&#8221; content_text_align=&#8221;center&#8221; width=&#8221;70%&#8221; border_radii_photo_wrapper_border=&#8221;on|10%|10%|10%|10%&#8221; border_radii_social_icon_border=&#8221;on|50%|50%|50%|50%&#8221; locked=&#8221;off&#8221; global_colors_info=&#8221;{}&#8221;][\/difl_advanced_person][\/et_pb_column][et_pb_column type=&#8221;1_3&#8243; _builder_version=&#8221;4.16&#8243; _module_preset=&#8221;default&#8221; global_colors_info=&#8221;{}&#8221;][difl_advanced_person ap_photo=&#8221;https:\/\/emfoco.med.br\/wp-content\/uploads\/2023\/12\/Leo-padrao-copiar.webp&#8221; enable_icon_on_overlay=&#8221;on&#8221; anm_content_padding=&#8221;0em&#8221; content_position=&#8221;c4-layout-bottom-center&#8221; overlay=&#8221;on&#8221; ekip_overlay_background_bgcolor=&#8221;rgba(0,0,0,0.4)&#8221; ap_name=&#8221;L\u00e9o CN&#8221; ap_role=&#8221;Photography and videos: Leonardo Novelli&#8221; ap_instagram=&#8221;https:\/\/www.instagram.com\/leocnphotos\/&#8221; ap_email=&#8221;https:\/\/leocn.photography\/&#8221; icon_color=&#8221;#FFFFFF&#8221; social_wrapper_background_bgcolor=&#8221;rgba(0,0,0,0.52)&#8221; social_wrapper_margin=&#8221;|-50%||-50%|false|true&#8221; social_wrapper_padding=&#8221;4px|40px|4px|40px|true|true&#8221; name_margin=&#8221;32px||||false|false&#8221; role_margin=&#8221;5px||||false|false&#8221; social_padding=&#8221;8px|9px|8px|9px|true|true&#8221; module_wrapper_margin_tablet=&#8221;||30px||false|false&#8221; module_wrapper_margin_phone=&#8221;||20px||false|false&#8221; module_wrapper_margin_last_edited=&#8221;on|phone&#8221; social_wrapper_padding_tablet=&#8221;|85px||85px|true|true&#8221; social_wrapper_padding_phone=&#8221;|40%||40%|true|true&#8221; social_wrapper_padding_last_edited=&#8221;on|phone&#8221; name_margin_tablet=&#8221;20px||||false|false&#8221; name_margin_phone=&#8221;&#8221; name_margin_last_edited=&#8221;on|desktop&#8221; _builder_version=&#8221;4.23.3&#8243; _module_preset=&#8221;default&#8221; name_font=&#8221;|500|||||||&#8221; name_text_color=&#8221;#2c415c&#8221; name_font_size=&#8221;18px&#8221; name_line_height=&#8221;36px&#8221; role_font=&#8221;|700|||||||&#8221; role_text_color=&#8221;#2c415c&#8221; role_font_size=&#8221;14px&#8221; role_line_height=&#8221;26px&#8221; content_text_align=&#8221;center&#8221; width=&#8221;70%&#8221; border_radii_photo_wrapper_border=&#8221;on|10%|10%|10%|10%&#8221; border_radii_social_icon_border=&#8221;on|50%|50%|50%|50%&#8221; locked=&#8221;off&#8221; global_colors_info=&#8221;{}&#8221;][\/difl_advanced_person][\/et_pb_column][et_pb_column type=&#8221;1_3&#8243; _builder_version=&#8221;4.16&#8243; _module_preset=&#8221;default&#8221; global_colors_info=&#8221;{}&#8221;][difl_advanced_person ap_photo=&#8221;https:\/\/emfoco.med.br\/wp-content\/uploads\/2023\/12\/Vanessa-padrao-copiar.webp&#8221; enable_icon_on_overlay=&#8221;on&#8221; anm_content_padding=&#8221;0em&#8221; content_position=&#8221;c4-layout-bottom-center&#8221; overlay=&#8221;on&#8221; ekip_overlay_background_bgcolor=&#8221;rgba(0,0,0,0.4)&#8221; ap_name=&#8221;Cordoval Digital&#8221; ap_role=&#8221;Digital media: Vanessa Cordoval de Barros&#8221; ap_instagram=&#8221;https:\/\/www.instagram.com\/cordovaldigital\/&#8221; ap_email=&#8221;https:\/\/cordovaldigital.com\/&#8221; icon_color=&#8221;#FFFFFF&#8221; social_wrapper_background_bgcolor=&#8221;rgba(0,0,0,0.52)&#8221; social_wrapper_margin=&#8221;|-50%||-50%|false|true&#8221; social_wrapper_padding=&#8221;4px|40px|4px|40px|true|true&#8221; name_margin=&#8221;32px||||false|false&#8221; role_margin=&#8221;5px||||false|false&#8221; social_padding=&#8221;8px|9px|8px|9px|true|true&#8221; module_wrapper_margin_tablet=&#8221;||30px||false|false&#8221; module_wrapper_margin_phone=&#8221;||20px||false|false&#8221; module_wrapper_margin_last_edited=&#8221;on|phone&#8221; social_wrapper_padding_tablet=&#8221;|85px||85px|true|true&#8221; social_wrapper_padding_phone=&#8221;|40%||40%|true|true&#8221; social_wrapper_padding_last_edited=&#8221;on|phone&#8221; name_margin_tablet=&#8221;20px||||false|false&#8221; name_margin_phone=&#8221;&#8221; name_margin_last_edited=&#8221;on|desktop&#8221; _builder_version=&#8221;4.23.3&#8243; _module_preset=&#8221;default&#8221; name_font=&#8221;|500|||||||&#8221; name_text_color=&#8221;#2c415c&#8221; name_font_size=&#8221;18px&#8221; name_line_height=&#8221;36px&#8221; role_font=&#8221;|700|||||||&#8221; role_text_color=&#8221;#2c415c&#8221; role_font_size=&#8221;14px&#8221; role_line_height=&#8221;26px&#8221; content_text_align=&#8221;center&#8221; width=&#8221;70%&#8221; border_radii_photo_wrapper_border=&#8221;on|10%|10%|10%|10%&#8221; border_radii_social_icon_border=&#8221;on|50%|50%|50%|50%&#8221; locked=&#8221;off&#8221; global_colors_info=&#8221;{}&#8221;][\/difl_advanced_person][\/et_pb_column][\/et_pb_row][et_pb_row column_structure=&#8221;1_3,1_3,1_3&#8243; disabled_on=&#8221;off|off|on&#8221; _builder_version=&#8221;4.23.3&#8243; _module_preset=&#8221;default&#8221; global_colors_info=&#8221;{}&#8221;][et_pb_column type=&#8221;1_3&#8243; _builder_version=&#8221;4.16&#8243; _module_preset=&#8221;default&#8221; global_colors_info=&#8221;{}&#8221;][difl_advanced_person ap_photo=&#8221;https:\/\/emfoco.med.br\/wp-content\/uploads\/2023\/12\/Gabriel-padrao-copiar.webp&#8221; enable_icon_on_overlay=&#8221;on&#8221; anm_content_padding=&#8221;0em&#8221; content_position=&#8221;c4-layout-bottom-center&#8221; overlay=&#8221;on&#8221; ekip_overlay_background_bgcolor=&#8221;rgba(0,0,0,0.4)&#8221; ap_name=&#8221;Neri Faim Arquitetos Associados&#8221; ap_role=&#8221;Architect and Works Manager: Gabriel Neri Faim&#8221; ap_instagram=&#8221;https:\/\/www.instagram.com\/nerifaim?igshid=MzMyNGUyNmU2YQ%3D%3D&#8221; ap_email=&#8221;https:\/\/www.nerifaim.com.br\/&#8221; icon_color=&#8221;#FFFFFF&#8221; social_wrapper_background_bgcolor=&#8221;rgba(0,0,0,0.52)&#8221; social_wrapper_margin=&#8221;|-50%||-50%|false|true&#8221; social_wrapper_padding=&#8221;4px|40px|4px|40px|true|true&#8221; name_margin=&#8221;32px||||false|false&#8221; role_margin=&#8221;5px||||false|false&#8221; social_padding=&#8221;8px|9px|8px|9px|true|true&#8221; module_wrapper_margin_tablet=&#8221;||30px||false|false&#8221; module_wrapper_margin_phone=&#8221;||20px||false|false&#8221; module_wrapper_margin_last_edited=&#8221;on|phone&#8221; social_wrapper_padding_tablet=&#8221;|85px||85px|true|true&#8221; social_wrapper_padding_phone=&#8221;|40%||40%|true|true&#8221; social_wrapper_padding_last_edited=&#8221;on|phone&#8221; name_margin_tablet=&#8221;20px||||false|false&#8221; name_margin_phone=&#8221;&#8221; name_margin_last_edited=&#8221;on|desktop&#8221; _builder_version=&#8221;4.23.3&#8243; _module_preset=&#8221;default&#8221; name_font=&#8221;|500|||||||&#8221; name_text_color=&#8221;#2c415c&#8221; name_font_size=&#8221;18px&#8221; name_line_height=&#8221;36px&#8221; role_font=&#8221;|700|||||||&#8221; role_text_color=&#8221;#2c415c&#8221; role_font_size=&#8221;14px&#8221; role_line_height=&#8221;26px&#8221; content_text_align=&#8221;center&#8221; max_width=&#8221;60%&#8221; module_alignment=&#8221;center&#8221; border_radii_photo_wrapper_border=&#8221;on|10%|10%|10%|10%&#8221; border_radii_social_icon_border=&#8221;on|50%|50%|50%|50%&#8221; locked=&#8221;off&#8221; global_colors_info=&#8221;{}&#8221;][\/difl_advanced_person][\/et_pb_column][et_pb_column type=&#8221;1_3&#8243; _builder_version=&#8221;4.16&#8243; _module_preset=&#8221;default&#8221; global_colors_info=&#8221;{}&#8221;][difl_advanced_person ap_photo=&#8221;https:\/\/emfoco.med.br\/wp-content\/uploads\/2023\/12\/Leo-padrao-copiar.webp&#8221; enable_icon_on_overlay=&#8221;on&#8221; anm_content_padding=&#8221;0em&#8221; content_position=&#8221;c4-layout-bottom-center&#8221; overlay=&#8221;on&#8221; ekip_overlay_background_bgcolor=&#8221;rgba(0,0,0,0.4)&#8221; ap_name=&#8221;L\u00e9o CN&#8221; ap_role=&#8221;Photography and videos: Leonardo Novelli&#8221; ap_instagram=&#8221;https:\/\/www.instagram.com\/leocnphotos\/&#8221; ap_email=&#8221;https:\/\/leocn.photography\/&#8221; icon_color=&#8221;#FFFFFF&#8221; social_wrapper_background_bgcolor=&#8221;rgba(0,0,0,0.52)&#8221; social_wrapper_margin=&#8221;|-50%||-50%|false|true&#8221; social_wrapper_padding=&#8221;4px|40px|4px|40px|true|true&#8221; name_margin=&#8221;32px||||false|false&#8221; role_margin=&#8221;5px||||false|false&#8221; social_padding=&#8221;8px|9px|8px|9px|true|true&#8221; module_wrapper_margin_tablet=&#8221;||30px||false|false&#8221; module_wrapper_margin_phone=&#8221;||20px||false|false&#8221; module_wrapper_margin_last_edited=&#8221;on|phone&#8221; social_wrapper_padding_tablet=&#8221;|85px||85px|true|true&#8221; social_wrapper_padding_phone=&#8221;|40%||40%|true|true&#8221; social_wrapper_padding_last_edited=&#8221;on|phone&#8221; name_margin_tablet=&#8221;20px||||false|false&#8221; name_margin_phone=&#8221;&#8221; name_margin_last_edited=&#8221;on|desktop&#8221; _builder_version=&#8221;4.23.3&#8243; _module_preset=&#8221;default&#8221; name_font=&#8221;|500|||||||&#8221; name_text_color=&#8221;#2c415c&#8221; name_font_size=&#8221;18px&#8221; name_line_height=&#8221;36px&#8221; role_font=&#8221;|700|||||||&#8221; role_text_color=&#8221;#2c415c&#8221; role_font_size=&#8221;14px&#8221; role_line_height=&#8221;26px&#8221; content_text_align=&#8221;center&#8221; max_width=&#8221;70%&#8221; module_alignment=&#8221;center&#8221; border_radii_photo_wrapper_border=&#8221;on|10%|10%|10%|10%&#8221; border_radii_social_icon_border=&#8221;on|50%|50%|50%|50%&#8221; locked=&#8221;off&#8221; global_colors_info=&#8221;{}&#8221;][\/difl_advanced_person][\/et_pb_column][et_pb_column type=&#8221;1_3&#8243; _builder_version=&#8221;4.16&#8243; _module_preset=&#8221;default&#8221; global_colors_info=&#8221;{}&#8221;][difl_advanced_person ap_photo=&#8221;https:\/\/emfoco.med.br\/wp-content\/uploads\/2023\/12\/Vanessa-padrao-copiar.webp&#8221; enable_icon_on_overlay=&#8221;on&#8221; anm_content_padding=&#8221;0em&#8221; content_position=&#8221;c4-layout-bottom-center&#8221; overlay=&#8221;on&#8221; ekip_overlay_background_bgcolor=&#8221;rgba(0,0,0,0.4)&#8221; ap_name=&#8221;Cordoval Digital&#8221; ap_role=&#8221;Digital media: Vanessa Cordoval de Barros&#8221; ap_instagram=&#8221;https:\/\/www.instagram.com\/cordovaldigital\/&#8221; ap_email=&#8221;https:\/\/cordovaldigital.com\/&#8221; icon_color=&#8221;#FFFFFF&#8221; social_wrapper_background_bgcolor=&#8221;rgba(0,0,0,0.52)&#8221; social_wrapper_margin=&#8221;|-50%||-50%|false|true&#8221; social_wrapper_padding=&#8221;4px|40px|4px|40px|true|true&#8221; name_margin=&#8221;32px||||false|false&#8221; role_margin=&#8221;5px||||false|false&#8221; social_padding=&#8221;8px|9px|8px|9px|true|true&#8221; module_wrapper_margin_tablet=&#8221;||30px||false|false&#8221; module_wrapper_margin_phone=&#8221;||20px||false|false&#8221; module_wrapper_margin_last_edited=&#8221;on|phone&#8221; social_wrapper_padding_tablet=&#8221;|85px||85px|true|true&#8221; social_wrapper_padding_phone=&#8221;|40%||40%|true|true&#8221; social_wrapper_padding_last_edited=&#8221;on|phone&#8221; name_margin_tablet=&#8221;20px||||false|false&#8221; name_margin_phone=&#8221;&#8221; name_margin_last_edited=&#8221;on|desktop&#8221; _builder_version=&#8221;4.23.3&#8243; _module_preset=&#8221;default&#8221; name_font=&#8221;|500|||||||&#8221; name_text_color=&#8221;#2c415c&#8221; name_font_size=&#8221;18px&#8221; name_line_height=&#8221;36px&#8221; role_font=&#8221;|700|||||||&#8221; role_text_color=&#8221;#2c415c&#8221; role_font_size=&#8221;14px&#8221; role_line_height=&#8221;26px&#8221; content_text_align=&#8221;center&#8221; max_width=&#8221;70%&#8221; module_alignment=&#8221;center&#8221; border_radii_photo_wrapper_border=&#8221;on|10%|10%|10%|10%&#8221; border_radii_social_icon_border=&#8221;on|50%|50%|50%|50%&#8221; locked=&#8221;off&#8221; global_colors_info=&#8221;{}&#8221;][\/difl_advanced_person][\/et_pb_column][\/et_pb_row][et_pb_row column_structure=&#8221;1_3,1_3,1_3&#8243; use_custom_gutter=&#8221;on&#8221; gutter_width=&#8221;1&#8243; _builder_version=&#8221;4.16&#8243; _module_preset=&#8221;default&#8221; global_colors_info=&#8221;{}&#8221;][et_pb_column type=&#8221;1_3&#8243; _builder_version=&#8221;4.16&#8243; _module_preset=&#8221;default&#8221; global_colors_info=&#8221;{}&#8221;][difl_advanced_person ap_photo=&#8221;https:\/\/emfoco.med.br\/wp-content\/uploads\/2023\/12\/Allephy-padrao-copiar.webp&#8221; enable_icon_on_overlay=&#8221;on&#8221; anm_content_padding=&#8221;0em&#8221; content_position=&#8221;c4-layout-bottom-center&#8221; overlay=&#8221;on&#8221; ekip_overlay_background_bgcolor=&#8221;rgba(0,0,0,0.4)&#8221; ap_name=&#8221;AbTax Compliance: Allephy Barros&#8221; ap_role=&#8221;Assistance and accounting management&#8221; ap_instagram=&#8221;https:\/\/www.instagram.com\/allephy\/&#8221; ap_email=&#8221;http:\/\/www.abtaxcompliance.com.br\/&#8221; icon_color=&#8221;#FFFFFF&#8221; social_wrapper_background_bgcolor=&#8221;rgba(0,0,0,0.52)&#8221; social_wrapper_margin=&#8221;|-50%||-50%|false|true&#8221; social_wrapper_padding=&#8221;4px|40px|4px|40px|true|true&#8221; name_margin=&#8221;32px||||false|false&#8221; role_margin=&#8221;5px||||false|false&#8221; social_padding=&#8221;8px|9px|8px|9px|true|true&#8221; module_wrapper_margin_tablet=&#8221;||30px||false|false&#8221; module_wrapper_margin_phone=&#8221;||20px||false|false&#8221; module_wrapper_margin_last_edited=&#8221;on|phone&#8221; social_wrapper_padding_tablet=&#8221;|85px||85px|true|true&#8221; social_wrapper_padding_phone=&#8221;|40%||40%|true|true&#8221; social_wrapper_padding_last_edited=&#8221;on|phone&#8221; name_margin_tablet=&#8221;20px||||false|false&#8221; name_margin_phone=&#8221;&#8221; name_margin_last_edited=&#8221;on|desktop&#8221; _builder_version=&#8221;4.23.3&#8243; _module_preset=&#8221;default&#8221; name_font=&#8221;|500|||||||&#8221; name_text_color=&#8221;#2c415c&#8221; name_font_size=&#8221;18px&#8221; name_line_height=&#8221;36px&#8221; role_font=&#8221;|700|||||||&#8221; role_text_color=&#8221;#2c415c&#8221; role_font_size=&#8221;14px&#8221; role_line_height=&#8221;26px&#8221; content_text_align=&#8221;center&#8221; max_width=&#8221;70%&#8221; module_alignment=&#8221;center&#8221; border_radii_photo_wrapper_border=&#8221;on|10%|10%|10%|10%&#8221; border_radii_social_icon_border=&#8221;on|50%|50%|50%|50%&#8221; locked=&#8221;off&#8221; global_colors_info=&#8221;{}&#8221;][\/difl_advanced_person][\/et_pb_column][et_pb_column type=&#8221;1_3&#8243; _builder_version=&#8221;4.16&#8243; _module_preset=&#8221;default&#8221; global_colors_info=&#8221;{}&#8221;][difl_advanced_person ap_photo=&#8221;https:\/\/emfoco.med.br\/wp-content\/uploads\/2023\/12\/Ricardo-padrao-copiar.webp&#8221; enable_icon_on_overlay=&#8221;on&#8221; anm_content_padding=&#8221;0em&#8221; content_position=&#8221;c4-layout-bottom-center&#8221; overlay=&#8221;on&#8221; ekip_overlay_background_bgcolor=&#8221;rgba(0,0,0,0.4)&#8221; ap_name=&#8221;WallPlant&#8221; ap_role=&#8221;Setting, Garden and Landscaping: Ricardo Adinolfi Freitas&#8221; ap_instagram=&#8221;https:\/\/www.instagram.com\/wallplant\/&#8221; ap_email=&#8221;https:\/\/www.wallplant.com.br\/&#8221; icon_color=&#8221;#FFFFFF&#8221; social_wrapper_background_bgcolor=&#8221;rgba(0,0,0,0.52)&#8221; social_wrapper_margin=&#8221;|-50%||-50%|false|true&#8221; social_wrapper_padding=&#8221;4px|40px|4px|40px|true|true&#8221; name_margin=&#8221;32px||||false|false&#8221; role_margin=&#8221;5px||||false|false&#8221; social_padding=&#8221;8px|9px|8px|9px|true|true&#8221; module_wrapper_margin_tablet=&#8221;||30px||false|false&#8221; module_wrapper_margin_phone=&#8221;||20px||false|false&#8221; module_wrapper_margin_last_edited=&#8221;on|phone&#8221; social_wrapper_padding_tablet=&#8221;|85px||85px|true|true&#8221; social_wrapper_padding_phone=&#8221;|40%||40%|true|true&#8221; social_wrapper_padding_last_edited=&#8221;on|phone&#8221; name_margin_tablet=&#8221;20px||||false|false&#8221; name_margin_phone=&#8221;&#8221; name_margin_last_edited=&#8221;on|desktop&#8221; _builder_version=&#8221;4.23.3&#8243; _module_preset=&#8221;default&#8221; name_font=&#8221;|500|||||||&#8221; name_text_color=&#8221;#2c415c&#8221; name_font_size=&#8221;18px&#8221; name_line_height=&#8221;36px&#8221; role_font=&#8221;|700|||||||&#8221; role_text_color=&#8221;#2c415c&#8221; role_font_size=&#8221;14px&#8221; role_line_height=&#8221;26px&#8221; content_text_align=&#8221;center&#8221; max_width=&#8221;70%&#8221; module_alignment=&#8221;center&#8221; border_radii_photo_wrapper_border=&#8221;on|10%|10%|10%|10%&#8221; border_radii_social_icon_border=&#8221;on|50%|50%|50%|50%&#8221; locked=&#8221;off&#8221; global_colors_info=&#8221;{}&#8221;][\/difl_advanced_person][\/et_pb_column][et_pb_column type=&#8221;1_3&#8243; _builder_version=&#8221;4.16&#8243; _module_preset=&#8221;default&#8221; global_colors_info=&#8221;{}&#8221;][difl_advanced_person ap_photo=&#8221;https:\/\/emfoco.med.br\/wp-content\/uploads\/2023\/12\/Will-padrao-copiar.webp&#8221; enable_icon_on_overlay=&#8221;on&#8221; anm_content_padding=&#8221;0em&#8221; content_position=&#8221;c4-layout-bottom-center&#8221; overlay=&#8221;on&#8221; ekip_overlay_background_bgcolor=&#8221;rgba(0,0,0,0.4)&#8221; ap_name=&#8221;Willian Cavalcante&#8221; ap_role=&#8221;People Management&#8221; ap_instagram=&#8221;https:\/\/www.instagram.com\/willcavalcante7\/&#8221; icon_color=&#8221;#FFFFFF&#8221; social_wrapper_background_bgcolor=&#8221;rgba(0,0,0,0.52)&#8221; social_wrapper_margin=&#8221;|-50%||-50%|false|true&#8221; social_wrapper_padding=&#8221;4px|40px|4px|40px|true|true&#8221; name_margin=&#8221;32px||||false|false&#8221; role_margin=&#8221;5px||||false|false&#8221; social_padding=&#8221;8px|9px|8px|9px|true|true&#8221; module_wrapper_margin_tablet=&#8221;||30px||false|false&#8221; module_wrapper_margin_phone=&#8221;||20px||false|false&#8221; module_wrapper_margin_last_edited=&#8221;on|phone&#8221; social_wrapper_padding_tablet=&#8221;|85px||85px|true|true&#8221; social_wrapper_padding_phone=&#8221;|40%||40%|true|true&#8221; social_wrapper_padding_last_edited=&#8221;on|phone&#8221; name_margin_tablet=&#8221;20px||||false|false&#8221; name_margin_phone=&#8221;&#8221; name_margin_last_edited=&#8221;on|desktop&#8221; _builder_version=&#8221;4.23.3&#8243; _module_preset=&#8221;default&#8221; name_font=&#8221;|500|||||||&#8221; name_text_color=&#8221;#2c415c&#8221; name_font_size=&#8221;18px&#8221; name_line_height=&#8221;36px&#8221; role_font=&#8221;|700|||||||&#8221; role_text_color=&#8221;#2c415c&#8221; role_font_size=&#8221;14px&#8221; role_line_height=&#8221;26px&#8221; content_text_align=&#8221;center&#8221; max_width=&#8221;70%&#8221; module_alignment=&#8221;center&#8221; border_radii_photo_wrapper_border=&#8221;on|10%|10%|10%|10%&#8221; border_radii_social_icon_border=&#8221;on|50%|50%|50%|50%&#8221; locked=&#8221;off&#8221; global_colors_info=&#8221;{}&#8221;][\/difl_advanced_person][\/et_pb_column][\/et_pb_row][et_pb_row column_structure=&#8221;1_3,1_3,1_3&#8243; disabled_on=&#8221;on|on|on&#8221; _builder_version=&#8221;4.16&#8243; _module_preset=&#8221;default&#8221; disabled=&#8221;on&#8221; global_colors_info=&#8221;{}&#8221;][et_pb_column type=&#8221;1_3&#8243; _builder_version=&#8221;4.16&#8243; _module_preset=&#8221;default&#8221; global_colors_info=&#8221;{}&#8221;][\/et_pb_column][et_pb_column type=&#8221;1_3&#8243; _builder_version=&#8221;4.16&#8243; _module_preset=&#8221;default&#8221; global_colors_info=&#8221;{}&#8221;][difl_advanced_person ap_photo=&#8221;https:\/\/modules.diviflash.xyz\/wp-content\/uploads\/2021\/09\/korean-young-woman-s-half-length-portrait-female-model-white-shirt-holding-tablet-smiling-concept-human-emotions-facial-expression-front-view-1.jpg&#8221; enable_icon_on_overlay=&#8221;on&#8221; anm_content_padding=&#8221;0em&#8221; content_position=&#8221;c4-layout-bottom-center&#8221; overlay=&#8221;on&#8221; ekip_overlay_background_bgcolor=&#8221;rgba(0,0,0,0.4)&#8221; ap_name=&#8221;Bruno Batistela&#8221; ap_role=&#8221;Conceptual architect&#8221; ap_instagram=&#8221;https:\/\/www.instagram.com\/cordovaldigital\/&#8221; ap_email=&#8221;https:\/\/cordovaldigital.com\/&#8221; icon_color=&#8221;#FFFFFF&#8221; social_wrapper_background_bgcolor=&#8221;rgba(0,0,0,0.52)&#8221; social_wrapper_margin=&#8221;|-50%||-50%|false|true&#8221; social_wrapper_padding=&#8221;4px|40px|4px|40px|true|true&#8221; name_margin=&#8221;32px||||false|false&#8221; role_margin=&#8221;5px||||false|false&#8221; social_padding=&#8221;8px|9px|8px|9px|true|true&#8221; module_wrapper_margin_tablet=&#8221;||30px||false|false&#8221; module_wrapper_margin_phone=&#8221;||20px||false|false&#8221; module_wrapper_margin_last_edited=&#8221;on|phone&#8221; social_wrapper_padding_tablet=&#8221;|85px||85px|true|true&#8221; social_wrapper_padding_phone=&#8221;|40%||40%|true|true&#8221; social_wrapper_padding_last_edited=&#8221;on|phone&#8221; name_margin_tablet=&#8221;20px||||false|false&#8221; name_margin_phone=&#8221;&#8221; name_margin_last_edited=&#8221;on|desktop&#8221; _builder_version=&#8221;4.23.3&#8243; _module_preset=&#8221;default&#8221; name_font=&#8221;Montserrat|500|||||||&#8221; name_text_color=&#8221;#2c415c&#8221; name_line_height=&#8221;36px&#8221; role_font=&#8221;Poppins|700|||||||&#8221; role_text_color=&#8221;#2c415c&#8221; role_line_height=&#8221;26px&#8221; content_text_align=&#8221;center&#8221; border_radii_photo_wrapper_border=&#8221;on|50%|50%|50%|50%&#8221; border_radii_social_icon_border=&#8221;on|50%|50%|50%|50%&#8221; locked=&#8221;off&#8221; global_colors_info=&#8221;{}&#8221;][\/difl_advanced_person][\/et_pb_column][et_pb_column type=&#8221;1_3&#8243; _builder_version=&#8221;4.16&#8243; _module_preset=&#8221;default&#8221; global_colors_info=&#8221;{}&#8221;][\/et_pb_column][\/et_pb_row][\/et_pb_section][et_pb_section fb_built=&#8221;1&#8243; disabled_on=&#8221;on|on|off&#8221; _builder_version=&#8221;4.23.1&#8243; _module_preset=&#8221;default&#8221; custom_padding=&#8221;0px||||false|false&#8221; locked=&#8221;off&#8221; global_colors_info=&#8221;{}&#8221;][et_pb_row _builder_version=&#8221;4.23.1&#8243; _module_preset=&#8221;default&#8221; global_colors_info=&#8221;{}&#8221;][et_pb_column type=&#8221;4_4&#8243; _builder_version=&#8221;4.23.1&#8243; _module_preset=&#8221;default&#8221; global_colors_info=&#8221;{}&#8221;][et_pb_text _builder_version=&#8221;4.27.0&#8243; _module_preset=&#8221;default&#8221; text_text_color=&#8221;#000000&#8243; text_font_size=&#8221;17px&#8221; text_line_height=&#8221;1.8em&#8221; header_2_font=&#8221;|600|||||||&#8221; header_2_text_align=&#8221;left&#8221; header_2_text_color=&#8221;#FFFFFF&#8221; header_2_font_size=&#8221;60px&#8221; header_3_text_align=&#8221;center&#8221; header_3_text_color=&#8221;#000000&#8243; header_3_line_height=&#8221;1.7em&#8221; module_alignment=&#8221;center&#8221; custom_padding=&#8221;||||false|false&#8221; global_colors_info=&#8221;{}&#8221;]<\/p>\n<p><strong>A big thank you to the doctors who believed and started this entire project with us<i>:<\/i><\/strong><\/p>\n<p>Dra. Adriana Marco Ant\u00f4nio \u2013 Vascular Surgery <a href=\"https:\/\/www.instagram.com\/adrianavascular\/\" target=\"_blank\" rel=\"noopener\">@adrianavascular<\/a> <\/p>\n<p>Dr. Alexandre Ferrari \u2013 Coloproctologist <a href=\"https:\/\/www.instagram.com\/drferrariprocto\/\" target=\"_blank\" rel=\"noopener\">@drferrariprocto<\/a><\/p>\n<p>Dr. Andr\u00e9 Chao \u2013 Plastic Surgery @<\/p>\n<p>Dr. Carlos Obregon \u2013 Gastrosurgery and Coloproctology <a href=\"https:\/\/www.instagram.com\/drcarlosobregon\/\" target=\"_blank\" rel=\"noopener\">@drcarlosobregon<\/a><\/p>\n<p>Dr. Eduardo Baracat \u2013 Gynecology and Obstetrics <a href=\"https:\/\/www.instagram.com\/dreduardobaracat\/\" target=\"_blank\" rel=\"noopener\">@dreduardobaracat<\/a><\/p>\n<p>Dr. F\u00e1bio Piovezan \u2013 Gastrosurgery and Coloproctology <a href=\"https:\/\/www.instagram.com\/drfabiopiovezan\/\" target=\"_blank\" rel=\"noopener\">@drfabiopiovezan<\/a><\/p>\n<p>Dr. Guilherme Mocellin \u2013 Otorhinolaryngology <a href=\"https:\/\/www.instagram.com\/otorrino_sp\/\" target=\"_blank\" rel=\"noopener\">@otorrino_sp<\/a><\/p>\n<p>Dr. Herval Gomes \u2013 Urology <a href=\"https:\/\/www.instagram.com\/hervalgomes\/\" target=\"_blank\" rel=\"noopener\">@hervalgomes<\/a><\/p>\n<p>Dr. Jo\u00e3o Maffei \u2013 Vascular Surgery <a href=\"https:\/\/www.instagram.com\/dr.joaopaulomaffeivascular\/\" target=\"_blank\" rel=\"noopener\">@dr.joaopaulomaffeivascular<\/a><\/p>\n<p>Dr. Jo\u00e3o Spott \u2013 Nutrology <a href=\"https:\/\/www.instagram.com\/joaospott\/\" target=\"_blank\" rel=\"noopener\">@joaospott<\/a><\/p>\n<p>Dr. Jos\u00e9 Lu\u00edz Lazarini J\u00fanior \u2013 Gastrosurgery and Coloproctology <a href=\"https:\/\/www.instagram.com\/drjluizlazarini\/\" target=\"_blank\" rel=\"noopener\">@drjluizlazarini<\/a><\/p>\n<p>Dr. Marcelo Magalh\u00e3es \u2013 Urology <a href=\"https:\/\/www.instagram.com\/drmarcelourologia\/\" target=\"_blank\" rel=\"noopener\">@drmarcelourologia<\/a><\/p>\n<p>Dr. Marcelo Werneck \u2013 Coloproctology <a href=\"https:\/\/www.instagram.com\/dr.marcelowerneck\/\" target=\"_blank\" rel=\"noopener\">@dr.marcelowerneck<\/a><\/p>\n<p>Dr. Matheus Gr\u00f6ner \u2013 Urology and Human Reproduction <a href=\"https:\/\/www.instagram.com\/drmatheusgroner\/\" target=\"_blank\" rel=\"noopener\">@drmatheusgroner<\/a><\/p>\n<p>Dr. Pedro Doria \u2013 Gynecology and Obstetrics <a href=\"https:\/\/www.instagram.com\/drpedrodoria\/\" target=\"_blank\" rel=\"noopener\">@drpedrodoria<\/a><\/p>\n<p>Dr. Rafael Rocha \u2013 Pediatric Surgery and Pediatric Urology <a href=\"https:\/\/www.instagram.com\/drrafaelp.rocha\/\" target=\"_blank\" rel=\"noopener\">@drrafaelp.rocha<\/a><\/p>\n<p>Dra. Rafaella Falco Bruhn \u2013 Head and Neck Surgery <a href=\"https:\/\/www.instagram.com\/drarafaellabruhn\/\" target=\"_blank\" rel=\"noopener\">@drarafaellabruhn<\/a> <\/p>\n<p>Dr. Rodrigo Barbosa \u2013 Gastrosurgery, Bariatric Surgery and Coloproctology <a href=\"https:\/\/www.instagram.com\/drrodrigobarbosa\/\" target=\"_blank\" rel=\"noopener\">@drrodrigobarbosa<\/a><\/p>\n<p>Dra. Valessa Tanganelli \u2013 Cardiology <a href=\"https:\/\/www.instagram.com\/dravalessatanganelli\/\" target=\"_blank\" rel=\"noopener\">@dravalessatanganelli<\/a> <\/p>\n<p>Dra. Vanessa Prado \u2013 Gastrosurgery and Coloproctology <a href=\"https:\/\/www.instagram.com\/dravanessaprado\/\" target=\"_blank\" rel=\"noopener\">@dravanessaprado<\/a> <\/p>\n<p>Dr. Vin\u00edcius Borges \u2013 Infectology <a href=\"https:\/\/www.instagram.com\/doutormaravilha\/\" target=\"_blank\" rel=\"noopener\">@doutormaravilha<\/a><\/p>\n<p><b>MEF Advanced Anesthesiology Team:<\/b><\/p>\n<p>Dra. Amanda Halla <a href=\"https:\/\/www.instagram.com\/amandafhalla\/\" target=\"_blank\" rel=\"noopener\">@amandafhalla<\/a> <\/p>\n<p>Dr. Andr\u00e9 Silvany <a href=\"https:\/\/www.instagram.com\/alsilvany\/\" target=\"_blank\" rel=\"noopener\">@alsilvany<\/a><\/p>\n<p>Dr. Fernando Bigaton <a href=\"https:\/\/www.instagram.com\/dr.fernandobigaton\/\" target=\"_blank\" rel=\"noopener\">@dr.fernandobigaton<\/a><\/p>\n<p>Dr. Filipe Storch <a href=\"https:\/\/www.instagram.com\/drphillanestesia\/\" target=\"_blank\" rel=\"noopener\">@drphillanestesia<\/a><\/p>\n<p>Dra. Francinni Mambrini <a href=\"https:\/\/www.instagram.com\/francinnimambrini\/\" target=\"_blank\" rel=\"noopener\">@francinnimambrini<\/a> <\/p>\n<p>Dra. Isabella Chaer <a href=\"https:\/\/www.instagram.com\/isabellachaer\/\" target=\"_blank\" rel=\"noopener\">@isabellachaer<\/a> <\/p>\n<p>And to all the other specialists who embarked on the journey along the way!<\/p>\n<p>[\/et_pb_text][\/et_pb_column][\/et_pb_row][\/et_pb_section][et_pb_section fb_built=&#8221;1&#8243; disabled_on=&#8221;off|off|on&#8221; _builder_version=&#8221;4.23.1&#8243; _module_preset=&#8221;default&#8221; custom_padding=&#8221;0px||||false|false&#8221; locked=&#8221;off&#8221; global_colors_info=&#8221;{}&#8221;][et_pb_row _builder_version=&#8221;4.23.1&#8243; _module_preset=&#8221;default&#8221; global_colors_info=&#8221;{}&#8221;][et_pb_column type=&#8221;4_4&#8243; _builder_version=&#8221;4.23.1&#8243; _module_preset=&#8221;default&#8221; global_colors_info=&#8221;{}&#8221;][et_pb_text _builder_version=&#8221;4.27.0&#8243; _module_preset=&#8221;default&#8221; text_text_color=&#8221;#000000&#8243; text_line_height=&#8221;1.8em&#8221; header_2_font=&#8221;|600|||||||&#8221; header_2_text_align=&#8221;left&#8221; header_2_text_color=&#8221;#FFFFFF&#8221; header_2_font_size=&#8221;60px&#8221; header_3_text_align=&#8221;center&#8221; header_3_text_color=&#8221;#000000&#8243; header_3_line_height=&#8221;1.7em&#8221; module_alignment=&#8221;center&#8221; custom_padding=&#8221;||||false|false&#8221; global_colors_info=&#8221;{}&#8221;]<\/p>\n<p><strong>A big thank you to the doctors who believed and started this entire project with us<i>:<\/i><\/strong><\/p>\n<p>Dra. Adriana Marco Ant\u00f4nio \u2013 Vascular Surgery <a href=\"https:\/\/www.instagram.com\/adrianavascular\/\" target=\"_blank\" rel=\"noopener\">@adrianavascular<\/a> <\/p>\n<p>Dr. Alexandre Ferrari \u2013 Coloproctologist <a href=\"https:\/\/www.instagram.com\/drferrariprocto\/\" target=\"_blank\" rel=\"noopener\">@drferrariprocto<\/a><\/p>\n<p>Dr. Andr\u00e9 Chao \u2013 Plastic Surgery<\/p>\n<p>Dr. Carlos Obregon \u2013 Gastrosurgery and Coloproctology <a href=\"https:\/\/www.instagram.com\/drcarlosobregon\/\" target=\"_blank\" rel=\"noopener\">@drcarlosobregon<\/a><\/p>\n<p>Dr. Eduardo Baracat \u2013 Gynecology and Obstetrics <a href=\"https:\/\/www.instagram.com\/dreduardobaracat\/\" target=\"_blank\" rel=\"noopener\">@dreduardobaracat<\/a><\/p>\n<p>Dr. F\u00e1bio Piovezan \u2013 Gastrosurgery and Coloproctology <a href=\"https:\/\/www.instagram.com\/drfabiopiovezan\/\" target=\"_blank\" rel=\"noopener\">@drfabiopiovezan<\/a><\/p>\n<p>Dr. Guilherme Mocellin \u2013 Otorhinolaryngology <a href=\"https:\/\/www.instagram.com\/otorrino_sp\/\" target=\"_blank\" rel=\"noopener\">@otorrino_sp<\/a><\/p>\n<p>Dr. Herval Gomes \u2013 Urology <a href=\"https:\/\/www.instagram.com\/hervalgomes\/\" target=\"_blank\" rel=\"noopener\">@hervalgomes<\/a><\/p>\n<p>Dr. Jo\u00e3o Maffei \u2013 Vascular Surgery <a href=\"https:\/\/www.instagram.com\/dr.joaopaulomaffeivascular\/\" target=\"_blank\" rel=\"noopener\">@dr.joaopaulomaffeivascular<\/a><\/p>\n<p>Dr. Jo\u00e3o Spott \u2013 Nutrology <a href=\"https:\/\/www.instagram.com\/joaospott\/\" target=\"_blank\" rel=\"noopener\">@joaospott<\/a><\/p>\n<p>Dr. Jos\u00e9 Lu\u00edz Lazarini J\u00fanior \u2013 Gastrosurgery and Coloproctology <a href=\"https:\/\/www.instagram.com\/drjluizlazarini\/\" target=\"_blank\" rel=\"noopener\">@drjluizlazarini<\/a><\/p>\n<p>Dr. Marcelo Magalh\u00e3es \u2013 Urology <a href=\"https:\/\/www.instagram.com\/drmarcelourologia\/\" target=\"_blank\" rel=\"noopener\">@drmarcelourologia<\/a><\/p>\n<p>Dr. Marcelo Werneck \u2013 Coloproctology <a href=\"https:\/\/www.instagram.com\/dr.marcelowerneck\/\" target=\"_blank\" rel=\"noopener\">@dr.marcelowerneck<\/a><\/p>\n<p>Dr. Matheus Gr\u00f6ner \u2013 Urology and Human Reproduction <a href=\"https:\/\/www.instagram.com\/drmatheusgroner\/\" target=\"_blank\" rel=\"noopener\">@drmatheusgroner<\/a><\/p>\n<p>Dr. Pedro Doria \u2013 Gynecology and Obstetrics <a href=\"https:\/\/www.instagram.com\/drpedrodoria\/\" target=\"_blank\" rel=\"noopener\">@drpedrodoria<\/a><\/p>\n<p>Dr. Rafael Rocha \u2013 Pediatric Surgery and Pediatric Urology <a href=\"https:\/\/www.instagram.com\/drrafaelp.rocha\/\" target=\"_blank\" rel=\"noopener\">@drrafaelp.rocha<\/a><\/p>\n<p>Dra. Rafaella Falco Bruhn \u2013 Head and Neck Surgery <a href=\"https:\/\/www.instagram.com\/drarafaellabruhn\/\" target=\"_blank\" rel=\"noopener\">@drarafaellabruhn<\/a> <\/p>\n<p>Dr. Rodrigo Barbosa \u2013 Gastrosurgery, Bariatric Surgery and Coloproctology <a href=\"https:\/\/www.instagram.com\/drrodrigobarbosa\/\" target=\"_blank\" rel=\"noopener\">@drrodrigobarbosa<\/a><\/p>\n<p>Dra. Valessa Tanganelli \u2013 Cardiology <a href=\"https:\/\/www.instagram.com\/dravalessatanganelli\/\" target=\"_blank\" rel=\"noopener\">@dravalessatanganelli<\/a> <\/p>\n<p>Dra. Vanessa Prado \u2013 Gastrosurgery and Coloproctology <a href=\"https:\/\/www.instagram.com\/dravanessaprado\/\" target=\"_blank\" rel=\"noopener\">@dravanessaprado<\/a> <\/p>\n<p>Dr. Vin\u00edcius Borges \u2013 Infectology <a href=\"https:\/\/www.instagram.com\/doutormaravilha\/\" target=\"_blank\" rel=\"noopener\">@doutormaravilha<\/a><\/p>\n<p><b>MEF Advanced Anesthesiology Team:<\/b><\/p>\n<p>Dra. Amanda Halla <a href=\"https:\/\/www.instagram.com\/amandafhalla\/\" target=\"_blank\" rel=\"noopener\">@amandafhalla<\/a> <\/p>\n<p>Dr. Andr\u00e9 Silvany <a href=\"https:\/\/www.instagram.com\/alsilvany\/\" target=\"_blank\" rel=\"noopener\">@alsilvany<\/a><\/p>\n<p>Dr. Fernando Bigaton <a href=\"https:\/\/www.instagram.com\/dr.fernandobigaton\/\" target=\"_blank\" rel=\"noopener\">@dr.fernandobigaton<\/a><\/p>\n<p>Dr. Filipe Storch <a href=\"https:\/\/www.instagram.com\/drphillanestesia\/\" target=\"_blank\" rel=\"noopener\">@<\/a><a class=\"waffle-rich-text-link\" href=\"https:\/\/www.instagram.com\/drphillanestesia\/\" target=\"_blank\" rel=\"noopener\">drphillanestesia<\/a><\/p>\n<p>Dra. Francinni Mambrini <a href=\"https:\/\/www.instagram.com\/francinnimambrini\/\" target=\"_blank\" rel=\"noopener\">@francinnimambrini<\/a> <\/p>\n<p>Dra. Isabella Chaer <a href=\"https:\/\/www.instagram.com\/isabellachaer\/\" target=\"_blank\" rel=\"noopener\">@isabellachaer<\/a> <\/p>\n<p>And to all the other specialists who embarked on the journey along the way!<\/p>\n<p>[\/et_pb_text][\/et_pb_column][\/et_pb_row][\/et_pb_section]<\/p>\n","protected":false},"excerpt":{"rendered":"<p>From Dream to Reality: the History of the Instituto Medicina Em FocoFrom Dream to Reality: the History of the Instituto Medicina Em FocoIn the heart of the bustling S\u00e3o Paulo metropolis, a vision shared by idealizing minds emerges, transforming the medical experience into something beyond simple consultations and diagnoses. Since they met, two young doctors, [&hellip;]<\/p>\n","protected":false},"author":1,"featured_media":0,"parent":0,"menu_order":0,"comment_status":"closed","ping_status":"closed","template":"","meta":{"_et_pb_use_builder":"on","_et_pb_old_content":"","_et_gb_content_width":"","rank_math_focus_keyword":"medicina em foco","rank_math_title":"Dream to Reality: Medicina Em Foco's Story","rank_math_description":"Amidst the chaos of modern life, a pioneering proposal for humanized care and treatment is born: the Instituto Medicina em Foco.","rank_math_og_title":"","rank_math_og_description":"","rank_math_og_image":"","rank_math_og_image_id":"","rank_math_twitter_title":"","rank_math_twitter_description":"","rank_math_twitter_image":"","rank_math_canonical_url":"","rank_math_robots":"","rank_math_rich_snippet":"","rank_math_snippet_name":"","rank_math_snippet_desc":"","rank_math_seo_score":"","rank_math_pillar_content":"","footnotes":""},"difl_page_category":[],"class_list":["post-293856","page","type-page","status-publish","hentry"],"_links":{"self":[{"href":"https:\/\/emfoco.med.br\/en\/wp-json\/wp\/v2\/pages\/293856","targetHints":{"allow":["GET"]}}],"collection":[{"href":"https:\/\/emfoco.med.br\/en\/wp-json\/wp\/v2\/pages"}],"about":[{"href":"https:\/\/emfoco.med.br\/en\/wp-json\/wp\/v2\/types\/page"}],"author":[{"embeddable":true,"href":"https:\/\/emfoco.med.br\/en\/wp-json\/wp\/v2\/users\/1"}],"replies":[{"embeddable":true,"href":"https:\/\/emfoco.med.br\/en\/wp-json\/wp\/v2\/comments?post=293856"}],"version-history":[{"count":4,"href":"https:\/\/emfoco.med.br\/en\/wp-json\/wp\/v2\/pages\/293856\/revisions"}],"predecessor-version":[{"id":293862,"href":"https:\/\/emfoco.med.br\/en\/wp-json\/wp\/v2\/pages\/293856\/revisions\/293862"}],"wp:attachment":[{"href":"https:\/\/emfoco.med.br\/en\/wp-json\/wp\/v2\/media?parent=293856"}],"wp:term":[{"taxonomy":"difl_page_category","embeddable":true,"href":"https:\/\/emfoco.med.br\/en\/wp-json\/wp\/v2\/difl_page_category?post=293856"}],"curies":[{"name":"wp","href":"https:\/\/api.w.org\/{rel}","templated":true}]}}