{"id":293922,"date":"2023-11-17T15:24:06","date_gmt":"2023-11-17T18:24:06","guid":{"rendered":"https:\/\/emfoco.med.br\/anesthesiologists\/"},"modified":"2025-08-22T17:43:44","modified_gmt":"2025-08-22T20:43:44","slug":"anesthesiologists","status":"publish","type":"page","link":"https:\/\/emfoco.med.br\/en\/anesthesiologists\/","title":{"rendered":"Anesthesiologists"},"content":{"rendered":"<p>[et_pb_section fb_built=&#8221;1&#8243; custom_padding_last_edited=&#8221;on|desktop&#8221; disabled_on=&#8221;on|on|off&#8221; _builder_version=&#8221;4.25.1&#8243; _module_preset=&#8221;default&#8221; background_image=&#8221;https:\/\/emfoco.med.br\/wp-content\/uploads\/2023\/11\/Banners-Med-em-Foco-copiar.webp&#8221; custom_padding=&#8221;0px||0px||true|false&#8221; custom_padding_tablet=&#8221;0px||0px||true|false&#8221; custom_padding_phone=&#8221;0px||0px||true|false&#8221; custom_css_main_element=&#8221;height:405px;&#8221; global_colors_info=&#8221;{}&#8221;][et_pb_row _builder_version=&#8221;4.23.1&#8243; _module_preset=&#8221;default&#8221; global_colors_info=&#8221;{}&#8221;][et_pb_column type=&#8221;4_4&#8243; _builder_version=&#8221;4.23.1&#8243; _module_preset=&#8221;default&#8221; global_colors_info=&#8221;{}&#8221;][et_pb_text _builder_version=&#8221;4.27.4&#8243; _module_preset=&#8221;default&#8221; text_text_color=&#8221;#FFFFFF&#8221; header_font=&#8221;|600|||||||&#8221; header_text_color=&#8221;#ffffff&#8221; header_font_size=&#8221;47px&#8221; header_2_font=&#8221;|600|||||||&#8221; header_2_text_align=&#8221;center&#8221; header_2_text_color=&#8221;#FFFFFF&#8221; header_2_font_size=&#8221;47px&#8221; custom_padding=&#8221;12%|||5%|false|false&#8221; global_colors_info=&#8221;{}&#8221;]<\/p>\n<h1>MEF Advanced Anesthesiology Team<\/h1>\n<p>[\/et_pb_text][\/et_pb_column][\/et_pb_row][\/et_pb_section][et_pb_section fb_built=&#8221;1&#8243; disabled_on=&#8221;off|off|on&#8221; _builder_version=&#8221;4.23.1&#8243; _module_preset=&#8221;default&#8221; background_image=&#8221;https:\/\/emfoco.med.br\/wp-content\/uploads\/2023\/11\/Banners-Med-em-Foco-copiar.webp&#8221; background_position=&#8221;center_left&#8221; background_horizontal_offset=&#8221;13%&#8221; global_colors_info=&#8221;{}&#8221;][et_pb_row _builder_version=&#8221;4.23.1&#8243; _module_preset=&#8221;default&#8221; custom_padding=&#8221;||||false|false&#8221; global_colors_info=&#8221;{}&#8221;][et_pb_column type=&#8221;4_4&#8243; _builder_version=&#8221;4.23.1&#8243; _module_preset=&#8221;default&#8221; global_colors_info=&#8221;{}&#8221;][et_pb_text _builder_version=&#8221;4.27.4&#8243; _module_preset=&#8221;default&#8221; header_font=&#8221;|600|||||||&#8221; header_text_color=&#8221;#ffffff&#8221; header_font_size=&#8221;22px&#8221; header_2_font=&#8221;|600|||||||&#8221; header_2_text_align=&#8221;center&#8221; header_2_text_color=&#8221;#FFFFFF&#8221; header_2_font_size=&#8221;22px&#8221; header_2_line_height=&#8221;1.4em&#8221; custom_margin=&#8221;||||false|false&#8221; custom_padding=&#8221;|||5%|false|false&#8221; hover_enabled=&#8221;0&#8243; header_2_text_shadow_style=&#8221;preset1&#8243; global_colors_info=&#8221;{}&#8221; sticky_enabled=&#8221;0&#8243;]<\/p>\n<h2>MEF Advanced Anesthesiology Team<\/h2>\n<p>[\/et_pb_text][\/et_pb_column][\/et_pb_row][\/et_pb_section][et_pb_section fb_built=&#8221;1&#8243; disabled_on=&#8221;on|on|off&#8221; _builder_version=&#8221;4.22.2&#8243; _module_preset=&#8221;default&#8221; locked=&#8221;off&#8221; global_colors_info=&#8221;{}&#8221;][et_pb_row _builder_version=&#8221;4.23.1&#8243; _module_preset=&#8221;default&#8221; width=&#8221;85%&#8221; max_width=&#8221;100%&#8221; global_colors_info=&#8221;{}&#8221;][et_pb_column type=&#8221;4_4&#8243; _builder_version=&#8221;4.23.1&#8243; _module_preset=&#8221;default&#8221; global_colors_info=&#8221;{}&#8221;][et_pb_text _builder_version=&#8221;4.23.1&#8243; _module_preset=&#8221;default&#8221; text_text_color=&#8221;#000000&#8243; text_font_size=&#8221;17px&#8221; text_line_height=&#8221;1.8em&#8221; header_2_font=&#8221;|600|||||||&#8221; header_2_text_align=&#8221;left&#8221; header_2_text_color=&#8221;#FFFFFF&#8221; header_2_font_size=&#8221;60px&#8221; module_alignment=&#8221;center&#8221; custom_padding=&#8221;||||false|false&#8221; global_colors_info=&#8221;{}&#8221;]<\/p>\n<p>The Anesthesiologist plays an essential role during surgeries, offering several advantages, not only for patients, but also for surgeons and other members of the medical team.<\/p>\n<p>Therefore, this specialist plays a fundamental role in providing comfort and well-being for patients, and with that in mind, Instituto Medicina em Foco has excellent professionals on its team.<\/p>\n<p>[\/et_pb_text][\/et_pb_column][\/et_pb_row][et_pb_row column_structure=&#8221;1_3,1_3,1_3&#8243; use_custom_gutter=&#8221;on&#8221; gutter_width=&#8221;2&#8243; make_equal=&#8221;on&#8221; _builder_version=&#8221;4.23.1&#8243; _module_preset=&#8221;default&#8221; width=&#8221;90%&#8221; max_width=&#8221;100%&#8221; custom_margin=&#8221;||||false|false&#8221; custom_padding=&#8221;0px|20px|0px|20px|true|true&#8221; border_color_all=&#8221;#c1eae9&#8243; global_colors_info=&#8221;{}&#8221;][et_pb_column type=&#8221;1_3&#8243; _builder_version=&#8221;4.23.1&#8243; _module_preset=&#8221;default&#8221; custom_padding=&#8221;20px||20px||true|false&#8221; border_radii=&#8221;on|20px|20px|20px|20px&#8221; border_width_all=&#8221;15px&#8221; border_color_all=&#8221;#c1eae9&#8243; global_colors_info=&#8221;{}&#8221;][difl_advanced_person ap_photo=&#8221;https:\/\/emfoco.med.br\/wp-content\/uploads\/2023\/11\/Amanda-Fernandes-Halla.webp&#8221; ap_name=&#8221;Dra. Amanda Halla &#8221; ap_role=&#8221;Anesthesiology&#8221; ap_description=&#8221;<\/p>\n<p>CRM-SP <span style=%22font-weight: 400;%22>176726<\/span><\/p>\n<p>RQE <span style=%22font-weight: 400;%22>83751<\/span><\/p>\n<p>&#8221; module_wrapper_margin=&#8221;||40px||false|false&#8221; name_margin=&#8221;30px||||false|false&#8221; description_margin=&#8221;10px||||false|false&#8221; image_margin=&#8221;||||false|false&#8221; _builder_version=&#8221;4.23.1&#8243; _module_preset=&#8221;default&#8221; name_text_align=&#8221;center&#8221; name_font_size=&#8221;28px&#8221; description_text_align=&#8221;center&#8221; description_text_color=&#8221;rgba(10,10,10,0.56)&#8221; description_font_size=&#8221;18px&#8221; description_line_height=&#8221;0.5em&#8221; custom_margin=&#8221;||||false|false&#8221; custom_css_main_element=&#8221;text-align: center;&#8221; border_radii_photo_border=&#8221;on|200px|200px|200px|200px&#8221; border_width_all_photo_border=&#8221;5px&#8221; border_color_all_photo_border=&#8221;#5cbfbe&#8221; global_colors_info=&#8221;{}&#8221;][\/difl_advanced_person][difl_dual_button btn_left_background_bgcolor=&#8221;#5cbfbe&#8221; btn_left_font_icon=&#8221;&#xe023;||divi||400&#8243; btn_left_icon_color=&#8221;#FFFFFF&#8221; btn_left_icon_placement=&#8221;left&#8221; btn_right_background_background_image=&#8221;https:\/\/emfoco.med.br\/wp-content\/uploads\/2023\/10\/iconewhatsapp.webp&#8221; btn_right_background_background_image_size=&#8221;fit&#8221; btn_right_background_size_width=&#8221;100%&#8221; btn_right_background_size_height=&#8221;100%&#8221; use_right_button_icon=&#8221;off&#8221; right_button=&#8221;_&#8221; right_button_url=&#8221;https:\/\/api.whatsapp.com\/send\/?phone=\u200e551132893195&amp;text=Ol%C3%A1%2C+vim+do+site+e+gostaria+de+mais+informa%C3%A7%C3%B5es+sobre+consulta+com+a+Dra.+Amanda+Halla.&amp;type=phone_number&amp;app_absent=0&#8243; right_button_target=&#8221;on&#8221; right_button_wrapper_margin=&#8221;||||false|false&#8221; alignment=&#8221;center&#8221; disabled_on=&#8221;on|on|off&#8221; _builder_version=&#8221;4.27.4&#8243; _module_preset=&#8221;default&#8221; left_button_text_color=&#8221;#FFFFFF&#8221; right_button_text_color=&#8221;#FFFFFF&#8221; right_button_font_size=&#8221;22px&#8221; border_radii_left_button=&#8221;on|10px|10px|10px|10px&#8221; global_colors_info=&#8221;{}&#8221;][\/difl_dual_button][et_pb_text _builder_version=&#8221;4.27.4&#8243; _module_preset=&#8221;default&#8221; header_2_line_height=&#8221;1.8em&#8221; header_5_text_color=&#8221;#116789&#8243; header_5_line_height=&#8221;1.4em&#8221; custom_margin=&#8221;20px|30px||30px|false|false&#8221; global_colors_info=&#8221;{}&#8221;]<\/p>\n<h5 class=\"font_6\">A <a href=\"https:\/\/emfoco.med.br\/dra-amanda-halla-anestesiologista\/\">Dr. Amanda Ferreira Halla <\/a>  is a Specialist in Anesthesiology from the Faculty of Medical Sciences of Santa Casa De S\u00e3o Paulo. Her Main Areas of Expertise Include: Major Surgeries, Such as Bariatric Surgeries, Digestive System Surgeries, Neurosurgeries, Orthopedic Surgeries, Spinal Surgeries; in Addition to Working in Anesthesia for Ophthalmological, Otorhinolaryngological, Gynecological and Obstetric Surgeries. <\/h5>\n<h2>Where She Completed Her Training<\/h2>\n<h5 class=\"font_6\">Faculty of Medical Sciences of Santa Casa De S\u00e3o Paulo<\/h5>\n<h2>Reference Hospitals<\/h2>\n<h5 class=\"font_6\">Hospital 9 De Julho<\/h5>\n<h5 class=\"font_6\">Hospital S\u00e3o Camilo<\/h5>\n<h5 class=\"font_6\">Hospital Da Santa Casa De Miseric\u00f3rdia De S\u00e3o Paulo<\/h5>\n<p>[\/et_pb_text][\/et_pb_column][et_pb_column type=&#8221;1_3&#8243; _builder_version=&#8221;4.23.1&#8243; _module_preset=&#8221;default&#8221; custom_padding=&#8221;20px||20px||true|false&#8221; border_radii=&#8221;on|20px|20px|20px|20px&#8221; border_width_all=&#8221;15px&#8221; border_color_all=&#8221;#c1eae9&#8243; global_colors_info=&#8221;{}&#8221;][difl_advanced_person ap_photo=&#8221;https:\/\/emfoco.med.br\/wp-content\/uploads\/2023\/11\/Andre-Luis-Silvany-Sales.webp&#8221; ap_name=&#8221;Dr. Andr\u00e9 Silvany&#8221; ap_role=&#8221;Anesthesiology&#8221; ap_description=&#8221;<\/p>\n<p>CRM-SP <span style=%22font-weight: 400;%22>165015<\/span><\/p>\n<p>RQE <span style=%22font-weight: 400;%22>99041<\/span><\/p>\n<p>&#8221; module_wrapper_margin=&#8221;||40px||false|false&#8221; name_margin=&#8221;30px||||false|false&#8221; description_margin=&#8221;10px||||false|false&#8221; image_margin=&#8221;||||false|false&#8221; _builder_version=&#8221;4.23.1&#8243; _module_preset=&#8221;default&#8221; name_text_align=&#8221;center&#8221; name_font_size=&#8221;28px&#8221; description_text_align=&#8221;center&#8221; description_text_color=&#8221;rgba(10,10,10,0.56)&#8221; description_font_size=&#8221;18px&#8221; description_line_height=&#8221;0.5em&#8221; custom_margin=&#8221;||||false|false&#8221; custom_css_main_element=&#8221;text-align: center;&#8221; border_radii_photo_border=&#8221;on|200px|200px|200px|200px&#8221; border_width_all_photo_border=&#8221;5px&#8221; border_color_all_photo_border=&#8221;#5cbfbe&#8221; global_colors_info=&#8221;{}&#8221;][\/difl_advanced_person][difl_dual_button btn_left_background_bgcolor=&#8221;#5cbfbe&#8221; btn_left_font_icon=&#8221;&#xe023;||divi||400&#8243; btn_left_icon_color=&#8221;#FFFFFF&#8221; btn_left_icon_placement=&#8221;left&#8221; btn_right_background_background_image=&#8221;https:\/\/emfoco.med.br\/wp-content\/uploads\/2023\/10\/iconewhatsapp.webp&#8221; btn_right_background_background_image_size=&#8221;fit&#8221; btn_right_background_size_width=&#8221;100%&#8221; btn_right_background_size_height=&#8221;100%&#8221; use_right_button_icon=&#8221;off&#8221; right_button=&#8221;_&#8221; right_button_url=&#8221;https:\/\/api.whatsapp.com\/send\/?phone=\u200e551132893195&amp;text=Ol%C3%A1%2C+vim+do+site+e+gostaria+de+mais+informa%C3%A7%C3%B5es+sobre+consulta+com+o+Dr.+Andr%C3%A9+Silvany.&amp;type=phone_number&amp;app_absent=0&#8243; right_button_target=&#8221;on&#8221; right_button_wrapper_margin=&#8221;||||false|false&#8221; alignment=&#8221;center&#8221; disabled_on=&#8221;on|on|off&#8221; _builder_version=&#8221;4.27.4&#8243; _module_preset=&#8221;default&#8221; left_button_text_color=&#8221;#FFFFFF&#8221; right_button_text_color=&#8221;#FFFFFF&#8221; right_button_font_size=&#8221;22px&#8221; border_radii_left_button=&#8221;on|10px|10px|10px|10px&#8221; global_colors_info=&#8221;{}&#8221;][\/difl_dual_button][et_pb_text _builder_version=&#8221;4.27.4&#8243; _module_preset=&#8221;default&#8221; header_2_line_height=&#8221;1.8em&#8221; header_5_text_color=&#8221;#116789&#8243; header_5_line_height=&#8221;1.4em&#8221; custom_margin=&#8221;20px|30px||30px|false|false&#8221; global_colors_info=&#8221;{}&#8221;]<\/p>\n<h5 class=\"font_6\"> <a href=\"https:\/\/emfoco.med.br\/dr-andre-silvany-anestesiologista\/\">Dr. Andr\u00e9 Lu\u00eds Silvany Sales<\/a> is a Specialist in Anesthesiology from the Medical Anesthesiology Service of Hospital S\u00edrio-Liban\u00eas. His Main Areas of Expertise Include: Pre-Anesthetic Consultation, Pain Care, Botox Application and Cannabis Prescription, Treating Surgical Patients and Patients with Chronic Pain. <\/h5>\n<h2>Where He Completed His Training<\/h2>\n<h5 class=\"font_6\">Universidade Federal Da Bahia (UFBA)<\/h5>\n<h2>Reference Hospitals<\/h2>\n<h5 class=\"font_6\">Hospital S\u00edrio-Liban\u00eas<\/h5>\n<h5 class=\"font_6\">Hospital 9 De Julho<\/h5>\n<h5 class=\"font_6\">Hospital Vila Nova Star<\/h5>\n<h5 class=\"font_6\">Hospital Albert Einstein<\/h5>\n<p>[\/et_pb_text][\/et_pb_column][et_pb_column type=&#8221;1_3&#8243; _builder_version=&#8221;4.23.1&#8243; _module_preset=&#8221;default&#8221; custom_padding=&#8221;20px||20px||true|false&#8221; border_radii=&#8221;on|20px|20px|20px|20px&#8221; border_width_all=&#8221;15px&#8221; border_color_all=&#8221;#c1eae9&#8243; global_colors_info=&#8221;{}&#8221;][difl_advanced_person ap_photo=&#8221;https:\/\/emfoco.med.br\/wp-content\/uploads\/2023\/11\/Fernando-Jose-Bigaton.webp&#8221; ap_name=&#8221;Dr. Fernando Bigaton&#8221; ap_role=&#8221;Anesthesiology&#8221; ap_description=&#8221;<\/p>\n<p>CRM-SP <span style=%22font-weight: 400;%22>156085<\/span><\/p>\n<p>RQE <span style=%22font-weight: 400;%22>97335<\/span><\/p>\n<p>&#8221; module_wrapper_margin=&#8221;||40px||false|false&#8221; name_margin=&#8221;30px||||false|false&#8221; description_margin=&#8221;10px||||false|false&#8221; image_margin=&#8221;||||false|false&#8221; _builder_version=&#8221;4.23.1&#8243; _module_preset=&#8221;default&#8221; name_text_align=&#8221;center&#8221; name_font_size=&#8221;28px&#8221; description_text_align=&#8221;center&#8221; description_text_color=&#8221;rgba(10,10,10,0.56)&#8221; description_font_size=&#8221;18px&#8221; description_line_height=&#8221;0.5em&#8221; custom_margin=&#8221;||||false|false&#8221; custom_css_main_element=&#8221;text-align: center;&#8221; border_radii_photo_border=&#8221;on|200px|200px|200px|200px&#8221; border_width_all_photo_border=&#8221;5px&#8221; border_color_all_photo_border=&#8221;#5cbfbe&#8221; global_colors_info=&#8221;{}&#8221;][\/difl_advanced_person][difl_dual_button btn_left_background_bgcolor=&#8221;#5cbfbe&#8221; btn_left_font_icon=&#8221;&#xe023;||divi||400&#8243; btn_left_icon_color=&#8221;#FFFFFF&#8221; btn_left_icon_placement=&#8221;left&#8221; btn_right_background_background_image=&#8221;https:\/\/emfoco.med.br\/wp-content\/uploads\/2023\/10\/iconewhatsapp.webp&#8221; btn_right_background_background_image_size=&#8221;fit&#8221; btn_right_background_size_width=&#8221;100%&#8221; btn_right_background_size_height=&#8221;100%&#8221; use_right_button_icon=&#8221;off&#8221; right_button=&#8221;_&#8221; right_button_url=&#8221;https:\/\/api.whatsapp.com\/send\/?phone=\u200e551132893195&amp;text=Ol%C3%A1%2C+vim+do+site+e+gostaria+de+mais+informa%C3%A7%C3%B5es+sobre+consulta+com+o+Dr.+Fernando+Bigaton.&amp;type=phone_number&amp;app_absent=0&#8243; right_button_target=&#8221;on&#8221; right_button_wrapper_margin=&#8221;||||false|false&#8221; alignment=&#8221;center&#8221; disabled_on=&#8221;on|on|off&#8221; _builder_version=&#8221;4.27.4&#8243; _module_preset=&#8221;default&#8221; left_button_text_color=&#8221;#FFFFFF&#8221; right_button_text_color=&#8221;#FFFFFF&#8221; right_button_font_size=&#8221;22px&#8221; border_radii_left_button=&#8221;on|10px|10px|10px|10px&#8221; global_colors_info=&#8221;{}&#8221;][\/difl_dual_button][et_pb_text _builder_version=&#8221;4.27.4&#8243; _module_preset=&#8221;default&#8221; header_2_line_height=&#8221;1.8em&#8221; header_5_text_color=&#8221;#116789&#8243; header_5_line_height=&#8221;1.4em&#8221; custom_margin=&#8221;20px|30px||30px|false|false&#8221; global_colors_info=&#8221;{}&#8221;]<\/p>\n<h2><\/h2>\n<h5 class=\"font_6\"> <a href=\"https:\/\/emfoco.med.br\/dr-fernando-bigaton-anestesiologista\/\">Dr. Fernando Jos\u00e9 Bigaton<\/a> is a Specialist in Anesthesiology from the Faculty of Medicine of the University of S\u00e3o Paulo (FMUSP).<\/h5>\n<h2>Where He Completed His Training<\/h2>\n<h5 class=\"font_6\">Faculty of Medicine of the University of S\u00e3o Paulo (FMUSP)<\/h5>\n<h2>Reference Hospitals<\/h2>\n<h5 class=\"font_6\">Hospital S\u00edrio-Liban\u00eas<\/h5>\n<h5 class=\"font_6\">Hospital 9 De Julho<\/h5>\n<h5 class=\"font_6\">Hospital S\u00e3o Camilo<\/h5>\n<h5 class=\"font_6\">Hospital Das Cl\u00ednicas Da Faculdade De Medicina Da Universidade De S\u00e3o Paulo (HC-FMUSP)<\/h5>\n<p>[\/et_pb_text][\/et_pb_column][\/et_pb_row][et_pb_row column_structure=&#8221;1_3,1_3,1_3&#8243; use_custom_gutter=&#8221;on&#8221; gutter_width=&#8221;2&#8243; make_equal=&#8221;on&#8221; _builder_version=&#8221;4.23.1&#8243; _module_preset=&#8221;default&#8221; width=&#8221;90%&#8221; max_width=&#8221;100%&#8221; custom_margin=&#8221;50px||||false|false&#8221; custom_padding=&#8221;0px|20px|0px|20px|true|true&#8221; border_color_all=&#8221;#c1eae9&#8243; global_colors_info=&#8221;{}&#8221;][et_pb_column type=&#8221;1_3&#8243; _builder_version=&#8221;4.23.1&#8243; _module_preset=&#8221;default&#8221; custom_padding=&#8221;20px||20px||true|false&#8221; border_radii=&#8221;on|20px|20px|20px|20px&#8221; border_width_all=&#8221;15px&#8221; border_color_all=&#8221;#c1eae9&#8243; global_colors_info=&#8221;{}&#8221;][difl_advanced_person ap_photo=&#8221;https:\/\/emfoco.med.br\/wp-content\/uploads\/2023\/11\/Filipe-Storch-Takatohi.webp&#8221; ap_name=&#8221;Dr. Filipe Storch&#8221; ap_role=&#8221;Anesthesiology&#8221; ap_description=&#8221;<\/p>\n<p>CRM-SP <span style=%22font-weight: 400;%22>129240<\/span><\/p>\n<p>RQE <span style=%22font-weight: 400;%22>67012<\/span><\/p>\n<p>&#8221; module_wrapper_margin=&#8221;||40px||false|false&#8221; name_margin=&#8221;30px||||false|false&#8221; description_margin=&#8221;10px||||false|false&#8221; image_margin=&#8221;||||false|false&#8221; _builder_version=&#8221;4.23.1&#8243; _module_preset=&#8221;default&#8221; name_text_align=&#8221;center&#8221; name_font_size=&#8221;28px&#8221; description_text_align=&#8221;center&#8221; description_text_color=&#8221;rgba(10,10,10,0.56)&#8221; description_font_size=&#8221;18px&#8221; description_line_height=&#8221;0.5em&#8221; custom_margin=&#8221;||||false|false&#8221; custom_css_main_element=&#8221;text-align: center;&#8221; border_radii_photo_border=&#8221;on|200px|200px|200px|200px&#8221; border_width_all_photo_border=&#8221;5px&#8221; border_color_all_photo_border=&#8221;#5cbfbe&#8221; global_colors_info=&#8221;{}&#8221;][\/difl_advanced_person][difl_dual_button btn_left_background_bgcolor=&#8221;#5cbfbe&#8221; btn_left_font_icon=&#8221;&#xe023;||divi||400&#8243; btn_left_icon_color=&#8221;#FFFFFF&#8221; btn_left_icon_placement=&#8221;left&#8221; btn_right_background_background_image=&#8221;https:\/\/emfoco.med.br\/wp-content\/uploads\/2023\/10\/iconewhatsapp.webp&#8221; btn_right_background_background_image_size=&#8221;fit&#8221; btn_right_background_size_width=&#8221;100%&#8221; btn_right_background_size_height=&#8221;100%&#8221; use_right_button_icon=&#8221;off&#8221; right_button=&#8221;_&#8221; right_button_url=&#8221;https:\/\/api.whatsapp.com\/send\/?phone=\u200e551132893195&amp;text=Ol%C3%A1%2C+vim+do+site+e+gostaria+de+mais+informa%C3%A7%C3%B5es+sobre+consulta+com+o+Dr.+Filipe+Storch.&amp;type=phone_number&amp;app_absent=0&#8243; right_button_target=&#8221;on&#8221; right_button_wrapper_margin=&#8221;||||false|false&#8221; alignment=&#8221;center&#8221; disabled_on=&#8221;on|on|off&#8221; _builder_version=&#8221;4.27.4&#8243; _module_preset=&#8221;default&#8221; left_button_text_color=&#8221;#FFFFFF&#8221; right_button_text_color=&#8221;#FFFFFF&#8221; right_button_font_size=&#8221;22px&#8221; border_radii_left_button=&#8221;on|10px|10px|10px|10px&#8221; global_colors_info=&#8221;{}&#8221;][\/difl_dual_button][et_pb_text _builder_version=&#8221;4.27.4&#8243; _module_preset=&#8221;default&#8221; header_2_line_height=&#8221;1.8em&#8221; header_5_text_color=&#8221;#116789&#8243; header_5_line_height=&#8221;1.4em&#8221; custom_margin=&#8221;20px|30px||30px|false|false&#8221; global_colors_info=&#8221;{}&#8221;]<\/p>\n<h5 class=\"font_6\"> <a href=\"https:\/\/emfoco.med.br\/dr-filipe-storch-takatohi-anestesiologista\/\">Dr. Filipe Storch Takatohi<\/a> is a Specialist in Anesthesiology from the Faculty of Medicine of ABC (FMABC). His Main Areas of Expertise are in Difficult Airways and Emergency Care. He is Currently a Professor of Anesthesia Residency at the University of S\u00e3o Paulo (USP).  <\/h5>\n<h2>Where He Completed His Training<\/h2>\n<h5 class=\"font_6\">Faculty of Medicine of the University of S\u00e3o Paulo (FMUSP)<\/h5>\n<h5 class=\"font_6\">Faculty of Medicine of ABC (FMABC)<\/h5>\n<h2>Reference Hospitals<\/h2>\n<h5 class=\"font_6\">Hospital S\u00edrio-Liban\u00eas<\/h5>\n<h5 class=\"font_6\">Hospital Albert Einstein<\/h5>\n<h5 class=\"font_6\">Hospital 9 De Julho<\/h5>\n<h5 class=\"font_6\">Hospital S\u00e3o Camilo<\/h5>\n<p>[\/et_pb_text][\/et_pb_column][et_pb_column type=&#8221;1_3&#8243; _builder_version=&#8221;4.23.1&#8243; _module_preset=&#8221;default&#8221; custom_padding=&#8221;20px||20px||true|false&#8221; border_radii=&#8221;on|20px|20px|20px|20px&#8221; border_width_all=&#8221;15px&#8221; border_color_all=&#8221;#c1eae9&#8243; global_colors_info=&#8221;{}&#8221;][difl_advanced_person ap_photo=&#8221;https:\/\/emfoco.med.br\/wp-content\/uploads\/2023\/11\/Francinni-Mambrini-Pires-Rego.webp&#8221; ap_name=&#8221;Dra. Francinni Mambrini &#8221; ap_role=&#8221;Anesthesiology&#8221; ap_description=&#8221;<\/p>\n<p>CRM-SP <span style=%22font-weight: 400;%22>156097<\/span><\/p>\n<p>RQE <span style=%22font-weight: 400;%22>71451<\/span><\/p>\n<p>&#8221; module_wrapper_margin=&#8221;||40px||false|false&#8221; name_margin=&#8221;30px||||false|false&#8221; description_margin=&#8221;10px||||false|false&#8221; image_margin=&#8221;||||false|false&#8221; _builder_version=&#8221;4.23.1&#8243; _module_preset=&#8221;default&#8221; name_text_align=&#8221;center&#8221; name_font_size=&#8221;28px&#8221; description_text_align=&#8221;center&#8221; description_text_color=&#8221;rgba(10,10,10,0.56)&#8221; description_font_size=&#8221;18px&#8221; description_line_height=&#8221;0.5em&#8221; custom_margin=&#8221;||||false|false&#8221; custom_css_main_element=&#8221;text-align: center;&#8221; border_radii_photo_border=&#8221;on|200px|200px|200px|200px&#8221; border_width_all_photo_border=&#8221;5px&#8221; border_color_all_photo_border=&#8221;#5cbfbe&#8221; global_colors_info=&#8221;{}&#8221;][\/difl_advanced_person][difl_dual_button btn_left_background_bgcolor=&#8221;#5cbfbe&#8221; btn_left_font_icon=&#8221;&#xe023;||divi||400&#8243; btn_left_icon_color=&#8221;#FFFFFF&#8221; btn_left_icon_placement=&#8221;left&#8221; btn_right_background_background_image=&#8221;https:\/\/emfoco.med.br\/wp-content\/uploads\/2023\/10\/iconewhatsapp.webp&#8221; btn_right_background_background_image_size=&#8221;fit&#8221; btn_right_background_size_width=&#8221;100%&#8221; btn_right_background_size_height=&#8221;100%&#8221; use_right_button_icon=&#8221;off&#8221; right_button=&#8221;_&#8221; right_button_url=&#8221;https:\/\/api.whatsapp.com\/send\/?phone=\u200e551132893195&amp;text=Ol%C3%A1%2C+vim+do+site+e+gostaria+de+mais+informa%C3%A7%C3%B5es+sobre+consulta+com+a+Dra.+Francinni+Mambrini.&amp;type=phone_number&amp;app_absent=0&#8243; right_button_target=&#8221;on&#8221; right_button_wrapper_margin=&#8221;||||false|false&#8221; alignment=&#8221;center&#8221; disabled_on=&#8221;on|on|off&#8221; _builder_version=&#8221;4.27.4&#8243; _module_preset=&#8221;default&#8221; left_button_text_color=&#8221;#FFFFFF&#8221; right_button_text_color=&#8221;#FFFFFF&#8221; right_button_font_size=&#8221;22px&#8221; border_radii_left_button=&#8221;on|10px|10px|10px|10px&#8221; global_colors_info=&#8221;{}&#8221;][\/difl_dual_button][et_pb_text _builder_version=&#8221;4.27.4&#8243; _module_preset=&#8221;default&#8221; header_2_line_height=&#8221;1.8em&#8221; header_5_text_color=&#8221;#116789&#8243; header_5_line_height=&#8221;1.4em&#8221; custom_margin=&#8221;20px|30px||30px|false|false&#8221; global_colors_info=&#8221;{}&#8221;]<\/p>\n<h5 class=\"font_6\">Dra. Francinni Mambrini Pires R\u00eago is a Specialist in Anesthesiology from the Hospital Das Cl\u00ednicas Da Faculdade De Medicina Da Universidade De S\u00e3o Paulo (HC\/FMUSP) <\/h5>\n<h2><span>\u200b<\/span>where She Completed Her Training<\/h2>\n<h5 class=\"font_6\">Faculty of Medicine of the University of S\u00e3o Paulo (FMUSP)<\/h5>\n<h2><span>Reference Hospitals<\/span><\/h2>\n<h5 class=\"font_6\">Hospital S\u00edrio-Liban\u00eas<\/h5>\n<h5 class=\"font_6\">Hospital Albert Einstein<\/h5>\n<h5 class=\"font_6\">Hospital 9 De Julho<\/h5>\n<h5 class=\"font_6\">Maternidade Santa Joana<\/h5>\n<h5 class=\"font_6\">Hospital Das Cl\u00ednicas Da Faculdade De Medicina Da Universidade De S\u00e3o Paulo (HC-FMUSP)<\/h5>\n<p>[\/et_pb_text][\/et_pb_column][et_pb_column type=&#8221;1_3&#8243; _builder_version=&#8221;4.23.1&#8243; _module_preset=&#8221;default&#8221; custom_padding=&#8221;20px||20px||true|false&#8221; border_radii=&#8221;on|20px|20px|20px|20px&#8221; border_width_all=&#8221;15px&#8221; border_color_all=&#8221;#c1eae9&#8243; global_colors_info=&#8221;{}&#8221;][difl_advanced_person ap_photo=&#8221;https:\/\/emfoco.med.br\/wp-content\/uploads\/2023\/11\/Isabella-Ducci-Chaer-Fonte.webp&#8221; ap_name=&#8221;Dra. Isabella Chaer &#8221; ap_role=&#8221;Anesthesiology&#8221; ap_description=&#8221;<\/p>\n<p>CRM-SP <span style=%22font-weight: 400;%22>175493<\/span><\/p>\n<p>RQE <span style=%22font-weight: 400;%22>112302<\/span><\/p>\n<p>&#8221; module_wrapper_margin=&#8221;||40px||false|false&#8221; name_margin=&#8221;30px||||false|false&#8221; description_margin=&#8221;10px||||false|false&#8221; image_margin=&#8221;||||false|false&#8221; _builder_version=&#8221;4.23.1&#8243; _module_preset=&#8221;default&#8221; name_text_align=&#8221;center&#8221; name_font_size=&#8221;28px&#8221; description_text_align=&#8221;center&#8221; description_text_color=&#8221;rgba(10,10,10,0.56)&#8221; description_font_size=&#8221;18px&#8221; description_line_height=&#8221;0.5em&#8221; custom_margin=&#8221;||||false|false&#8221; custom_css_main_element=&#8221;text-align: center;&#8221; border_radii_photo_border=&#8221;on|200px|200px|200px|200px&#8221; border_width_all_photo_border=&#8221;5px&#8221; border_color_all_photo_border=&#8221;#5cbfbe&#8221; global_colors_info=&#8221;{}&#8221;][\/difl_advanced_person][difl_dual_button btn_left_background_bgcolor=&#8221;#5cbfbe&#8221; btn_left_font_icon=&#8221;&#xe023;||divi||400&#8243; btn_left_icon_color=&#8221;#FFFFFF&#8221; btn_left_icon_placement=&#8221;left&#8221; btn_right_background_background_image=&#8221;https:\/\/emfoco.med.br\/wp-content\/uploads\/2023\/10\/iconewhatsapp.webp&#8221; btn_right_background_background_image_size=&#8221;fit&#8221; btn_right_background_size_width=&#8221;100%&#8221; btn_right_background_size_height=&#8221;100%&#8221; use_right_button_icon=&#8221;off&#8221; right_button=&#8221;_&#8221; right_button_url=&#8221;https:\/\/api.whatsapp.com\/send\/?phone=\u200e551132893195&amp;text=Ol%C3%A1%2C+vim+do+site+e+gostaria+de+mais+informa%C3%A7%C3%B5es+sobre+consulta+com+a+Dra.+Isabella+Chaer.&amp;type=phone_number&amp;app_absent=0&#8243; right_button_target=&#8221;on&#8221; right_button_wrapper_margin=&#8221;||||false|false&#8221; alignment=&#8221;center&#8221; disabled_on=&#8221;on|on|off&#8221; _builder_version=&#8221;4.27.4&#8243; _module_preset=&#8221;default&#8221; left_button_text_color=&#8221;#FFFFFF&#8221; right_button_text_color=&#8221;#FFFFFF&#8221; right_button_font_size=&#8221;22px&#8221; border_radii_left_button=&#8221;on|10px|10px|10px|10px&#8221; global_colors_info=&#8221;{}&#8221;][\/difl_dual_button][et_pb_text _builder_version=&#8221;4.27.4&#8243; _module_preset=&#8221;default&#8221; header_2_line_height=&#8221;1.8em&#8221; header_5_text_color=&#8221;#116789&#8243; header_5_line_height=&#8221;1.4em&#8221; custom_margin=&#8221;20px|30px||30px|false|false&#8221; global_colors_info=&#8221;{}&#8221;]<\/p>\n<h5 class=\"font_6\">Dra. Isabella Ducci Chaer Fonte is a Specialist in Anesthesiology from the Faculty of Medicine of the University of S\u00e3o Paulo (FMUSP). Her Main Areas of Expertise are in Peripheral Nerve Block and Surgical Risk Assessment.  <\/h5>\n<h2>Where She Completed Her Training<\/h2>\n<h5 class=\"font_6\">Universidade Do Estado De S\u00e3o Paulo (UNESP)<\/h5>\n<h5 class=\"font_6\">Faculty of Medicine of the University of S\u00e3o Paulo (FMUSP)<\/h5>\n<h2>Reference Hospitals<\/h2>\n<h5 class=\"font_6\">Hospital S\u00edrio-Liban\u00eas<\/h5>\n<h5 class=\"font_6\">Hospital 9 De Julho<\/h5>\n<h5 class=\"font_6\">Vila Nova Star<\/h5>\n<p>[\/et_pb_text][\/et_pb_column][\/et_pb_row][\/et_pb_section][et_pb_section fb_built=&#8221;1&#8243; disabled_on=&#8221;off|off|on&#8221; _builder_version=&#8221;4.23.1&#8243; _module_preset=&#8221;default&#8221; custom_padding=&#8221;0px||||false|false&#8221; locked=&#8221;off&#8221; global_colors_info=&#8221;{}&#8221;][et_pb_row _builder_version=&#8221;4.23.1&#8243; _module_preset=&#8221;default&#8221; locked=&#8221;off&#8221; global_colors_info=&#8221;{}&#8221;][et_pb_column type=&#8221;4_4&#8243; _builder_version=&#8221;4.23.1&#8243; _module_preset=&#8221;default&#8221; global_colors_info=&#8221;{}&#8221;][et_pb_text _builder_version=&#8221;4.23.1&#8243; _module_preset=&#8221;default&#8221; text_line_height=&#8221;1.8em&#8221; header_2_font=&#8221;|600|||||||&#8221; header_2_text_align=&#8221;left&#8221; header_2_text_color=&#8221;#FFFFFF&#8221; header_2_font_size=&#8221;60px&#8221; module_alignment=&#8221;center&#8221; custom_padding=&#8221;||||false|false&#8221; global_colors_info=&#8221;{}&#8221;]<\/p>\n<p>The Anesthesiologist plays an essential role during surgeries, offering several advantages, not only for patients, but also for surgeons and other members of the medical team.<\/p>\n<p>Therefore, this specialist plays a fundamental role in providing comfort and well-being for patients, and with that in mind, Instituto Medicina em Foco has excellent professionals on its team.<\/p>\n<p>[\/et_pb_text][\/et_pb_column][\/et_pb_row][et_pb_row use_custom_gutter=&#8221;on&#8221; gutter_width=&#8221;2&#8243; make_equal=&#8221;on&#8221; _builder_version=&#8221;4.23.1&#8243; _module_preset=&#8221;default&#8221; width=&#8221;90%&#8221; max_width=&#8221;100%&#8221; custom_margin=&#8221;||50px||false|false&#8221; custom_padding=&#8221;0px|20px|0px|20px|true|true&#8221; border_color_all=&#8221;#c1eae9&#8243; global_colors_info=&#8221;{}&#8221;][et_pb_column type=&#8221;4_4&#8243; _builder_version=&#8221;4.23.1&#8243; _module_preset=&#8221;default&#8221; custom_padding=&#8221;20px||20px||true|false&#8221; border_radii=&#8221;on|20px|20px|20px|20px&#8221; border_width_all=&#8221;15px&#8221; border_color_all=&#8221;#c1eae9&#8243; global_colors_info=&#8221;{}&#8221;][difl_advanced_person ap_photo=&#8221;https:\/\/emfoco.med.br\/wp-content\/uploads\/2023\/11\/Amanda-Fernandes-Halla.webp&#8221; ap_name=&#8221;Dra. Amanda Halla &#8221; ap_role=&#8221;Anesthesiology&#8221; ap_description=&#8221;<\/p>\n<p>CRM-SP <span style=%22font-weight: 400;%22>176726<\/span><\/p>\n<p>RQE <span style=%22font-weight: 400;%22>83751<\/span><\/p>\n<p>&#8221; module_wrapper_margin=&#8221;||40px||false|false&#8221; image_wrapper_margin=&#8221;||||true|false&#8221; image_wrapper_padding=&#8221;|20px||20px|true|true&#8221; name_margin=&#8221;30px||||false|false&#8221; description_margin=&#8221;10px||||false|false&#8221; image_margin=&#8221;||||false|false&#8221; _builder_version=&#8221;4.23.1&#8243; _module_preset=&#8221;default&#8221; name_text_align=&#8221;center&#8221; role_font_size=&#8221;16px&#8221; description_text_align=&#8221;center&#8221; description_text_color=&#8221;rgba(10,10,10,0.56)&#8221; description_line_height=&#8221;0.5em&#8221; custom_margin=&#8221;||||false|false&#8221; custom_css_main_element=&#8221;text-align: center;&#8221; border_radii_photo_border=&#8221;on|200px|200px|200px|200px&#8221; border_width_all_photo_border=&#8221;5px&#8221; border_color_all_photo_border=&#8221;#5cbfbe&#8221; global_colors_info=&#8221;{}&#8221;][\/difl_advanced_person][difl_dual_button btn_left_background_bgcolor=&#8221;#5cbfbe&#8221; btn_left_font_icon=&#8221;&#xe023;||divi||400&#8243; btn_left_icon_color=&#8221;#FFFFFF&#8221; btn_left_icon_placement=&#8221;left&#8221; btn_right_background_background_image=&#8221;https:\/\/emfoco.med.br\/wp-content\/uploads\/2023\/10\/iconewhatsapp.webp&#8221; btn_right_background_background_image_size=&#8221;fit&#8221; btn_right_background_size_width=&#8221;100%&#8221; btn_right_background_size_height=&#8221;100%&#8221; use_right_button_icon=&#8221;off&#8221; right_button=&#8221;_&#8221; right_button_url=&#8221;https:\/\/api.whatsapp.com\/send\/?phone=\u200e551132893195&amp;text=Ol%C3%A1%2C+vim+do+site+e+gostaria+de+mais+informa%C3%A7%C3%B5es+sobre+consulta+com+a+Dra.+Amanda+Halla.&amp;type=phone_number&amp;app_absent=0&#8243; right_button_target=&#8221;on&#8221; right_button_wrapper_margin=&#8221;||||false|false&#8221; alignment=&#8221;center&#8221; disabled_on=&#8221;off|off|on&#8221; _builder_version=&#8221;4.27.4&#8243; _module_preset=&#8221;default&#8221; left_button_text_color=&#8221;#FFFFFF&#8221; left_button_font_size=&#8221;16px&#8221; right_button_text_color=&#8221;#FFFFFF&#8221; right_button_font_size=&#8221;22px&#8221; border_radii_left_button=&#8221;on|10px|10px|10px|10px&#8221; global_colors_info=&#8221;{}&#8221;][\/difl_dual_button][et_pb_text _builder_version=&#8221;4.27.4&#8243; _module_preset=&#8221;default&#8221; header_2_font_size=&#8221;18px&#8221; header_2_line_height=&#8221;1.7em&#8221; header_5_text_color=&#8221;#116789&#8243; header_5_font_size=&#8221;14px&#8221; header_5_line_height=&#8221;1.4em&#8221; custom_margin=&#8221;20px|20px||20px|false|true&#8221; global_colors_info=&#8221;{}&#8221;]<\/p>\n<h2><\/h2>\n<h5 class=\"font_6\">A <a href=\"https:\/\/emfoco.med.br\/dra-amanda-halla-anestesiologista\/\">Dra. Amanda Ferreira Halla <\/a>  is a Specialist in Anesthesiology from the Faculty of Medical Sciences of Santa Casa De S\u00e3o Paulo. Her Main Areas of Expertise Include: Major Surgeries, Such as Bariatric Surgeries, Digestive System Surgeries, Neurosurgeries, Orthopedic Surgeries, Spinal Surgeries; in Addition to Working in Anesthesia for Ophthalmological, Otorhinolaryngological, Gynecological and Obstetric Surgeries. <\/h5>\n<h2>Where She Completed Her Training<\/h2>\n<h5 class=\"font_6\">Faculty of Medical Sciences of Santa Casa De S\u00e3o Paulo<\/h5>\n<h2>Reference Hospitals<\/h2>\n<h5 class=\"font_6\">Hospital 9 De Julho<\/h5>\n<h5 class=\"font_6\">Hospital S\u00e3o Camilo<\/h5>\n<h5 class=\"font_6\">Hospital Da Santa Casa De Miseric\u00f3rdia De S\u00e3o Paulo<\/h5>\n<p>[\/et_pb_text][\/et_pb_column][\/et_pb_row][et_pb_row use_custom_gutter=&#8221;on&#8221; gutter_width=&#8221;2&#8243; make_equal=&#8221;on&#8221; _builder_version=&#8221;4.23.1&#8243; _module_preset=&#8221;default&#8221; width=&#8221;90%&#8221; max_width=&#8221;100%&#8221; custom_margin=&#8221;||50px||false|false&#8221; custom_padding=&#8221;0px|20px|0px|20px|true|true&#8221; border_color_all=&#8221;#c1eae9&#8243; global_colors_info=&#8221;{}&#8221;][et_pb_column type=&#8221;4_4&#8243; _builder_version=&#8221;4.23.1&#8243; _module_preset=&#8221;default&#8221; custom_padding=&#8221;20px||20px||true|false&#8221; border_radii=&#8221;on|20px|20px|20px|20px&#8221; border_width_all=&#8221;15px&#8221; border_color_all=&#8221;#c1eae9&#8243; global_colors_info=&#8221;{}&#8221;][difl_advanced_person ap_photo=&#8221;https:\/\/emfoco.med.br\/wp-content\/uploads\/2023\/11\/Andre-Luis-Silvany-Sales.webp&#8221; ap_name=&#8221;Dr. Andr\u00e9 Silvany&#8221; ap_role=&#8221;Anesthesiology&#8221; ap_description=&#8221;<\/p>\n<p>CRM-SP <span style=%22font-weight: 400;%22>165015<\/span><\/p>\n<p>RQE <span style=%22font-weight: 400;%22>99041<\/span><\/p>\n<p>&#8221; module_wrapper_margin=&#8221;||40px||false|false&#8221; image_wrapper_padding=&#8221;|20px||20px|false|true&#8221; name_margin=&#8221;30px||||false|false&#8221; description_margin=&#8221;10px||||false|false&#8221; image_margin=&#8221;||||false|false&#8221; _builder_version=&#8221;4.23.1&#8243; _module_preset=&#8221;default&#8221; name_text_align=&#8221;center&#8221; role_font_size=&#8221;16px&#8221; description_text_align=&#8221;center&#8221; description_text_color=&#8221;rgba(10,10,10,0.56)&#8221; description_line_height=&#8221;0.5em&#8221; custom_margin=&#8221;||||false|false&#8221; custom_css_main_element=&#8221;text-align: center;&#8221; border_radii_photo_border=&#8221;on|200px|200px|200px|200px&#8221; border_width_all_photo_border=&#8221;5px&#8221; border_color_all_photo_border=&#8221;#5cbfbe&#8221; global_colors_info=&#8221;{}&#8221;][\/difl_advanced_person][difl_dual_button btn_left_background_bgcolor=&#8221;#5cbfbe&#8221; btn_left_font_icon=&#8221;&#xe023;||divi||400&#8243; btn_left_icon_color=&#8221;#FFFFFF&#8221; btn_left_icon_placement=&#8221;left&#8221; btn_right_background_background_image=&#8221;https:\/\/emfoco.med.br\/wp-content\/uploads\/2023\/10\/iconewhatsapp.webp&#8221; btn_right_background_background_image_size=&#8221;fit&#8221; btn_right_background_size_width=&#8221;100%&#8221; btn_right_background_size_height=&#8221;100%&#8221; use_right_button_icon=&#8221;off&#8221; right_button=&#8221;_&#8221; right_button_url=&#8221;https:\/\/api.whatsapp.com\/send\/?phone=\u200e551132893195&amp;text=Ol%C3%A1%2C+vim+do+site+e+gostaria+de+mais+informa%C3%A7%C3%B5es+sobre+consulta+com+o+Dr.+Andr%C3%A9+Silvany.&amp;type=phone_number&amp;app_absent=0&#8243; right_button_target=&#8221;on&#8221; right_button_wrapper_margin=&#8221;||||false|false&#8221; alignment=&#8221;center&#8221; disabled_on=&#8221;off|off|on&#8221; _builder_version=&#8221;4.27.4&#8243; _module_preset=&#8221;default&#8221; left_button_text_color=&#8221;#FFFFFF&#8221; left_button_font_size=&#8221;16px&#8221; right_button_text_color=&#8221;#FFFFFF&#8221; right_button_font_size=&#8221;22px&#8221; border_radii_left_button=&#8221;on|10px|10px|10px|10px&#8221; global_colors_info=&#8221;{}&#8221;][\/difl_dual_button][et_pb_text _builder_version=&#8221;4.27.4&#8243; _module_preset=&#8221;default&#8221; header_2_font_size=&#8221;18px&#8221; header_2_line_height=&#8221;1.7em&#8221; header_5_text_color=&#8221;#116789&#8243; header_5_font_size=&#8221;14px&#8221; header_5_line_height=&#8221;1.4em&#8221; custom_margin=&#8221;20px|20px||20px|false|true&#8221; global_colors_info=&#8221;{}&#8221;]<\/p>\n<h5 class=\"font_6\"> <a href=\"https:\/\/emfoco.med.br\/dr-andre-silvany-anestesiologista\/\">Dr. Andr\u00e9 Lu\u00eds Silvany Sales<\/a> is a Specialist in Anesthesiology from the Medical Anesthesiology Service of Hospital S\u00edrio-Liban\u00eas. His Main Areas of Expertise Include: Pre-Anesthetic Consultation, Pain Care, Botox Application and Cannabis Prescription, Treating Surgical Patients and Patients with Chronic Pain. <\/h5>\n<h2>Where He Completed His Training<\/h2>\n<h5 class=\"font_6\">Universidade Federal Da Bahia (UFBA)<\/h5>\n<h2>Reference Hospitals<\/h2>\n<h5 class=\"font_6\">Hospital S\u00edrio-Liban\u00eas<\/h5>\n<h5 class=\"font_6\">Hospital 9 De Julho<\/h5>\n<h5 class=\"font_6\">Hospital Vila Nova Star<\/h5>\n<h5 class=\"font_6\">Hospital Albert Einstein<\/h5>\n<p>[\/et_pb_text][\/et_pb_column][\/et_pb_row][et_pb_row use_custom_gutter=&#8221;on&#8221; gutter_width=&#8221;2&#8243; make_equal=&#8221;on&#8221; _builder_version=&#8221;4.23.1&#8243; _module_preset=&#8221;default&#8221; width=&#8221;90%&#8221; max_width=&#8221;100%&#8221; custom_margin=&#8221;||||false|false&#8221; custom_padding=&#8221;0px|20px|0px|20px|true|true&#8221; border_color_all=&#8221;#c1eae9&#8243; global_colors_info=&#8221;{}&#8221;][et_pb_column type=&#8221;4_4&#8243; _builder_version=&#8221;4.23.1&#8243; _module_preset=&#8221;default&#8221; custom_padding=&#8221;20px||20px||true|false&#8221; border_radii=&#8221;on|20px|20px|20px|20px&#8221; border_width_all=&#8221;15px&#8221; border_color_all=&#8221;#c1eae9&#8243; global_colors_info=&#8221;{}&#8221;][difl_advanced_person ap_photo=&#8221;https:\/\/emfoco.med.br\/wp-content\/uploads\/2023\/11\/Fernando-Jose-Bigaton.webp&#8221; ap_name=&#8221;Dr. Fernando Bigaton&#8221; ap_role=&#8221;Anesthesiology&#8221; ap_description=&#8221;<\/p>\n<p>CRM-SP <span style=%22font-weight: 400;%22>156085<\/span><\/p>\n<p>RQE <span style=%22font-weight: 400;%22>97335<\/span><\/p>\n<p>&#8221; module_wrapper_margin=&#8221;||40px||false|false&#8221; image_wrapper_padding=&#8221;|20px||20px|false|true&#8221; name_margin=&#8221;30px||||false|false&#8221; description_margin=&#8221;10px||||false|false&#8221; image_margin=&#8221;||||false|false&#8221; _builder_version=&#8221;4.23.1&#8243; _module_preset=&#8221;default&#8221; name_text_align=&#8221;center&#8221; role_font_size=&#8221;16px&#8221; description_text_align=&#8221;center&#8221; description_text_color=&#8221;rgba(10,10,10,0.56)&#8221; description_line_height=&#8221;0.5em&#8221; custom_margin=&#8221;||||false|false&#8221; custom_css_main_element=&#8221;text-align: center;&#8221; border_radii_photo_border=&#8221;on|200px|200px|200px|200px&#8221; border_width_all_photo_border=&#8221;5px&#8221; border_color_all_photo_border=&#8221;#5cbfbe&#8221; global_colors_info=&#8221;{}&#8221;][\/difl_advanced_person][difl_dual_button btn_left_background_bgcolor=&#8221;#5cbfbe&#8221; btn_left_font_icon=&#8221;&#xe023;||divi||400&#8243; btn_left_icon_color=&#8221;#FFFFFF&#8221; btn_left_icon_placement=&#8221;left&#8221; btn_right_background_background_image=&#8221;https:\/\/emfoco.med.br\/wp-content\/uploads\/2023\/10\/iconewhatsapp.webp&#8221; btn_right_background_background_image_size=&#8221;fit&#8221; btn_right_background_size_width=&#8221;100%&#8221; btn_right_background_size_height=&#8221;100%&#8221; use_right_button_icon=&#8221;off&#8221; right_button=&#8221;_&#8221; right_button_url=&#8221;https:\/\/api.whatsapp.com\/send\/?phone=\u200e551132893195&amp;text=Ol%C3%A1%2C+vim+do+site+e+gostaria+de+mais+informa%C3%A7%C3%B5es+sobre+consulta+com+o+Dr.+Fernando+Bigaton.&amp;type=phone_number&amp;app_absent=0&#8243; right_button_target=&#8221;on&#8221; right_button_wrapper_margin=&#8221;||||false|false&#8221; alignment=&#8221;center&#8221; disabled_on=&#8221;off|off|on&#8221; _builder_version=&#8221;4.27.4&#8243; _module_preset=&#8221;default&#8221; left_button_text_color=&#8221;#FFFFFF&#8221; left_button_font_size=&#8221;16px&#8221; right_button_text_color=&#8221;#FFFFFF&#8221; right_button_font_size=&#8221;22px&#8221; border_radii_left_button=&#8221;on|10px|10px|10px|10px&#8221; global_colors_info=&#8221;{}&#8221;][\/difl_dual_button][et_pb_text _builder_version=&#8221;4.27.4&#8243; _module_preset=&#8221;default&#8221; header_2_font_size=&#8221;18px&#8221; header_2_line_height=&#8221;1.7em&#8221; header_5_text_color=&#8221;#116789&#8243; header_5_font_size=&#8221;14px&#8221; header_5_line_height=&#8221;1.4em&#8221; custom_margin=&#8221;20px|20px||20px|false|false&#8221; global_colors_info=&#8221;{}&#8221;]<\/p>\n<h5 class=\"font_6\"> <a href=\"https:\/\/emfoco.med.br\/dr-fernando-bigaton-anestesiologista\/\">Dr. Fernando Jos\u00e9 Bigaton<\/a> is a Specialist in Anesthesiology from the Faculty of Medicine of the University of S\u00e3o Paulo (FMUSP).<\/h5>\n<h2>Where He Completed His Training<\/h2>\n<h5 class=\"font_6\">Faculty of Medicine of the University of S\u00e3o Paulo (FMUSP)<\/h5>\n<h2>Reference Hospitals<\/h2>\n<h5 class=\"font_6\">Hospital S\u00edrio-Liban\u00eas<\/h5>\n<h5 class=\"font_6\">Hospital 9 De Julho<\/h5>\n<h5 class=\"font_6\">Hospital S\u00e3o Camilo<\/h5>\n<h5 class=\"font_6\">Hospital Das Cl\u00ednicas Da Faculdade De Medicina Da Universidade De S\u00e3o Paulo (HC-FMUSP)<\/h5>\n<p>[\/et_pb_text][\/et_pb_column][\/et_pb_row][et_pb_row use_custom_gutter=&#8221;on&#8221; gutter_width=&#8221;2&#8243; make_equal=&#8221;on&#8221; _builder_version=&#8221;4.23.1&#8243; _module_preset=&#8221;default&#8221; width=&#8221;90%&#8221; max_width=&#8221;100%&#8221; custom_margin=&#8221;50px||||false|false&#8221; custom_padding=&#8221;0px|20px|0px|20px|true|true&#8221; border_color_all=&#8221;#c1eae9&#8243; global_colors_info=&#8221;{}&#8221;][et_pb_column type=&#8221;4_4&#8243; _builder_version=&#8221;4.23.1&#8243; _module_preset=&#8221;default&#8221; custom_padding=&#8221;20px||20px||true|false&#8221; border_radii=&#8221;on|20px|20px|20px|20px&#8221; border_width_all=&#8221;15px&#8221; border_color_all=&#8221;#c1eae9&#8243; global_colors_info=&#8221;{}&#8221;][difl_advanced_person ap_photo=&#8221;https:\/\/emfoco.med.br\/wp-content\/uploads\/2023\/11\/Filipe-Storch-Takatohi.webp&#8221; ap_name=&#8221;Dr. Filipe Storch&#8221; ap_role=&#8221;Anesthesiology&#8221; ap_description=&#8221;<\/p>\n<p>CRM-SP <span style=%22font-weight: 400;%22>129240<\/span><\/p>\n<p>RQE <span style=%22font-weight: 400;%22>67012<\/span><\/p>\n<p>&#8221; module_wrapper_margin=&#8221;||40px||false|false&#8221; image_wrapper_padding=&#8221;|20px||20px|false|true&#8221; name_margin=&#8221;30px||||false|false&#8221; description_margin=&#8221;10px||||false|false&#8221; image_margin=&#8221;||||false|false&#8221; _builder_version=&#8221;4.23.1&#8243; _module_preset=&#8221;default&#8221; name_text_align=&#8221;center&#8221; role_font_size=&#8221;16px&#8221; description_text_align=&#8221;center&#8221; description_text_color=&#8221;rgba(10,10,10,0.56)&#8221; description_line_height=&#8221;0.5em&#8221; custom_margin=&#8221;||||false|false&#8221; custom_css_main_element=&#8221;text-align: center;&#8221; border_radii_photo_border=&#8221;on|200px|200px|200px|200px&#8221; border_width_all_photo_border=&#8221;5px&#8221; border_color_all_photo_border=&#8221;#5cbfbe&#8221; global_colors_info=&#8221;{}&#8221;][\/difl_advanced_person][difl_dual_button btn_left_background_bgcolor=&#8221;#5cbfbe&#8221; btn_left_font_icon=&#8221;&#xe023;||divi||400&#8243; btn_left_icon_color=&#8221;#FFFFFF&#8221; btn_left_icon_placement=&#8221;left&#8221; btn_right_background_background_image=&#8221;https:\/\/emfoco.med.br\/wp-content\/uploads\/2023\/10\/iconewhatsapp.webp&#8221; btn_right_background_background_image_size=&#8221;fit&#8221; btn_right_background_size_width=&#8221;100%&#8221; btn_right_background_size_height=&#8221;100%&#8221; use_right_button_icon=&#8221;off&#8221; right_button=&#8221;_&#8221; right_button_url=&#8221;https:\/\/api.whatsapp.com\/send\/?phone=\u200e551132893195&amp;text=Ol%C3%A1%2C+vim+do+site+e+gostaria+de+mais+informa%C3%A7%C3%B5es+sobre+consulta+com+o+Dr.+Filipe+Storch.&amp;type=phone_number&amp;app_absent=0&#8243; right_button_target=&#8221;on&#8221; right_button_wrapper_margin=&#8221;||||false|false&#8221; alignment=&#8221;center&#8221; disabled_on=&#8221;off|off|on&#8221; _builder_version=&#8221;4.27.4&#8243; _module_preset=&#8221;default&#8221; left_button_text_color=&#8221;#FFFFFF&#8221; left_button_font_size=&#8221;16px&#8221; right_button_text_color=&#8221;#FFFFFF&#8221; right_button_font_size=&#8221;22px&#8221; border_radii_left_button=&#8221;on|10px|10px|10px|10px&#8221; global_colors_info=&#8221;{}&#8221;][\/difl_dual_button][et_pb_text _builder_version=&#8221;4.27.4&#8243; _module_preset=&#8221;default&#8221; header_2_font_size=&#8221;18px&#8221; header_2_line_height=&#8221;1.7em&#8221; header_5_text_color=&#8221;#116789&#8243; header_5_font_size=&#8221;14px&#8221; header_5_line_height=&#8221;1.4em&#8221; custom_margin=&#8221;20px|20px||20px|false|false&#8221; global_colors_info=&#8221;{}&#8221;]<\/p>\n<h2><\/h2>\n<h5 class=\"font_6\"> <a href=\"https:\/\/emfoco.med.br\/dr-filipe-storch-takatohi-anestesiologista\/\">Dr. Filipe Storch Takatohi<\/a> is a Specialist in Anesthesiology from the Faculty of Medicine of ABC (FMABC). His Main Areas of Expertise are in Difficult Airways and Emergency Care. He is Currently a Professor of Anesthesia Residency at the University of S\u00e3o Paulo (USP).  <\/h5>\n<h2>Where He Completed His Training<\/h2>\n<h5 class=\"font_6\">Faculty of Medicine of the University of S\u00e3o Paulo (FMUSP)<\/h5>\n<h5 class=\"font_6\">Faculty of Medicine of ABC (FMABC)<\/h5>\n<h2>Reference Hospitals<\/h2>\n<h5 class=\"font_6\">Hospital S\u00edrio-Liban\u00eas<\/h5>\n<h5 class=\"font_6\">Hospital Albert Einstein<\/h5>\n<h5 class=\"font_6\">Hospital 9 De Julho<\/h5>\n<h5 class=\"font_6\">Hospital S\u00e3o Camilo<\/h5>\n<p>[\/et_pb_text][\/et_pb_column][\/et_pb_row][et_pb_row use_custom_gutter=&#8221;on&#8221; gutter_width=&#8221;2&#8243; make_equal=&#8221;on&#8221; _builder_version=&#8221;4.23.1&#8243; _module_preset=&#8221;default&#8221; width=&#8221;90%&#8221; max_width=&#8221;100%&#8221; custom_margin=&#8221;50px||||false|false&#8221; custom_padding=&#8221;0px|20px|0px|20px|true|true&#8221; border_color_all=&#8221;#c1eae9&#8243; global_colors_info=&#8221;{}&#8221;][et_pb_column type=&#8221;4_4&#8243; _builder_version=&#8221;4.23.1&#8243; _module_preset=&#8221;default&#8221; custom_padding=&#8221;20px||20px||true|false&#8221; border_radii=&#8221;on|20px|20px|20px|20px&#8221; border_width_all=&#8221;15px&#8221; border_color_all=&#8221;#c1eae9&#8243; global_colors_info=&#8221;{}&#8221;][difl_advanced_person ap_photo=&#8221;https:\/\/emfoco.med.br\/wp-content\/uploads\/2023\/11\/Francinni-Mambrini-Pires-Rego.webp&#8221; ap_name=&#8221;Dra. Francinni Mambrini &#8221; ap_role=&#8221;Anesthesiology&#8221; ap_description=&#8221;<\/p>\n<p>CRM-SP <span style=%22font-weight: 400;%22>156097<\/span><\/p>\n<p>RQE <span style=%22font-weight: 400;%22>71451<\/span><\/p>\n<p>&#8221; module_wrapper_margin=&#8221;||40px||false|false&#8221; image_wrapper_padding=&#8221;|20px||20px|false|true&#8221; name_margin=&#8221;30px||||false|false&#8221; description_margin=&#8221;10px||||false|false&#8221; image_margin=&#8221;||||false|false&#8221; _builder_version=&#8221;4.23.1&#8243; _module_preset=&#8221;default&#8221; name_text_align=&#8221;center&#8221; role_font_size=&#8221;16px&#8221; description_text_align=&#8221;center&#8221; description_text_color=&#8221;rgba(10,10,10,0.56)&#8221; description_line_height=&#8221;0.5em&#8221; custom_margin=&#8221;||||false|false&#8221; custom_css_main_element=&#8221;text-align: center;&#8221; border_radii_photo_border=&#8221;on|200px|200px|200px|200px&#8221; border_width_all_photo_border=&#8221;5px&#8221; border_color_all_photo_border=&#8221;#5cbfbe&#8221; global_colors_info=&#8221;{}&#8221;][\/difl_advanced_person][difl_dual_button btn_left_background_bgcolor=&#8221;#5cbfbe&#8221; btn_left_font_icon=&#8221;&#xe023;||divi||400&#8243; btn_left_icon_color=&#8221;#FFFFFF&#8221; btn_left_icon_placement=&#8221;left&#8221; btn_right_background_background_image=&#8221;https:\/\/emfoco.med.br\/wp-content\/uploads\/2023\/10\/iconewhatsapp.webp&#8221; btn_right_background_background_image_size=&#8221;fit&#8221; btn_right_background_size_width=&#8221;100%&#8221; btn_right_background_size_height=&#8221;100%&#8221; use_right_button_icon=&#8221;off&#8221; right_button=&#8221;_&#8221; right_button_url=&#8221;https:\/\/api.whatsapp.com\/send\/?phone=\u200e551132893195&amp;text=Ol%C3%A1%2C+vim+do+site+e+gostaria+de+mais+informa%C3%A7%C3%B5es+sobre+consulta+com+a+Dra.+Francinni+Mambrini.&amp;type=phone_number&amp;app_absent=0&#8243; right_button_target=&#8221;on&#8221; right_button_wrapper_margin=&#8221;||||false|false&#8221; alignment=&#8221;center&#8221; disabled_on=&#8221;off|off|on&#8221; _builder_version=&#8221;4.27.4&#8243; _module_preset=&#8221;default&#8221; left_button_text_color=&#8221;#FFFFFF&#8221; left_button_font_size=&#8221;16px&#8221; right_button_text_color=&#8221;#FFFFFF&#8221; right_button_font_size=&#8221;22px&#8221; border_radii_left_button=&#8221;on|10px|10px|10px|10px&#8221; global_colors_info=&#8221;{}&#8221;][\/difl_dual_button][et_pb_text _builder_version=&#8221;4.27.4&#8243; _module_preset=&#8221;default&#8221; header_2_font_size=&#8221;18px&#8221; header_2_line_height=&#8221;1.7em&#8221; header_5_text_color=&#8221;#116789&#8243; header_5_font_size=&#8221;14px&#8221; header_5_line_height=&#8221;1.4em&#8221; custom_margin=&#8221;20px|20px||20px|false|false&#8221; global_colors_info=&#8221;{}&#8221;]<\/p>\n<h5 class=\"font_6\">Dra. Francinni Mambrini Pires R\u00eago is a Specialist in Anesthesiology from the Hospital Das Cl\u00ednicas Da Faculdade De Medicina Da Universidade De S\u00e3o Paulo (HC\/FMUSP) <\/h5>\n<h2><span>\u200b<\/span>where She Completed Her Training<\/h2>\n<h5 class=\"font_6\">Faculty of Medicine of the University of S\u00e3o Paulo (FMUSP)<\/h5>\n<h2><span>Reference Hospitals<\/span><\/h2>\n<h5 class=\"font_6\">Hospital S\u00edrio-Liban\u00eas<\/h5>\n<h5 class=\"font_6\">Hospital Albert Einstein<\/h5>\n<h5 class=\"font_6\">Hospital 9 De Julho<\/h5>\n<h5 class=\"font_6\">Maternidade Santa Joana<\/h5>\n<h5 class=\"font_6\">Hospital Das Cl\u00ednicas Da Faculdade De Medicina Da Universidade De S\u00e3o Paulo (HC-FMUSP)<\/h5>\n<p>[\/et_pb_text][\/et_pb_column][\/et_pb_row][et_pb_row use_custom_gutter=&#8221;on&#8221; gutter_width=&#8221;2&#8243; make_equal=&#8221;on&#8221; _builder_version=&#8221;4.23.1&#8243; _module_preset=&#8221;default&#8221; width=&#8221;90%&#8221; max_width=&#8221;100%&#8221; custom_margin=&#8221;50px||||false|false&#8221; custom_padding=&#8221;0px|20px|0px|20px|true|true&#8221; border_color_all=&#8221;#c1eae9&#8243; global_colors_info=&#8221;{}&#8221;][et_pb_column type=&#8221;4_4&#8243; _builder_version=&#8221;4.23.1&#8243; _module_preset=&#8221;default&#8221; custom_padding=&#8221;20px||20px||true|false&#8221; border_radii=&#8221;on|20px|20px|20px|20px&#8221; border_width_all=&#8221;15px&#8221; border_color_all=&#8221;#c1eae9&#8243; global_colors_info=&#8221;{}&#8221;][difl_advanced_person ap_photo=&#8221;https:\/\/emfoco.med.br\/wp-content\/uploads\/2023\/11\/Isabella-Ducci-Chaer-Fonte.webp&#8221; ap_name=&#8221;Dra. Isabella Chaer &#8221; ap_role=&#8221;Anesthesiology&#8221; ap_description=&#8221;<\/p>\n<p>CRM-SP <span style=%22font-weight: 400;%22>175493<\/span><\/p>\n<p>RQE <span style=%22font-weight: 400;%22>112302<\/span><\/p>\n<p>&#8221; module_wrapper_margin=&#8221;||40px||false|false&#8221; image_wrapper_padding=&#8221;|20px||20px|false|true&#8221; name_margin=&#8221;30px||||false|false&#8221; description_margin=&#8221;10px||||false|false&#8221; image_margin=&#8221;||||false|false&#8221; _builder_version=&#8221;4.23.1&#8243; _module_preset=&#8221;default&#8221; name_text_align=&#8221;center&#8221; role_font_size=&#8221;16px&#8221; description_text_align=&#8221;center&#8221; description_text_color=&#8221;rgba(10,10,10,0.56)&#8221; description_line_height=&#8221;0.5em&#8221; custom_margin=&#8221;||||false|false&#8221; custom_css_main_element=&#8221;text-align: center;&#8221; border_radii_photo_border=&#8221;on|200px|200px|200px|200px&#8221; border_width_all_photo_border=&#8221;5px&#8221; border_color_all_photo_border=&#8221;#5cbfbe&#8221; global_colors_info=&#8221;{}&#8221;][\/difl_advanced_person][difl_dual_button btn_left_background_bgcolor=&#8221;#5cbfbe&#8221; btn_left_font_icon=&#8221;&#xe023;||divi||400&#8243; btn_left_icon_color=&#8221;#FFFFFF&#8221; btn_left_icon_placement=&#8221;left&#8221; btn_right_background_background_image=&#8221;https:\/\/emfoco.med.br\/wp-content\/uploads\/2023\/10\/iconewhatsapp.webp&#8221; btn_right_background_background_image_size=&#8221;fit&#8221; btn_right_background_size_width=&#8221;100%&#8221; btn_right_background_size_height=&#8221;100%&#8221; use_right_button_icon=&#8221;off&#8221; right_button=&#8221;_&#8221; right_button_url=&#8221;https:\/\/api.whatsapp.com\/send\/?phone=\u200e551132893195&amp;text=Ol%C3%A1%2C+vim+do+site+e+gostaria+de+mais+informa%C3%A7%C3%B5es+sobre+consulta+com+a+Dra.+Isabella+Chaer.&amp;type=phone_number&amp;app_absent=0&#8243; right_button_target=&#8221;on&#8221; right_button_wrapper_margin=&#8221;||||false|false&#8221; alignment=&#8221;center&#8221; disabled_on=&#8221;off|off|on&#8221; _builder_version=&#8221;4.27.4&#8243; _module_preset=&#8221;default&#8221; left_button_text_color=&#8221;#FFFFFF&#8221; left_button_font_size=&#8221;16px&#8221; right_button_text_color=&#8221;#FFFFFF&#8221; right_button_font_size=&#8221;22px&#8221; border_radii_left_button=&#8221;on|10px|10px|10px|10px&#8221; global_colors_info=&#8221;{}&#8221;][\/difl_dual_button][et_pb_text _builder_version=&#8221;4.27.4&#8243; _module_preset=&#8221;default&#8221; header_2_font_size=&#8221;18px&#8221; header_2_line_height=&#8221;1.7em&#8221; header_5_text_color=&#8221;#116789&#8243; header_5_font_size=&#8221;14px&#8221; header_5_line_height=&#8221;1.4em&#8221; custom_margin=&#8221;20px|20px||20px|false|false&#8221; global_colors_info=&#8221;{}&#8221;]<\/p>\n<h5 class=\"font_6\">Dra. Isabella Ducci Chaer Fonte is a Specialist in Anesthesiology from the Faculty of Medicine of the University of S\u00e3o Paulo (FMUSP). Her Main Areas of Expertise are in Peripheral Nerve Block and Surgical Risk Assessment.  <\/h5>\n<h2>Where She Completed Her Training<\/h2>\n<h5 class=\"font_6\">Universidade Do Estado De S\u00e3o Paulo (UNESP)<\/h5>\n<h5 class=\"font_6\">Faculty of Medicine of the University of S\u00e3o Paulo (FMUSP)<\/h5>\n<h2>Reference Hospitals<\/h2>\n<h5 class=\"font_6\">Hospital S\u00edrio-Liban\u00eas<\/h5>\n<h5 class=\"font_6\">Hospital 9 De Julho<\/h5>\n<h5 class=\"font_6\">Vila Nova Star<\/h5>\n<p>[\/et_pb_text][\/et_pb_column][\/et_pb_row][\/et_pb_section]<\/p>\n","protected":false},"excerpt":{"rendered":"<p>Meet the team of anesthesiologists at Instituto Medicina em Foco. Our professionals are ready to take care of you! <\/p>\n","protected":false},"author":1,"featured_media":0,"parent":0,"menu_order":0,"comment_status":"closed","ping_status":"closed","template":"","meta":{"_et_pb_use_builder":"on","_et_pb_old_content":"","_et_gb_content_width":"","rank_math_focus_keyword":"anesthesiologist","rank_math_title":"Anesthesiologist Team - Instituto Medicina Em Foco","rank_math_description":"Meet the team of anesthesiologists at Instituto Medicina em Foco. Our professionals are ready to take care of you! ","rank_math_og_title":"","rank_math_og_description":"","rank_math_og_image":"","rank_math_og_image_id":"","rank_math_twitter_title":"","rank_math_twitter_description":"","rank_math_twitter_image":"","rank_math_canonical_url":"","rank_math_robots":"","rank_math_rich_snippet":"","rank_math_snippet_name":"","rank_math_snippet_desc":"","rank_math_seo_score":"","rank_math_pillar_content":"","footnotes":""},"difl_page_category":[],"class_list":["post-293922","page","type-page","status-publish","hentry"],"_links":{"self":[{"href":"https:\/\/emfoco.med.br\/en\/wp-json\/wp\/v2\/pages\/293922","targetHints":{"allow":["GET"]}}],"collection":[{"href":"https:\/\/emfoco.med.br\/en\/wp-json\/wp\/v2\/pages"}],"about":[{"href":"https:\/\/emfoco.med.br\/en\/wp-json\/wp\/v2\/types\/page"}],"author":[{"embeddable":true,"href":"https:\/\/emfoco.med.br\/en\/wp-json\/wp\/v2\/users\/1"}],"replies":[{"embeddable":true,"href":"https:\/\/emfoco.med.br\/en\/wp-json\/wp\/v2\/comments?post=293922"}],"version-history":[{"count":2,"href":"https:\/\/emfoco.med.br\/en\/wp-json\/wp\/v2\/pages\/293922\/revisions"}],"predecessor-version":[{"id":293926,"href":"https:\/\/emfoco.med.br\/en\/wp-json\/wp\/v2\/pages\/293922\/revisions\/293926"}],"wp:attachment":[{"href":"https:\/\/emfoco.med.br\/en\/wp-json\/wp\/v2\/media?parent=293922"}],"wp:term":[{"taxonomy":"difl_page_category","embeddable":true,"href":"https:\/\/emfoco.med.br\/en\/wp-json\/wp\/v2\/difl_page_category?post=293922"}],"curies":[{"name":"wp","href":"https:\/\/api.w.org\/{rel}","templated":true}]}}