{"id":294993,"date":"2025-03-27T15:24:53","date_gmt":"2025-03-27T18:24:53","guid":{"rendered":"https:\/\/emfoco.med.br\/dr-guilherme-teixeira\/"},"modified":"2025-09-10T08:35:48","modified_gmt":"2025-09-10T11:35:48","slug":"dr-guilherme-teixeira","status":"publish","type":"project","link":"https:\/\/emfoco.med.br\/en\/project\/dr-guilherme-teixeira\/","title":{"rendered":"Dr. Guilherme Teixeira"},"content":{"rendered":"<p>[et_pb_section fb_built=&#8221;1&#8243; disabled_on=&#8221;on|on|off&#8221; _builder_version=&#8221;4.24.2&#8243; _module_preset=&#8221;default&#8221; custom_padding=&#8221;10px||||false|false&#8221; global_colors_info=&#8221;{}&#8221;][et_pb_row column_structure=&#8221;1_3,2_3&#8243; use_custom_gutter=&#8221;on&#8221; gutter_width=&#8221;1&#8243; make_equal=&#8221;on&#8221; _builder_version=&#8221;4.24.2&#8243; _module_preset=&#8221;default&#8221; width=&#8221;90%&#8221; max_width=&#8221;100%&#8221; custom_margin=&#8221;||||false|false&#8221; custom_padding=&#8221;0px|20px|0px|20px|true|true&#8221; border_color_all=&#8221;#c1eae9&#8243; global_colors_info=&#8221;{}&#8221;][et_pb_column type=&#8221;1_3&#8243; _builder_version=&#8221;4.22.2&#8243; _module_preset=&#8221;default&#8221; custom_padding=&#8221;20px||20px||true|false&#8221; border_radii=&#8221;off|20px|||20px&#8221; border_width_all=&#8221;5px&#8221; border_color_all=&#8221;#13678a&#8221; global_colors_info=&#8221;{}&#8221;][difl_advanced_person ap_photo=&#8221;https:\/\/emfoco.med.br\/wp-content\/uploads\/2025\/03\/Perfil-Guilherme-Teixeira.webp&#8221; ap_name=&#8221;Dr. Guilherme Teixeira&#8221; ap_description=&#8221;<\/p>\n<p>CRM-SP <span style=%22font-weight: 400;%22>150473<\/span><\/p>\n<p>RQE <span style=%22font-weight: 400;%22>98705<\/span><\/p>\n<p>&#8221; ap_name_tag=&#8221;h1&#8243; module_wrapper_margin=&#8221;||40px||false|false&#8221; name_margin=&#8221;30px||||false|false&#8221; description_margin=&#8221;10px||||false|false&#8221; image_margin=&#8221;||||false|false&#8221; _builder_version=&#8221;4.27.4&#8243; _module_preset=&#8221;default&#8221; name_text_align=&#8221;center&#8221; name_font_size=&#8221;28px&#8221; description_text_align=&#8221;center&#8221; description_text_color=&#8221;rgba(10,10,10,0.56)&#8221; description_font_size=&#8221;18px&#8221; description_line_height=&#8221;0.5em&#8221; custom_margin=&#8221;||||false|false&#8221; custom_css_main_element=&#8221;text-align: center;&#8221; border_radii_photo_border=&#8221;on|200px|200px|200px|200px&#8221; border_width_all_photo_border=&#8221;5px&#8221; border_color_all_photo_border=&#8221;#13678a&#8221; global_colors_info=&#8221;{}&#8221;][\/difl_advanced_person][difl_dual_button btn_left_background_bgcolor=&#8221;#13678a&#8221; btn_left_font_icon=&#8221;&#xe023;||divi||400&#8243; btn_left_icon_color=&#8221;#FFFFFF&#8221; btn_left_icon_placement=&#8221;left&#8221; btn_right_background_background_image=&#8221;https:\/\/emfoco.med.br\/wp-content\/uploads\/2024\/02\/iconewhatsapp1.webp&#8221; btn_right_background_background_image_size=&#8221;fit&#8221; btn_right_background_size_width=&#8221;100%&#8221; btn_right_background_size_height=&#8221;100%&#8221; use_right_button_icon=&#8221;off&#8221; left_button=&#8221;Book Online&#8221; left_button_url=&#8221;https:\/\/api.whatsapp.com\/send\/?phone=\u200e551132893195&amp;text=Ol%C3%A1%2C+vim+do+site+e+gostaria+de+mais+informa%C3%A7%C3%B5es+sobre+consulta+com+o+Dr.+Guilherme+Teixeira.&amp;type=phone_number&amp;app_absent=0&#8243; right_button=&#8221;_&#8221; right_button_url=&#8221;https:\/\/api.whatsapp.com\/send\/?phone=\u200e551132893195&amp;text=Ol%C3%A1%2C+vim+do+site+e+gostaria+de+mais+informa%C3%A7%C3%B5es+sobre+consulta+com+o+Dr.+Guilherme+Teixeira.&amp;type=phone_number&amp;app_absent=0&#8243; right_button_target=&#8221;on&#8221; right_button_wrapper_margin=&#8221;|||50px|false|false&#8221; alignment=&#8221;center&#8221; _builder_version=&#8221;4.27.4&#8243; _module_preset=&#8221;default&#8221; left_button_text_color=&#8221;#FFFFFF&#8221; right_button_text_color=&#8221;#FFFFFF&#8221; right_button_font_size=&#8221;22px&#8221; border_radii_left_button=&#8221;on|10px|10px|10px|10px&#8221; global_colors_info=&#8221;{}&#8221;][\/difl_dual_button][\/et_pb_column][et_pb_column type=&#8221;2_3&#8243; _builder_version=&#8221;4.22.2&#8243; _module_preset=&#8221;default&#8221; custom_padding=&#8221;2%||||false|false&#8221; border_radii=&#8221;off||20px|20px|&#8221; border_width_all=&#8221;5px&#8221; border_color_all=&#8221;#13678a&#8221; border_width_left=&#8221;0px&#8221; global_colors_info=&#8221;{}&#8221;][et_pb_text _builder_version=&#8221;4.27.4&#8243; _module_preset=&#8221;default&#8221; header_2_font_size=&#8221;18px&#8221; header_2_line_height=&#8221;1.8em&#8221; header_3_font=&#8221;||||||||&#8221; header_3_text_color=&#8221;#116789&#8243; header_3_line_height=&#8221;2em&#8221; header_5_text_color=&#8221;#116789&#8243; header_5_line_height=&#8221;0.8em&#8221; width=&#8221;90%&#8221; module_alignment=&#8221;center&#8221; custom_margin=&#8221;||||false|false&#8221; global_colors_info=&#8221;{}&#8221;]<\/p>\n<h2>My story<\/h2>\n<p><a href=\"https:\/\/emfoco.med.br\/dr-guilherme-teixeira-cirurgiao-plastico-sao-paulo\/\" target=\"_blank\" rel=\"noopener\">Dr. Guilherme Henrique de Castro Teixeira<\/a> is a Plastic Surgeon who graduated from the Federal University of S\u00e3o Paulo (UNIFESP). He works mainly with Aesthetic, Oncological and Reconstructive Plastic Surgery. <\/p>\n<p>[\/et_pb_text][difl_faq faq_layout=&#8221;toggle&#8221; close_icon_color=&#8221;#13678a&#8221; faq_wrapper_margin=&#8221;30px||30px|44px|false|false&#8221; faq_item_wrapper_margin=&#8221;||||false|false&#8221; faq_item_per_column_tablet=&#8221;2&#8243; faq_item_per_column_phone=&#8221;1&#8243; faq_item_per_column_last_edited=&#8221;on|desktop&#8221; _builder_version=&#8221;4.27.4&#8243; _module_preset=&#8221;default&#8221; question_text_font_size=&#8221;18px&#8221; width=&#8221;60%&#8221; border_width_all_faq_item_wrapper_border=&#8221;0px&#8221; locked=&#8221;off&#8221; global_colors_info=&#8221;{}&#8221; que_wrapper_bg_bgcolor__hover=&#8221;1px||||false|false&#8221; que_wrapper_bg_bgcolor__hover_enabled=&#8221;on|hover&#8221;][difl_faqitem question=&#8221;Especialidade m\u00e9dica&#8221; ans_img_padding=&#8221;||||false|false&#8221; _builder_version=&#8221;4.27.4&#8243; global_colors_info=&#8221;{}&#8221; que_wrapper_bg_bgcolor__hover=&#8221;1px||||false|false&#8221; que_wrapper_bg_bgcolor__hover_enabled=&#8221;on|hover&#8221;]<\/p>\n<p>Cirurgia Pl\u00e1stica<\/p>\n<p>[\/difl_faqitem][difl_faqitem question=&#8221;Subespecializa\u00e7\u00f5es&#8221; ans_img_padding=&#8221;||||false|false&#8221; _builder_version=&#8221;4.27.4&#8243; global_colors_info=&#8221;{}&#8221; que_wrapper_bg_bgcolor__hover=&#8221;1px||||false|false&#8221; que_wrapper_bg_bgcolor__hover_enabled=&#8221;on|hover&#8221;]<\/p>\n<p>Cirurgia Pl\u00e1stica Est\u00e9tica<\/p>\n<p>Cirurgia Pl\u00e1stica Oncol\u00f3gica<\/p>\n<p>Cirurgia Pl\u00e1stica Reconstrutora<\/p>\n<p>[\/difl_faqitem][difl_faqitem question=&#8221;Hospitais de refer\u00eancia&#8221; ans_img_padding=&#8221;||||false|false&#8221; _builder_version=&#8221;4.27.4&#8243; global_colors_info=&#8221;{}&#8221; que_wrapper_bg_bgcolor__hover=&#8221;1px||||false|false&#8221; que_wrapper_bg_bgcolor__hover_enabled=&#8221;on|hover&#8221;]<\/p>\n<p>Instituto Brasileiro de Controle do C\u00e2ncer (IBCC)<\/p>\n<p>Hospital Santa Paula<\/p>\n<p>Hospital S\u00edrio-Liban\u00eas<\/p>\n<p>[\/difl_faqitem][difl_faqitem question=&#8221;Forma\u00e7\u00e3o profissional&#8221; ans_img_padding=&#8221;||||false|false&#8221; _builder_version=&#8221;4.27.4&#8243; global_colors_info=&#8221;{}&#8221; que_wrapper_bg_bgcolor__hover=&#8221;1px||||false|false&#8221; que_wrapper_bg_bgcolor__hover_enabled=&#8221;on|hover&#8221;]<\/p>\n<h6 class=\"font_6\">Gradua\u00e7\u00e3o:<\/h6>\n<ul>\n<li class=\"font_6\">Universidade Federal de S\u00e3o Paulo (UNIFESP)<\/li>\n<\/ul>\n<p>&nbsp;<\/p>\n<h6 class=\"font_6\">Resid\u00eancias:<\/h6>\n<ul>\n<li>Cirurgia Geral pela Universidade Federal de S\u00e3o Paulo (UNIFESP)<\/li>\n<\/ul>\n<p>&nbsp;<\/p>\n<h6>Especializa\u00e7\u00f5es e aperfei\u00e7oamentos:<\/h6>\n<ul>\n<li>Cirurgia Pl\u00e1stica pelo Instituto de Cirurgia Pl\u00e1stica Santa Cruz &#8211; Hospital Santa Cruz<\/li>\n<li>T\u00edtulo de Especialista pela Sociedade Brasileira de Cirurgia Pl\u00e1stica (SBCP)<\/li>\n<\/ul>\n<ul class=\"font_6\"><\/ul>\n<ul class=\"font_6\"><\/ul>\n<ul class=\"font_6\"><\/ul>\n<ul class=\"font_6\"><\/ul>\n<ul class=\"font_6\"><\/ul>\n<ul class=\"font_6\"><\/ul>\n<ul class=\"font_6\"><\/ul>\n<ul class=\"font_6\"><\/ul>\n<ul class=\"font_6\"><\/ul>\n<ul class=\"font_6\"><\/ul>\n<p>[\/difl_faqitem][difl_faqitem question=&#8221;\u00c1reas de atua\u00e7\u00e3o e experi\u00eancia profissional&#8221; ans_img_padding=&#8221;||||false|false&#8221; _builder_version=&#8221;4.27.4&#8243; global_colors_info=&#8221;{}&#8221; que_wrapper_bg_bgcolor__hover=&#8221;1px||||false|false&#8221; que_wrapper_bg_bgcolor__hover_enabled=&#8221;on|hover&#8221;]<\/p>\n<h6>Cirurgia Pl\u00e1stica Est\u00e9tica:<\/h6>\n<ul>\n<li>Abdominoplastia<\/li>\n<li>Blefaroplastia<\/li>\n<li>Braquioplastia<\/li>\n<li>Cruroplastia<\/li>\n<li>Est\u00e9tica \u00edntima<\/li>\n<li>Lifting facial<\/li>\n<li>Lipoaspira\u00e7\u00e3o\/Lipoescultura<\/li>\n<li>Mastopexia com e sem pr\u00f3tese (flacidez das mamas)<\/li>\n<li>Pr\u00f3tese de mama<\/li>\n<li>Redu\u00e7\u00e3o de mama<\/li>\n<\/ul>\n<h6><\/h6>\n<h6>Cirurgia Pl\u00e1stica Oncol\u00f3gica:<\/h6>\n<ul>\n<li>Corre\u00e7\u00e3o de cicatrizes<\/li>\n<li>Reconstru\u00e7\u00e3o de mama<\/li>\n<li>Retirada de cistos<\/li>\n<li>Retirada de pintas<\/li>\n<li>Tumores de pele<\/li>\n<\/ul>\n<h6><\/h6>\n<h6>Cirurgia Pl\u00e1stica Reconstrutora:<\/h6>\n<ul>\n<li>Abdominoplastia<\/li>\n<li>Braquioplastia<\/li>\n<li>Cruroplastia<\/li>\n<li>Mamoplastia<\/li>\n<li>P\u00f3s-bari\u00e1trica<\/li>\n<li>Reconstru\u00e7\u00e3o de mama<\/li>\n<\/ul>\n<ul><\/ul>\n<p>[\/difl_faqitem][\/difl_faq][\/et_pb_column][\/et_pb_row][\/et_pb_section][et_pb_section fb_built=&#8221;1&#8243; disabled_on=&#8221;on|on|off&#8221; _builder_version=&#8221;4.23&#8243; _module_preset=&#8221;default&#8221; custom_padding=&#8221;0px||||false|false&#8221; locked=&#8221;off&#8221; global_colors_info=&#8221;{}&#8221;][et_pb_row column_structure=&#8221;1_3,1_3,1_3&#8243; _builder_version=&#8221;4.23.1&#8243; _module_preset=&#8221;default&#8221; width=&#8221;70%&#8221; max_width=&#8221;100%&#8221; global_colors_info=&#8221;{}&#8221;][et_pb_column type=&#8221;1_3&#8243; _builder_version=&#8221;4.23&#8243; _module_preset=&#8221;default&#8221; global_colors_info=&#8221;{}&#8221;][et_pb_image src=&#8221;https:\/\/emfoco.med.br\/wp-content\/uploads\/2025\/03\/Cirurgia-plastica-estetica.webp&#8221; title_text=&#8221;Aesthetic plastic surgery&#8221; _builder_version=&#8221;4.27.4&#8243; _module_preset=&#8221;default&#8221; width=&#8221;50%&#8221; module_alignment=&#8221;center&#8221; global_colors_info=&#8221;{}&#8221;][\/et_pb_image][et_pb_text _builder_version=&#8221;4.27.4&#8243; _module_preset=&#8221;default&#8221; header_2_font_size=&#8221;19px&#8221; header_2_line_height=&#8221;1.8em&#8221; header_5_text_color=&#8221;#116789&#8243; header_5_line_height=&#8221;1.1em&#8221; text_orientation=&#8221;center&#8221; custom_margin=&#8221;-30px||||false|false&#8221; locked=&#8221;off&#8221; global_colors_info=&#8221;{}&#8221;]<\/p>\n<h2>Aesthetic Plastic Surgery<\/h2>\n<h5>Abdominoplasty<\/h5>\n<h5>Blepharoplasty<\/h5>\n<h5>Brachioplasty<\/h5>\n<h5>Cruroplasty<\/h5>\n<h5>Intimate aesthetics<\/h5>\n<h5>Facelift<\/h5>\n<h5>Liposuction\/Liposculpture<\/h5>\n<h5>Mastopexy with and without prosthesis (sagging breasts)<\/h5>\n<h5>Breast prosthesis<\/h5>\n<h5>Breast reduction<\/h5>\n<p>[\/et_pb_text][\/et_pb_column][et_pb_column type=&#8221;1_3&#8243; _builder_version=&#8221;4.23&#8243; _module_preset=&#8221;default&#8221; global_colors_info=&#8221;{}&#8221;][et_pb_image src=&#8221;https:\/\/emfoco.med.br\/wp-content\/uploads\/2025\/03\/Cirurgia-Plastica-Oncologica-webp.webp&#8221; title_text=&#8221;Oncological Plastic Surgery-webp&#8221; _builder_version=&#8221;4.27.4&#8243; _module_preset=&#8221;default&#8221; width=&#8221;50%&#8221; module_alignment=&#8221;center&#8221; global_colors_info=&#8221;{}&#8221;][\/et_pb_image][et_pb_text _builder_version=&#8221;4.27.4&#8243; _module_preset=&#8221;default&#8221; header_2_font_size=&#8221;19px&#8221; header_2_line_height=&#8221;1.8em&#8221; header_5_text_color=&#8221;#116789&#8243; header_5_line_height=&#8221;1.1em&#8221; text_orientation=&#8221;center&#8221; custom_margin=&#8221;-30px||||false|false&#8221; locked=&#8221;off&#8221; global_colors_info=&#8221;{}&#8221;]<\/p>\n<h2>Oncological Plastic Surgery<\/h2>\n<h5>Scar correction<\/h5>\n<h5>Breast reconstruction<\/h5>\n<h5>Removal of cysts<\/h5>\n<h5>Removal of moles<\/h5>\n<h5>Skin tumors<\/h5>\n<p>[\/et_pb_text][\/et_pb_column][et_pb_column type=&#8221;1_3&#8243; _builder_version=&#8221;4.23&#8243; _module_preset=&#8221;default&#8221; global_colors_info=&#8221;{}&#8221;][et_pb_image src=&#8221;https:\/\/emfoco.med.br\/wp-content\/uploads\/2025\/03\/Cirurgia-plastica-reconstrutora_.webp&#8221; title_text=&#8221;Reconstructive plastic surgery_&#8221; _builder_version=&#8221;4.27.4&#8243; _module_preset=&#8221;default&#8221; width=&#8221;50%&#8221; module_alignment=&#8221;center&#8221; global_colors_info=&#8221;{}&#8221;][\/et_pb_image][et_pb_text _builder_version=&#8221;4.27.4&#8243; _module_preset=&#8221;default&#8221; header_2_font_size=&#8221;19px&#8221; header_2_line_height=&#8221;1.8em&#8221; header_5_text_color=&#8221;#116789&#8243; header_5_line_height=&#8221;1.1em&#8221; text_orientation=&#8221;center&#8221; custom_margin=&#8221;-30px||||false|false&#8221; locked=&#8221;off&#8221; global_colors_info=&#8221;{}&#8221;]<\/p>\n<h2>Reconstructive Plastic Surgery<\/h2>\n<h5>Abdominoplasty<\/h5>\n<h5>Brachioplasty<\/h5>\n<h5>Cruroplasty<\/h5>\n<h5>Mammoplasty<\/h5>\n<h5>Post-bariatric<\/h5>\n<h5>Breast reconstruction<\/h5>\n<p>[\/et_pb_text][\/et_pb_column][\/et_pb_row][et_pb_row _builder_version=&#8221;4.25.0&#8243; _module_preset=&#8221;default&#8221; global_colors_info=&#8221;{}&#8221;][et_pb_column type=&#8221;4_4&#8243; _builder_version=&#8221;4.25.0&#8243; _module_preset=&#8221;default&#8221; global_colors_info=&#8221;{}&#8221;][et_pb_video src=&#8221;https:\/\/www.youtube.com\/watch?v=clJtHb4TyhY&#8221; _builder_version=&#8221;4.27.4&#8243; _module_preset=&#8221;default&#8221; global_colors_info=&#8221;{}&#8221;][\/et_pb_video][\/et_pb_column][\/et_pb_row][et_pb_row _builder_version=&#8221;4.25.0&#8243; _module_preset=&#8221;default&#8221; custom_margin=&#8221;||||false|false&#8221; locked=&#8221;off&#8221; global_colors_info=&#8221;{}&#8221;][et_pb_column type=&#8221;4_4&#8243; _builder_version=&#8221;4.24.0&#8243; _module_preset=&#8221;default&#8221; global_colors_info=&#8221;{}&#8221;][et_pb_button button_url=&#8221;https:\/\/api.whatsapp.com\/send\/?phone=\u200e551132893195&amp;text=Ol%C3%A1%2C+vim+do+site+e+gostaria+de+mais+informa%C3%A7%C3%B5es+sobre+consulta+com+o+Dr.+Guilherme+Teixeira.&amp;type=phone_number&amp;app_absent=0&#8243; url_new_window=&#8221;on&#8221; button_text=&#8221;Book your appointment&#8221; button_alignment=&#8221;center&#8221; _builder_version=&#8221;4.27.4&#8243; _module_preset=&#8221;default&#8221; custom_button=&#8221;on&#8221; button_text_color=&#8221;#FFFFFF&#8221; button_bg_color=&#8221;#196586&#8243; button_border_color=&#8221;#196586&#8243; button_border_radius=&#8221;20px&#8221; button_font=&#8221;|600|||||||&#8221; button_icon=&#8221;&#x45;||divi||400&#8243; button_icon_color=&#8221;#FFFFFF&#8221; button_on_hover=&#8221;off&#8221; custom_margin=&#8221;15px||||false|false&#8221; button_text_size_tablet=&#8221;18px&#8221; button_text_size_phone=&#8221;13px&#8221; button_text_size_last_edited=&#8221;on|tablet&#8221; global_colors_info=&#8221;{}&#8221;][\/et_pb_button][\/et_pb_column][\/et_pb_row][\/et_pb_section][et_pb_section fb_built=&#8221;1&#8243; disabled_on=&#8221;off|off|on&#8221; _builder_version=&#8221;4.22.2&#8243; _module_preset=&#8221;default&#8221; custom_padding=&#8221;0px||||false|false&#8221; global_colors_info=&#8221;{}&#8221;][et_pb_row _builder_version=&#8221;4.24.2&#8243; _module_preset=&#8221;default&#8221; width=&#8221;100%&#8221; max_width=&#8221;100%&#8221; custom_margin=&#8221;||||false|false&#8221; custom_padding=&#8221;0px|5px|0px|5px|true|true&#8221; border_color_all=&#8221;#c1eae9&#8243; global_colors_info=&#8221;{}&#8221;][et_pb_column type=&#8221;4_4&#8243; _builder_version=&#8221;4.22.2&#8243; _module_preset=&#8221;default&#8221; custom_padding=&#8221;20px||20px||true|false&#8221; border_radii=&#8221;off|20px|20px|20px|20px&#8221; border_width_all=&#8221;5px&#8221; border_color_all=&#8221;#13678a&#8221; global_colors_info=&#8221;{}&#8221;][difl_advanced_person ap_photo=&#8221;https:\/\/emfoco.med.br\/wp-content\/uploads\/2025\/03\/Perfil-Guilherme-Teixeira.webp&#8221; image_wrapper_max_width=&#8221;60%&#8221; ap_name=&#8221;Dr. Guilherme Teixeira&#8221; ap_description=&#8221;<\/p>\n<p>CRM-SP <span style=%22font-weight: 400;%22>150473<\/span><\/p>\n<p>RQE <span style=%22font-weight: 400;%22>98705<\/span><\/p>\n<p>&#8221; module_wrapper_margin=&#8221;||40px||false|false&#8221; name_margin=&#8221;30px||||false|false&#8221; description_margin=&#8221;10px||||false|false&#8221; image_margin=&#8221;||||false|false&#8221; _builder_version=&#8221;4.27.4&#8243; _module_preset=&#8221;default&#8221; name_text_align=&#8221;center&#8221; description_text_align=&#8221;center&#8221; description_text_color=&#8221;rgba(10,10,10,0.56)&#8221; description_line_height=&#8221;0.5em&#8221; custom_margin=&#8221;||||false|false&#8221; custom_css_main_element=&#8221;text-align: center;&#8221; border_radii_photo_border=&#8221;on|200px|200px|200px|200px&#8221; border_width_all_photo_border=&#8221;5px&#8221; border_color_all_photo_border=&#8221;#13678a&#8221; global_colors_info=&#8221;{}&#8221;][\/difl_advanced_person][difl_dual_button btn_left_background_bgcolor=&#8221;#13678a&#8221; btn_left_font_icon=&#8221;&#xe023;||divi||400&#8243; btn_left_icon_color=&#8221;#FFFFFF&#8221; btn_left_icon_placement=&#8221;left&#8221; btn_right_background_background_image=&#8221;https:\/\/emfoco.med.br\/wp-content\/uploads\/2024\/02\/iconewhatsapp1.webp&#8221; btn_right_background_background_image_size=&#8221;fit&#8221; btn_right_background_size_width=&#8221;100%&#8221; btn_right_background_size_height=&#8221;100%&#8221; use_right_button_icon=&#8221;off&#8221; left_button=&#8221;Book Online&#8221; left_button_url=&#8221;https:\/\/api.whatsapp.com\/send\/?phone=\u200e551132893195&amp;text=Ol%C3%A1%2C+vim+do+site+e+gostaria+de+mais+informa%C3%A7%C3%B5es+sobre+consulta+com+o+Dr.+Guilherme+Teixeira.&amp;type=phone_number&amp;app_absent=0&#8243; right_button=&#8221;_&#8221; right_button_url=&#8221;https:\/\/api.whatsapp.com\/send\/?phone=\u200e551132893195&amp;text=Ol%C3%A1%2C+vim+do+site+e+gostaria+de+mais+informa%C3%A7%C3%B5es+sobre+consulta+com+o+Dr.+Guilherme+Teixeira.&amp;type=phone_number&amp;app_absent=0&#8243; right_button_target=&#8221;on&#8221; right_button_wrapper_margin=&#8221;|||50px|false|false&#8221; left_button_padding=&#8221;10px|40px|10px|40px|false|false&#8221; alignment=&#8221;center&#8221; _builder_version=&#8221;4.27.4&#8243; _module_preset=&#8221;default&#8221; left_button_text_color=&#8221;#FFFFFF&#8221; left_button_font_size=&#8221;16px&#8221; right_button_text_color=&#8221;#FFFFFF&#8221; right_button_font_size=&#8221;16px&#8221; border_radii_left_button=&#8221;on|10px|10px|10px|10px&#8221; global_colors_info=&#8221;{}&#8221;][\/difl_dual_button][et_pb_text _builder_version=&#8221;4.27.4&#8243; _module_preset=&#8221;default&#8221; header_2_font_size=&#8221;22px&#8221; header_2_line_height=&#8221;1.8em&#8221; header_3_font=&#8221;||||||||&#8221; header_3_text_color=&#8221;#116789&#8243; header_3_font_size=&#8221;17px&#8221; header_3_line_height=&#8221;2em&#8221; header_5_text_color=&#8221;#116789&#8243; header_5_line_height=&#8221;0.8em&#8221; width=&#8221;90%&#8221; module_alignment=&#8221;center&#8221; custom_margin=&#8221;||||false|true&#8221; custom_padding=&#8221;|25px||25px|false|true&#8221; global_colors_info=&#8221;{}&#8221;]<\/p>\n<h2>My story<\/h2>\n<p><a href=\"https:\/\/emfoco.med.br\/dr-guilherme-teixeira-cirurgiao-plastico-sao-paulo\/\" target=\"_blank\" rel=\"noopener\">Dr. Guilherme Henrique de Castro Teixeira<\/a> is a Plastic Surgeon who graduated from the Federal University of S\u00e3o Paulo (UNIFESP). He works mainly with Aesthetic, Oncological and Reconstructive Plastic Surgery. <\/p>\n<p>[\/et_pb_text][difl_faq faq_layout=&#8221;toggle&#8221; close_icon_color=&#8221;#13678a&#8221; faq_wrapper_margin=&#8221;30px|10px|30px|10px|false|true&#8221; faq_item_wrapper_margin=&#8221;||||false|false&#8221; faq_item_per_column_tablet=&#8221;2&#8243; faq_item_per_column_phone=&#8221;1&#8243; faq_item_per_column_last_edited=&#8221;on|desktop&#8221; _builder_version=&#8221;4.27.4&#8243; _module_preset=&#8221;default&#8221; question_text_font_size=&#8221;18px&#8221; border_width_all_faq_item_wrapper_border=&#8221;0px&#8221; locked=&#8221;off&#8221; global_colors_info=&#8221;{}&#8221; que_wrapper_bg_bgcolor__hover=&#8221;1px||||false|false&#8221; que_wrapper_bg_bgcolor__hover_enabled=&#8221;on|hover&#8221;][difl_faqitem question=&#8221;Especialidade m\u00e9dica&#8221; ans_img_padding=&#8221;||||false|false&#8221; _builder_version=&#8221;4.27.4&#8243; global_colors_info=&#8221;{}&#8221; que_wrapper_bg_bgcolor__hover=&#8221;1px||||false|false&#8221; que_wrapper_bg_bgcolor__hover_enabled=&#8221;on|hover&#8221;]<\/p>\n<p>Cirurgia Pl\u00e1stica<\/p>\n<p>[\/difl_faqitem][difl_faqitem question=&#8221;Subespecializa\u00e7\u00f5es&#8221; ans_img_padding=&#8221;||||false|false&#8221; _builder_version=&#8221;4.27.4&#8243; global_colors_info=&#8221;{}&#8221; que_wrapper_bg_bgcolor__hover=&#8221;1px||||false|false&#8221; que_wrapper_bg_bgcolor__hover_enabled=&#8221;on|hover&#8221;]<\/p>\n<p>Cirurgia Pl\u00e1stica Est\u00e9tica<\/p>\n<p>Cirurgia Pl\u00e1stica Oncol\u00f3gica<\/p>\n<p>Cirurgia Pl\u00e1stica Reconstrutora<\/p>\n<p>[\/difl_faqitem][difl_faqitem question=&#8221;Hospitais de refer\u00eancia&#8221; ans_img_padding=&#8221;||||false|false&#8221; _builder_version=&#8221;4.27.4&#8243; global_colors_info=&#8221;{}&#8221; que_wrapper_bg_bgcolor__hover=&#8221;1px||||false|false&#8221; que_wrapper_bg_bgcolor__hover_enabled=&#8221;on|hover&#8221;]<\/p>\n<p>Instituto Brasileiro de Controle do C\u00e2ncer (IBCC)<\/p>\n<p>Hospital Santa Paula<\/p>\n<p>Hospital S\u00edrio-Liban\u00eas<\/p>\n<p>[\/difl_faqitem][difl_faqitem question=&#8221;Forma\u00e7\u00e3o profissional&#8221; ans_img_padding=&#8221;||||false|false&#8221; _builder_version=&#8221;4.27.4&#8243; global_colors_info=&#8221;{}&#8221; que_wrapper_bg_bgcolor__hover=&#8221;1px||||false|false&#8221; que_wrapper_bg_bgcolor__hover_enabled=&#8221;on|hover&#8221;]<\/p>\n<h6 class=\"font_6\">Gradua\u00e7\u00e3o:<\/h6>\n<ul>\n<li class=\"font_6\">Universidade Federal de S\u00e3o Paulo (UNIFESP)<\/li>\n<\/ul>\n<p>&nbsp;<\/p>\n<h6 class=\"font_6\">Resid\u00eancias:<\/h6>\n<ul>\n<li>Cirurgia Geral pela Universidade Federal de S\u00e3o Paulo (UNIFESP)<\/li>\n<\/ul>\n<p>&nbsp;<\/p>\n<h6>Especializa\u00e7\u00f5es e aperfei\u00e7oamentos:<\/h6>\n<ul>\n<li>Cirurgia Pl\u00e1stica pelo Instituto de Cirurgia Pl\u00e1stica Santa Cruz &#8211; Hospital Santa Cruz<\/li>\n<li>T\u00edtulo de Especialista pela Sociedade Brasileira de Cirurgia Pl\u00e1stica (SBCP)<\/li>\n<\/ul>\n<ul class=\"font_6\"><\/ul>\n<ul class=\"font_6\"><\/ul>\n<ul class=\"font_6\"><\/ul>\n<ul class=\"font_6\"><\/ul>\n<ul class=\"font_6\"><\/ul>\n<ul class=\"font_6\"><\/ul>\n<ul class=\"font_6\"><\/ul>\n<p>[\/difl_faqitem][difl_faqitem question=&#8221;\u00c1reas de atua\u00e7\u00e3o e experi\u00eancia profissional&#8221; ans_img_padding=&#8221;||||false|false&#8221; _builder_version=&#8221;4.27.4&#8243; global_colors_info=&#8221;{}&#8221; que_wrapper_bg_bgcolor__hover=&#8221;1px||||false|false&#8221; que_wrapper_bg_bgcolor__hover_enabled=&#8221;on|hover&#8221;]<\/p>\n<h6>Cirurgia Pl\u00e1stica Est\u00e9tica:<\/h6>\n<ul>\n<li>Abdominoplastia<\/li>\n<li>Blefaroplastia<\/li>\n<li>Braquioplastia<\/li>\n<li>Cruroplastia<\/li>\n<li>Est\u00e9tica \u00edntima<\/li>\n<li>Lifting facial<\/li>\n<li>Lipoaspira\u00e7\u00e3o\/Lipoescultura<\/li>\n<li>Mastopexia com e sem pr\u00f3tese (flacidez das mamas)<\/li>\n<li>Pr\u00f3tese de mama<\/li>\n<li>Redu\u00e7\u00e3o de mama<\/li>\n<\/ul>\n<h6><\/h6>\n<h6>Cirurgia Pl\u00e1stica Oncol\u00f3gica:<\/h6>\n<ul>\n<li>Corre\u00e7\u00e3o de cicatrizes<\/li>\n<li>Reconstru\u00e7\u00e3o de mama<\/li>\n<li>Retirada de cistos<\/li>\n<li>Retirada de pintas<\/li>\n<li>Tumores de pele<\/li>\n<\/ul>\n<h6><\/h6>\n<h6>Cirurgia Pl\u00e1stica Reconstrutora:<\/h6>\n<ul>\n<li>Abdominoplastia<\/li>\n<li>Braquioplastia<\/li>\n<li>Cruroplastia<\/li>\n<li>Mamoplastia<\/li>\n<li>P\u00f3s-bari\u00e1trica<\/li>\n<li>Reconstru\u00e7\u00e3o de mama<\/li>\n<\/ul>\n<ul><\/ul>\n<p>[\/difl_faqitem][\/difl_faq][\/et_pb_column][\/et_pb_row][\/et_pb_section][et_pb_section fb_built=&#8221;1&#8243; disabled_on=&#8221;off|off|on&#8221; _builder_version=&#8221;4.23&#8243; _module_preset=&#8221;default&#8221; custom_padding=&#8221;0px||||false|false&#8221; locked=&#8221;off&#8221; global_colors_info=&#8221;{}&#8221;][et_pb_row _builder_version=&#8221;4.23.1&#8243; _module_preset=&#8221;default&#8221; width=&#8221;70%&#8221; max_width=&#8221;100%&#8221; global_colors_info=&#8221;{}&#8221;][et_pb_column type=&#8221;4_4&#8243; _builder_version=&#8221;4.23&#8243; _module_preset=&#8221;default&#8221; global_colors_info=&#8221;{}&#8221;][et_pb_image src=&#8221;https:\/\/emfoco.med.br\/wp-content\/uploads\/2025\/03\/Cirurgia-plastica-estetica.webp&#8221; title_text=&#8221;Aesthetic plastic surgery&#8221; _builder_version=&#8221;4.27.4&#8243; _module_preset=&#8221;default&#8221; width=&#8221;50%&#8221; module_alignment=&#8221;center&#8221; locked=&#8221;off&#8221; global_colors_info=&#8221;{}&#8221;][\/et_pb_image][et_pb_text _builder_version=&#8221;4.27.4&#8243; _module_preset=&#8221;default&#8221; header_2_font_size=&#8221;19px&#8221; header_2_line_height=&#8221;1.8em&#8221; header_5_text_color=&#8221;#116789&#8243; header_5_line_height=&#8221;1.1em&#8221; text_orientation=&#8221;center&#8221; custom_margin=&#8221;-30px||||false|false&#8221; locked=&#8221;off&#8221; global_colors_info=&#8221;{}&#8221;]<\/p>\n<h2>Aesthetic Plastic Surgery<\/h2>\n<h5>Abdominoplasty<\/h5>\n<h5>Blepharoplasty<\/h5>\n<h5>Brachioplasty<\/h5>\n<h5>Cruroplasty<\/h5>\n<h5>Intimate aesthetics<\/h5>\n<h5>Facelift<\/h5>\n<h5>Liposuction\/Liposculpture<\/h5>\n<h5>Mastopexy with and without prosthesis (sagging breasts)<\/h5>\n<h5>Breast prosthesis<\/h5>\n<h5>Breast reduction<\/h5>\n<p>[\/et_pb_text][et_pb_image src=&#8221;https:\/\/emfoco.med.br\/wp-content\/uploads\/2025\/03\/Cirurgia-Plastica-Oncologica-webp.webp&#8221; title_text=&#8221;Oncological Plastic Surgery-webp&#8221; _builder_version=&#8221;4.27.4&#8243; _module_preset=&#8221;default&#8221; width=&#8221;50%&#8221; module_alignment=&#8221;center&#8221; locked=&#8221;off&#8221; global_colors_info=&#8221;{}&#8221;][\/et_pb_image][et_pb_text _builder_version=&#8221;4.27.4&#8243; _module_preset=&#8221;default&#8221; header_2_font_size=&#8221;19px&#8221; header_2_line_height=&#8221;1.8em&#8221; header_5_text_color=&#8221;#116789&#8243; header_5_line_height=&#8221;1.1em&#8221; text_orientation=&#8221;center&#8221; custom_margin=&#8221;-30px||||false|false&#8221; locked=&#8221;off&#8221; global_colors_info=&#8221;{}&#8221;]<\/p>\n<h2>Oncological Plastic Surgery<\/h2>\n<h5>Scar correction<\/h5>\n<h5>Breast reconstruction<\/h5>\n<h5>Removal of cysts<\/h5>\n<h5>Removal of moles<\/h5>\n<h5>Skin tumors<\/h5>\n<p>[\/et_pb_text][et_pb_image src=&#8221;https:\/\/emfoco.med.br\/wp-content\/uploads\/2025\/03\/Cirurgia-plastica-reconstrutora_.webp&#8221; title_text=&#8221;Reconstructive plastic surgery_&#8221; _builder_version=&#8221;4.27.4&#8243; _module_preset=&#8221;default&#8221; width=&#8221;50%&#8221; module_alignment=&#8221;center&#8221; locked=&#8221;off&#8221; global_colors_info=&#8221;{}&#8221;][\/et_pb_image][et_pb_text _builder_version=&#8221;4.27.4&#8243; _module_preset=&#8221;default&#8221; header_2_font_size=&#8221;19px&#8221; header_2_line_height=&#8221;1.8em&#8221; header_5_text_color=&#8221;#116789&#8243; header_5_line_height=&#8221;1.1em&#8221; text_orientation=&#8221;center&#8221; custom_margin=&#8221;-30px||||false|false&#8221; locked=&#8221;off&#8221; global_colors_info=&#8221;{}&#8221;]<\/p>\n<h2>Reconstructive Plastic Surgery<\/h2>\n<h5>Abdominoplasty<\/h5>\n<h5>Brachioplasty<\/h5>\n<h5>Cruroplasty<\/h5>\n<h5>Mammoplasty<\/h5>\n<h5>Post-bariatric<\/h5>\n<h5>Breast reconstruction<\/h5>\n<p>[\/et_pb_text][\/et_pb_column][\/et_pb_row][et_pb_row _builder_version=&#8221;4.25.0&#8243; _module_preset=&#8221;default&#8221; global_colors_info=&#8221;{}&#8221;][et_pb_column type=&#8221;4_4&#8243; _builder_version=&#8221;4.25.0&#8243; _module_preset=&#8221;default&#8221; global_colors_info=&#8221;{}&#8221;][et_pb_video src=&#8221;https:\/\/www.youtube.com\/watch?v=clJtHb4TyhY&#8221; _builder_version=&#8221;4.27.4&#8243; _module_preset=&#8221;default&#8221; global_colors_info=&#8221;{}&#8221;][\/et_pb_video][\/et_pb_column][\/et_pb_row][et_pb_row _builder_version=&#8221;4.25.0&#8243; _module_preset=&#8221;default&#8221; custom_margin=&#8221;||||false|false&#8221; locked=&#8221;off&#8221; global_colors_info=&#8221;{}&#8221;][et_pb_column type=&#8221;4_4&#8243; _builder_version=&#8221;4.24.0&#8243; _module_preset=&#8221;default&#8221; global_colors_info=&#8221;{}&#8221;][et_pb_button button_url=&#8221;https:\/\/api.whatsapp.com\/send\/?phone=\u200e551132893195&amp;text=Ol%C3%A1%2C+vim+do+site+e+gostaria+de+mais+informa%C3%A7%C3%B5es+sobre+consulta+com+o+Dr.+Guilherme+Teixeira.&amp;type=phone_number&amp;app_absent=0&#8243; url_new_window=&#8221;on&#8221; button_text=&#8221;Book your appointment&#8221; button_alignment=&#8221;center&#8221; _builder_version=&#8221;4.27.4&#8243; _module_preset=&#8221;default&#8221; custom_button=&#8221;on&#8221; button_text_color=&#8221;#FFFFFF&#8221; button_bg_color=&#8221;#196586&#8243; button_border_color=&#8221;#196586&#8243; button_border_radius=&#8221;20px&#8221; button_font=&#8221;|600|||||||&#8221; button_icon=&#8221;&#x45;||divi||400&#8243; button_icon_color=&#8221;#FFFFFF&#8221; button_on_hover=&#8221;off&#8221; custom_margin=&#8221;15px||||false|false&#8221; button_text_size_tablet=&#8221;18px&#8221; button_text_size_phone=&#8221;13px&#8221; button_text_size_last_edited=&#8221;on|tablet&#8221; global_colors_info=&#8221;{}&#8221;][\/et_pb_button][\/et_pb_column][\/et_pb_row][\/et_pb_section]<\/p>\n","protected":false},"excerpt":{"rendered":"<p>Meet Dr. Guilherme Teixeira, Plastic Surgeon, member of the Medicina em Foco team!<\/p>\n","protected":false},"author":1,"featured_media":295002,"comment_status":"open","ping_status":"closed","template":"","meta":{"_et_pb_use_builder":"on","_et_pb_old_content":"","_et_gb_content_width":"","rank_math_focus_keyword":"guilherme teixeira,plastic surgeon","rank_math_title":"Dr. Guilherme Teixeira - Instituto Medicina em Foco","rank_math_description":"Meet Dr. Guilherme Teixeira, Plastic Surgeon, member of the Medicina em Foco team!","rank_math_og_title":"","rank_math_og_description":"","rank_math_og_image":"","rank_math_og_image_id":"","rank_math_twitter_title":"","rank_math_twitter_description":"","rank_math_twitter_image":"","rank_math_canonical_url":"","rank_math_robots":"","rank_math_rich_snippet":"","rank_math_snippet_name":"","rank_math_snippet_desc":"","rank_math_seo_score":"","rank_math_pillar_content":"","footnotes":""},"false":[],"class_list":["post-294993","project","type-project","status-publish","has-post-thumbnail","hentry","project_category-plastic-surgery"],"_links":{"self":[{"href":"https:\/\/emfoco.med.br\/en\/wp-json\/wp\/v2\/project\/294993","targetHints":{"allow":["GET"]}}],"collection":[{"href":"https:\/\/emfoco.med.br\/en\/wp-json\/wp\/v2\/project"}],"about":[{"href":"https:\/\/emfoco.med.br\/en\/wp-json\/wp\/v2\/types\/project"}],"author":[{"embeddable":true,"href":"https:\/\/emfoco.med.br\/en\/wp-json\/wp\/v2\/users\/1"}],"replies":[{"embeddable":true,"href":"https:\/\/emfoco.med.br\/en\/wp-json\/wp\/v2\/comments?post=294993"}],"version-history":[{"count":4,"href":"https:\/\/emfoco.med.br\/en\/wp-json\/wp\/v2\/project\/294993\/revisions"}],"predecessor-version":[{"id":296591,"href":"https:\/\/emfoco.med.br\/en\/wp-json\/wp\/v2\/project\/294993\/revisions\/296591"}],"wp:featuredmedia":[{"embeddable":true,"href":"https:\/\/emfoco.med.br\/en\/wp-json\/wp\/v2\/media\/295002"}],"wp:attachment":[{"href":"https:\/\/emfoco.med.br\/en\/wp-json\/wp\/v2\/media?parent=294993"}],"wp:term":[{"taxonomy":"project_category","embeddable":true,"href":"https:\/\/emfoco.med.br\/en\/wp-json\/wp\/v2\/false?post=294993"},{"taxonomy":"project_tag","embeddable":true,"href":"https:\/\/emfoco.med.br\/en\/wp-json\/wp\/v2\/false?post=294993"}],"curies":[{"name":"wp","href":"https:\/\/api.w.org\/{rel}","templated":true}]}}