{"id":295122,"date":"2024-11-21T14:50:10","date_gmt":"2024-11-21T17:50:10","guid":{"rendered":"https:\/\/emfoco.med.br\/dr-cristiano-augusto\/"},"modified":"2025-08-27T20:06:07","modified_gmt":"2025-08-27T23:06:07","slug":"dr-cristiano-augusto","status":"publish","type":"project","link":"https:\/\/emfoco.med.br\/en\/dr-cristiano-augusto\/","title":{"rendered":"Dr. Cristiano Augusto"},"content":{"rendered":"<p>[et_pb_section fb_built=&#8221;1&#8243; disabled_on=&#8221;on|on|off&#8221; _builder_version=&#8221;4.24.2&#8243; _module_preset=&#8221;default&#8221; custom_padding=&#8221;10px||||false|false&#8221; global_colors_info=&#8221;{}&#8221;][et_pb_row column_structure=&#8221;1_3,2_3&#8243; use_custom_gutter=&#8221;on&#8221; gutter_width=&#8221;1&#8243; make_equal=&#8221;on&#8221; _builder_version=&#8221;4.24.2&#8243; _module_preset=&#8221;default&#8221; width=&#8221;90%&#8221; max_width=&#8221;100%&#8221; custom_margin=&#8221;||||false|false&#8221; custom_padding=&#8221;0px|20px|0px|20px|true|true&#8221; border_color_all=&#8221;#c1eae9&#8243; global_colors_info=&#8221;{}&#8221;][et_pb_column type=&#8221;1_3&#8243; _builder_version=&#8221;4.22.2&#8243; _module_preset=&#8221;default&#8221; custom_padding=&#8221;20px||20px||true|false&#8221; border_radii=&#8221;off|20px|||20px&#8221; border_width_all=&#8221;5px&#8221; border_color_all=&#8221;#13678a&#8221; global_colors_info=&#8221;{}&#8221;][difl_advanced_person ap_photo=&#8221;https:\/\/emfoco.med.br\/wp-content\/uploads\/2024\/11\/Cristiano-Augusto-profile.webp&#8221; ap_name=&#8221;Dr. Cristiano Augusto&#8221; ap_description=&#8221;<\/p>\n<p>CRM-SP <span style=%22font-weight: 400;%22>114668<\/span><\/p>\n<p>RQE <span style=%22font-weight: 400;%22>83810\/838101<\/span><\/p>\n<p>&#8221; module_wrapper_margin=&#8221;||40px||false|false&#8221; name_margin=&#8221;30px||||false|false&#8221; description_margin=&#8221;10px||||false|false&#8221; image_margin=&#8221;||||false|false&#8221; _builder_version=&#8221;4.27.4&#8243; _module_preset=&#8221;default&#8221; name_text_align=&#8221;center&#8221; name_font_size=&#8221;28px&#8221; description_text_align=&#8221;center&#8221; description_text_color=&#8221;rgba(10,10,10,0.56)&#8221; description_font_size=&#8221;18px&#8221; description_line_height=&#8221;0.5em&#8221; custom_margin=&#8221;||||false|false&#8221; hover_enabled=&#8221;0&#8243; custom_css_main_element=&#8221;text-align: center;&#8221; border_radii_photo_border=&#8221;on|200px|200px|200px|200px&#8221; border_width_all_photo_border=&#8221;5px&#8221; border_color_all_photo_border=&#8221;#13678a&#8221; global_colors_info=&#8221;{}&#8221; ap_name_tag=&#8221;h1&#8243; sticky_enabled=&#8221;0&#8243;][\/difl_advanced_person][difl_dual_button btn_left_background_bgcolor=&#8221;#13678a&#8221; btn_left_font_icon=&#8221;&#xe023;||divi||400&#8243; btn_left_icon_color=&#8221;#FFFFFF&#8221; btn_left_icon_placement=&#8221;left&#8221; btn_right_background_background_image=&#8221;https:\/\/emfoco.med.br\/wp-content\/uploads\/2024\/02\/iconewhatsapp1.webp&#8221; btn_right_background_background_image_size=&#8221;fit&#8221; btn_right_background_size_width=&#8221;100%&#8221; btn_right_background_size_height=&#8221;100%&#8221; use_right_button_icon=&#8221;off&#8221; left_button=&#8221;Book Online&#8221; left_button_url=&#8221;https:\/\/api.whatsapp.com\/send\/?phone=\u200e551132893195&amp;text=Ol%C3%A1%2C+vim+do+site+e+gostaria+de+mais+informa%C3%A7%C3%B5es+sobre+consulta+com+o+Dr.+Cristiano+Augusto.&amp;type=phone_number&amp;app_absent=0&#8243; right_button=&#8221;_&#8221; right_button_url=&#8221;https:\/\/api.whatsapp.com\/send\/?phone=\u200e551132893195&amp;text=Ol%C3%A1%2C+vim+do+site+e+gostaria+de+mais+informa%C3%A7%C3%B5es+sobre+consulta+com+o+Dr.+Cristiano+Augusto.&amp;type=phone_number&amp;app_absent=0&#8243; right_button_target=&#8221;on&#8221; right_button_wrapper_margin=&#8221;|||50px|false|false&#8221; alignment=&#8221;center&#8221; _builder_version=&#8221;4.27.4&#8243; _module_preset=&#8221;default&#8221; left_button_text_color=&#8221;#FFFFFF&#8221; right_button_text_color=&#8221;#FFFFFF&#8221; right_button_font_size=&#8221;22px&#8221; border_radii_left_button=&#8221;on|10px|10px|10px|10px&#8221; global_colors_info=&#8221;{}&#8221;][\/difl_dual_button][\/et_pb_column][et_pb_column type=&#8221;2_3&#8243; _builder_version=&#8221;4.22.2&#8243; _module_preset=&#8221;default&#8221; custom_padding=&#8221;2%||||false|false&#8221; border_radii=&#8221;off||20px|20px|&#8221; border_width_all=&#8221;5px&#8221; border_color_all=&#8221;#13678a&#8221; border_width_left=&#8221;0px&#8221; global_colors_info=&#8221;{}&#8221;][et_pb_text _builder_version=&#8221;4.27.3&#8243; _module_preset=&#8221;default&#8221; header_2_font_size=&#8221;18px&#8221; header_2_line_height=&#8221;1.8em&#8221; header_3_font=&#8221;||||||||&#8221; header_3_text_color=&#8221;#116789&#8243; header_3_line_height=&#8221;2em&#8221; header_5_text_color=&#8221;#116789&#8243; header_5_line_height=&#8221;0.8em&#8221; width=&#8221;90%&#8221; module_alignment=&#8221;center&#8221; custom_margin=&#8221;||||false|false&#8221; global_colors_info=&#8221;{}&#8221;]<\/p>\n<h2>My story<\/h2>\n<p><a href=\"https:\/\/emfoco.med.br\/en\/dr-cristiano-duarte-augusto-neurologist-in-sao-paulo\/\">Dr. Cristiano Duarte Augusto<\/a> is a specialist in Internal Medicine and Neurology at Hospital Santa Marcelina; and Neurophysiology at Hospital das Cl\u00ednicas, Faculty of Medicine, University of S\u00e3o Paulo, with a title from the Brazilian Society of Neurology and Neurophysiology. She has a postgraduate degree in Sleep from the Albert Einstein Brazilian Israelite Beneficent Society and in Sleep Medicine from the S\u00e3o Paulo Sleep Institute. <\/p>\n<p>&nbsp;<\/p>\n<p>[\/et_pb_text][difl_faq faq_layout=&#8221;toggle&#8221; close_icon_color=&#8221;#13678a&#8221; faq_wrapper_margin=&#8221;30px||30px|44px|false|false&#8221; faq_item_wrapper_margin=&#8221;||||false|false&#8221; faq_item_per_column_tablet=&#8221;2&#8243; faq_item_per_column_phone=&#8221;1&#8243; faq_item_per_column_last_edited=&#8221;on|desktop&#8221; _builder_version=&#8221;4.27.4&#8243; _module_preset=&#8221;default&#8221; question_text_font_size=&#8221;18px&#8221; width=&#8221;60%&#8221; border_width_all_faq_item_wrapper_border=&#8221;0px&#8221; locked=&#8221;off&#8221; global_colors_info=&#8221;{}&#8221; que_wrapper_bg_bgcolor__hover=&#8221;1px||||false|false&#8221; que_wrapper_bg_bgcolor__hover_enabled=&#8221;on|hover&#8221;][difl_faqitem question=&#8221;Especialidade m\u00e9dica&#8221; ans_img_padding=&#8221;||||false|false&#8221; _builder_version=&#8221;4.27.3&#8243; global_colors_info=&#8221;{}&#8221; que_wrapper_bg_bgcolor__hover=&#8221;1px||||false|false&#8221; que_wrapper_bg_bgcolor__hover_enabled=&#8221;on|hover&#8221;]<\/p>\n<p>Neurologia<\/p>\n<p>[\/difl_faqitem][difl_faqitem question=&#8221;Subespecializa\u00e7\u00f5es&#8221; ans_img_padding=&#8221;||||false|false&#8221; _builder_version=&#8221;4.27.3&#8243; global_colors_info=&#8221;{}&#8221; que_wrapper_bg_bgcolor__hover=&#8221;1px||||false|false&#8221; que_wrapper_bg_bgcolor__hover_enabled=&#8221;on|hover&#8221;]<\/p>\n<p>Neurofisiologia<\/p>\n<p>[\/difl_faqitem][difl_faqitem question=&#8221;Hospitais de refer\u00eancia&#8221; ans_img_padding=&#8221;||||false|false&#8221; _builder_version=&#8221;4.27.3&#8243; global_colors_info=&#8221;{}&#8221; que_wrapper_bg_bgcolor__hover=&#8221;1px||||false|false&#8221; que_wrapper_bg_bgcolor__hover_enabled=&#8221;on|hover&#8221;]<\/p>\n<p>Instituto do C\u00e2ncer do Estado de S\u00e3o Paulo<\/p>\n<p>Hospital das Cl\u00ednicas<\/p>\n<p>Hospital Santa Marcelina<\/p>\n<p>Hospital Evang\u00e9lico de Curitiba<\/p>\n<p>[\/difl_faqitem][difl_faqitem question=&#8221;Forma\u00e7\u00e3o profissional&#8221; ans_img_padding=&#8221;||||false|false&#8221; _builder_version=&#8221;4.27.3&#8243; global_colors_info=&#8221;{}&#8221; que_wrapper_bg_bgcolor__hover=&#8221;1px||||false|false&#8221; que_wrapper_bg_bgcolor__hover_enabled=&#8221;on|hover&#8221;]<\/p>\n<h6 class=\"font_6\">Gradua\u00e7\u00e3o:<\/h6>\n<ul>\n<li class=\"font_6\">Faculdade Evang\u00e9lica Mackenzie do Paran\u00e1<\/li>\n<\/ul>\n<p>&nbsp;<\/p>\n<h6 class=\"font_6\">Resid\u00eancias:<\/h6>\n<ul>\n<li>Cl\u00ednica M\u00e9dica pelo Hospital Santa Marcelina<\/li>\n<li>Neurologia pelo Hospital Santa Marcelina<\/li>\n<\/ul>\n<p>&nbsp;<\/p>\n<h6>Especializa\u00e7\u00f5es e aperfei\u00e7oamentos:<\/h6>\n<ul>\n<li>Neurofisiologia pelo Hospital das Cl\u00ednicas da Faculdade de Medicina da Universidade de S\u00e3o Paulo (HC-FMUSP)<\/li>\n<li>P\u00f3s-gradua\u00e7\u00e3o em Sono pela Sociedade Beneficente Israelita Brasileira Albert Einstein<\/li>\n<li>P\u00f3s-gradua\u00e7\u00e3o em Medicina do Sono pelo Instituto do Sono de S\u00e3o Paulo<\/li>\n<\/ul>\n<ul class=\"font_6\"><\/ul>\n<p>[\/difl_faqitem][difl_faqitem question=&#8221;\u00c1reas de atua\u00e7\u00e3o e experi\u00eancia profissional&#8221; ans_img_padding=&#8221;||||false|false&#8221; _builder_version=&#8221;4.27.3&#8243; global_colors_info=&#8221;{}&#8221; que_wrapper_bg_bgcolor__hover=&#8221;1px||||false|false&#8221; que_wrapper_bg_bgcolor__hover_enabled=&#8221;on|hover&#8221;]<\/p>\n<h6>Cefaleia:<\/h6>\n<ul>\n<li>Cefaleia tipo tensional<\/li>\n<li>Cefaleia Trig\u00eamino Auton\u00f4mica (CTA)<\/li>\n<li>Enxaqueca<\/li>\n<li>Neuralgia do trig\u00eameo<\/li>\n<\/ul>\n<p>&nbsp;<\/p>\n<h6>Dem\u00eancia:<\/h6>\n<ul>\n<li>Alzheimer<\/li>\n<li>Comprometimento cognitivo leve<\/li>\n<li>Queixas de altera\u00e7\u00e3o da aten\u00e7\u00e3o<\/li>\n<li>Queixas de esquecimento<\/li>\n<\/ul>\n<p>&nbsp;<\/p>\n<h6>Doen\u00e7as cerebrovasculares:<\/h6>\n<ul>\n<li>Acidente Isqu\u00eamico Transit\u00f3rio (AIT)<\/li>\n<li>Acidente Vascular Cerebral (AVC)<\/li>\n<li>Trombose venosa cerebral<\/li>\n<\/ul>\n<p>&nbsp;<\/p>\n<h6>Doen\u00e7as neuromusculares:<\/h6>\n<ul>\n<li>Polineuropatia<\/li>\n<li>Polirradiculoneuropatias<\/li>\n<\/ul>\n<p>&nbsp;<\/p>\n<h6>Epilepsia:<\/h6>\n<ul>\n<li>Eletroencefalograma<\/li>\n<li>Epilepsias focais<\/li>\n<li>Epilepsias generalizadas<\/li>\n<\/ul>\n<p>&nbsp;<\/p>\n<h6>Sono:<\/h6>\n<ul>\n<li>Apneia do sono<\/li>\n<li>Ins\u00f4nia<\/li>\n<li>Polissonografia<\/li>\n<li>Sonol\u00eancia diurna<\/li>\n<\/ul>\n<p>&nbsp;<\/p>\n<h6>Transtorno do movimento:<\/h6>\n<ul>\n<li>Distonia<\/li>\n<li>Parkinson<\/li>\n<li>Tremor essencial<\/li>\n<\/ul>\n<p>[\/difl_faqitem][\/difl_faq][\/et_pb_column][\/et_pb_row][\/et_pb_section][et_pb_section fb_built=&#8221;1&#8243; disabled_on=&#8221;off|off|on&#8221; _builder_version=&#8221;4.22.2&#8243; _module_preset=&#8221;default&#8221; custom_padding=&#8221;0px||||false|false&#8221; global_colors_info=&#8221;{}&#8221;][et_pb_row _builder_version=&#8221;4.24.2&#8243; _module_preset=&#8221;default&#8221; width=&#8221;100%&#8221; max_width=&#8221;100%&#8221; custom_margin=&#8221;||||false|false&#8221; custom_padding=&#8221;0px|5px|0px|5px|true|true&#8221; border_color_all=&#8221;#c1eae9&#8243; global_colors_info=&#8221;{}&#8221;][et_pb_column type=&#8221;4_4&#8243; _builder_version=&#8221;4.22.2&#8243; _module_preset=&#8221;default&#8221; custom_padding=&#8221;20px||20px||true|false&#8221; border_radii=&#8221;off|20px|20px|20px|20px&#8221; border_width_all=&#8221;5px&#8221; border_color_all=&#8221;#13678a&#8221; global_colors_info=&#8221;{}&#8221;][difl_advanced_person ap_photo=&#8221;https:\/\/emfoco.med.br\/wp-content\/uploads\/2024\/11\/Cristiano-Augusto-profile.webp&#8221; image_wrapper_max_width=&#8221;60%&#8221; ap_name=&#8221;Dr. Cristiano Augusto&#8221; ap_description=&#8221;<\/p>\n<p>CRM-SP <span style=%22font-weight: 400;%22>114668<\/span><\/p>\n<p>RQE <span style=%22font-weight: 400;%22>83810\/838101<\/span><\/p>\n<p>&#8221; module_wrapper_margin=&#8221;||40px||false|false&#8221; name_margin=&#8221;30px||||false|false&#8221; description_margin=&#8221;10px||||false|false&#8221; image_margin=&#8221;||||false|false&#8221; _builder_version=&#8221;4.27.3&#8243; _module_preset=&#8221;default&#8221; name_text_align=&#8221;center&#8221; description_text_align=&#8221;center&#8221; description_text_color=&#8221;rgba(10,10,10,0.56)&#8221; description_line_height=&#8221;0.5em&#8221; custom_margin=&#8221;||||false|false&#8221; custom_css_main_element=&#8221;text-align: center;&#8221; border_radii_photo_border=&#8221;on|200px|200px|200px|200px&#8221; border_width_all_photo_border=&#8221;5px&#8221; border_color_all_photo_border=&#8221;#13678a&#8221; global_colors_info=&#8221;{}&#8221;][\/difl_advanced_person][difl_dual_button btn_left_background_bgcolor=&#8221;#13678a&#8221; btn_left_font_icon=&#8221;&#xe023;||divi||400&#8243; btn_left_icon_color=&#8221;#FFFFFF&#8221; btn_left_icon_placement=&#8221;left&#8221; btn_right_background_background_image=&#8221;https:\/\/emfoco.med.br\/wp-content\/uploads\/2024\/02\/iconewhatsapp1.webp&#8221; btn_right_background_background_image_size=&#8221;fit&#8221; btn_right_background_size_width=&#8221;100%&#8221; btn_right_background_size_height=&#8221;100%&#8221; use_right_button_icon=&#8221;off&#8221; left_button=&#8221;Book Online&#8221; left_button_url=&#8221;https:\/\/api.whatsapp.com\/send\/?phone=\u200e551132893195&amp;text=Ol%C3%A1%2C+vim+do+site+e+gostaria+de+mais+informa%C3%A7%C3%B5es+sobre+consulta+com+o+Dr.+Cristiano+Augusto.&amp;type=phone_number&amp;app_absent=0&#8243; left_button_target=&#8221;on&#8221; right_button=&#8221;_&#8221; right_button_url=&#8221;https:\/\/api.whatsapp.com\/send\/?phone=\u200e551132893195&amp;text=Ol%C3%A1%2C+vim+do+site+e+gostaria+de+mais+informa%C3%A7%C3%B5es+sobre+consulta+com+o+Dr.+Cristiano+Augusto.&amp;type=phone_number&amp;app_absent=0&#8243; right_button_target=&#8221;on&#8221; left_button_wrapper_margin=&#8221;0px||||false|false&#8221; left_button_wrapper_padding=&#8221;||||false|false&#8221; right_button_wrapper_margin=&#8221;|||50px|false|false&#8221; left_button_padding=&#8221;10px|40px|10px|40px|false|false&#8221; alignment=&#8221;center&#8221; _builder_version=&#8221;4.27.4&#8243; _module_preset=&#8221;default&#8221; left_button_text_color=&#8221;#FFFFFF&#8221; left_button_font_size=&#8221;16px&#8221; right_button_text_color=&#8221;#FFFFFF&#8221; right_button_font_size=&#8221;16px&#8221; border_radii_left_button=&#8221;on|10px|10px|10px|10px&#8221; global_colors_info=&#8221;{}&#8221;][\/difl_dual_button][et_pb_text _builder_version=&#8221;4.27.3&#8243; _module_preset=&#8221;default&#8221; header_2_font_size=&#8221;22px&#8221; header_2_line_height=&#8221;1.8em&#8221; header_3_font=&#8221;||||||||&#8221; header_3_text_color=&#8221;#116789&#8243; header_3_font_size=&#8221;17px&#8221; header_3_line_height=&#8221;2em&#8221; header_5_text_color=&#8221;#116789&#8243; header_5_line_height=&#8221;0.8em&#8221; width=&#8221;90%&#8221; module_alignment=&#8221;center&#8221; custom_margin=&#8221;||||false|true&#8221; custom_padding=&#8221;|25px||25px|false|true&#8221; global_colors_info=&#8221;{}&#8221;]<\/p>\n<h2>My story<\/h2>\n<p><a href=\"https:\/\/emfoco.med.br\/en\/dr-cristiano-duarte-augusto-neurologist-in-sao-paulo\/\">Dr. Cristiano Duarte Augusto<\/a> is a specialist in Internal Medicine and Neurology at Hospital Santa Marcelina; and Neurophysiology at Hospital das Cl\u00ednicas, Faculty of Medicine, University of S\u00e3o Paulo, with a title from the Brazilian Society of Neurology and Neurophysiology. She has a postgraduate degree in Sleep from the Albert Einstein Brazilian Israelite Beneficent Society and in Sleep Medicine from the S\u00e3o Paulo Sleep Institute. <\/p>\n<p>&nbsp;<\/p>\n<p>[\/et_pb_text][difl_faq faq_layout=&#8221;toggle&#8221; close_icon_color=&#8221;#13678a&#8221; faq_wrapper_margin=&#8221;30px|10px|30px|10px|false|true&#8221; faq_item_wrapper_margin=&#8221;||||false|false&#8221; faq_item_per_column_tablet=&#8221;2&#8243; faq_item_per_column_phone=&#8221;1&#8243; faq_item_per_column_last_edited=&#8221;on|desktop&#8221; _builder_version=&#8221;4.27.3&#8243; _module_preset=&#8221;default&#8221; question_text_font_size=&#8221;18px&#8221; border_width_all_faq_item_wrapper_border=&#8221;0px&#8221; locked=&#8221;off&#8221; global_colors_info=&#8221;{}&#8221; que_wrapper_bg_bgcolor__hover=&#8221;1px||||false|false&#8221; que_wrapper_bg_bgcolor__hover_enabled=&#8221;on|hover&#8221;][difl_faqitem question=&#8221;Especialidade m\u00e9dica&#8221; ans_img_padding=&#8221;||||false|false&#8221; _builder_version=&#8221;4.27.3&#8243; global_colors_info=&#8221;{}&#8221; que_wrapper_bg_bgcolor__hover=&#8221;1px||||false|false&#8221; que_wrapper_bg_bgcolor__hover_enabled=&#8221;on|hover&#8221;]<\/p>\n<p>Neurologia<\/p>\n<p>[\/difl_faqitem][difl_faqitem question=&#8221;Subespecializa\u00e7\u00f5es&#8221; ans_img_padding=&#8221;||||false|false&#8221; _builder_version=&#8221;4.27.3&#8243; global_colors_info=&#8221;{}&#8221; que_wrapper_bg_bgcolor__hover=&#8221;1px||||false|false&#8221; que_wrapper_bg_bgcolor__hover_enabled=&#8221;on|hover&#8221;]<\/p>\n<p>Neurofisiologia<\/p>\n<p>[\/difl_faqitem][difl_faqitem question=&#8221;Hospitais de refer\u00eancia&#8221; ans_img_padding=&#8221;||||false|false&#8221; _builder_version=&#8221;4.27.3&#8243; global_colors_info=&#8221;{}&#8221; que_wrapper_bg_bgcolor__hover=&#8221;1px||||false|false&#8221; que_wrapper_bg_bgcolor__hover_enabled=&#8221;on|hover&#8221;]<\/p>\n<p>Instituto do C\u00e2ncer do Estado de S\u00e3o Paulo<\/p>\n<p>Hospital das Cl\u00ednicas<\/p>\n<p>Hospital Santa Marcelina<\/p>\n<p>Hospital Evang\u00e9lico de Curitiba<\/p>\n<p>[\/difl_faqitem][difl_faqitem question=&#8221;Forma\u00e7\u00e3o profissional&#8221; ans_img_padding=&#8221;||||false|false&#8221; _builder_version=&#8221;4.27.3&#8243; global_colors_info=&#8221;{}&#8221; que_wrapper_bg_bgcolor__hover=&#8221;1px||||false|false&#8221; que_wrapper_bg_bgcolor__hover_enabled=&#8221;on|hover&#8221;]<\/p>\n<h6 class=\"font_6\">Gradua\u00e7\u00e3o:<\/h6>\n<ul>\n<li class=\"font_6\">Faculdade Evang\u00e9lica Mackenzie do Paran\u00e1<\/li>\n<\/ul>\n<p>&nbsp;<\/p>\n<h6 class=\"font_6\">Resid\u00eancias:<\/h6>\n<ul>\n<li>Cl\u00ednica M\u00e9dica pelo Hospital Santa Marcelina<\/li>\n<li>Neurologia pelo Hospital Santa Marcelina<\/li>\n<\/ul>\n<p>&nbsp;<\/p>\n<h6>Especializa\u00e7\u00f5es e aperfei\u00e7oamentos:<\/h6>\n<ul>\n<li>Neurofisiologia pelo Hospital das Cl\u00ednicas da Faculdade de Medicina da Universidade de S\u00e3o Paulo (HC-FMUSP)<\/li>\n<li>P\u00f3s-gradua\u00e7\u00e3o em Sono pela Sociedade Beneficente Israelita Brasileira Albert Einstein<\/li>\n<li>P\u00f3s-gradua\u00e7\u00e3o em Medicina do Sono pelo Instituto do Sono de S\u00e3o Paulo<\/li>\n<\/ul>\n<ul class=\"font_6\"><\/ul>\n<ul class=\"font_6\"><\/ul>\n<ul class=\"font_6\"><\/ul>\n<p>[\/difl_faqitem][difl_faqitem question=&#8221;\u00c1reas de atua\u00e7\u00e3o e experi\u00eancia profissional&#8221; ans_img_padding=&#8221;||||false|false&#8221; _builder_version=&#8221;4.27.3&#8243; global_colors_info=&#8221;{}&#8221; que_wrapper_bg_bgcolor__hover=&#8221;1px||||false|false&#8221; que_wrapper_bg_bgcolor__hover_enabled=&#8221;on|hover&#8221;]<\/p>\n<h6>Cefaleia:<\/h6>\n<ul>\n<li>Cefaleia tipo tensional<\/li>\n<li>Cefaleia Trig\u00eamino Auton\u00f4mica (CTA)<\/li>\n<li>Enxaqueca<\/li>\n<li>Neuralgia do trig\u00eameo<\/li>\n<\/ul>\n<p>&nbsp;<\/p>\n<h6>Dem\u00eancia:<\/h6>\n<ul>\n<li>Alzheimer<\/li>\n<li>Comprometimento cognitivo leve<\/li>\n<li>Queixas de altera\u00e7\u00e3o da aten\u00e7\u00e3o<\/li>\n<li>Queixas de esquecimento<\/li>\n<\/ul>\n<p>&nbsp;<\/p>\n<h6>Doen\u00e7as cerebrovasculares:<\/h6>\n<ul>\n<li>Acidente Isqu\u00eamico Transit\u00f3rio (AIT)<\/li>\n<li>Acidente Vascular Cerebral (AVC)<\/li>\n<li>Trombose venosa cerebral <\/li>\n<\/ul>\n<p>&nbsp;<\/p>\n<h6>Doen\u00e7as neuromusculares:<\/h6>\n<ul>\n<li>Polineuropatia<\/li>\n<li>Polirradiculoneuropatias<\/li>\n<\/ul>\n<p>&nbsp;<\/p>\n<h6>Epilepsia:<\/h6>\n<ul>\n<li>Eletroencefalograma<\/li>\n<li>Epilepsias focais<\/li>\n<li>Epilepsias generalizadas<\/li>\n<\/ul>\n<p>&nbsp;<\/p>\n<h6>Sono:<\/h6>\n<ul>\n<li>Apneia do sono<\/li>\n<li>Ins\u00f4nia<\/li>\n<li>Polissonografia<\/li>\n<li>Sonol\u00eancia diurna<\/li>\n<\/ul>\n<p>&nbsp;<\/p>\n<h6>Transtorno do movimento:<\/h6>\n<ul>\n<li>Distonia<\/li>\n<li>Parkinson<\/li>\n<li>Tremor essencial<\/li>\n<\/ul>\n<p>[\/difl_faqitem][\/difl_faq][\/et_pb_column][\/et_pb_row][\/et_pb_section][et_pb_section fb_built=&#8221;1&#8243; disabled_on=&#8221;off|off|on&#8221; _builder_version=&#8221;4.23&#8243; _module_preset=&#8221;default&#8221; custom_padding=&#8221;0px||||false|false&#8221; global_colors_info=&#8221;{}&#8221;][et_pb_row _builder_version=&#8221;4.23.1&#8243; _module_preset=&#8221;default&#8221; width=&#8221;70%&#8221; max_width=&#8221;100%&#8221; locked=&#8221;off&#8221; global_colors_info=&#8221;{}&#8221;][et_pb_column type=&#8221;4_4&#8243; _builder_version=&#8221;4.23&#8243; _module_preset=&#8221;default&#8221; global_colors_info=&#8221;{}&#8221;][et_pb_image src=&#8221;https:\/\/emfoco.med.br\/wp-content\/uploads\/2024\/11\/Cefaleia-copiar.webp&#8221; title_text=&#8221;Headache copy&#8221; _builder_version=&#8221;4.27.3&#8243; _module_preset=&#8221;default&#8221; width=&#8221;50%&#8221; module_alignment=&#8221;center&#8221; global_colors_info=&#8221;{}&#8221;][\/et_pb_image][et_pb_text _builder_version=&#8221;4.27.3&#8243; _module_preset=&#8221;default&#8221; header_2_font_size=&#8221;19px&#8221; header_2_line_height=&#8221;1.8em&#8221; header_5_text_color=&#8221;#116789&#8243; header_5_line_height=&#8221;1.1em&#8221; text_orientation=&#8221;center&#8221; custom_margin=&#8221;-30px||||false|false&#8221; locked=&#8221;off&#8221; global_colors_info=&#8221;{}&#8221;]<\/p>\n<h2>Headache<\/h2>\n<h5>Tension headache<\/h5>\n<h5>Autonomic Trigeminal Headache (ATH)<\/h5>\n<h5>Migraine<\/h5>\n<h5>Trigeminal neuralgia<\/h5>\n<p>[\/et_pb_text][et_pb_image src=&#8221;https:\/\/emfoco.med.br\/wp-content\/uploads\/2024\/11\/Demencia-copiar.webp&#8221; title_text=&#8221;Dementia copy&#8221; _builder_version=&#8221;4.27.3&#8243; _module_preset=&#8221;default&#8221; width=&#8221;50%&#8221; module_alignment=&#8221;center&#8221; global_colors_info=&#8221;{}&#8221;][\/et_pb_image][et_pb_text _builder_version=&#8221;4.27.3&#8243; _module_preset=&#8221;default&#8221; header_2_font_size=&#8221;19px&#8221; header_2_line_height=&#8221;1.8em&#8221; header_5_text_color=&#8221;#116789&#8243; header_5_line_height=&#8221;1.1em&#8221; text_orientation=&#8221;center&#8221; custom_margin=&#8221;-30px||||false|false&#8221; locked=&#8221;off&#8221; global_colors_info=&#8221;{}&#8221;]<\/p>\n<h2>Dementia<\/h2>\n<h5>Alzheimer&#8217;s<\/h5>\n<h5>Mild cognitive impairment<\/h5>\n<h5>Complaints of altered attention<\/h5>\n<h5>Complaints of forgetfulness<\/h5>\n<p>[\/et_pb_text][et_pb_image src=&#8221;https:\/\/emfoco.med.br\/wp-content\/uploads\/2024\/11\/Doencas-cerebrovasculares-copiar.webp&#8221; title_text=&#8221;Cerebrovascular diseases copy&#8221; _builder_version=&#8221;4.27.3&#8243; _module_preset=&#8221;default&#8221; width=&#8221;50%&#8221; module_alignment=&#8221;center&#8221; global_colors_info=&#8221;{}&#8221;][\/et_pb_image][et_pb_text _builder_version=&#8221;4.27.3&#8243; _module_preset=&#8221;default&#8221; header_2_font_size=&#8221;19px&#8221; header_2_line_height=&#8221;1.8em&#8221; header_5_text_color=&#8221;#116789&#8243; header_5_line_height=&#8221;1.1em&#8221; text_orientation=&#8221;center&#8221; custom_margin=&#8221;-15px||||false|false&#8221; locked=&#8221;off&#8221; global_colors_info=&#8221;{}&#8221;]<\/p>\n<h2>Cerebrovascular diseases<\/h2>\n<h5>Transient Ischemic Attack (TIA)<\/h5>\n<h5>Cerebral Vascular Accident (CVA)<\/h5>\n<h5>Cerebral venous thrombosis  <\/h5>\n<p>[\/et_pb_text][et_pb_image src=&#8221;https:\/\/emfoco.med.br\/wp-content\/uploads\/2024\/11\/Doencas-neuromusculares-copiar.webp&#8221; title_text=&#8221;Neuromuscular diseases copy&#8221; _builder_version=&#8221;4.27.3&#8243; _module_preset=&#8221;default&#8221; width=&#8221;50%&#8221; module_alignment=&#8221;center&#8221; global_colors_info=&#8221;{}&#8221;][\/et_pb_image][et_pb_text _builder_version=&#8221;4.27.3&#8243; _module_preset=&#8221;default&#8221; header_2_font_size=&#8221;19px&#8221; header_2_line_height=&#8221;1.8em&#8221; header_5_text_color=&#8221;#116789&#8243; header_5_line_height=&#8221;1.1em&#8221; text_orientation=&#8221;center&#8221; custom_margin=&#8221;-30px||||false|false&#8221; locked=&#8221;off&#8221; global_colors_info=&#8221;{}&#8221;]<\/p>\n<h2>Neuromuscular diseases<\/h2>\n<h5>Polyneuropathy<\/h5>\n<h5>Polyradiculoneuropathies<\/h5>\n<p>[\/et_pb_text][et_pb_image src=&#8221;https:\/\/emfoco.med.br\/wp-content\/uploads\/2024\/11\/Epilepsia-copiar.webp&#8221; title_text=&#8221;Epilepsy copy&#8221; _builder_version=&#8221;4.27.3&#8243; _module_preset=&#8221;default&#8221; width=&#8221;50%&#8221; module_alignment=&#8221;center&#8221; global_colors_info=&#8221;{}&#8221;][\/et_pb_image][et_pb_text _builder_version=&#8221;4.27.3&#8243; _module_preset=&#8221;default&#8221; header_2_font_size=&#8221;19px&#8221; header_2_line_height=&#8221;1.8em&#8221; header_5_text_color=&#8221;#116789&#8243; header_5_line_height=&#8221;1.1em&#8221; text_orientation=&#8221;center&#8221; custom_margin=&#8221;-30px||||false|false&#8221; locked=&#8221;off&#8221; global_colors_info=&#8221;{}&#8221;]<\/p>\n<h2>Epilepsy<\/h2>\n<h5>Electroencephalogram<\/h5>\n<h5>Focal epilepsies<\/h5>\n<h5>Generalized epilepsies<\/h5>\n<p>[\/et_pb_text][et_pb_image src=&#8221;https:\/\/emfoco.med.br\/wp-content\/uploads\/2024\/11\/Sono-copiar.webp&#8221; title_text=&#8221;Sleep copying&#8221; _builder_version=&#8221;4.27.3&#8243; _module_preset=&#8221;default&#8221; width=&#8221;50%&#8221; module_alignment=&#8221;center&#8221; global_colors_info=&#8221;{}&#8221;][\/et_pb_image][et_pb_text _builder_version=&#8221;4.27.3&#8243; _module_preset=&#8221;default&#8221; header_2_font_size=&#8221;19px&#8221; header_2_line_height=&#8221;1.8em&#8221; header_5_text_color=&#8221;#116789&#8243; header_5_line_height=&#8221;1.1em&#8221; text_orientation=&#8221;center&#8221; custom_margin=&#8221;-30px||||false|false&#8221; locked=&#8221;off&#8221; global_colors_info=&#8221;{}&#8221;]<\/p>\n<h2>Sleep<\/h2>\n<h5>Sleep apnea<\/h5>\n<h5>Insomnia<\/h5>\n<h5>Polysomnography<\/h5>\n<h5>Daytime sleepiness<\/h5>\n<p>[\/et_pb_text][et_pb_image src=&#8221;https:\/\/emfoco.med.br\/wp-content\/uploads\/2024\/11\/Transtorno-do-movimento-copiar.webp&#8221; title_text=&#8221;Movement disorder copying&#8221; _builder_version=&#8221;4.27.3&#8243; _module_preset=&#8221;default&#8221; width=&#8221;50%&#8221; module_alignment=&#8221;center&#8221; global_colors_info=&#8221;{}&#8221;][\/et_pb_image][et_pb_text _builder_version=&#8221;4.27.3&#8243; _module_preset=&#8221;default&#8221; header_2_font_size=&#8221;19px&#8221; header_2_line_height=&#8221;1.8em&#8221; header_5_text_color=&#8221;#116789&#8243; header_5_line_height=&#8221;1.1em&#8221; text_orientation=&#8221;center&#8221; custom_margin=&#8221;-30px||||false|false&#8221; locked=&#8221;off&#8221; global_colors_info=&#8221;{}&#8221;]<\/p>\n<h2>Movement disorder<\/h2>\n<h5>Dystonia<\/h5>\n<h5>Parkinson<\/h5>\n<h5>Essential tremor<\/h5>\n<p>[\/et_pb_text][\/et_pb_column][\/et_pb_row][et_pb_row disabled_on=&#8221;off|off|off&#8221; _builder_version=&#8221;4.25.0&#8243; _module_preset=&#8221;default&#8221; global_colors_info=&#8221;{}&#8221;][et_pb_column type=&#8221;4_4&#8243; _builder_version=&#8221;4.25.0&#8243; _module_preset=&#8221;default&#8221; global_colors_info=&#8221;{}&#8221;][et_pb_video src=&#8221;https:\/\/youtu.be\/FJn7T9vYF3k&#8221; _builder_version=&#8221;4.27.3&#8243; _module_preset=&#8221;default&#8221; global_colors_info=&#8221;{}&#8221;][\/et_pb_video][\/et_pb_column][\/et_pb_row][et_pb_row _builder_version=&#8221;4.25.0&#8243; _module_preset=&#8221;default&#8221; custom_margin=&#8221;||||false|false&#8221; locked=&#8221;off&#8221; global_colors_info=&#8221;{}&#8221;][et_pb_column type=&#8221;4_4&#8243; _builder_version=&#8221;4.24.0&#8243; _module_preset=&#8221;default&#8221; global_colors_info=&#8221;{}&#8221;][et_pb_button button_url=&#8221;https:\/\/api.whatsapp.com\/send\/?phone=\u200e551132893195&amp;text=Ol%C3%A1%2C+vim+do+site+e+gostaria+de+mais+informa%C3%A7%C3%B5es+sobre+consulta+com+o+Dr.+Cristiano+Augusto.&amp;type=phone_number&amp;app_absent=0&#8243; url_new_window=&#8221;on&#8221; button_text=&#8221;Book your appointment&#8221; button_alignment=&#8221;center&#8221; _builder_version=&#8221;4.27.4&#8243; _module_preset=&#8221;default&#8221; custom_button=&#8221;on&#8221; button_text_color=&#8221;#FFFFFF&#8221; button_bg_color=&#8221;#196586&#8243; button_border_color=&#8221;#196586&#8243; button_border_radius=&#8221;20px&#8221; button_font=&#8221;|600|||||||&#8221; button_icon=&#8221;&#x45;||divi||400&#8243; button_icon_color=&#8221;#FFFFFF&#8221; button_on_hover=&#8221;off&#8221; custom_margin=&#8221;15px||||false|false&#8221; button_text_size_tablet=&#8221;18px&#8221; button_text_size_phone=&#8221;13px&#8221; button_text_size_last_edited=&#8221;on|tablet&#8221; global_colors_info=&#8221;{}&#8221;][\/et_pb_button][\/et_pb_column][\/et_pb_row][\/et_pb_section][et_pb_section fb_built=&#8221;1&#8243; disabled_on=&#8221;on|on|off&#8221; _builder_version=&#8221;4.23&#8243; _module_preset=&#8221;default&#8221; custom_padding=&#8221;0px||||false|false&#8221; global_colors_info=&#8221;{}&#8221;][et_pb_row column_structure=&#8221;1_4,1_4,1_4,1_4&#8243; _builder_version=&#8221;4.23.1&#8243; _module_preset=&#8221;default&#8221; width=&#8221;70%&#8221; max_width=&#8221;100%&#8221; locked=&#8221;off&#8221; global_colors_info=&#8221;{}&#8221;][et_pb_column type=&#8221;1_4&#8243; _builder_version=&#8221;4.23&#8243; _module_preset=&#8221;default&#8221; global_colors_info=&#8221;{}&#8221;][et_pb_image src=&#8221;https:\/\/emfoco.med.br\/wp-content\/uploads\/2024\/11\/Cefaleia-copiar.webp&#8221; title_text=&#8221;Headache copy&#8221; _builder_version=&#8221;4.27.3&#8243; _module_preset=&#8221;default&#8221; width=&#8221;50%&#8221; module_alignment=&#8221;center&#8221; global_colors_info=&#8221;{}&#8221;][\/et_pb_image][et_pb_text _builder_version=&#8221;4.27.3&#8243; _module_preset=&#8221;default&#8221; header_2_font_size=&#8221;19px&#8221; header_2_line_height=&#8221;1.8em&#8221; header_5_text_color=&#8221;#116789&#8243; header_5_line_height=&#8221;1.1em&#8221; text_orientation=&#8221;center&#8221; custom_margin=&#8221;-30px||||false|false&#8221; locked=&#8221;off&#8221; global_colors_info=&#8221;{}&#8221;]<\/p>\n<h2>Headache<\/h2>\n<h5>Tension headache<\/h5>\n<h5>Autonomic Trigeminal Headache (ATH)<\/h5>\n<h5>Migraine<\/h5>\n<h5>Trigeminal neuralgia<\/h5>\n<p>[\/et_pb_text][\/et_pb_column][et_pb_column type=&#8221;1_4&#8243; _builder_version=&#8221;4.23&#8243; _module_preset=&#8221;default&#8221; global_colors_info=&#8221;{}&#8221;][et_pb_image src=&#8221;https:\/\/emfoco.med.br\/wp-content\/uploads\/2024\/11\/Demencia-copiar.webp&#8221; title_text=&#8221;Dementia copy&#8221; _builder_version=&#8221;4.27.3&#8243; _module_preset=&#8221;default&#8221; width=&#8221;50%&#8221; module_alignment=&#8221;center&#8221; global_colors_info=&#8221;{}&#8221;][\/et_pb_image][et_pb_text _builder_version=&#8221;4.27.3&#8243; _module_preset=&#8221;default&#8221; header_2_font_size=&#8221;19px&#8221; header_2_line_height=&#8221;1.8em&#8221; header_5_text_color=&#8221;#116789&#8243; header_5_line_height=&#8221;1.1em&#8221; text_orientation=&#8221;center&#8221; custom_margin=&#8221;-30px||||false|false&#8221; locked=&#8221;off&#8221; global_colors_info=&#8221;{}&#8221;]<\/p>\n<h2>Dementia<\/h2>\n<h5>Alzheimer&#8217;s<\/h5>\n<h5>Mild cognitive impairment<\/h5>\n<h5>Complaints of altered attention<\/h5>\n<h5>Complaints of forgetfulness<\/h5>\n<p>[\/et_pb_text][\/et_pb_column][et_pb_column type=&#8221;1_4&#8243; _builder_version=&#8221;4.23&#8243; _module_preset=&#8221;default&#8221; global_colors_info=&#8221;{}&#8221;][et_pb_image src=&#8221;https:\/\/emfoco.med.br\/wp-content\/uploads\/2024\/11\/Doencas-cerebrovasculares-copiar.webp&#8221; title_text=&#8221;Cerebrovascular diseases copy&#8221; _builder_version=&#8221;4.27.3&#8243; _module_preset=&#8221;default&#8221; width=&#8221;50%&#8221; module_alignment=&#8221;center&#8221; global_colors_info=&#8221;{}&#8221;][\/et_pb_image][et_pb_text _builder_version=&#8221;4.27.3&#8243; _module_preset=&#8221;default&#8221; header_2_font_size=&#8221;19px&#8221; header_2_line_height=&#8221;1.8em&#8221; header_5_text_color=&#8221;#116789&#8243; header_5_line_height=&#8221;1.1em&#8221; text_orientation=&#8221;center&#8221; custom_margin=&#8221;-15px||||false|false&#8221; locked=&#8221;off&#8221; global_colors_info=&#8221;{}&#8221;]<\/p>\n<h2>Cerebrovascular diseases<\/h2>\n<h5>Transient Ischemic Attack (TIA)<\/h5>\n<h5>Cerebral Vascular Accident (CVA)<\/h5>\n<h5>Cerebral venous thrombosis  <\/h5>\n<p>[\/et_pb_text][\/et_pb_column][et_pb_column type=&#8221;1_4&#8243; _builder_version=&#8221;4.23&#8243; _module_preset=&#8221;default&#8221; global_colors_info=&#8221;{}&#8221;][et_pb_image src=&#8221;https:\/\/emfoco.med.br\/wp-content\/uploads\/2024\/11\/Doencas-neuromusculares-copiar.webp&#8221; title_text=&#8221;Neuromuscular diseases copy&#8221; _builder_version=&#8221;4.27.3&#8243; _module_preset=&#8221;default&#8221; width=&#8221;50%&#8221; module_alignment=&#8221;center&#8221; global_colors_info=&#8221;{}&#8221;][\/et_pb_image][et_pb_text _builder_version=&#8221;4.27.3&#8243; _module_preset=&#8221;default&#8221; header_2_font_size=&#8221;19px&#8221; header_2_line_height=&#8221;1.8em&#8221; header_5_text_color=&#8221;#116789&#8243; header_5_line_height=&#8221;1.1em&#8221; text_orientation=&#8221;center&#8221; custom_margin=&#8221;-15px||||false|false&#8221; locked=&#8221;off&#8221; global_colors_info=&#8221;{}&#8221;]<\/p>\n<h2>Neuromuscular diseases<\/h2>\n<h5>Polyneuropathy<\/h5>\n<h5>Polyradiculoneuropathies<\/h5>\n<p>[\/et_pb_text][\/et_pb_column][\/et_pb_row][et_pb_row column_structure=&#8221;1_3,1_3,1_3&#8243; _builder_version=&#8221;4.23.1&#8243; _module_preset=&#8221;default&#8221; width=&#8221;70%&#8221; max_width=&#8221;100%&#8221; locked=&#8221;off&#8221; global_colors_info=&#8221;{}&#8221;][et_pb_column type=&#8221;1_3&#8243; _builder_version=&#8221;4.23&#8243; _module_preset=&#8221;default&#8221; global_colors_info=&#8221;{}&#8221;][et_pb_image src=&#8221;https:\/\/emfoco.med.br\/wp-content\/uploads\/2024\/11\/Epilepsia-copiar.webp&#8221; title_text=&#8221;Epilepsy copy&#8221; _builder_version=&#8221;4.27.3&#8243; _module_preset=&#8221;default&#8221; width=&#8221;37%&#8221; module_alignment=&#8221;center&#8221; global_colors_info=&#8221;{}&#8221;][\/et_pb_image][et_pb_text _builder_version=&#8221;4.27.3&#8243; _module_preset=&#8221;default&#8221; header_2_font_size=&#8221;19px&#8221; header_2_line_height=&#8221;1.8em&#8221; header_5_text_color=&#8221;#116789&#8243; header_5_line_height=&#8221;1.1em&#8221; text_orientation=&#8221;center&#8221; custom_margin=&#8221;-30px||||false|false&#8221; locked=&#8221;off&#8221; global_colors_info=&#8221;{}&#8221;]<\/p>\n<h2>Epilepsy<\/h2>\n<h5>Electroencephalogram<\/h5>\n<h5>Focal epilepsies<\/h5>\n<h5>Generalized epilepsies<\/h5>\n<p>[\/et_pb_text][\/et_pb_column][et_pb_column type=&#8221;1_3&#8243; _builder_version=&#8221;4.23&#8243; _module_preset=&#8221;default&#8221; global_colors_info=&#8221;{}&#8221;][et_pb_image src=&#8221;https:\/\/emfoco.med.br\/wp-content\/uploads\/2024\/11\/Sono-copiar.webp&#8221; title_text=&#8221;Sleep copying&#8221; _builder_version=&#8221;4.27.3&#8243; _module_preset=&#8221;default&#8221; width=&#8221;37%&#8221; module_alignment=&#8221;center&#8221; global_colors_info=&#8221;{}&#8221;][\/et_pb_image][et_pb_text _builder_version=&#8221;4.27.3&#8243; _module_preset=&#8221;default&#8221; header_2_font_size=&#8221;19px&#8221; header_2_line_height=&#8221;1.8em&#8221; header_5_text_color=&#8221;#116789&#8243; header_5_line_height=&#8221;1.1em&#8221; text_orientation=&#8221;center&#8221; custom_margin=&#8221;-30px||||false|false&#8221; locked=&#8221;off&#8221; global_colors_info=&#8221;{}&#8221;]<\/p>\n<h2>Sleep<\/h2>\n<h5>Sleep apnea<\/h5>\n<h5>Insomnia<\/h5>\n<h5>Polysomnography<\/h5>\n<h5>Daytime sleepiness<\/h5>\n<p>[\/et_pb_text][\/et_pb_column][et_pb_column type=&#8221;1_3&#8243; _builder_version=&#8221;4.23&#8243; _module_preset=&#8221;default&#8221; global_colors_info=&#8221;{}&#8221;][et_pb_image src=&#8221;https:\/\/emfoco.med.br\/wp-content\/uploads\/2024\/11\/Transtorno-do-movimento-copiar.webp&#8221; title_text=&#8221;Movement disorder copying&#8221; _builder_version=&#8221;4.27.3&#8243; _module_preset=&#8221;default&#8221; width=&#8221;37%&#8221; module_alignment=&#8221;center&#8221; global_colors_info=&#8221;{}&#8221;][\/et_pb_image][et_pb_text _builder_version=&#8221;4.27.3&#8243; _module_preset=&#8221;default&#8221; header_2_font_size=&#8221;19px&#8221; header_2_line_height=&#8221;1.8em&#8221; header_5_text_color=&#8221;#116789&#8243; header_5_line_height=&#8221;1.1em&#8221; text_orientation=&#8221;center&#8221; custom_margin=&#8221;-15px||||false|false&#8221; locked=&#8221;off&#8221; global_colors_info=&#8221;{}&#8221;]<\/p>\n<h2>Movement disorder<\/h2>\n<h5>Dystonia<\/h5>\n<h5>Parkinson<\/h5>\n<h5>Essential tremor<\/h5>\n<p>[\/et_pb_text][\/et_pb_column][\/et_pb_row][et_pb_row disabled_on=&#8221;off|off|off&#8221; _builder_version=&#8221;4.25.0&#8243; _module_preset=&#8221;default&#8221; global_colors_info=&#8221;{}&#8221;][et_pb_column type=&#8221;4_4&#8243; _builder_version=&#8221;4.25.0&#8243; _module_preset=&#8221;default&#8221; global_colors_info=&#8221;{}&#8221;][et_pb_video src=&#8221;https:\/\/youtu.be\/FJn7T9vYF3k&#8221; _builder_version=&#8221;4.27.3&#8243; _module_preset=&#8221;default&#8221; global_colors_info=&#8221;{}&#8221;][\/et_pb_video][\/et_pb_column][\/et_pb_row][et_pb_row _builder_version=&#8221;4.25.0&#8243; _module_preset=&#8221;default&#8221; custom_margin=&#8221;||||false|false&#8221; locked=&#8221;off&#8221; global_colors_info=&#8221;{}&#8221;][et_pb_column type=&#8221;4_4&#8243; _builder_version=&#8221;4.24.0&#8243; _module_preset=&#8221;default&#8221; global_colors_info=&#8221;{}&#8221;][et_pb_button button_url=&#8221;https:\/\/api.whatsapp.com\/send\/?phone=\u200e551132893195&amp;text=Ol%C3%A1%2C+vim+do+site+e+gostaria+de+mais+informa%C3%A7%C3%B5es+sobre+consulta+com+o+Dr.+Cristiano+Augusto.&amp;type=phone_number&amp;app_absent=0&#8243; url_new_window=&#8221;on&#8221; button_text=&#8221;Book your appointment&#8221; button_alignment=&#8221;center&#8221; _builder_version=&#8221;4.27.4&#8243; _module_preset=&#8221;default&#8221; custom_button=&#8221;on&#8221; button_text_color=&#8221;#FFFFFF&#8221; button_bg_color=&#8221;#196586&#8243; button_border_color=&#8221;#196586&#8243; button_border_radius=&#8221;20px&#8221; button_font=&#8221;|600|||||||&#8221; button_icon=&#8221;&#x45;||divi||400&#8243; button_icon_color=&#8221;#FFFFFF&#8221; button_on_hover=&#8221;off&#8221; custom_margin=&#8221;15px||||false|false&#8221; button_text_size_tablet=&#8221;18px&#8221; button_text_size_phone=&#8221;13px&#8221; button_text_size_last_edited=&#8221;on|tablet&#8221; global_colors_info=&#8221;{}&#8221;][\/et_pb_button][\/et_pb_column][\/et_pb_row][\/et_pb_section]<\/p>\n","protected":false},"excerpt":{"rendered":"<p>Meet Dr. Cristiano Augusto, a specialist in Internal Medicine, Neurology and Neurophysiology.<\/p>\n","protected":false},"author":1,"featured_media":295129,"comment_status":"open","ping_status":"closed","template":"","meta":{"_et_pb_use_builder":"on","_et_pb_old_content":"","_et_gb_content_width":"","rank_math_focus_keyword":"dr. cristiano augusto","rank_math_title":"Dr. Cristiano Augusto","rank_math_description":"Meet Dr. Cristiano Augusto, a specialist in Internal Medicine, Neurology and Neurophysiology.","rank_math_og_title":"","rank_math_og_description":"","rank_math_og_image":"","rank_math_og_image_id":"","rank_math_twitter_title":"","rank_math_twitter_description":"","rank_math_twitter_image":"","rank_math_canonical_url":"","rank_math_robots":"","rank_math_rich_snippet":"","rank_math_snippet_name":"","rank_math_snippet_desc":"","rank_math_seo_score":"","rank_math_pillar_content":"","footnotes":""},"false":[],"class_list":["post-295122","project","type-project","status-publish","has-post-thumbnail","hentry","project_category-neurology"],"_links":{"self":[{"href":"https:\/\/emfoco.med.br\/en\/wp-json\/wp\/v2\/project\/295122","targetHints":{"allow":["GET"]}}],"collection":[{"href":"https:\/\/emfoco.med.br\/en\/wp-json\/wp\/v2\/project"}],"about":[{"href":"https:\/\/emfoco.med.br\/en\/wp-json\/wp\/v2\/types\/project"}],"author":[{"embeddable":true,"href":"https:\/\/emfoco.med.br\/en\/wp-json\/wp\/v2\/users\/1"}],"replies":[{"embeddable":true,"href":"https:\/\/emfoco.med.br\/en\/wp-json\/wp\/v2\/comments?post=295122"}],"version-history":[{"count":2,"href":"https:\/\/emfoco.med.br\/en\/wp-json\/wp\/v2\/project\/295122\/revisions"}],"predecessor-version":[{"id":295133,"href":"https:\/\/emfoco.med.br\/en\/wp-json\/wp\/v2\/project\/295122\/revisions\/295133"}],"wp:featuredmedia":[{"embeddable":true,"href":"https:\/\/emfoco.med.br\/en\/wp-json\/wp\/v2\/media\/295129"}],"wp:attachment":[{"href":"https:\/\/emfoco.med.br\/en\/wp-json\/wp\/v2\/media?parent=295122"}],"wp:term":[{"taxonomy":"project_category","embeddable":true,"href":"https:\/\/emfoco.med.br\/en\/wp-json\/wp\/v2\/false?post=295122"},{"taxonomy":"project_tag","embeddable":true,"href":"https:\/\/emfoco.med.br\/en\/wp-json\/wp\/v2\/false?post=295122"}],"curies":[{"name":"wp","href":"https:\/\/api.w.org\/{rel}","templated":true}]}}