{"id":296003,"date":"2024-11-05T09:16:46","date_gmt":"2024-11-05T12:16:46","guid":{"rendered":"https:\/\/emfoco.med.br\/dr-daniela-galli\/"},"modified":"2025-08-27T20:28:30","modified_gmt":"2025-08-27T23:28:30","slug":"dr-daniela-galli","status":"publish","type":"project","link":"https:\/\/emfoco.med.br\/en\/project\/dr-daniela-galli\/","title":{"rendered":"Dr. Daniela Galli"},"content":{"rendered":"<p>[et_pb_section fb_built=&#8221;1&#8243; disabled_on=&#8221;on|on|off&#8221; _builder_version=&#8221;4.24.2&#8243; _module_preset=&#8221;default&#8221; custom_padding=&#8221;10px||||false|false&#8221; global_colors_info=&#8221;{}&#8221;][et_pb_row column_structure=&#8221;1_3,2_3&#8243; use_custom_gutter=&#8221;on&#8221; gutter_width=&#8221;1&#8243; make_equal=&#8221;on&#8221; _builder_version=&#8221;4.27.2&#8243; _module_preset=&#8221;default&#8221; width=&#8221;90%&#8221; max_width=&#8221;100%&#8221; custom_margin=&#8221;||||false|false&#8221; custom_padding=&#8221;0px|20px|0px|20px|true|true&#8221; border_color_all=&#8221;#c1eae9&#8243; global_colors_info=&#8221;{}&#8221;][et_pb_column type=&#8221;1_3&#8243; _builder_version=&#8221;4.27.2&#8243; _module_preset=&#8221;default&#8221; custom_padding=&#8221;20px||20px||true|false&#8221; border_radii=&#8221;off|20px|||20px&#8221; border_width_all=&#8221;5px&#8221; border_color_all=&#8221;#13678a&#8221; global_colors_info=&#8221;{}&#8221;][difl_advanced_person ap_photo=&#8221;https:\/\/emfoco.med.br\/wp-content\/uploads\/2024\/11\/Daniela-Galli-Profile.webp&#8221; ap_name=&#8221;Dr. Daniela Galli &#8221; ap_description=&#8221;<\/p>\n<p>CRFa-SP <span style=%22font-weight: 400;%22>2-8980<\/span><span style=%22font-weight: 400;%22><\/span><\/p>\n<p><span style=%22font-weight: 400;%22><\/span>Voice Specialist CFF <span style=%22font-weight: 400;%22>5275\/10<\/span><span style=%22font-weight: 400;%22><\/span><\/p>\n<p><span style=%22font-weight: 400;%22><\/span><\/p>\n<p>&#8221; module_wrapper_margin=&#8221;||40px||false|false&#8221; name_margin=&#8221;30px||||false|false&#8221; description_margin=&#8221;10px||||false|false&#8221; image_margin=&#8221;||||false|false&#8221; _builder_version=&#8221;4.27.2&#8243; _module_preset=&#8221;default&#8221; name_text_align=&#8221;center&#8221; name_font_size=&#8221;28px&#8221; description_text_align=&#8221;center&#8221; description_text_color=&#8221;rgba(10,10,10,0.56)&#8221; description_font_size=&#8221;18px&#8221; description_line_height=&#8221;0.5em&#8221; custom_margin=&#8221;||||false|false&#8221; custom_css_main_element=&#8221;text-align: center;&#8221; border_radii_photo_border=&#8221;on|200px|200px|200px|200px&#8221; border_width_all_photo_border=&#8221;5px&#8221; border_color_all_photo_border=&#8221;#13678a&#8221; global_colors_info=&#8221;{}&#8221;][\/difl_advanced_person][difl_dual_button btn_left_background_bgcolor=&#8221;#13678a&#8221; btn_left_font_icon=&#8221;&#xe023;||divi||400&#8243; btn_left_icon_color=&#8221;#FFFFFF&#8221; btn_left_icon_placement=&#8221;left&#8221; btn_right_background_background_image=&#8221;https:\/\/emfoco.med.br\/wp-content\/uploads\/2024\/02\/iconewhatsapp1.webp&#8221; btn_right_background_background_image_size=&#8221;fit&#8221; btn_right_background_size_width=&#8221;100%&#8221; btn_right_background_size_height=&#8221;100%&#8221; use_right_button_icon=&#8221;off&#8221; left_button=&#8221;Book Online&#8221; left_button_url=&#8221;https:\/\/api.whatsapp.com\/send\/?phone=\u200e551132893195&amp;text=Ol%C3%A1%2C+vim+do+site+e+gostaria+de+mais+informa%C3%A7%C3%B5es+sobre+consulta+com+a+Dra.+Daniela+Galli.&amp;type=phone_number&amp;app_absent=0&#8243; right_button=&#8221;_&#8221; right_button_url=&#8221;https:\/\/api.whatsapp.com\/send\/?phone=\u200e551132893195&amp;text=Ol%C3%A1%2C+vim+do+site+e+gostaria+de+mais+informa%C3%A7%C3%B5es+sobre+consulta+com+a+Dra.+Daniela+Galli.&amp;type=phone_number&amp;app_absent=0&#8243; right_button_target=&#8221;on&#8221; right_button_wrapper_margin=&#8221;|||50px|false|false&#8221; alignment=&#8221;center&#8221; _builder_version=&#8221;4.27.4&#8243; _module_preset=&#8221;default&#8221; left_button_text_color=&#8221;#FFFFFF&#8221; right_button_text_color=&#8221;#FFFFFF&#8221; right_button_font_size=&#8221;22px&#8221; border_radii_left_button=&#8221;on|10px|10px|10px|10px&#8221; global_colors_info=&#8221;{}&#8221;][\/difl_dual_button][\/et_pb_column][et_pb_column type=&#8221;2_3&#8243; _builder_version=&#8221;4.27.2&#8243; _module_preset=&#8221;default&#8221; custom_padding=&#8221;2%||1%||false|false&#8221; border_radii=&#8221;off||20px|20px|&#8221; border_width_all=&#8221;5px&#8221; border_color_all=&#8221;#13678a&#8221; border_width_left=&#8221;0px&#8221; global_colors_info=&#8221;{}&#8221;][et_pb_text _builder_version=&#8221;4.27.4&#8243; _module_preset=&#8221;default&#8221; header_2_font_size=&#8221;18px&#8221; header_2_line_height=&#8221;1.8em&#8221; header_3_font=&#8221;||||||||&#8221; header_3_text_color=&#8221;#116789&#8243; header_3_line_height=&#8221;2em&#8221; header_5_text_color=&#8221;#116789&#8243; header_5_line_height=&#8221;0.8em&#8221; width=&#8221;90%&#8221; module_alignment=&#8221;center&#8221; custom_margin=&#8221;||||false|false&#8221; global_colors_info=&#8221;{}&#8221;]<\/p>\n<h2>My story<\/h2>\n<p class=\"font_6\">A  <a href=\"https:\/\/emfoco.med.br\/en\/dr-daniela-galli-speech-therapy-sao-paulo\/\">Dr. Daniela Martins Galli <\/a>  She holds a Master&#8217;s degree in Speech and Hearing Therapy from the Pontifical Catholic University of S\u00e3o Paulo and a Specialization in Voice from the Irmandade da Santa Casa de Miseric\u00f3rdia de S\u00e3o Paulo.  <\/p>\n<p>[\/et_pb_text][difl_faq faq_layout=&#8221;toggle&#8221; close_icon_color=&#8221;#13678a&#8221; faq_wrapper_margin=&#8221;30px||30px|44px|false|false&#8221; faq_item_wrapper_margin=&#8221;||||false|false&#8221; faq_item_per_column_tablet=&#8221;2&#8243; faq_item_per_column_phone=&#8221;1&#8243; faq_item_per_column_last_edited=&#8221;on|desktop&#8221; _builder_version=&#8221;4.27.2&#8243; _module_preset=&#8221;default&#8221; question_text_font_size=&#8221;18px&#8221; width=&#8221;60%&#8221; border_width_all_faq_item_wrapper_border=&#8221;0px&#8221; locked=&#8221;off&#8221; global_colors_info=&#8221;{}&#8221; que_wrapper_bg_bgcolor__hover=&#8221;1px||||false|false&#8221; que_wrapper_bg_bgcolor__hover_enabled=&#8221;on|hover&#8221;][difl_faqitem question=&#8221;Especialidade&#8221; ans_img_padding=&#8221;||||false|false&#8221; _builder_version=&#8221;4.27.2&#8243; global_colors_info=&#8221;{}&#8221; que_wrapper_bg_bgcolor__hover=&#8221;1px||||false|false&#8221; que_wrapper_bg_bgcolor__hover_enabled=&#8221;on|hover&#8221;]<\/p>\n<p>Fonoaudiologia<\/p>\n<p>[\/difl_faqitem][difl_faqitem question=&#8221;Subespecializa\u00e7\u00f5es&#8221; ans_img_padding=&#8221;||||false|false&#8221; _builder_version=&#8221;4.27.2&#8243; global_colors_info=&#8221;{}&#8221; que_wrapper_bg_bgcolor__hover=&#8221;1px||||false|false&#8221; que_wrapper_bg_bgcolor__hover_enabled=&#8221;on|hover&#8221;]<\/p>\n<p>Voz<\/p>\n<p>[\/difl_faqitem][difl_faqitem question=&#8221;Hospitais de refer\u00eancia&#8221; ans_img_padding=&#8221;||||false|false&#8221; _builder_version=&#8221;4.27.2&#8243; global_colors_info=&#8221;{}&#8221; que_wrapper_bg_bgcolor__hover=&#8221;1px||||false|false&#8221; que_wrapper_bg_bgcolor__hover_enabled=&#8221;on|hover&#8221;]<\/p>\n<p>Instituto de Infectologia Em\u00edlio Ribas<\/p>\n<p>Santa Casa de Miseric\u00f3rdia de S\u00e3o Paulo<\/p>\n<p>Hospital Paulista de Otorrinolaringologia<\/p>\n<p>Hospital do Servidor P\u00fablico Estadual &#8211; SP<\/p>\n<p>Hospital Infantil Darcy Vargas<\/p>\n<p>[\/difl_faqitem][difl_faqitem question=&#8221;Forma\u00e7\u00e3o profissional&#8221; ans_img_padding=&#8221;||||false|false&#8221; _builder_version=&#8221;4.27.2&#8243; global_colors_info=&#8221;{}&#8221; que_wrapper_bg_bgcolor__hover=&#8221;1px||||false|false&#8221; que_wrapper_bg_bgcolor__hover_enabled=&#8221;on|hover&#8221;]<\/p>\n<h6 class=\"font_6\">Gradua\u00e7\u00e3o:<\/h6>\n<ul>\n<li class=\"font_6\">Fonoaudiologia pela Pontif\u00edcia Universidade Cat\u00f3lica de S\u00e3o Paulo (PUC-SP)<\/li>\n<\/ul>\n<p>&nbsp;<\/p>\n<h6>Especializa\u00e7\u00f5es e aperfei\u00e7oamentos:<\/h6>\n<ul>\n<li>Mestrado em Comunica\u00e7\u00e3o Humana e Sa\u00fade pela Pontif\u00edcia Universidade Cat\u00f3lica de S\u00e3o Paulo (PUC-SP)<\/li>\n<li>Especialista em Voz pelo Conselho Federal de Fonoaudiologia (CFF)<\/li>\n<li>Aprimoramento em Sa\u00fade Coletiva pela Pontif\u00edcia Universidade Cat\u00f3lica de S\u00e3o Paulo (PUC-SP)<\/li>\n<\/ul>\n<ul class=\"font_6\"><\/ul>\n<p>[\/difl_faqitem][difl_faqitem question=&#8221;\u00c1reas de atua\u00e7\u00e3o e experi\u00eancia profissional&#8221; ans_img_padding=&#8221;||||false|false&#8221; _builder_version=&#8221;4.27.2&#8243; global_colors_info=&#8221;{}&#8221; que_wrapper_bg_bgcolor__hover=&#8221;1px||||false|false&#8221; que_wrapper_bg_bgcolor__hover_enabled=&#8221;on|hover&#8221;]<\/p>\n<h6>Comunica\u00e7\u00e3o, dic\u00e7\u00e3o e orat\u00f3ria:<\/h6>\n<ul>\n<li>Avalia\u00e7\u00e3o e diagn\u00f3stico da fala, linguagem, voz e motricidade orofacial envolvidas na performance comunicativa;<\/li>\n<li>Levantamento das necessidades e demandas na comunica\u00e7\u00e3o verbal e n\u00e3o-verbal;<\/li>\n<li>Desenvolvimento dos recursos e habilidades comunicativas;<\/li>\n<li>Treinamento da comunica\u00e7\u00e3o com a realiza\u00e7\u00e3o de exerc\u00edcios e t\u00e9cnicas vocais;<\/li>\n<li>Conscientiza\u00e7\u00e3o e desenvolvimento da pot\u00eancia da voz e comunica\u00e7\u00e3o para perder o medo de falar em p\u00fablico;<\/li>\n<li>Prepara\u00e7\u00e3o para apresenta\u00e7\u00f5es orais, reuni\u00f5es e exposi\u00e7\u00f5es em p\u00fablico;<\/li>\n<li>Prepara\u00e7\u00e3o para apresenta\u00e7\u00f5es acad\u00eamicas como semin\u00e1rios, defesas de mestrado e doutorado, etc), sustenta\u00e7\u00e3o oral e exame da OAB;<\/li>\n<li>Prepara\u00e7\u00e3o para entrevistas, videocurr\u00edculo, sele\u00e7\u00f5es, recrutamento e produ\u00e7\u00e3o de conte\u00fado digital.<\/li>\n<\/ul>\n<p>&nbsp;<\/p>\n<h6>Linguagem e fala:<\/h6>\n<ul>\n<li>Estimula\u00e7\u00e3o, desenvolvimento e reabilita\u00e7\u00e3o dos dist\u00farbios da linguagem oral, fala e escrita em crian\u00e7as, provenientes ou n\u00e3o de les\u00f5es neurol\u00f3gicas ou fatores ambientais;<\/li>\n<li>Trabalho com pais e escolas no caso de crian\u00e7as com transtornos de linguagem;<\/li>\n<li>Atraso no desenvolvimento de linguagem e fala;<\/li>\n<li>Dist\u00farbio espec\u00edfico de linguagem;<\/li>\n<li>Altera\u00e7\u00e3o dos Processos Fon\u00e9tico-Fonol\u00f3gicos;<\/li>\n<li>Troca de letras na fala e na escrita;<\/li>\n<li>Dislalia, discalculia, disgrafia, disortografia, dislexia, dist\u00farbios do aprendizado em geral;<\/li>\n<li>Dificuldades no processo de alfabetiza\u00e7\u00e3o;<\/li>\n<li>Disflu\u00eancia e Gagueira;<\/li>\n<li>Realiza\u00e7\u00e3o de laudos, relat\u00f3rios e\/ou encaminhamentos, quando necess\u00e1rio.<\/li>\n<\/ul>\n<p>&nbsp;<\/p>\n<h6>Motricidade orofacial:<\/h6>\n<ul>\n<li>Reabilita\u00e7\u00e3o das estruturas orofaciais envolvidas nas fun\u00e7\u00f5es de respira\u00e7\u00e3o, suc\u00e7\u00e3o, mastiga\u00e7\u00e3o, degluti\u00e7\u00e3o, express\u00e3o facial e articula\u00e7\u00e3o da fala;<\/li>\n<li>Ronco e apneia do sono;<\/li>\n<li>Dist\u00farbios temporomandibulares;<\/li>\n<li>Bruxismo;<\/li>\n<li>Hipotonia dos \u00d3rg\u00e3os Fonoarticuladores;<\/li>\n<li>Interposi\u00e7\u00e3o de l\u00edngua ou ceceio frontal;<\/li>\n<li>Degluti\u00e7\u00e3o at\u00edpica e disfagia;<\/li>\n<li>Paralisia facial;<\/li>\n<li>Realiza\u00e7\u00e3o de laudos, relat\u00f3rios e\/ou encaminhamentos, quando necess\u00e1rio.<\/li>\n<\/ul>\n<h6><\/h6>\n<h6>Voz:<\/h6>\n<ul>\n<li>Avalia\u00e7\u00e3o cl\u00ednica perceptivo auditiva da voz;<\/li>\n<li>Avalia\u00e7\u00e3o instrumental (an\u00e1lise ac\u00fastica) da voz;<\/li>\n<li>Aprimoramento vocal;<\/li>\n<li>Reabilita\u00e7\u00e3o das disfonias (rouquid\u00e3o) por uso excessivo da voz e mau uso, por n\u00f3dulos vocais, paresia e paralisia lar\u00edngea, cisto vocal, sulco vocal, p\u00f3lipos, presbifonia, entre outros (em crian\u00e7as, adultos e idosos);<\/li>\n<li>Muda vocal incompleta;<\/li>\n<li>Disfonia psicog\u00eanica;<\/li>\n<li>Condicionamento vocal para profissionais de alta performance e demanda de uso de voz como \u201cYouTubers\u201d, cantores, atores, vendedores, locutores, palestrantes, entre outros);<\/li>\n<li>Terapia fonoaudiol\u00f3gica tradicional com a realiza\u00e7\u00e3o de exerc\u00edcios vocais, t\u00e9cnicas, orienta\u00e7\u00f5es e aplica\u00e7\u00e3o de recursos terap\u00eauticos adicionais, quando necess\u00e1rio, como: bandagem terap\u00eautica, eletroestimula\u00e7\u00e3o, fotobiomodula\u00e7\u00e3o, manobras e massagens;<\/li>\n<li>Realiza\u00e7\u00e3o de laudos, relat\u00f3rios e\/ou encaminhamentos, quando necess\u00e1rio.<\/li>\n<\/ul>\n<p>&nbsp;<\/p>\n<h6>Voz e g\u00eanero:<\/h6>\n<ul>\n<li>Terapia de voz e de comunica\u00e7\u00e3o (feminiza\u00e7\u00e3o vocal) para mulheres transg\u00eaneros e travestis;<\/li>\n<li>Terapia de voz e comunica\u00e7\u00e3o para homens transg\u00eanero;<\/li>\n<li>Terapia fonoaudiol\u00f3gica para pessoas n\u00e3o bin\u00e1rias;<\/li>\n<li>Aperfei\u00e7oamento da voz art\u00edstica de pessoas transg\u00eaneros e n\u00e3o bin\u00e1rias.<\/li>\n<\/ul>\n<p>[\/difl_faqitem][\/difl_faq][\/et_pb_column][\/et_pb_row][\/et_pb_section][et_pb_section fb_built=&#8221;1&#8243; disabled_on=&#8221;off|off|on&#8221; _builder_version=&#8221;4.22.2&#8243; _module_preset=&#8221;default&#8221; custom_padding=&#8221;0px||||false|false&#8221; global_colors_info=&#8221;{}&#8221;][et_pb_row _builder_version=&#8221;4.24.2&#8243; _module_preset=&#8221;default&#8221; width=&#8221;100%&#8221; max_width=&#8221;100%&#8221; custom_margin=&#8221;||||false|false&#8221; custom_padding=&#8221;0px|5px|0px|5px|true|true&#8221; border_color_all=&#8221;#c1eae9&#8243; global_colors_info=&#8221;{}&#8221;][et_pb_column type=&#8221;4_4&#8243; _builder_version=&#8221;4.22.2&#8243; _module_preset=&#8221;default&#8221; custom_padding=&#8221;20px||20px||true|false&#8221; border_radii=&#8221;off|20px|20px|20px|20px&#8221; border_width_all=&#8221;5px&#8221; border_color_all=&#8221;#13678a&#8221; global_colors_info=&#8221;{}&#8221;][difl_advanced_person ap_photo=&#8221;https:\/\/emfoco.med.br\/wp-content\/uploads\/2024\/11\/Daniela-Galli-Profile.webp&#8221; image_wrapper_max_width=&#8221;60%&#8221; ap_name=&#8221;Dr. Daniela Galli &#8221; ap_description=&#8221;<\/p>\n<p>CRFa-SP <span style=%22font-weight: 400;%22>2-8980<\/span><span style=%22font-weight: 400;%22><\/span><\/p>\n<p><span style=%22font-weight: 400;%22><\/span>Voice Specialist CFF <span style=%22font-weight: 400;%22>5275\/10<\/span><span style=%22font-weight: 400;%22><\/span><\/p>\n<p>&#8221; module_wrapper_margin=&#8221;||40px||false|false&#8221; name_margin=&#8221;30px||||false|false&#8221; description_margin=&#8221;10px||||false|false&#8221; image_margin=&#8221;||||false|false&#8221; _builder_version=&#8221;4.27.2&#8243; _module_preset=&#8221;default&#8221; name_text_align=&#8221;center&#8221; description_text_align=&#8221;center&#8221; description_text_color=&#8221;rgba(10,10,10,0.56)&#8221; description_line_height=&#8221;0.5em&#8221; custom_margin=&#8221;||||false|false&#8221; custom_css_main_element=&#8221;text-align: center;&#8221; border_radii_photo_border=&#8221;on|200px|200px|200px|200px&#8221; border_width_all_photo_border=&#8221;5px&#8221; border_color_all_photo_border=&#8221;#13678a&#8221; global_colors_info=&#8221;{}&#8221;][\/difl_advanced_person][difl_dual_button btn_left_background_bgcolor=&#8221;#13678a&#8221; btn_left_font_icon=&#8221;&#xe023;||divi||400&#8243; btn_left_icon_color=&#8221;#FFFFFF&#8221; btn_left_icon_placement=&#8221;left&#8221; btn_right_background_background_image=&#8221;https:\/\/emfoco.med.br\/wp-content\/uploads\/2024\/02\/iconewhatsapp1.webp&#8221; btn_right_background_background_image_size=&#8221;fit&#8221; btn_right_background_size_width=&#8221;100%&#8221; btn_right_background_size_height=&#8221;100%&#8221; use_right_button_icon=&#8221;off&#8221; left_button=&#8221;Book Online&#8221; left_button_url=&#8221;https:\/\/api.whatsapp.com\/send\/?phone=\u200e551132893195&amp;text=Ol%C3%A1%2C+vim+do+site+e+gostaria+de+mais+informa%C3%A7%C3%B5es+sobre+consulta+com+a+Dra.+Daniela+Galli.&amp;type=phone_number&amp;app_absent=0&#8243; left_button_target=&#8221;on&#8221; right_button=&#8221;_&#8221; right_button_url=&#8221;https:\/\/api.whatsapp.com\/send\/?phone=\u200e551132893195&amp;text=Ol%C3%A1%2C+vim+do+site+e+gostaria+de+mais+informa%C3%A7%C3%B5es+sobre+consulta+com+a+Dra.+Daniela+Galli.&amp;type=phone_number&amp;app_absent=0&#8243; right_button_target=&#8221;on&#8221; right_button_wrapper_margin=&#8221;|||20px|false|false&#8221; left_button_padding=&#8221;10px|40px|10px|40px|false|false&#8221; alignment=&#8221;center&#8221; _builder_version=&#8221;4.27.4&#8243; _module_preset=&#8221;default&#8221; left_button_text_color=&#8221;#FFFFFF&#8221; left_button_font_size=&#8221;16px&#8221; right_button_text_color=&#8221;#FFFFFF&#8221; right_button_font_size=&#8221;16px&#8221; border_radii_left_button=&#8221;on|10px|10px|10px|10px&#8221; global_colors_info=&#8221;{}&#8221;][\/difl_dual_button][et_pb_text _builder_version=&#8221;4.27.2&#8243; _module_preset=&#8221;default&#8221; header_2_font_size=&#8221;22px&#8221; header_2_line_height=&#8221;1.8em&#8221; header_3_font=&#8221;||||||||&#8221; header_3_text_color=&#8221;#116789&#8243; header_3_font_size=&#8221;17px&#8221; header_3_line_height=&#8221;2em&#8221; header_5_text_color=&#8221;#116789&#8243; header_5_line_height=&#8221;0.8em&#8221; width=&#8221;90%&#8221; module_alignment=&#8221;center&#8221; custom_margin=&#8221;||||false|true&#8221; custom_padding=&#8221;|25px||25px|false|true&#8221; global_colors_info=&#8221;{}&#8221;]<\/p>\n<h2>My story<\/h2>\n<p class=\"font_6\">A  <a href=\"https:\/\/emfoco.med.br\/en\/dr-daniela-galli-speech-therapy-sao-paulo\/\">Dr. Daniela Martins Galli <\/a>  She holds a Master&#8217;s degree in Speech and Hearing Therapy from the Pontifical Catholic University of S\u00e3o Paulo and a Specialization in Voice from the Irmandade da Santa Casa de Miseric\u00f3rdia de S\u00e3o Paulo. She is a Specialist in Voice by the Federal Council of Speech and Hearing Therapy and a member of the Brazilian Society of Speech and Hearing Therapy, collaborating with the Voice and Collective Health departments.   <\/p>\n<p>[\/et_pb_text][difl_faq faq_layout=&#8221;toggle&#8221; close_icon_color=&#8221;#13678a&#8221; faq_wrapper_margin=&#8221;30px|10px|30px|10px|false|true&#8221; faq_item_wrapper_margin=&#8221;||||false|false&#8221; faq_item_per_column_tablet=&#8221;2&#8243; faq_item_per_column_phone=&#8221;1&#8243; faq_item_per_column_last_edited=&#8221;on|desktop&#8221; _builder_version=&#8221;4.27.2&#8243; _module_preset=&#8221;default&#8221; question_text_font_size=&#8221;18px&#8221; border_width_all_faq_item_wrapper_border=&#8221;0px&#8221; locked=&#8221;off&#8221; global_colors_info=&#8221;{}&#8221; que_wrapper_bg_bgcolor__hover=&#8221;1px||||false|false&#8221; que_wrapper_bg_bgcolor__hover_enabled=&#8221;on|hover&#8221;][difl_faqitem question=&#8221;Especialidade m\u00e9dica&#8221; ans_img_padding=&#8221;||||false|false&#8221; _builder_version=&#8221;4.27.2&#8243; global_colors_info=&#8221;{}&#8221; que_wrapper_bg_bgcolor__hover=&#8221;1px||||false|false&#8221; que_wrapper_bg_bgcolor__hover_enabled=&#8221;on|hover&#8221;]<\/p>\n<p>Fonoaudiologia<\/p>\n<p>[\/difl_faqitem][difl_faqitem question=&#8221;Subespecializa\u00e7\u00f5es&#8221; ans_img_padding=&#8221;||||false|false&#8221; _builder_version=&#8221;4.27.2&#8243; global_colors_info=&#8221;{}&#8221; que_wrapper_bg_bgcolor__hover=&#8221;1px||||false|false&#8221; que_wrapper_bg_bgcolor__hover_enabled=&#8221;on|hover&#8221;]<\/p>\n<p>Voz<\/p>\n<p>[\/difl_faqitem][difl_faqitem question=&#8221;Hospitais de refer\u00eancia&#8221; ans_img_padding=&#8221;||||false|false&#8221; _builder_version=&#8221;4.27.2&#8243; global_colors_info=&#8221;{}&#8221; que_wrapper_bg_bgcolor__hover=&#8221;1px||||false|false&#8221; que_wrapper_bg_bgcolor__hover_enabled=&#8221;on|hover&#8221;]<\/p>\n<p>Instituto de Infectologia Em\u00edlio Ribas<\/p>\n<p>Santa Casa de Miseric\u00f3rdia de S\u00e3o Paulo<\/p>\n<p>Hospital Paulista de Otorrinolaringologia<\/p>\n<p>Hospital do Servidor P\u00fablico Estadual &#8211; SP<\/p>\n<p>Hospital Infantil Darcy Vargas<\/p>\n<p>[\/difl_faqitem][difl_faqitem question=&#8221;Forma\u00e7\u00e3o profissional&#8221; ans_img_padding=&#8221;||||false|false&#8221; _builder_version=&#8221;4.27.2&#8243; global_colors_info=&#8221;{}&#8221; que_wrapper_bg_bgcolor__hover=&#8221;1px||||false|false&#8221; que_wrapper_bg_bgcolor__hover_enabled=&#8221;on|hover&#8221;]<\/p>\n<h6 class=\"font_6\">Gradua\u00e7\u00e3o:<\/h6>\n<ul>\n<li class=\"font_6\">Fonoaudiologia pela Pontif\u00edcia Universidade Cat\u00f3lica de S\u00e3o Paulo (PUC-SP)<\/li>\n<\/ul>\n<p>&nbsp;<\/p>\n<h6>Especializa\u00e7\u00f5es e aperfei\u00e7oamentos:<\/h6>\n<ul>\n<li>Mestrado em Comunica\u00e7\u00e3o Humana e Sa\u00fade pela Pontif\u00edcia Universidade Cat\u00f3lica de S\u00e3o Paulo (PUC-SP)<\/li>\n<li>Especialista em Voz pelo Conselho Federal de Fonoaudiologia (CFF)<\/li>\n<li>Aprimoramento em Sa\u00fade Coletiva pela Pontif\u00edcia Universidade Cat\u00f3lica de S\u00e3o Paulo (PUC-SP)<\/li>\n<\/ul>\n<ul class=\"font_6\"><\/ul>\n<ul class=\"font_6\"><\/ul>\n<ul class=\"font_6\"><\/ul>\n<ul class=\"font_6\"><\/ul>\n<ul class=\"font_6\"><\/ul>\n<p>[\/difl_faqitem][difl_faqitem question=&#8221;\u00c1reas de atua\u00e7\u00e3o e experi\u00eancia profissional&#8221; ans_img_padding=&#8221;||||false|false&#8221; _builder_version=&#8221;4.27.2&#8243; global_colors_info=&#8221;{}&#8221; que_wrapper_bg_bgcolor__hover=&#8221;1px||||false|false&#8221; que_wrapper_bg_bgcolor__hover_enabled=&#8221;on|hover&#8221;]<\/p>\n<h6>Comunica\u00e7\u00e3o, dic\u00e7\u00e3o e orat\u00f3ria:<\/h6>\n<ul>\n<li>Avalia\u00e7\u00e3o e diagn\u00f3stico da fala, linguagem, voz e motricidade orofacial envolvidas na performance comunicativa;<\/li>\n<li>Levantamento das necessidades e demandas na comunica\u00e7\u00e3o verbal e n\u00e3o-verbal;<\/li>\n<li>Desenvolvimento dos recursos e habilidades comunicativas;<\/li>\n<li>Treinamento da comunica\u00e7\u00e3o com a realiza\u00e7\u00e3o de exerc\u00edcios e t\u00e9cnicas vocais;<\/li>\n<li>Conscientiza\u00e7\u00e3o e desenvolvimento da pot\u00eancia da voz e comunica\u00e7\u00e3o para perder o medo de falar em p\u00fablico;<\/li>\n<li>Prepara\u00e7\u00e3o para apresenta\u00e7\u00f5es orais, reuni\u00f5es e exposi\u00e7\u00f5es em p\u00fablico;<\/li>\n<li>Prepara\u00e7\u00e3o para apresenta\u00e7\u00f5es acad\u00eamicas como semin\u00e1rios, defesas de mestrado e doutorado, etc), sustenta\u00e7\u00e3o oral e exame da OAB;<\/li>\n<li>Prepara\u00e7\u00e3o para entrevistas, videocurr\u00edculo, sele\u00e7\u00f5es, recrutamento e produ\u00e7\u00e3o de conte\u00fado digital.<\/li>\n<\/ul>\n<p>&nbsp;<\/p>\n<h6>Linguagem e fala:<\/h6>\n<ul>\n<li>Estimula\u00e7\u00e3o, desenvolvimento e reabilita\u00e7\u00e3o dos dist\u00farbios da linguagem oral, fala e escrita em crian\u00e7as, provenientes ou n\u00e3o de les\u00f5es neurol\u00f3gicas ou fatores ambientais;<\/li>\n<li>Trabalho com pais e escolas no caso de crian\u00e7as com transtornos de linguagem;<\/li>\n<li>Atraso no desenvolvimento de linguagem e fala;<\/li>\n<li>Dist\u00farbio espec\u00edfico de linguagem;<\/li>\n<li>Altera\u00e7\u00e3o dos Processos Fon\u00e9tico-Fonol\u00f3gicos;<\/li>\n<li>Troca de letras na fala e na escrita;<\/li>\n<li>Dislalia, discalculia, disgrafia, disortografia, dislexia, dist\u00farbios do aprendizado em geral;<\/li>\n<li>Dificuldades no processo de alfabetiza\u00e7\u00e3o;<\/li>\n<li>Disflu\u00eancia e Gagueira;<\/li>\n<li>Realiza\u00e7\u00e3o de laudos, relat\u00f3rios e\/ou encaminhamentos, quando necess\u00e1rio.<\/li>\n<\/ul>\n<p>&nbsp;<\/p>\n<h6>Motricidade orofacial:<\/h6>\n<ul>\n<li>Reabilita\u00e7\u00e3o das estruturas orofaciais envolvidas nas fun\u00e7\u00f5es de respira\u00e7\u00e3o, suc\u00e7\u00e3o, mastiga\u00e7\u00e3o, degluti\u00e7\u00e3o, express\u00e3o facial e articula\u00e7\u00e3o da fala;<\/li>\n<li>Ronco e apneia do sono;<\/li>\n<li>Dist\u00farbios temporomandibulares;<\/li>\n<li>Bruxismo;<\/li>\n<li>Hipotonia dos \u00d3rg\u00e3os Fonoarticuladores;<\/li>\n<li>Interposi\u00e7\u00e3o de l\u00edngua ou ceceio frontal;<\/li>\n<li>Degluti\u00e7\u00e3o at\u00edpica e disfagia;<\/li>\n<li>Paralisia facial;<\/li>\n<li>Realiza\u00e7\u00e3o de laudos, relat\u00f3rios e\/ou encaminhamentos, quando necess\u00e1rio.<\/li>\n<\/ul>\n<h6><\/h6>\n<h6>Voz:<\/h6>\n<ul>\n<li>Avalia\u00e7\u00e3o cl\u00ednica perceptivo auditiva da voz;<\/li>\n<li>Avalia\u00e7\u00e3o instrumental (an\u00e1lise ac\u00fastica) da voz;<\/li>\n<li>Aprimoramento vocal;<\/li>\n<li>Reabilita\u00e7\u00e3o das disfonias (rouquid\u00e3o) por uso excessivo da voz e mau uso, por n\u00f3dulos vocais, paresia e paralisia lar\u00edngea, cisto vocal, sulco vocal, p\u00f3lipos, presbifonia, entre outros (em crian\u00e7as, adultos e idosos);<\/li>\n<li>Muda vocal incompleta;<\/li>\n<li>Disfonia psicog\u00eanica;<\/li>\n<li>Condicionamento vocal para profissionais de alta performance e demanda de uso de voz como \u201cYouTubers\u201d, cantores, atores, vendedores, locutores, palestrantes, entre outros);<\/li>\n<li>Terapia fonoaudiol\u00f3gica tradicional com a realiza\u00e7\u00e3o de exerc\u00edcios vocais, t\u00e9cnicas, orienta\u00e7\u00f5es e aplica\u00e7\u00e3o de recursos terap\u00eauticos adicionais, quando necess\u00e1rio, como: bandagem terap\u00eautica, eletroestimula\u00e7\u00e3o, fotobiomodula\u00e7\u00e3o, manobras e massagens;<\/li>\n<li>Realiza\u00e7\u00e3o de laudos, relat\u00f3rios e\/ou encaminhamentos, quando necess\u00e1rio.<\/li>\n<\/ul>\n<p>&nbsp;<\/p>\n<h6>Voz e g\u00eanero:<\/h6>\n<ul>\n<li>Terapia de voz e de comunica\u00e7\u00e3o (feminiza\u00e7\u00e3o vocal) para mulheres transg\u00eaneros e travestis;<\/li>\n<li>Terapia de voz e comunica\u00e7\u00e3o para homens transg\u00eanero;<\/li>\n<li>Terapia fonoaudiol\u00f3gica para pessoas n\u00e3o bin\u00e1rias;<\/li>\n<li>Aperfei\u00e7oamento da voz art\u00edstica de pessoas transg\u00eaneros e n\u00e3o bin\u00e1rias.<\/li>\n<\/ul>\n<p>[\/difl_faqitem][\/difl_faq][\/et_pb_column][\/et_pb_row][\/et_pb_section][et_pb_section fb_built=&#8221;1&#8243; disabled_on=&#8221;on|on|off&#8221; _builder_version=&#8221;4.23&#8243; _module_preset=&#8221;default&#8221; custom_padding=&#8221;0px||||false|false&#8221; global_colors_info=&#8221;{}&#8221;][et_pb_row column_structure=&#8221;1_5,1_5,1_5,1_5,1_5&#8243; _builder_version=&#8221;4.27.2&#8243; _module_preset=&#8221;default&#8221; width=&#8221;85%&#8221; max_width=&#8221;100%&#8221; global_colors_info=&#8221;{}&#8221;][et_pb_column type=&#8221;1_5&#8243; _builder_version=&#8221;4.23&#8243; _module_preset=&#8221;default&#8221; global_colors_info=&#8221;{}&#8221;][et_pb_image src=&#8221;https:\/\/emfoco.med.br\/wp-content\/uploads\/2024\/11\/1.-Comunicacao-diccao-e-oratoria-copiar.webp&#8221; title_text=&#8221;1. Communication diction and oratory copy&#8221; _builder_version=&#8221;4.27.2&#8243; _module_preset=&#8221;default&#8221; width=&#8221;50%&#8221; module_alignment=&#8221;center&#8221; global_colors_info=&#8221;{}&#8221;][\/et_pb_image][et_pb_text _builder_version=&#8221;4.27.2&#8243; _module_preset=&#8221;default&#8221; header_2_font_size=&#8221;19px&#8221; header_2_line_height=&#8221;1.8em&#8221; header_5_text_color=&#8221;#116789&#8243; header_5_line_height=&#8221;1.1em&#8221; text_orientation=&#8221;center&#8221; custom_margin=&#8221;-15px||||false|false&#8221; locked=&#8221;off&#8221; global_colors_info=&#8221;{}&#8221;]<\/p>\n<h2>Communication, diction and oratory<\/h2>\n<p>[\/et_pb_text][\/et_pb_column][et_pb_column type=&#8221;1_5&#8243; _builder_version=&#8221;4.23&#8243; _module_preset=&#8221;default&#8221; global_colors_info=&#8221;{}&#8221;][et_pb_image src=&#8221;https:\/\/emfoco.med.br\/wp-content\/uploads\/2024\/11\/2.-Linguagem-e-fala-copiar.webp&#8221; title_text=&#8221;2. Language and speech copy&#8221; _builder_version=&#8221;4.27.2&#8243; _module_preset=&#8221;default&#8221; width=&#8221;50%&#8221; module_alignment=&#8221;center&#8221; global_colors_info=&#8221;{}&#8221;][\/et_pb_image][et_pb_text _builder_version=&#8221;4.27.2&#8243; _module_preset=&#8221;default&#8221; header_2_font_size=&#8221;19px&#8221; header_2_line_height=&#8221;1.8em&#8221; header_5_text_color=&#8221;#116789&#8243; header_5_line_height=&#8221;1.1em&#8221; text_orientation=&#8221;center&#8221; custom_margin=&#8221;-15px||||false|false&#8221; locked=&#8221;off&#8221; global_colors_info=&#8221;{}&#8221;]<\/p>\n<h2>Language and speech<\/h2>\n<p>[\/et_pb_text][\/et_pb_column][et_pb_column type=&#8221;1_5&#8243; _builder_version=&#8221;4.23&#8243; _module_preset=&#8221;default&#8221; global_colors_info=&#8221;{}&#8221;][et_pb_image src=&#8221;https:\/\/emfoco.med.br\/wp-content\/uploads\/2024\/11\/3.-Motricidade-orofacial-copiar.webp&#8221; title_text=&#8221;3. Orofacial motricity copy&#8221; _builder_version=&#8221;4.27.2&#8243; _module_preset=&#8221;default&#8221; width=&#8221;50%&#8221; module_alignment=&#8221;center&#8221; global_colors_info=&#8221;{}&#8221;][\/et_pb_image][et_pb_text _builder_version=&#8221;4.27.2&#8243; _module_preset=&#8221;default&#8221; header_2_font_size=&#8221;19px&#8221; header_2_line_height=&#8221;1.8em&#8221; header_5_text_color=&#8221;#116789&#8243; header_5_line_height=&#8221;1.1em&#8221; text_orientation=&#8221;center&#8221; custom_margin=&#8221;-15px||||false|false&#8221; locked=&#8221;off&#8221; global_colors_info=&#8221;{}&#8221;]<\/p>\n<h2>Orofacial motor skills<\/h2>\n<p>[\/et_pb_text][\/et_pb_column][et_pb_column type=&#8221;1_5&#8243; _builder_version=&#8221;4.23&#8243; _module_preset=&#8221;default&#8221; global_colors_info=&#8221;{}&#8221;][et_pb_image src=&#8221;https:\/\/emfoco.med.br\/wp-content\/uploads\/2024\/11\/4.-Voz-copiar.webp&#8221; title_text=&#8221;4. Voice copy&#8221; _builder_version=&#8221;4.27.2&#8243; _module_preset=&#8221;default&#8221; width=&#8221;50%&#8221; module_alignment=&#8221;center&#8221; global_colors_info=&#8221;{}&#8221;][\/et_pb_image][et_pb_text _builder_version=&#8221;4.27.2&#8243; _module_preset=&#8221;default&#8221; header_2_font_size=&#8221;19px&#8221; header_2_line_height=&#8221;1.8em&#8221; header_5_text_color=&#8221;#116789&#8243; header_5_line_height=&#8221;1.1em&#8221; text_orientation=&#8221;center&#8221; custom_margin=&#8221;-15px||||false|false&#8221; locked=&#8221;off&#8221; global_colors_info=&#8221;{}&#8221;]<\/p>\n<h2>Voice<\/h2>\n<p>[\/et_pb_text][\/et_pb_column][et_pb_column type=&#8221;1_5&#8243; _builder_version=&#8221;4.23&#8243; _module_preset=&#8221;default&#8221; global_colors_info=&#8221;{}&#8221;][et_pb_image src=&#8221;https:\/\/emfoco.med.br\/wp-content\/uploads\/2024\/11\/5.-Voz-e-genero-copiar.webp&#8221; title_text=&#8221;5. Voice and gender copying&#8221; _builder_version=&#8221;4.27.2&#8243; _module_preset=&#8221;default&#8221; width=&#8221;50%&#8221; module_alignment=&#8221;center&#8221; global_colors_info=&#8221;{}&#8221;][\/et_pb_image][et_pb_text _builder_version=&#8221;4.27.2&#8243; _module_preset=&#8221;default&#8221; header_2_font_size=&#8221;19px&#8221; header_2_line_height=&#8221;1.8em&#8221; header_5_text_color=&#8221;#116789&#8243; header_5_line_height=&#8221;1.1em&#8221; text_orientation=&#8221;center&#8221; custom_margin=&#8221;-15px||||false|false&#8221; locked=&#8221;off&#8221; global_colors_info=&#8221;{}&#8221;]<\/p>\n<h2>Voice and gender<\/h2>\n<p>[\/et_pb_text][\/et_pb_column][\/et_pb_row][et_pb_row disabled_on=&#8221;on|on|off&#8221; _builder_version=&#8221;4.25.0&#8243; _module_preset=&#8221;default&#8221; global_colors_info=&#8221;{}&#8221;][et_pb_column type=&#8221;4_4&#8243; _builder_version=&#8221;4.25.0&#8243; _module_preset=&#8221;default&#8221; global_colors_info=&#8221;{}&#8221;][et_pb_video src=&#8221;https:\/\/www.youtube.com\/watch?v=bOga82pwM2M&#8221; _builder_version=&#8221;4.27.2&#8243; _module_preset=&#8221;default&#8221; global_colors_info=&#8221;{}&#8221;][\/et_pb_video][\/et_pb_column][\/et_pb_row][et_pb_row _builder_version=&#8221;4.25.0&#8243; _module_preset=&#8221;default&#8221; custom_margin=&#8221;||||false|false&#8221; global_colors_info=&#8221;{}&#8221;][et_pb_column type=&#8221;4_4&#8243; _builder_version=&#8221;4.24.0&#8243; _module_preset=&#8221;default&#8221; global_colors_info=&#8221;{}&#8221;][et_pb_button button_url=&#8221;https:\/\/api.whatsapp.com\/send\/?phone=\u200e551132893195&amp;text=Ol%C3%A1%2C+vim+do+site+e+gostaria+de+mais+informa%C3%A7%C3%B5es+sobre+consulta+com+a+Dra.+Daniela+Galli.&amp;type=phone_number&amp;app_absent=0&#8243; url_new_window=&#8221;on&#8221; button_text=&#8221;Book your appointment&#8221; button_alignment=&#8221;center&#8221; _builder_version=&#8221;4.27.4&#8243; _module_preset=&#8221;default&#8221; custom_button=&#8221;on&#8221; button_text_color=&#8221;#FFFFFF&#8221; button_bg_color=&#8221;#196586&#8243; button_border_color=&#8221;#196586&#8243; button_border_radius=&#8221;20px&#8221; button_font=&#8221;|600|||||||&#8221; button_icon=&#8221;&#x45;||divi||400&#8243; button_icon_color=&#8221;#FFFFFF&#8221; button_on_hover=&#8221;off&#8221; custom_margin=&#8221;15px||||false|false&#8221; button_text_size_tablet=&#8221;18px&#8221; button_text_size_phone=&#8221;13px&#8221; button_text_size_last_edited=&#8221;on|tablet&#8221; global_colors_info=&#8221;{}&#8221;][\/et_pb_button][\/et_pb_column][\/et_pb_row][\/et_pb_section][et_pb_section fb_built=&#8221;1&#8243; disabled_on=&#8221;off|off|on&#8221; _builder_version=&#8221;4.23&#8243; _module_preset=&#8221;default&#8221; custom_padding=&#8221;0px||||false|false&#8221; global_colors_info=&#8221;{}&#8221;][et_pb_row _builder_version=&#8221;4.23.1&#8243; _module_preset=&#8221;default&#8221; width=&#8221;70%&#8221; max_width=&#8221;100%&#8221; global_colors_info=&#8221;{}&#8221;][et_pb_column type=&#8221;4_4&#8243; _builder_version=&#8221;4.23&#8243; _module_preset=&#8221;default&#8221; global_colors_info=&#8221;{}&#8221;][et_pb_image src=&#8221;https:\/\/emfoco.med.br\/wp-content\/uploads\/2024\/11\/1.-Comunicacao-diccao-e-oratoria-copiar.webp&#8221; title_text=&#8221;1. Communication diction and oratory copy&#8221; _builder_version=&#8221;4.27.2&#8243; _module_preset=&#8221;default&#8221; width=&#8221;50%&#8221; module_alignment=&#8221;center&#8221; global_colors_info=&#8221;{}&#8221;][\/et_pb_image][et_pb_text _builder_version=&#8221;4.27.2&#8243; _module_preset=&#8221;default&#8221; header_2_font_size=&#8221;19px&#8221; header_2_line_height=&#8221;1.8em&#8221; header_5_text_color=&#8221;#116789&#8243; header_5_line_height=&#8221;1.1em&#8221; text_orientation=&#8221;center&#8221; custom_margin=&#8221;-15px||||false|false&#8221; locked=&#8221;off&#8221; global_colors_info=&#8221;{}&#8221;]<\/p>\n<h2>Communication, diction and oratory<\/h2>\n<p>[\/et_pb_text][et_pb_image src=&#8221;https:\/\/emfoco.med.br\/wp-content\/uploads\/2024\/11\/2.-Linguagem-e-fala-copiar.webp&#8221; title_text=&#8221;2. Language and speech copy&#8221; _builder_version=&#8221;4.27.2&#8243; _module_preset=&#8221;default&#8221; width=&#8221;50%&#8221; module_alignment=&#8221;center&#8221; global_colors_info=&#8221;{}&#8221;][\/et_pb_image][et_pb_text _builder_version=&#8221;4.27.2&#8243; _module_preset=&#8221;default&#8221; header_2_font_size=&#8221;19px&#8221; header_2_line_height=&#8221;1.8em&#8221; header_5_text_color=&#8221;#116789&#8243; header_5_line_height=&#8221;1.1em&#8221; text_orientation=&#8221;center&#8221; custom_margin=&#8221;-30px||||false|false&#8221; locked=&#8221;off&#8221; global_colors_info=&#8221;{}&#8221;]<\/p>\n<h2>Language and speech<\/h2>\n<p>[\/et_pb_text][et_pb_image src=&#8221;https:\/\/emfoco.med.br\/wp-content\/uploads\/2024\/11\/3.-Motricidade-orofacial-copiar.webp&#8221; title_text=&#8221;3. Orofacial motricity copy&#8221; _builder_version=&#8221;4.27.2&#8243; _module_preset=&#8221;default&#8221; width=&#8221;50%&#8221; module_alignment=&#8221;center&#8221; global_colors_info=&#8221;{}&#8221;][\/et_pb_image][et_pb_text _builder_version=&#8221;4.27.2&#8243; _module_preset=&#8221;default&#8221; header_2_font_size=&#8221;19px&#8221; header_2_line_height=&#8221;1.8em&#8221; header_5_text_color=&#8221;#116789&#8243; header_5_line_height=&#8221;1.1em&#8221; text_orientation=&#8221;center&#8221; custom_margin=&#8221;-30px||||false|false&#8221; locked=&#8221;off&#8221; global_colors_info=&#8221;{}&#8221;]<\/p>\n<h2>Orofacial motor skills<\/h2>\n<p>[\/et_pb_text][\/et_pb_column][\/et_pb_row][et_pb_row _builder_version=&#8221;4.23.1&#8243; _module_preset=&#8221;default&#8221; width=&#8221;70%&#8221; max_width=&#8221;100%&#8221; global_colors_info=&#8221;{}&#8221;][et_pb_column type=&#8221;4_4&#8243; _builder_version=&#8221;4.23&#8243; _module_preset=&#8221;default&#8221; global_colors_info=&#8221;{}&#8221;][et_pb_image src=&#8221;https:\/\/emfoco.med.br\/wp-content\/uploads\/2024\/11\/4.-Voz-copiar.webp&#8221; title_text=&#8221;4. Voice copy&#8221; _builder_version=&#8221;4.27.2&#8243; _module_preset=&#8221;default&#8221; width=&#8221;50%&#8221; module_alignment=&#8221;center&#8221; global_colors_info=&#8221;{}&#8221;][\/et_pb_image][et_pb_text _builder_version=&#8221;4.27.2&#8243; _module_preset=&#8221;default&#8221; header_2_font_size=&#8221;19px&#8221; header_2_line_height=&#8221;1.8em&#8221; header_5_text_color=&#8221;#116789&#8243; header_5_line_height=&#8221;1.1em&#8221; text_orientation=&#8221;center&#8221; custom_margin=&#8221;-15px||||false|false&#8221; locked=&#8221;off&#8221; global_colors_info=&#8221;{}&#8221;]<\/p>\n<h2>Voice<\/h2>\n<p>[\/et_pb_text][et_pb_image src=&#8221;https:\/\/emfoco.med.br\/wp-content\/uploads\/2024\/11\/5.-Voz-e-genero-copiar.webp&#8221; title_text=&#8221;5. Voice and gender copying&#8221; _builder_version=&#8221;4.27.2&#8243; _module_preset=&#8221;default&#8221; width=&#8221;50%&#8221; module_alignment=&#8221;center&#8221; global_colors_info=&#8221;{}&#8221;][\/et_pb_image][et_pb_text _builder_version=&#8221;4.27.2&#8243; _module_preset=&#8221;default&#8221; header_2_font_size=&#8221;19px&#8221; header_2_line_height=&#8221;1.8em&#8221; header_5_text_color=&#8221;#116789&#8243; header_5_line_height=&#8221;1.1em&#8221; text_orientation=&#8221;center&#8221; custom_margin=&#8221;-15px||||false|false&#8221; locked=&#8221;off&#8221; global_colors_info=&#8221;{}&#8221;]<\/p>\n<h2>Voice and gender<\/h2>\n<p>[\/et_pb_text][\/et_pb_column][\/et_pb_row][et_pb_row disabled_on=&#8221;off|off|on&#8221; _builder_version=&#8221;4.25.0&#8243; _module_preset=&#8221;default&#8221; locked=&#8221;off&#8221; global_colors_info=&#8221;{}&#8221;][et_pb_column type=&#8221;4_4&#8243; _builder_version=&#8221;4.25.0&#8243; _module_preset=&#8221;default&#8221; global_colors_info=&#8221;{}&#8221;][et_pb_video src=&#8221;https:\/\/www.youtube.com\/watch?v=bOga82pwM2M&#8221; _builder_version=&#8221;4.27.2&#8243; _module_preset=&#8221;default&#8221; global_colors_info=&#8221;{}&#8221;][\/et_pb_video][\/et_pb_column][\/et_pb_row][et_pb_row _builder_version=&#8221;4.24.0&#8243; _module_preset=&#8221;default&#8221; custom_margin=&#8221;-21px||||false|false&#8221; global_colors_info=&#8221;{}&#8221;][et_pb_column type=&#8221;4_4&#8243; _builder_version=&#8221;4.24.0&#8243; _module_preset=&#8221;default&#8221; global_colors_info=&#8221;{}&#8221;][et_pb_button button_url=&#8221;https:\/\/api.whatsapp.com\/send\/?phone=\u200e551132893195&amp;text=Ol%C3%A1%2C+vim+do+site+e+gostaria+de+mais+informa%C3%A7%C3%B5es+sobre+consulta+com+a+Dra.+Daniela+Galli.&amp;type=phone_number&amp;app_absent=0&#8243; url_new_window=&#8221;on&#8221; button_text=&#8221;Book your appointment&#8221; button_alignment=&#8221;center&#8221; _builder_version=&#8221;4.27.4&#8243; _module_preset=&#8221;default&#8221; custom_button=&#8221;on&#8221; button_text_color=&#8221;#FFFFFF&#8221; button_bg_color=&#8221;#196586&#8243; button_border_color=&#8221;#196586&#8243; button_border_radius=&#8221;20px&#8221; button_font=&#8221;|600|||||||&#8221; button_icon=&#8221;&#x45;||divi||400&#8243; button_icon_color=&#8221;#FFFFFF&#8221; button_on_hover=&#8221;off&#8221; button_text_size_tablet=&#8221;18px&#8221; button_text_size_phone=&#8221;13px&#8221; button_text_size_last_edited=&#8221;on|tablet&#8221; global_colors_info=&#8221;{}&#8221;][\/et_pb_button][\/et_pb_column][\/et_pb_row][\/et_pb_section]<\/p>\n","protected":false},"excerpt":{"rendered":"<p>Meet Dr. Daniela Galli, who has a Master&#8217;s Degree in Speech Therapy from the Pontifical Catholic University of S\u00e3o Paulo and is a Voice Specialist. <\/p>\n","protected":false},"author":1,"featured_media":296004,"comment_status":"open","ping_status":"closed","template":"","meta":{"_et_pb_use_builder":"on","_et_pb_old_content":"","_et_gb_content_width":"","rank_math_focus_keyword":"daniela galli","rank_math_title":"Dr. Daniela Galli ","rank_math_description":"Meet Dr. Daniela Galli, who has a Master's Degree in Speech Therapy from the Pontifical Catholic University of S\u00e3o Paulo and is a Voice Specialist. ","rank_math_og_title":"","rank_math_og_description":"","rank_math_og_image":"","rank_math_og_image_id":"","rank_math_twitter_title":"","rank_math_twitter_description":"","rank_math_twitter_image":"","rank_math_canonical_url":"","rank_math_robots":"","rank_math_rich_snippet":"","rank_math_snippet_name":"","rank_math_snippet_desc":"","rank_math_seo_score":"","rank_math_pillar_content":"","footnotes":""},"false":[],"class_list":["post-296003","project","type-project","status-publish","has-post-thumbnail","hentry","project_category-speech-therapy"],"_links":{"self":[{"href":"https:\/\/emfoco.med.br\/en\/wp-json\/wp\/v2\/project\/296003","targetHints":{"allow":["GET"]}}],"collection":[{"href":"https:\/\/emfoco.med.br\/en\/wp-json\/wp\/v2\/project"}],"about":[{"href":"https:\/\/emfoco.med.br\/en\/wp-json\/wp\/v2\/types\/project"}],"author":[{"embeddable":true,"href":"https:\/\/emfoco.med.br\/en\/wp-json\/wp\/v2\/users\/1"}],"replies":[{"embeddable":true,"href":"https:\/\/emfoco.med.br\/en\/wp-json\/wp\/v2\/comments?post=296003"}],"version-history":[{"count":1,"href":"https:\/\/emfoco.med.br\/en\/wp-json\/wp\/v2\/project\/296003\/revisions"}],"predecessor-version":[{"id":296015,"href":"https:\/\/emfoco.med.br\/en\/wp-json\/wp\/v2\/project\/296003\/revisions\/296015"}],"wp:featuredmedia":[{"embeddable":true,"href":"https:\/\/emfoco.med.br\/en\/wp-json\/wp\/v2\/media\/296004"}],"wp:attachment":[{"href":"https:\/\/emfoco.med.br\/en\/wp-json\/wp\/v2\/media?parent=296003"}],"wp:term":[{"taxonomy":"project_category","embeddable":true,"href":"https:\/\/emfoco.med.br\/en\/wp-json\/wp\/v2\/false?post=296003"},{"taxonomy":"project_tag","embeddable":true,"href":"https:\/\/emfoco.med.br\/en\/wp-json\/wp\/v2\/false?post=296003"}],"curies":[{"name":"wp","href":"https:\/\/api.w.org\/{rel}","templated":true}]}}