{"id":293980,"date":"2023-11-17T15:24:06","date_gmt":"2023-11-17T18:24:06","guid":{"rendered":"https:\/\/emfoco.med.br\/anestesiologos\/"},"modified":"2025-08-22T17:45:38","modified_gmt":"2025-08-22T20:45:38","slug":"anestesiologos","status":"publish","type":"page","link":"https:\/\/emfoco.med.br\/es\/anestesiologos\/","title":{"rendered":"Anestesi\u00f3logos"},"content":{"rendered":"<p>[et_pb_section fb_built=\u00bb1&#8243; custom_padding_last_edited=\u00bbon|desktop\u00bb disabled_on=\u00bbon|on|off\u00bb _builder_version=\u00bb4.25.1&#8243; _module_preset=\u00bbdefault\u00bb background_image=\u00bbhttps:\/\/emfoco.med.br\/wp-content\/uploads\/2023\/11\/Banners-Med-em-Foco-copiar.webp\u00bb custom_padding=\u00bb0px||0px||true|false\u00bb custom_padding_tablet=\u00bb0px||0px||true|false\u00bb custom_padding_phone=\u00bb0px||0px||true|false\u00bb custom_css_main_element=\u00bbheight:405px;\u00bb global_colors_info=\u00bb{}\u00bb][et_pb_row _builder_version=\u00bb4.23.1&#8243; _module_preset=\u00bbdefault\u00bb global_colors_info=\u00bb{}\u00bb][et_pb_column type=\u00bb4_4&#8243; _builder_version=\u00bb4.23.1&#8243; _module_preset=\u00bbdefault\u00bb global_colors_info=\u00bb{}\u00bb][et_pb_text _builder_version=\u00bb4.27.4&#8243; _module_preset=\u00bbdefault\u00bb text_text_color=\u00bb#FFFFFF\u00bb header_font=\u00bb|600|||||||\u00bb header_text_color=\u00bb#ffffff\u00bb header_font_size=\u00bb47px\u00bb header_2_font=\u00bb|600|||||||\u00bb header_2_text_align=\u00bbcenter\u00bb header_2_text_color=\u00bb#FFFFFF\u00bb header_2_font_size=\u00bb47px\u00bb custom_padding=\u00bb12%|||5%|false|false\u00bb global_colors_info=\u00bb{}\u00bb]<\/p>\n<h1>Equipo de Anestesiolog\u00eda Avanzada MEF<\/h1>\n<p>[\/et_pb_text][\/et_pb_column][\/et_pb_row][\/et_pb_section][et_pb_section fb_built=\u00bb1&#8243; disabled_on=\u00bboff|off|on\u00bb _builder_version=\u00bb4.23.1&#8243; _module_preset=\u00bbdefault\u00bb background_image=\u00bbhttps:\/\/emfoco.med.br\/wp-content\/uploads\/2023\/11\/Banners-Med-em-Foco-copiar.webp\u00bb background_position=\u00bbcenter_left\u00bb background_horizontal_offset=\u00bb13%\u00bb global_colors_info=\u00bb{}\u00bb][et_pb_row _builder_version=\u00bb4.23.1&#8243; _module_preset=\u00bbdefault\u00bb custom_padding=\u00bb||||false|false\u00bb global_colors_info=\u00bb{}\u00bb][et_pb_column type=\u00bb4_4&#8243; _builder_version=\u00bb4.23.1&#8243; _module_preset=\u00bbdefault\u00bb global_colors_info=\u00bb{}\u00bb][et_pb_text _builder_version=\u00bb4.27.4&#8243; _module_preset=\u00bbdefault\u00bb header_font=\u00bb|600|||||||\u00bb header_text_color=\u00bb#ffffff\u00bb header_font_size=\u00bb22px\u00bb header_2_font=\u00bb|600|||||||\u00bb header_2_text_align=\u00bbcenter\u00bb header_2_text_color=\u00bb#FFFFFF\u00bb header_2_font_size=\u00bb22px\u00bb header_2_line_height=\u00bb1.4em\u00bb custom_margin=\u00bb||||false|false\u00bb custom_padding=\u00bb|||5%|false|false\u00bb hover_enabled=\u00bb0&#8243; header_2_text_shadow_style=\u00bbpreset1&#8243; global_colors_info=\u00bb{}\u00bb sticky_enabled=\u00bb0&#8243;]<\/p>\n<h2>Equipo de Anestesiolog\u00eda Avanzada MEF<\/h2>\n<p>[\/et_pb_text][\/et_pb_column][\/et_pb_row][\/et_pb_section][et_pb_section fb_built=\u00bb1&#8243; disabled_on=\u00bbon|on|off\u00bb _builder_version=\u00bb4.22.2&#8243; _module_preset=\u00bbdefault\u00bb locked=\u00bboff\u00bb global_colors_info=\u00bb{}\u00bb][et_pb_row _builder_version=\u00bb4.23.1&#8243; _module_preset=\u00bbdefault\u00bb width=\u00bb85%\u00bb max_width=\u00bb100%\u00bb global_colors_info=\u00bb{}\u00bb][et_pb_column type=\u00bb4_4&#8243; _builder_version=\u00bb4.23.1&#8243; _module_preset=\u00bbdefault\u00bb global_colors_info=\u00bb{}\u00bb][et_pb_text _builder_version=\u00bb4.23.1&#8243; _module_preset=\u00bbdefault\u00bb text_text_color=\u00bb#000000&#8243; text_font_size=\u00bb17px\u00bb text_line_height=\u00bb1.8em\u00bb header_2_font=\u00bb|600|||||||\u00bb header_2_text_align=\u00bbleft\u00bb header_2_text_color=\u00bb#FFFFFF\u00bb header_2_font_size=\u00bb60px\u00bb module_alignment=\u00bbcenter\u00bb custom_padding=\u00bb||||false|false\u00bb global_colors_info=\u00bb{}\u00bb]<\/p>\n<p>El m\u00e9dico anestesi\u00f3logo desempe\u00f1a un papel esencial durante las cirug\u00edas, ofreciendo varias ventajas, no solo para los pacientes, sino tambi\u00e9n para cirujanos y dem\u00e1s miembros del equipo m\u00e9dico.<\/p>\n<p>Por tanto, este especialista tiene un papel fundamental en proporcionar comodidad y bienestar a los pacientes y, pensando en ello, el Instituto Medicina em Foco cuenta en su equipo con profesionales de excelencia.<\/p>\n<p>[\/et_pb_text][\/et_pb_column][\/et_pb_row][et_pb_row column_structure=\u00bb1_3,1_3,1_3&#8243; use_custom_gutter=\u00bbon\u00bb gutter_width=\u00bb2&#8243; make_equal=\u00bbon\u00bb _builder_version=\u00bb4.23.1&#8243; _module_preset=\u00bbdefault\u00bb width=\u00bb90%\u00bb max_width=\u00bb100%\u00bb custom_margin=\u00bb||||false|false\u00bb custom_padding=\u00bb0px|20px|0px|20px|true|true\u00bb border_color_all=\u00bb#c1eae9&#8243; global_colors_info=\u00bb{}\u00bb][et_pb_column type=\u00bb1_3&#8243; _builder_version=\u00bb4.23.1&#8243; _module_preset=\u00bbdefault\u00bb custom_padding=\u00bb20px||20px||true|false\u00bb border_radii=\u00bbon|20px|20px|20px|20px\u00bb border_width_all=\u00bb15px\u00bb border_color_all=\u00bb#c1eae9&#8243; global_colors_info=\u00bb{}\u00bb][difl_advanced_person ap_photo=\u00bbhttps:\/\/emfoco.med.br\/wp-content\/uploads\/2023\/11\/Amanda-Fernandes-Halla.webp\u00bb ap_name=\u00bbDra. Amanda Halla \u00bb ap_role=\u00bbAnestesiolog\u00eda\u00bb ap_description=\u00bb<\/p>\n<p>CRM-SP <span style=%22font-weight: 400;%22>176726<\/span><\/p>\n<p>RQE <span style=%22font-weight: 400;%22>83751<\/span><\/p>\n<p>\u00bb module_wrapper_margin=\u00bb||40px||false|false\u00bb name_margin=\u00bb30px||||false|false\u00bb description_margin=\u00bb10px||||false|false\u00bb image_margin=\u00bb||||false|false\u00bb _builder_version=\u00bb4.23.1&#8243; _module_preset=\u00bbdefault\u00bb name_text_align=\u00bbcenter\u00bb name_font_size=\u00bb28px\u00bb description_text_align=\u00bbcenter\u00bb description_text_color=\u00bbrgba(10,10,10,0.56)\u00bb description_font_size=\u00bb18px\u00bb description_line_height=\u00bb0.5em\u00bb custom_margin=\u00bb||||false|false\u00bb custom_css_main_element=\u00bbtext-align: center;\u00bb border_radii_photo_border=\u00bbon|200px|200px|200px|200px\u00bb border_width_all_photo_border=\u00bb5px\u00bb border_color_all_photo_border=\u00bb#5cbfbe\u00bb global_colors_info=\u00bb{}\u00bb][\/difl_advanced_person][difl_dual_button btn_left_background_bgcolor=\u00bb#5cbfbe\u00bb btn_left_font_icon=\u00bb&#xe023;||divi||400&#8243; btn_left_icon_color=\u00bb#FFFFFF\u00bb btn_left_icon_placement=\u00bbleft\u00bb btn_right_background_background_image=\u00bbhttps:\/\/emfoco.med.br\/wp-content\/uploads\/2023\/10\/iconewhatsapp.webp\u00bb btn_right_background_background_image_size=\u00bbfit\u00bb btn_right_background_size_width=\u00bb100%\u00bb btn_right_background_size_height=\u00bb100%\u00bb use_right_button_icon=\u00bboff\u00bb right_button=\u00bb_\u00bb right_button_url=\u00bbhttps:\/\/api.whatsapp.com\/send\/?phone=\u200e551132893195&amp;text=Ol%C3%A1%2C+vim+do+site+e+gostaria+de+mais+informa%C3%A7%C3%B5es+sobre+consulta+com+a+Dra.+Amanda+Halla.&amp;type=phone_number&amp;app_absent=0&#8243; right_button_target=\u00bbon\u00bb right_button_wrapper_margin=\u00bb||||false|false\u00bb alignment=\u00bbcenter\u00bb disabled_on=\u00bbon|on|off\u00bb _builder_version=\u00bb4.27.4&#8243; _module_preset=\u00bbdefault\u00bb left_button_text_color=\u00bb#FFFFFF\u00bb right_button_text_color=\u00bb#FFFFFF\u00bb right_button_font_size=\u00bb22px\u00bb border_radii_left_button=\u00bbon|10px|10px|10px|10px\u00bb global_colors_info=\u00bb{}\u00bb][\/difl_dual_button][et_pb_text _builder_version=\u00bb4.27.4&#8243; _module_preset=\u00bbdefault\u00bb header_2_line_height=\u00bb1.8em\u00bb header_5_text_color=\u00bb#116789&#8243; header_5_line_height=\u00bb1.4em\u00bb custom_margin=\u00bb20px|30px||30px|false|false\u00bb global_colors_info=\u00bb{}\u00bb]<\/p>\n<h5 class=\"font_6\">La  <a href=\"https:\/\/emfoco.med.br\/dra-amanda-halla-anestesiologista\/\">Dra. Amanda Ferreira Halla <\/a>  es especialista en Anestesiolog\u00eda por la Facultad de Ciencias M\u00e9dicas de la Santa Casa de S\u00e3o Paulo. Sus principales \u00e1reas de actuaci\u00f3n son: cirug\u00edas de gran envergadura, como cirug\u00edas bari\u00e1tricas, cirug\u00edas del sistema digestivo, neurocirug\u00edas, cirug\u00edas ortop\u00e9dicas, cirug\u00edas de columna; adem\u00e1s de actuar en anestesia para cirug\u00edas oftalmol\u00f3gicas, otorrinolaringol\u00f3gicas y ginecol\u00f3gicas y obst\u00e9tricas. <\/h5>\n<h2>\u200bD\u00f3nde realiz\u00f3 su formaci\u00f3n<\/h2>\n<h5 class=\"font_6\">Facultad de Ciencias M\u00e9dicas de la Santa Casa de S\u00e3o Paulo<\/h5>\n<h2>Hospitales de Referencia<\/h2>\n<h5 class=\"font_6\">Hospital 9 de Julho<\/h5>\n<h5 class=\"font_6\">Hospital S\u00e3o Camilo<\/h5>\n<h5 class=\"font_6\">Hospital da Santa Casa de Miseric\u00f3rdia de S\u00e3o Paulo<\/h5>\n<p>[\/et_pb_text][\/et_pb_column][et_pb_column type=\u00bb1_3&#8243; _builder_version=\u00bb4.23.1&#8243; _module_preset=\u00bbdefault\u00bb custom_padding=\u00bb20px||20px||true|false\u00bb border_radii=\u00bbon|20px|20px|20px|20px\u00bb border_width_all=\u00bb15px\u00bb border_color_all=\u00bb#c1eae9&#8243; global_colors_info=\u00bb{}\u00bb][difl_advanced_person ap_photo=\u00bbhttps:\/\/emfoco.med.br\/wp-content\/uploads\/2023\/11\/Andre-Luis-Silvany-Sales.webp\u00bb ap_name=\u00bbDr. Andr\u00e9 Silvany\u00bb ap_role=\u00bbAnestesiolog\u00eda\u00bb ap_description=\u00bb<\/p>\n<p>CRM-SP <span style=%22font-weight: 400;%22>165015<\/span><\/p>\n<p>RQE <span style=%22font-weight: 400;%22>99041<\/span><\/p>\n<p>\u00bb module_wrapper_margin=\u00bb||40px||false|false\u00bb name_margin=\u00bb30px||||false|false\u00bb description_margin=\u00bb10px||||false|false\u00bb image_margin=\u00bb||||false|false\u00bb _builder_version=\u00bb4.23.1&#8243; _module_preset=\u00bbdefault\u00bb name_text_align=\u00bbcenter\u00bb name_font_size=\u00bb28px\u00bb description_text_align=\u00bbcenter\u00bb description_text_color=\u00bbrgba(10,10,10,0.56)\u00bb description_font_size=\u00bb18px\u00bb description_line_height=\u00bb0.5em\u00bb custom_margin=\u00bb||||false|false\u00bb custom_css_main_element=\u00bbtext-align: center;\u00bb border_radii_photo_border=\u00bbon|200px|200px|200px|200px\u00bb border_width_all_photo_border=\u00bb5px\u00bb border_color_all_photo_border=\u00bb#5cbfbe\u00bb global_colors_info=\u00bb{}\u00bb][\/difl_advanced_person][difl_dual_button btn_left_background_bgcolor=\u00bb#5cbfbe\u00bb btn_left_font_icon=\u00bb&#xe023;||divi||400&#8243; btn_left_icon_color=\u00bb#FFFFFF\u00bb btn_left_icon_placement=\u00bbleft\u00bb btn_right_background_background_image=\u00bbhttps:\/\/emfoco.med.br\/wp-content\/uploads\/2023\/10\/iconewhatsapp.webp\u00bb btn_right_background_background_image_size=\u00bbfit\u00bb btn_right_background_size_width=\u00bb100%\u00bb btn_right_background_size_height=\u00bb100%\u00bb use_right_button_icon=\u00bboff\u00bb right_button=\u00bb_\u00bb right_button_url=\u00bbhttps:\/\/api.whatsapp.com\/send\/?phone=\u200e551132893195&amp;text=Ol%C3%A1%2C+vim+do+site+e+gostaria+de+mais+informa%C3%A7%C3%B5es+sobre+consulta+com+o+Dr.+Andr%C3%A9+Silvany.&amp;type=phone_number&amp;app_absent=0&#8243; right_button_target=\u00bbon\u00bb right_button_wrapper_margin=\u00bb||||false|false\u00bb alignment=\u00bbcenter\u00bb disabled_on=\u00bbon|on|off\u00bb _builder_version=\u00bb4.27.4&#8243; _module_preset=\u00bbdefault\u00bb left_button_text_color=\u00bb#FFFFFF\u00bb right_button_text_color=\u00bb#FFFFFF\u00bb right_button_font_size=\u00bb22px\u00bb border_radii_left_button=\u00bbon|10px|10px|10px|10px\u00bb global_colors_info=\u00bb{}\u00bb][\/difl_dual_button][et_pb_text _builder_version=\u00bb4.27.4&#8243; _module_preset=\u00bbdefault\u00bb header_2_line_height=\u00bb1.8em\u00bb header_5_text_color=\u00bb#116789&#8243; header_5_line_height=\u00bb1.4em\u00bb custom_margin=\u00bb20px|30px||30px|false|false\u00bb global_colors_info=\u00bb{}\u00bb]<\/p>\n<h5 class=\"font_6\">El <a href=\"https:\/\/emfoco.med.br\/dr-andre-silvany-anestesiologista\/\">Dr. Andr\u00e9 Lu\u00eds Silvany Sales<\/a> es especialista en Anestesiolog\u00eda por el Servicio M\u00e9dico de Anestesiolog\u00eda del Hospital S\u00edrio-Liban\u00eas. Sus principales \u00e1reas de actuaci\u00f3n son: consulta preanest\u00e9sica, atenci\u00f3n del dolor, aplicaci\u00f3n de b\u00f3tox y prescripci\u00f3n de cannabis, tratando pacientes quir\u00fargicos y pacientes con dolor cr\u00f3nico. <\/h5>\n<h2>\u200bD\u00f3nde realiz\u00f3 su formaci\u00f3n<\/h2>\n<h5 class=\"font_6\">Universidad Federal de Bah\u00eda (UFBA)<\/h5>\n<h2>Hospitales de Referencia<\/h2>\n<h5 class=\"font_6\">Hospital S\u00edrio-Liban\u00eas<\/h5>\n<h5 class=\"font_6\">Hospital 9 de Julho<\/h5>\n<h5 class=\"font_6\">Hospital Vila Nova Star<\/h5>\n<h5 class=\"font_6\">Hospital Albert Einstein<\/h5>\n<p>[\/et_pb_text][\/et_pb_column][et_pb_column type=\u00bb1_3&#8243; _builder_version=\u00bb4.23.1&#8243; _module_preset=\u00bbdefault\u00bb custom_padding=\u00bb20px||20px||true|false\u00bb border_radii=\u00bbon|20px|20px|20px|20px\u00bb border_width_all=\u00bb15px\u00bb border_color_all=\u00bb#c1eae9&#8243; global_colors_info=\u00bb{}\u00bb][difl_advanced_person ap_photo=\u00bbhttps:\/\/emfoco.med.br\/wp-content\/uploads\/2023\/11\/Fernando-Jose-Bigaton.webp\u00bb ap_name=\u00bbDr. Fernando Bigaton\u00bb ap_role=\u00bbAnestesiolog\u00eda\u00bb ap_description=\u00bb<\/p>\n<p>CRM-SP <span style=%22font-weight: 400;%22>156085<\/span><\/p>\n<p>RQE <span style=%22font-weight: 400;%22>97335<\/span><\/p>\n<p>\u00bb module_wrapper_margin=\u00bb||40px||false|false\u00bb name_margin=\u00bb30px||||false|false\u00bb description_margin=\u00bb10px||||false|false\u00bb image_margin=\u00bb||||false|false\u00bb _builder_version=\u00bb4.23.1&#8243; _module_preset=\u00bbdefault\u00bb name_text_align=\u00bbcenter\u00bb name_font_size=\u00bb28px\u00bb description_text_align=\u00bbcenter\u00bb description_text_color=\u00bbrgba(10,10,10,0.56)\u00bb description_font_size=\u00bb18px\u00bb description_line_height=\u00bb0.5em\u00bb custom_margin=\u00bb||||false|false\u00bb custom_css_main_element=\u00bbtext-align: center;\u00bb border_radii_photo_border=\u00bbon|200px|200px|200px|200px\u00bb border_width_all_photo_border=\u00bb5px\u00bb border_color_all_photo_border=\u00bb#5cbfbe\u00bb global_colors_info=\u00bb{}\u00bb][\/difl_advanced_person][difl_dual_button btn_left_background_bgcolor=\u00bb#5cbfbe\u00bb btn_left_font_icon=\u00bb&#xe023;||divi||400&#8243; btn_left_icon_color=\u00bb#FFFFFF\u00bb btn_left_icon_placement=\u00bbleft\u00bb btn_right_background_background_image=\u00bbhttps:\/\/emfoco.med.br\/wp-content\/uploads\/2023\/10\/iconewhatsapp.webp\u00bb btn_right_background_background_image_size=\u00bbfit\u00bb btn_right_background_size_width=\u00bb100%\u00bb btn_right_background_size_height=\u00bb100%\u00bb use_right_button_icon=\u00bboff\u00bb right_button=\u00bb_\u00bb right_button_url=\u00bbhttps:\/\/api.whatsapp.com\/send\/?phone=\u200e551132893195&amp;text=Ol%C3%A1%2C+vim+do+site+e+gostaria+de+mais+informa%C3%A7%C3%B5es+sobre+consulta+com+o+Dr.+Fernando+Bigaton.&amp;type=phone_number&amp;app_absent=0&#8243; right_button_target=\u00bbon\u00bb right_button_wrapper_margin=\u00bb||||false|false\u00bb alignment=\u00bbcenter\u00bb disabled_on=\u00bbon|on|off\u00bb _builder_version=\u00bb4.27.4&#8243; _module_preset=\u00bbdefault\u00bb left_button_text_color=\u00bb#FFFFFF\u00bb right_button_text_color=\u00bb#FFFFFF\u00bb right_button_font_size=\u00bb22px\u00bb border_radii_left_button=\u00bbon|10px|10px|10px|10px\u00bb global_colors_info=\u00bb{}\u00bb][\/difl_dual_button][et_pb_text _builder_version=\u00bb4.27.4&#8243; _module_preset=\u00bbdefault\u00bb header_2_line_height=\u00bb1.8em\u00bb header_5_text_color=\u00bb#116789&#8243; header_5_line_height=\u00bb1.4em\u00bb custom_margin=\u00bb20px|30px||30px|false|false\u00bb global_colors_info=\u00bb{}\u00bb]<\/p>\n<h2><\/h2>\n<h5 class=\"font_6\">El <a href=\"https:\/\/emfoco.med.br\/dr-fernando-bigaton-anestesiologista\/\">Dr. Fernando Jos\u00e9 Bigaton<\/a> es especialista en Anestesiolog\u00eda por la Facultad de Medicina de la Universidad de S\u00e3o Paulo (FMUSP).<\/h5>\n<h2>\u200bD\u00f3nde realiz\u00f3 su formaci\u00f3n<\/h2>\n<h5 class=\"font_6\">Facultad de Medicina de la Universidad de S\u00e3o Paulo (FMUSP)<\/h5>\n<h2>Hospitales de Referencia<\/h2>\n<h5 class=\"font_6\">Hospital S\u00edrio-Liban\u00eas<\/h5>\n<h5 class=\"font_6\">Hospital 9 de Julho<\/h5>\n<h5 class=\"font_6\">Hospital S\u00e3o Camilo<\/h5>\n<h5 class=\"font_6\">Hospital das Cl\u00ednicas da Faculdade de Medicina da Universidade de S\u00e3o Paulo (HC-FMUSP)<\/h5>\n<p>[\/et_pb_text][\/et_pb_column][\/et_pb_row][et_pb_row column_structure=\u00bb1_3,1_3,1_3&#8243; use_custom_gutter=\u00bbon\u00bb gutter_width=\u00bb2&#8243; make_equal=\u00bbon\u00bb _builder_version=\u00bb4.23.1&#8243; _module_preset=\u00bbdefault\u00bb width=\u00bb90%\u00bb max_width=\u00bb100%\u00bb custom_margin=\u00bb50px||||false|false\u00bb custom_padding=\u00bb0px|20px|0px|20px|true|true\u00bb border_color_all=\u00bb#c1eae9&#8243; global_colors_info=\u00bb{}\u00bb][et_pb_column type=\u00bb1_3&#8243; _builder_version=\u00bb4.23.1&#8243; _module_preset=\u00bbdefault\u00bb custom_padding=\u00bb20px||20px||true|false\u00bb border_radii=\u00bbon|20px|20px|20px|20px\u00bb border_width_all=\u00bb15px\u00bb border_color_all=\u00bb#c1eae9&#8243; global_colors_info=\u00bb{}\u00bb][difl_advanced_person ap_photo=\u00bbhttps:\/\/emfoco.med.br\/wp-content\/uploads\/2023\/11\/Filipe-Storch-Takatohi.webp\u00bb ap_name=\u00bbDr. Filipe Storch\u00bb ap_role=\u00bbAnestesiolog\u00eda\u00bb ap_description=\u00bb<\/p>\n<p>CRM-SP <span style=%22font-weight: 400;%22>129240<\/span><\/p>\n<p>RQE <span style=%22font-weight: 400;%22>67012<\/span><\/p>\n<p>\u00bb module_wrapper_margin=\u00bb||40px||false|false\u00bb name_margin=\u00bb30px||||false|false\u00bb description_margin=\u00bb10px||||false|false\u00bb image_margin=\u00bb||||false|false\u00bb _builder_version=\u00bb4.23.1&#8243; _module_preset=\u00bbdefault\u00bb name_text_align=\u00bbcenter\u00bb name_font_size=\u00bb28px\u00bb description_text_align=\u00bbcenter\u00bb description_text_color=\u00bbrgba(10,10,10,0.56)\u00bb description_font_size=\u00bb18px\u00bb description_line_height=\u00bb0.5em\u00bb custom_margin=\u00bb||||false|false\u00bb custom_css_main_element=\u00bbtext-align: center;\u00bb border_radii_photo_border=\u00bbon|200px|200px|200px|200px\u00bb border_width_all_photo_border=\u00bb5px\u00bb border_color_all_photo_border=\u00bb#5cbfbe\u00bb global_colors_info=\u00bb{}\u00bb][\/difl_advanced_person][difl_dual_button btn_left_background_bgcolor=\u00bb#5cbfbe\u00bb btn_left_font_icon=\u00bb&#xe023;||divi||400&#8243; btn_left_icon_color=\u00bb#FFFFFF\u00bb btn_left_icon_placement=\u00bbleft\u00bb btn_right_background_background_image=\u00bbhttps:\/\/emfoco.med.br\/wp-content\/uploads\/2023\/10\/iconewhatsapp.webp\u00bb btn_right_background_background_image_size=\u00bbfit\u00bb btn_right_background_size_width=\u00bb100%\u00bb btn_right_background_size_height=\u00bb100%\u00bb use_right_button_icon=\u00bboff\u00bb right_button=\u00bb_\u00bb right_button_url=\u00bbhttps:\/\/api.whatsapp.com\/send\/?phone=\u200e551132893195&amp;text=Ol%C3%A1%2C+vim+do+site+e+gostaria+de+mais+informa%C3%A7%C3%B5es+sobre+consulta+com+o+Dr.+Filipe+Storch.&amp;type=phone_number&amp;app_absent=0&#8243; right_button_target=\u00bbon\u00bb right_button_wrapper_margin=\u00bb||||false|false\u00bb alignment=\u00bbcenter\u00bb disabled_on=\u00bbon|on|off\u00bb _builder_version=\u00bb4.27.4&#8243; _module_preset=\u00bbdefault\u00bb left_button_text_color=\u00bb#FFFFFF\u00bb right_button_text_color=\u00bb#FFFFFF\u00bb right_button_font_size=\u00bb22px\u00bb border_radii_left_button=\u00bbon|10px|10px|10px|10px\u00bb global_colors_info=\u00bb{}\u00bb][\/difl_dual_button][et_pb_text _builder_version=\u00bb4.27.4&#8243; _module_preset=\u00bbdefault\u00bb header_2_line_height=\u00bb1.8em\u00bb header_5_text_color=\u00bb#116789&#8243; header_5_line_height=\u00bb1.4em\u00bb custom_margin=\u00bb20px|30px||30px|false|false\u00bb global_colors_info=\u00bb{}\u00bb]<\/p>\n<h5 class=\"font_6\">El <a href=\"https:\/\/emfoco.med.br\/dr-filipe-storch-takatohi-anestesiologista\/\">Dr. Filipe Storch Takatohi<\/a> es especialista en Anestesiolog\u00eda por la Facultad de Medicina del ABC (FMABC). Sus principales \u00e1reas de especializaci\u00f3n son v\u00eda a\u00e9rea dif\u00edcil y atenci\u00f3n de emergencia. Actualmente es profesor de residencia de anestesia en la Universidad de S\u00e3o Paulo (USP).  <\/h5>\n<h2>\u200bD\u00f3nde realiz\u00f3 su formaci\u00f3n<\/h2>\n<h5 class=\"font_6\">Facultad de Medicina de la Universidad de S\u00e3o Paulo (FMUSP)<\/h5>\n<h5 class=\"font_6\">Facultad de Medicina del ABC (FMABC)<\/h5>\n<h2>Hospitales de Referencia<\/h2>\n<h5 class=\"font_6\">Hospital S\u00edrio-Liban\u00eas<\/h5>\n<h5 class=\"font_6\">Hospital Albert Einstein<\/h5>\n<h5 class=\"font_6\">Hospital 9 de Julho<\/h5>\n<h5 class=\"font_6\">Hospital S\u00e3o Camilo<\/h5>\n<p>[\/et_pb_text][\/et_pb_column][et_pb_column type=\u00bb1_3&#8243; _builder_version=\u00bb4.23.1&#8243; _module_preset=\u00bbdefault\u00bb custom_padding=\u00bb20px||20px||true|false\u00bb border_radii=\u00bbon|20px|20px|20px|20px\u00bb border_width_all=\u00bb15px\u00bb border_color_all=\u00bb#c1eae9&#8243; global_colors_info=\u00bb{}\u00bb][difl_advanced_person ap_photo=\u00bbhttps:\/\/emfoco.med.br\/wp-content\/uploads\/2023\/11\/Francinni-Mambrini-Pires-Rego.webp\u00bb ap_name=\u00bbDra. Francinni Mambrini \u00bb ap_role=\u00bbAnestesiolog\u00eda\u00bb ap_description=\u00bb<\/p>\n<p>CRM-SP <span style=%22font-weight: 400;%22>156097<\/span><\/p>\n<p>RQE <span style=%22font-weight: 400;%22>71451<\/span><\/p>\n<p>\u00bb module_wrapper_margin=\u00bb||40px||false|false\u00bb name_margin=\u00bb30px||||false|false\u00bb description_margin=\u00bb10px||||false|false\u00bb image_margin=\u00bb||||false|false\u00bb _builder_version=\u00bb4.23.1&#8243; _module_preset=\u00bbdefault\u00bb name_text_align=\u00bbcenter\u00bb name_font_size=\u00bb28px\u00bb description_text_align=\u00bbcenter\u00bb description_text_color=\u00bbrgba(10,10,10,0.56)\u00bb description_font_size=\u00bb18px\u00bb description_line_height=\u00bb0.5em\u00bb custom_margin=\u00bb||||false|false\u00bb custom_css_main_element=\u00bbtext-align: center;\u00bb border_radii_photo_border=\u00bbon|200px|200px|200px|200px\u00bb border_width_all_photo_border=\u00bb5px\u00bb border_color_all_photo_border=\u00bb#5cbfbe\u00bb global_colors_info=\u00bb{}\u00bb][\/difl_advanced_person][difl_dual_button btn_left_background_bgcolor=\u00bb#5cbfbe\u00bb btn_left_font_icon=\u00bb&#xe023;||divi||400&#8243; btn_left_icon_color=\u00bb#FFFFFF\u00bb btn_left_icon_placement=\u00bbleft\u00bb btn_right_background_background_image=\u00bbhttps:\/\/emfoco.med.br\/wp-content\/uploads\/2023\/10\/iconewhatsapp.webp\u00bb btn_right_background_background_image_size=\u00bbfit\u00bb btn_right_background_size_width=\u00bb100%\u00bb btn_right_background_size_height=\u00bb100%\u00bb use_right_button_icon=\u00bboff\u00bb right_button=\u00bb_\u00bb right_button_url=\u00bbhttps:\/\/api.whatsapp.com\/send\/?phone=\u200e551132893195&amp;text=Ol%C3%A1%2C+vim+do+site+e+gostaria+de+mais+informa%C3%A7%C3%B5es+sobre+consulta+com+a+Dra.+Francinni+Mambrini.&amp;type=phone_number&amp;app_absent=0&#8243; right_button_target=\u00bbon\u00bb right_button_wrapper_margin=\u00bb||||false|false\u00bb alignment=\u00bbcenter\u00bb disabled_on=\u00bbon|on|off\u00bb _builder_version=\u00bb4.27.4&#8243; _module_preset=\u00bbdefault\u00bb left_button_text_color=\u00bb#FFFFFF\u00bb right_button_text_color=\u00bb#FFFFFF\u00bb right_button_font_size=\u00bb22px\u00bb border_radii_left_button=\u00bbon|10px|10px|10px|10px\u00bb global_colors_info=\u00bb{}\u00bb][\/difl_dual_button][et_pb_text _builder_version=\u00bb4.27.4&#8243; _module_preset=\u00bbdefault\u00bb header_2_line_height=\u00bb1.8em\u00bb header_5_text_color=\u00bb#116789&#8243; header_5_line_height=\u00bb1.4em\u00bb custom_margin=\u00bb20px|30px||30px|false|false\u00bb global_colors_info=\u00bb{}\u00bb]<\/p>\n<h5 class=\"font_6\">La Dra. Francinni Mambrini Pires R\u00eago es especialista en Anestesiolog\u00eda por el Hospital das Cl\u00ednicas da Faculdade de Medicina da Universidade de S\u00e3o Paulo (HC\/FMUSP) <\/h5>\n<h2><span>\u200b<\/span>D\u00f3nde realiz\u00f3 su formaci\u00f3n<\/h2>\n<h5 class=\"font_6\">Facultad de Medicina de la Universidad de S\u00e3o Paulo (FMUSP)<\/h5>\n<h2><span>Hospitales de Referencia<\/span><\/h2>\n<h5 class=\"font_6\">Hospital S\u00edrio-Liban\u00eas<\/h5>\n<h5 class=\"font_6\">Hospital Albert Einstein<\/h5>\n<h5 class=\"font_6\">Hospital 9 de Julho<\/h5>\n<h5 class=\"font_6\">Maternidad Santa Joana<\/h5>\n<h5 class=\"font_6\">Hospital das Cl\u00ednicas da Faculdade de Medicina da Universidade de S\u00e3o Paulo (HC-FMUSP)<\/h5>\n<p>[\/et_pb_text][\/et_pb_column][et_pb_column type=\u00bb1_3&#8243; _builder_version=\u00bb4.23.1&#8243; _module_preset=\u00bbdefault\u00bb custom_padding=\u00bb20px||20px||true|false\u00bb border_radii=\u00bbon|20px|20px|20px|20px\u00bb border_width_all=\u00bb15px\u00bb border_color_all=\u00bb#c1eae9&#8243; global_colors_info=\u00bb{}\u00bb][difl_advanced_person ap_photo=\u00bbhttps:\/\/emfoco.med.br\/wp-content\/uploads\/2023\/11\/Isabella-Ducci-Chaer-Fonte.webp\u00bb ap_name=\u00bbDra. Isabella Chaer \u00bb ap_role=\u00bbAnestesiolog\u00eda\u00bb ap_description=\u00bb<\/p>\n<p>CRM-SP <span style=%22font-weight: 400;%22>175493<\/span><\/p>\n<p>RQE <span style=%22font-weight: 400;%22>112302<\/span><\/p>\n<p>\u00bb module_wrapper_margin=\u00bb||40px||false|false\u00bb name_margin=\u00bb30px||||false|false\u00bb description_margin=\u00bb10px||||false|false\u00bb image_margin=\u00bb||||false|false\u00bb _builder_version=\u00bb4.23.1&#8243; _module_preset=\u00bbdefault\u00bb name_text_align=\u00bbcenter\u00bb name_font_size=\u00bb28px\u00bb description_text_align=\u00bbcenter\u00bb description_text_color=\u00bbrgba(10,10,10,0.56)\u00bb description_font_size=\u00bb18px\u00bb description_line_height=\u00bb0.5em\u00bb custom_margin=\u00bb||||false|false\u00bb custom_css_main_element=\u00bbtext-align: center;\u00bb border_radii_photo_border=\u00bbon|200px|200px|200px|200px\u00bb border_width_all_photo_border=\u00bb5px\u00bb border_color_all_photo_border=\u00bb#5cbfbe\u00bb global_colors_info=\u00bb{}\u00bb][\/difl_advanced_person][difl_dual_button btn_left_background_bgcolor=\u00bb#5cbfbe\u00bb btn_left_font_icon=\u00bb&#xe023;||divi||400&#8243; btn_left_icon_color=\u00bb#FFFFFF\u00bb btn_left_icon_placement=\u00bbleft\u00bb btn_right_background_background_image=\u00bbhttps:\/\/emfoco.med.br\/wp-content\/uploads\/2023\/10\/iconewhatsapp.webp\u00bb btn_right_background_background_image_size=\u00bbfit\u00bb btn_right_background_size_width=\u00bb100%\u00bb btn_right_background_size_height=\u00bb100%\u00bb use_right_button_icon=\u00bboff\u00bb right_button=\u00bb_\u00bb right_button_url=\u00bbhttps:\/\/api.whatsapp.com\/send\/?phone=\u200e551132893195&amp;text=Ol%C3%A1%2C+vim+do+site+e+gostaria+de+mais+informa%C3%A7%C3%B5es+sobre+consulta+com+a+Dra.+Isabella+Chaer.&amp;type=phone_number&amp;app_absent=0&#8243; right_button_target=\u00bbon\u00bb right_button_wrapper_margin=\u00bb||||false|false\u00bb alignment=\u00bbcenter\u00bb disabled_on=\u00bbon|on|off\u00bb _builder_version=\u00bb4.27.4&#8243; _module_preset=\u00bbdefault\u00bb left_button_text_color=\u00bb#FFFFFF\u00bb right_button_text_color=\u00bb#FFFFFF\u00bb right_button_font_size=\u00bb22px\u00bb border_radii_left_button=\u00bbon|10px|10px|10px|10px\u00bb global_colors_info=\u00bb{}\u00bb][\/difl_dual_button][et_pb_text _builder_version=\u00bb4.27.4&#8243; _module_preset=\u00bbdefault\u00bb header_2_line_height=\u00bb1.8em\u00bb header_5_text_color=\u00bb#116789&#8243; header_5_line_height=\u00bb1.4em\u00bb custom_margin=\u00bb20px|30px||30px|false|false\u00bb global_colors_info=\u00bb{}\u00bb]<\/p>\n<h5 class=\"font_6\">La Dra. Isabella Ducci Chaer Fonte es especialista en Anestesiolog\u00eda por la Facultad de Medicina de la Universidad de S\u00e3o Paulo (FMUSP). Sus principales \u00e1reas de actuaci\u00f3n son bloqueo de nervio perif\u00e9rico y evaluaci\u00f3n del riesgo quir\u00fargico.  <\/h5>\n<h2>\u200bD\u00f3nde realiz\u00f3 su formaci\u00f3n<\/h2>\n<h5 class=\"font_6\">Universidad del Estado de S\u00e3o Paulo (UNESP)<\/h5>\n<h5 class=\"font_6\">Facultad de Medicina de la Universidad de S\u00e3o Paulo (FMUSP)<\/h5>\n<h2>Hospitales de Referencia<\/h2>\n<h5 class=\"font_6\">Hospital S\u00edrio-Liban\u00eas<\/h5>\n<h5 class=\"font_6\">Hospital 9 de Julho<\/h5>\n<h5 class=\"font_6\">Vila Nova Star<\/h5>\n<p>[\/et_pb_text][\/et_pb_column][\/et_pb_row][\/et_pb_section][et_pb_section fb_built=\u00bb1&#8243; disabled_on=\u00bboff|off|on\u00bb _builder_version=\u00bb4.23.1&#8243; _module_preset=\u00bbdefault\u00bb custom_padding=\u00bb0px||||false|false\u00bb locked=\u00bboff\u00bb global_colors_info=\u00bb{}\u00bb][et_pb_row _builder_version=\u00bb4.23.1&#8243; _module_preset=\u00bbdefault\u00bb locked=\u00bboff\u00bb global_colors_info=\u00bb{}\u00bb][et_pb_column type=\u00bb4_4&#8243; _builder_version=\u00bb4.23.1&#8243; _module_preset=\u00bbdefault\u00bb global_colors_info=\u00bb{}\u00bb][et_pb_text _builder_version=\u00bb4.23.1&#8243; _module_preset=\u00bbdefault\u00bb text_line_height=\u00bb1.8em\u00bb header_2_font=\u00bb|600|||||||\u00bb header_2_text_align=\u00bbleft\u00bb header_2_text_color=\u00bb#FFFFFF\u00bb header_2_font_size=\u00bb60px\u00bb module_alignment=\u00bbcenter\u00bb custom_padding=\u00bb||||false|false\u00bb global_colors_info=\u00bb{}\u00bb]<\/p>\n<p>El m\u00e9dico anestesi\u00f3logo desempe\u00f1a un papel esencial durante las cirug\u00edas, ofreciendo varias ventajas, no solo para los pacientes, sino tambi\u00e9n para cirujanos y dem\u00e1s miembros del equipo m\u00e9dico.<\/p>\n<p>Por tanto, este especialista tiene un papel fundamental en proporcionar comodidad y bienestar a los pacientes y, pensando en ello, el Instituto Medicina em Foco cuenta en su equipo con profesionales de excelencia.<\/p>\n<p>[\/et_pb_text][\/et_pb_column][\/et_pb_row][et_pb_row use_custom_gutter=\u00bbon\u00bb gutter_width=\u00bb2&#8243; make_equal=\u00bbon\u00bb _builder_version=\u00bb4.23.1&#8243; _module_preset=\u00bbdefault\u00bb width=\u00bb90%\u00bb max_width=\u00bb100%\u00bb custom_margin=\u00bb||50px||false|false\u00bb custom_padding=\u00bb0px|20px|0px|20px|true|true\u00bb border_color_all=\u00bb#c1eae9&#8243; global_colors_info=\u00bb{}\u00bb][et_pb_column type=\u00bb4_4&#8243; _builder_version=\u00bb4.23.1&#8243; _module_preset=\u00bbdefault\u00bb custom_padding=\u00bb20px||20px||true|false\u00bb border_radii=\u00bbon|20px|20px|20px|20px\u00bb border_width_all=\u00bb15px\u00bb border_color_all=\u00bb#c1eae9&#8243; global_colors_info=\u00bb{}\u00bb][difl_advanced_person ap_photo=\u00bbhttps:\/\/emfoco.med.br\/wp-content\/uploads\/2023\/11\/Amanda-Fernandes-Halla.webp\u00bb ap_name=\u00bbDra. Amanda Halla \u00bb ap_role=\u00bbAnestesiolog\u00eda\u00bb ap_description=\u00bb<\/p>\n<p>CRM-SP <span style=%22font-weight: 400;%22>176726<\/span><\/p>\n<p>RQE <span style=%22font-weight: 400;%22>83751<\/span><\/p>\n<p>\u00bb module_wrapper_margin=\u00bb||40px||false|false\u00bb image_wrapper_margin=\u00bb||||true|false\u00bb image_wrapper_padding=\u00bb|20px||20px|true|true\u00bb name_margin=\u00bb30px||||false|false\u00bb description_margin=\u00bb10px||||false|false\u00bb image_margin=\u00bb||||false|false\u00bb _builder_version=\u00bb4.23.1&#8243; _module_preset=\u00bbdefault\u00bb name_text_align=\u00bbcenter\u00bb role_font_size=\u00bb16px\u00bb description_text_align=\u00bbcenter\u00bb description_text_color=\u00bbrgba(10,10,10,0.56)\u00bb description_line_height=\u00bb0.5em\u00bb custom_margin=\u00bb||||false|false\u00bb custom_css_main_element=\u00bbtext-align: center;\u00bb border_radii_photo_border=\u00bbon|200px|200px|200px|200px\u00bb border_width_all_photo_border=\u00bb5px\u00bb border_color_all_photo_border=\u00bb#5cbfbe\u00bb global_colors_info=\u00bb{}\u00bb][\/difl_advanced_person][difl_dual_button btn_left_background_bgcolor=\u00bb#5cbfbe\u00bb btn_left_font_icon=\u00bb&#xe023;||divi||400&#8243; btn_left_icon_color=\u00bb#FFFFFF\u00bb btn_left_icon_placement=\u00bbleft\u00bb btn_right_background_background_image=\u00bbhttps:\/\/emfoco.med.br\/wp-content\/uploads\/2023\/10\/iconewhatsapp.webp\u00bb btn_right_background_background_image_size=\u00bbfit\u00bb btn_right_background_size_width=\u00bb100%\u00bb btn_right_background_size_height=\u00bb100%\u00bb use_right_button_icon=\u00bboff\u00bb right_button=\u00bb_\u00bb right_button_url=\u00bbhttps:\/\/api.whatsapp.com\/send\/?phone=\u200e551132893195&amp;text=Ol%C3%A1%2C+vim+do+site+e+gostaria+de+mais+informa%C3%A7%C3%B5es+sobre+consulta+com+a+Dra.+Amanda+Halla.&amp;type=phone_number&amp;app_absent=0&#8243; right_button_target=\u00bbon\u00bb right_button_wrapper_margin=\u00bb||||false|false\u00bb alignment=\u00bbcenter\u00bb disabled_on=\u00bboff|off|on\u00bb _builder_version=\u00bb4.27.4&#8243; _module_preset=\u00bbdefault\u00bb left_button_text_color=\u00bb#FFFFFF\u00bb left_button_font_size=\u00bb16px\u00bb right_button_text_color=\u00bb#FFFFFF\u00bb right_button_font_size=\u00bb22px\u00bb border_radii_left_button=\u00bbon|10px|10px|10px|10px\u00bb global_colors_info=\u00bb{}\u00bb][\/difl_dual_button][et_pb_text _builder_version=\u00bb4.27.4&#8243; _module_preset=\u00bbdefault\u00bb header_2_font_size=\u00bb18px\u00bb header_2_line_height=\u00bb1.7em\u00bb header_5_text_color=\u00bb#116789&#8243; header_5_font_size=\u00bb14px\u00bb header_5_line_height=\u00bb1.4em\u00bb custom_margin=\u00bb20px|20px||20px|false|true\u00bb global_colors_info=\u00bb{}\u00bb]<\/p>\n<h2><\/h2>\n<h5 class=\"font_6\">La  <a href=\"https:\/\/emfoco.med.br\/dra-amanda-halla-anestesiologista\/\">Dra. Amanda Ferreira Halla <\/a>  es especialista en Anestesiolog\u00eda por la Facultad de Ciencias M\u00e9dicas de la Santa Casa de S\u00e3o Paulo. Sus principales \u00e1reas de actuaci\u00f3n son: cirug\u00edas de gran envergadura, como cirug\u00edas bari\u00e1tricas, cirug\u00edas del sistema digestivo, neurocirug\u00edas, cirug\u00edas ortop\u00e9dicas, cirug\u00edas de columna; adem\u00e1s de actuar en anestesia para cirug\u00edas oftalmol\u00f3gicas, otorrinolaringol\u00f3gicas y ginecol\u00f3gicas y obst\u00e9tricas. <\/h5>\n<h2>\u200bD\u00f3nde realiz\u00f3 su formaci\u00f3n<\/h2>\n<h5 class=\"font_6\">Facultad de Ciencias M\u00e9dicas de la Santa Casa de S\u00e3o Paulo<\/h5>\n<h2>Hospitales de Referencia<\/h2>\n<h5 class=\"font_6\">Hospital 9 de Julho<\/h5>\n<h5 class=\"font_6\">Hospital S\u00e3o Camilo<\/h5>\n<h5 class=\"font_6\">Hospital da Santa Casa de Miseric\u00f3rdia de S\u00e3o Paulo<\/h5>\n<p>[\/et_pb_text][\/et_pb_column][\/et_pb_row][et_pb_row use_custom_gutter=\u00bbon\u00bb gutter_width=\u00bb2&#8243; make_equal=\u00bbon\u00bb _builder_version=\u00bb4.23.1&#8243; _module_preset=\u00bbdefault\u00bb width=\u00bb90%\u00bb max_width=\u00bb100%\u00bb custom_margin=\u00bb||50px||false|false\u00bb custom_padding=\u00bb0px|20px|0px|20px|true|true\u00bb border_color_all=\u00bb#c1eae9&#8243; global_colors_info=\u00bb{}\u00bb][et_pb_column type=\u00bb4_4&#8243; _builder_version=\u00bb4.23.1&#8243; _module_preset=\u00bbdefault\u00bb custom_padding=\u00bb20px||20px||true|false\u00bb border_radii=\u00bbon|20px|20px|20px|20px\u00bb border_width_all=\u00bb15px\u00bb border_color_all=\u00bb#c1eae9&#8243; global_colors_info=\u00bb{}\u00bb][difl_advanced_person ap_photo=\u00bbhttps:\/\/emfoco.med.br\/wp-content\/uploads\/2023\/11\/Andre-Luis-Silvany-Sales.webp\u00bb ap_name=\u00bbDr. Andr\u00e9 Silvany\u00bb ap_role=\u00bbAnestesiolog\u00eda\u00bb ap_description=\u00bb<\/p>\n<p>CRM-SP <span style=%22font-weight: 400;%22>165015<\/span><\/p>\n<p>RQE <span style=%22font-weight: 400;%22>99041<\/span><\/p>\n<p>\u00bb module_wrapper_margin=\u00bb||40px||false|false\u00bb image_wrapper_padding=\u00bb|20px||20px|false|true\u00bb name_margin=\u00bb30px||||false|false\u00bb description_margin=\u00bb10px||||false|false\u00bb image_margin=\u00bb||||false|false\u00bb _builder_version=\u00bb4.23.1&#8243; _module_preset=\u00bbdefault\u00bb name_text_align=\u00bbcenter\u00bb role_font_size=\u00bb16px\u00bb description_text_align=\u00bbcenter\u00bb description_text_color=\u00bbrgba(10,10,10,0.56)\u00bb description_line_height=\u00bb0.5em\u00bb custom_margin=\u00bb||||false|false\u00bb custom_css_main_element=\u00bbtext-align: center;\u00bb border_radii_photo_border=\u00bbon|200px|200px|200px|200px\u00bb border_width_all_photo_border=\u00bb5px\u00bb border_color_all_photo_border=\u00bb#5cbfbe\u00bb global_colors_info=\u00bb{}\u00bb][\/difl_advanced_person][difl_dual_button btn_left_background_bgcolor=\u00bb#5cbfbe\u00bb btn_left_font_icon=\u00bb&#xe023;||divi||400&#8243; btn_left_icon_color=\u00bb#FFFFFF\u00bb btn_left_icon_placement=\u00bbleft\u00bb btn_right_background_background_image=\u00bbhttps:\/\/emfoco.med.br\/wp-content\/uploads\/2023\/10\/iconewhatsapp.webp\u00bb btn_right_background_background_image_size=\u00bbfit\u00bb btn_right_background_size_width=\u00bb100%\u00bb btn_right_background_size_height=\u00bb100%\u00bb use_right_button_icon=\u00bboff\u00bb right_button=\u00bb_\u00bb right_button_url=\u00bbhttps:\/\/api.whatsapp.com\/send\/?phone=\u200e551132893195&amp;text=Ol%C3%A1%2C+vim+do+site+e+gostaria+de+mais+informa%C3%A7%C3%B5es+sobre+consulta+com+o+Dr.+Andr%C3%A9+Silvany.&amp;type=phone_number&amp;app_absent=0&#8243; right_button_target=\u00bbon\u00bb right_button_wrapper_margin=\u00bb||||false|false\u00bb alignment=\u00bbcenter\u00bb disabled_on=\u00bboff|off|on\u00bb _builder_version=\u00bb4.27.4&#8243; _module_preset=\u00bbdefault\u00bb left_button_text_color=\u00bb#FFFFFF\u00bb left_button_font_size=\u00bb16px\u00bb right_button_text_color=\u00bb#FFFFFF\u00bb right_button_font_size=\u00bb22px\u00bb border_radii_left_button=\u00bbon|10px|10px|10px|10px\u00bb global_colors_info=\u00bb{}\u00bb][\/difl_dual_button][et_pb_text _builder_version=\u00bb4.27.4&#8243; _module_preset=\u00bbdefault\u00bb header_2_font_size=\u00bb18px\u00bb header_2_line_height=\u00bb1.7em\u00bb header_5_text_color=\u00bb#116789&#8243; header_5_font_size=\u00bb14px\u00bb header_5_line_height=\u00bb1.4em\u00bb custom_margin=\u00bb20px|20px||20px|false|true\u00bb global_colors_info=\u00bb{}\u00bb]<\/p>\n<h5 class=\"font_6\">El <a href=\"https:\/\/emfoco.med.br\/dr-andre-silvany-anestesiologista\/\">Dr. Andr\u00e9 Lu\u00eds Silvany Sales<\/a> es especialista en Anestesiolog\u00eda por el Servicio M\u00e9dico de Anestesiolog\u00eda del Hospital S\u00edrio-Liban\u00eas. Sus principales \u00e1reas de actuaci\u00f3n son: consulta preanest\u00e9sica, atenci\u00f3n del dolor, aplicaci\u00f3n de b\u00f3tox y prescripci\u00f3n de cannabis, tratando pacientes quir\u00fargicos y pacientes con dolor cr\u00f3nico. <\/h5>\n<h2>\u200bD\u00f3nde realiz\u00f3 su formaci\u00f3n<\/h2>\n<h5 class=\"font_6\">Universidad Federal de Bah\u00eda (UFBA)<\/h5>\n<h2>Hospitales de Referencia<\/h2>\n<h5 class=\"font_6\">Hospital S\u00edrio-Liban\u00eas<\/h5>\n<h5 class=\"font_6\">Hospital 9 de Julho<\/h5>\n<h5 class=\"font_6\">Hospital Vila Nova Star<\/h5>\n<h5 class=\"font_6\">Hospital Albert Einstein<\/h5>\n<p>[\/et_pb_text][\/et_pb_column][\/et_pb_row][et_pb_row use_custom_gutter=\u00bbon\u00bb gutter_width=\u00bb2&#8243; make_equal=\u00bbon\u00bb _builder_version=\u00bb4.23.1&#8243; _module_preset=\u00bbdefault\u00bb width=\u00bb90%\u00bb max_width=\u00bb100%\u00bb custom_margin=\u00bb||||false|false\u00bb custom_padding=\u00bb0px|20px|0px|20px|true|true\u00bb border_color_all=\u00bb#c1eae9&#8243; global_colors_info=\u00bb{}\u00bb][et_pb_column type=\u00bb4_4&#8243; _builder_version=\u00bb4.23.1&#8243; _module_preset=\u00bbdefault\u00bb custom_padding=\u00bb20px||20px||true|false\u00bb border_radii=\u00bbon|20px|20px|20px|20px\u00bb border_width_all=\u00bb15px\u00bb border_color_all=\u00bb#c1eae9&#8243; global_colors_info=\u00bb{}\u00bb][difl_advanced_person ap_photo=\u00bbhttps:\/\/emfoco.med.br\/wp-content\/uploads\/2023\/11\/Fernando-Jose-Bigaton.webp\u00bb ap_name=\u00bbDr. Fernando Bigaton\u00bb ap_role=\u00bbAnestesiolog\u00eda\u00bb ap_description=\u00bb<\/p>\n<p>CRM-SP <span style=%22font-weight: 400;%22>156085<\/span><\/p>\n<p>RQE <span style=%22font-weight: 400;%22>97335<\/span><\/p>\n<p>\u00bb module_wrapper_margin=\u00bb||40px||false|false\u00bb image_wrapper_padding=\u00bb|20px||20px|false|true\u00bb name_margin=\u00bb30px||||false|false\u00bb description_margin=\u00bb10px||||false|false\u00bb image_margin=\u00bb||||false|false\u00bb _builder_version=\u00bb4.23.1&#8243; _module_preset=\u00bbdefault\u00bb name_text_align=\u00bbcenter\u00bb role_font_size=\u00bb16px\u00bb description_text_align=\u00bbcenter\u00bb description_text_color=\u00bbrgba(10,10,10,0.56)\u00bb description_line_height=\u00bb0.5em\u00bb custom_margin=\u00bb||||false|false\u00bb custom_css_main_element=\u00bbtext-align: center;\u00bb border_radii_photo_border=\u00bbon|200px|200px|200px|200px\u00bb border_width_all_photo_border=\u00bb5px\u00bb border_color_all_photo_border=\u00bb#5cbfbe\u00bb global_colors_info=\u00bb{}\u00bb][\/difl_advanced_person][difl_dual_button btn_left_background_bgcolor=\u00bb#5cbfbe\u00bb btn_left_font_icon=\u00bb&#xe023;||divi||400&#8243; btn_left_icon_color=\u00bb#FFFFFF\u00bb btn_left_icon_placement=\u00bbleft\u00bb btn_right_background_background_image=\u00bbhttps:\/\/emfoco.med.br\/wp-content\/uploads\/2023\/10\/iconewhatsapp.webp\u00bb btn_right_background_background_image_size=\u00bbfit\u00bb btn_right_background_size_width=\u00bb100%\u00bb btn_right_background_size_height=\u00bb100%\u00bb use_right_button_icon=\u00bboff\u00bb right_button=\u00bb_\u00bb right_button_url=\u00bbhttps:\/\/api.whatsapp.com\/send\/?phone=\u200e551132893195&amp;text=Ol%C3%A1%2C+vim+do+site+e+gostaria+de+mais+informa%C3%A7%C3%B5es+sobre+consulta+com+o+Dr.+Fernando+Bigaton.&amp;type=phone_number&amp;app_absent=0&#8243; right_button_target=\u00bbon\u00bb right_button_wrapper_margin=\u00bb||||false|false\u00bb alignment=\u00bbcenter\u00bb disabled_on=\u00bboff|off|on\u00bb _builder_version=\u00bb4.27.4&#8243; _module_preset=\u00bbdefault\u00bb left_button_text_color=\u00bb#FFFFFF\u00bb left_button_font_size=\u00bb16px\u00bb right_button_text_color=\u00bb#FFFFFF\u00bb right_button_font_size=\u00bb22px\u00bb border_radii_left_button=\u00bbon|10px|10px|10px|10px\u00bb global_colors_info=\u00bb{}\u00bb][\/difl_dual_button][et_pb_text _builder_version=\u00bb4.27.4&#8243; _module_preset=\u00bbdefault\u00bb header_2_font_size=\u00bb18px\u00bb header_2_line_height=\u00bb1.7em\u00bb header_5_text_color=\u00bb#116789&#8243; header_5_font_size=\u00bb14px\u00bb header_5_line_height=\u00bb1.4em\u00bb custom_margin=\u00bb20px|20px||20px|false|false\u00bb global_colors_info=\u00bb{}\u00bb]<\/p>\n<h5 class=\"font_6\">El <a href=\"https:\/\/emfoco.med.br\/dr-fernando-bigaton-anestesiologista\/\">Dr. Fernando Jos\u00e9 Bigaton<\/a> es especialista en Anestesiolog\u00eda por la Facultad de Medicina de la Universidad de S\u00e3o Paulo (FMUSP).<\/h5>\n<h2>\u200bD\u00f3nde realiz\u00f3 su formaci\u00f3n<\/h2>\n<h5 class=\"font_6\">Facultad de Medicina de la Universidad de S\u00e3o Paulo (FMUSP)<\/h5>\n<h2>Hospitales de Referencia<\/h2>\n<h5 class=\"font_6\">Hospital S\u00edrio-Liban\u00eas<\/h5>\n<h5 class=\"font_6\">Hospital 9 de Julho<\/h5>\n<h5 class=\"font_6\">Hospital S\u00e3o Camilo<\/h5>\n<h5 class=\"font_6\">Hospital das Cl\u00ednicas da Faculdade de Medicina da Universidade de S\u00e3o Paulo (HC-FMUSP)<\/h5>\n<p>[\/et_pb_text][\/et_pb_column][\/et_pb_row][et_pb_row use_custom_gutter=\u00bbon\u00bb gutter_width=\u00bb2&#8243; make_equal=\u00bbon\u00bb _builder_version=\u00bb4.23.1&#8243; _module_preset=\u00bbdefault\u00bb width=\u00bb90%\u00bb max_width=\u00bb100%\u00bb custom_margin=\u00bb50px||||false|false\u00bb custom_padding=\u00bb0px|20px|0px|20px|true|true\u00bb border_color_all=\u00bb#c1eae9&#8243; global_colors_info=\u00bb{}\u00bb][et_pb_column type=\u00bb4_4&#8243; _builder_version=\u00bb4.23.1&#8243; _module_preset=\u00bbdefault\u00bb custom_padding=\u00bb20px||20px||true|false\u00bb border_radii=\u00bbon|20px|20px|20px|20px\u00bb border_width_all=\u00bb15px\u00bb border_color_all=\u00bb#c1eae9&#8243; global_colors_info=\u00bb{}\u00bb][difl_advanced_person ap_photo=\u00bbhttps:\/\/emfoco.med.br\/wp-content\/uploads\/2023\/11\/Filipe-Storch-Takatohi.webp\u00bb ap_name=\u00bbDr. Filipe Storch\u00bb ap_role=\u00bbAnestesiolog\u00eda\u00bb ap_description=\u00bb<\/p>\n<p>CRM-SP <span style=%22font-weight: 400;%22>129240<\/span><\/p>\n<p>RQE <span style=%22font-weight: 400;%22>67012<\/span><\/p>\n<p>\u00bb module_wrapper_margin=\u00bb||40px||false|false\u00bb image_wrapper_padding=\u00bb|20px||20px|false|true\u00bb name_margin=\u00bb30px||||false|false\u00bb description_margin=\u00bb10px||||false|false\u00bb image_margin=\u00bb||||false|false\u00bb _builder_version=\u00bb4.23.1&#8243; _module_preset=\u00bbdefault\u00bb name_text_align=\u00bbcenter\u00bb role_font_size=\u00bb16px\u00bb description_text_align=\u00bbcenter\u00bb description_text_color=\u00bbrgba(10,10,10,0.56)\u00bb description_line_height=\u00bb0.5em\u00bb custom_margin=\u00bb||||false|false\u00bb custom_css_main_element=\u00bbtext-align: center;\u00bb border_radii_photo_border=\u00bbon|200px|200px|200px|200px\u00bb border_width_all_photo_border=\u00bb5px\u00bb border_color_all_photo_border=\u00bb#5cbfbe\u00bb global_colors_info=\u00bb{}\u00bb][\/difl_advanced_person][difl_dual_button btn_left_background_bgcolor=\u00bb#5cbfbe\u00bb btn_left_font_icon=\u00bb&#xe023;||divi||400&#8243; btn_left_icon_color=\u00bb#FFFFFF\u00bb btn_left_icon_placement=\u00bbleft\u00bb btn_right_background_background_image=\u00bbhttps:\/\/emfoco.med.br\/wp-content\/uploads\/2023\/10\/iconewhatsapp.webp\u00bb btn_right_background_background_image_size=\u00bbfit\u00bb btn_right_background_size_width=\u00bb100%\u00bb btn_right_background_size_height=\u00bb100%\u00bb use_right_button_icon=\u00bboff\u00bb right_button=\u00bb_\u00bb right_button_url=\u00bbhttps:\/\/api.whatsapp.com\/send\/?phone=\u200e551132893195&amp;text=Ol%C3%A1%2C+vim+do+site+e+gostaria+de+mais+informa%C3%A7%C3%B5es+sobre+consulta+com+o+Dr.+Filipe+Storch.&amp;type=phone_number&amp;app_absent=0&#8243; right_button_target=\u00bbon\u00bb right_button_wrapper_margin=\u00bb||||false|false\u00bb alignment=\u00bbcenter\u00bb disabled_on=\u00bboff|off|on\u00bb _builder_version=\u00bb4.27.4&#8243; _module_preset=\u00bbdefault\u00bb left_button_text_color=\u00bb#FFFFFF\u00bb left_button_font_size=\u00bb16px\u00bb right_button_text_color=\u00bb#FFFFFF\u00bb right_button_font_size=\u00bb22px\u00bb border_radii_left_button=\u00bbon|10px|10px|10px|10px\u00bb global_colors_info=\u00bb{}\u00bb][\/difl_dual_button][et_pb_text _builder_version=\u00bb4.27.4&#8243; _module_preset=\u00bbdefault\u00bb header_2_font_size=\u00bb18px\u00bb header_2_line_height=\u00bb1.7em\u00bb header_5_text_color=\u00bb#116789&#8243; header_5_font_size=\u00bb14px\u00bb header_5_line_height=\u00bb1.4em\u00bb custom_margin=\u00bb20px|20px||20px|false|false\u00bb global_colors_info=\u00bb{}\u00bb]<\/p>\n<h2><\/h2>\n<h5 class=\"font_6\">El <a href=\"https:\/\/emfoco.med.br\/dr-filipe-storch-takatohi-anestesiologista\/\">Dr. Filipe Storch Takatohi<\/a> es especialista en Anestesiolog\u00eda por la Facultad de Medicina del ABC (FMABC). Sus principales \u00e1reas de especializaci\u00f3n son v\u00eda a\u00e9rea dif\u00edcil y atenci\u00f3n de emergencia. Actualmente es profesor de residencia de anestesia en la Universidad de S\u00e3o Paulo (USP).  <\/h5>\n<h2>\u200bD\u00f3nde realiz\u00f3 su formaci\u00f3n<\/h2>\n<h5 class=\"font_6\">Facultad de Medicina de la Universidad de S\u00e3o Paulo (FMUSP)<\/h5>\n<h5 class=\"font_6\">Facultad de Medicina del ABC (FMABC)<\/h5>\n<h2>Hospitales de Referencia<\/h2>\n<h5 class=\"font_6\">Hospital S\u00edrio-Liban\u00eas<\/h5>\n<h5 class=\"font_6\">Hospital Albert Einstein<\/h5>\n<h5 class=\"font_6\">Hospital 9 de Julho<\/h5>\n<h5 class=\"font_6\">Hospital S\u00e3o Camilo<\/h5>\n<p>[\/et_pb_text][\/et_pb_column][\/et_pb_row][et_pb_row use_custom_gutter=\u00bbon\u00bb gutter_width=\u00bb2&#8243; make_equal=\u00bbon\u00bb _builder_version=\u00bb4.23.1&#8243; _module_preset=\u00bbdefault\u00bb width=\u00bb90%\u00bb max_width=\u00bb100%\u00bb custom_margin=\u00bb50px||||false|false\u00bb custom_padding=\u00bb0px|20px|0px|20px|true|true\u00bb border_color_all=\u00bb#c1eae9&#8243; global_colors_info=\u00bb{}\u00bb][et_pb_column type=\u00bb4_4&#8243; _builder_version=\u00bb4.23.1&#8243; _module_preset=\u00bbdefault\u00bb custom_padding=\u00bb20px||20px||true|false\u00bb border_radii=\u00bbon|20px|20px|20px|20px\u00bb border_width_all=\u00bb15px\u00bb border_color_all=\u00bb#c1eae9&#8243; global_colors_info=\u00bb{}\u00bb][difl_advanced_person ap_photo=\u00bbhttps:\/\/emfoco.med.br\/wp-content\/uploads\/2023\/11\/Francinni-Mambrini-Pires-Rego.webp\u00bb ap_name=\u00bbDra. Francinni Mambrini \u00bb ap_role=\u00bbAnestesiolog\u00eda\u00bb ap_description=\u00bb<\/p>\n<p>CRM-SP <span style=%22font-weight: 400;%22>156097<\/span><\/p>\n<p>RQE <span style=%22font-weight: 400;%22>71451<\/span><\/p>\n<p>\u00bb module_wrapper_margin=\u00bb||40px||false|false\u00bb image_wrapper_padding=\u00bb|20px||20px|false|true\u00bb name_margin=\u00bb30px||||false|false\u00bb description_margin=\u00bb10px||||false|false\u00bb image_margin=\u00bb||||false|false\u00bb _builder_version=\u00bb4.23.1&#8243; _module_preset=\u00bbdefault\u00bb name_text_align=\u00bbcenter\u00bb role_font_size=\u00bb16px\u00bb description_text_align=\u00bbcenter\u00bb description_text_color=\u00bbrgba(10,10,10,0.56)\u00bb description_line_height=\u00bb0.5em\u00bb custom_margin=\u00bb||||false|false\u00bb custom_css_main_element=\u00bbtext-align: center;\u00bb border_radii_photo_border=\u00bbon|200px|200px|200px|200px\u00bb border_width_all_photo_border=\u00bb5px\u00bb border_color_all_photo_border=\u00bb#5cbfbe\u00bb global_colors_info=\u00bb{}\u00bb][\/difl_advanced_person][difl_dual_button btn_left_background_bgcolor=\u00bb#5cbfbe\u00bb btn_left_font_icon=\u00bb&#xe023;||divi||400&#8243; btn_left_icon_color=\u00bb#FFFFFF\u00bb btn_left_icon_placement=\u00bbleft\u00bb btn_right_background_background_image=\u00bbhttps:\/\/emfoco.med.br\/wp-content\/uploads\/2023\/10\/iconewhatsapp.webp\u00bb btn_right_background_background_image_size=\u00bbfit\u00bb btn_right_background_size_width=\u00bb100%\u00bb btn_right_background_size_height=\u00bb100%\u00bb use_right_button_icon=\u00bboff\u00bb right_button=\u00bb_\u00bb right_button_url=\u00bbhttps:\/\/api.whatsapp.com\/send\/?phone=\u200e551132893195&amp;text=Ol%C3%A1%2C+vim+do+site+e+gostaria+de+mais+informa%C3%A7%C3%B5es+sobre+consulta+com+a+Dra.+Francinni+Mambrini.&amp;type=phone_number&amp;app_absent=0&#8243; right_button_target=\u00bbon\u00bb right_button_wrapper_margin=\u00bb||||false|false\u00bb alignment=\u00bbcenter\u00bb disabled_on=\u00bboff|off|on\u00bb _builder_version=\u00bb4.27.4&#8243; _module_preset=\u00bbdefault\u00bb left_button_text_color=\u00bb#FFFFFF\u00bb left_button_font_size=\u00bb16px\u00bb right_button_text_color=\u00bb#FFFFFF\u00bb right_button_font_size=\u00bb22px\u00bb border_radii_left_button=\u00bbon|10px|10px|10px|10px\u00bb global_colors_info=\u00bb{}\u00bb][\/difl_dual_button][et_pb_text _builder_version=\u00bb4.27.4&#8243; _module_preset=\u00bbdefault\u00bb header_2_font_size=\u00bb18px\u00bb header_2_line_height=\u00bb1.7em\u00bb header_5_text_color=\u00bb#116789&#8243; header_5_font_size=\u00bb14px\u00bb header_5_line_height=\u00bb1.4em\u00bb custom_margin=\u00bb20px|20px||20px|false|false\u00bb global_colors_info=\u00bb{}\u00bb]<\/p>\n<h5 class=\"font_6\">La Dra. Francinni Mambrini Pires R\u00eago es especialista en Anestesiolog\u00eda por el Hospital das Cl\u00ednicas da Faculdade de Medicina da Universidade de S\u00e3o Paulo (HC\/FMUSP) <\/h5>\n<h2><span>\u200b<\/span>D\u00f3nde realiz\u00f3 su formaci\u00f3n<\/h2>\n<h5 class=\"font_6\">Facultad de Medicina de la Universidad de S\u00e3o Paulo (FMUSP)<\/h5>\n<h2><span>Hospitales de Referencia<\/span><\/h2>\n<h5 class=\"font_6\">Hospital S\u00edrio-Liban\u00eas<\/h5>\n<h5 class=\"font_6\">Hospital Albert Einstein<\/h5>\n<h5 class=\"font_6\">Hospital 9 de Julho<\/h5>\n<h5 class=\"font_6\">Maternidad Santa Joana<\/h5>\n<h5 class=\"font_6\">Hospital das Cl\u00ednicas da Faculdade de Medicina da Universidade de S\u00e3o Paulo (HC-FMUSP)<\/h5>\n<p>[\/et_pb_text][\/et_pb_column][\/et_pb_row][et_pb_row use_custom_gutter=\u00bbon\u00bb gutter_width=\u00bb2&#8243; make_equal=\u00bbon\u00bb _builder_version=\u00bb4.23.1&#8243; _module_preset=\u00bbdefault\u00bb width=\u00bb90%\u00bb max_width=\u00bb100%\u00bb custom_margin=\u00bb50px||||false|false\u00bb custom_padding=\u00bb0px|20px|0px|20px|true|true\u00bb border_color_all=\u00bb#c1eae9&#8243; global_colors_info=\u00bb{}\u00bb][et_pb_column type=\u00bb4_4&#8243; _builder_version=\u00bb4.23.1&#8243; _module_preset=\u00bbdefault\u00bb custom_padding=\u00bb20px||20px||true|false\u00bb border_radii=\u00bbon|20px|20px|20px|20px\u00bb border_width_all=\u00bb15px\u00bb border_color_all=\u00bb#c1eae9&#8243; global_colors_info=\u00bb{}\u00bb][difl_advanced_person ap_photo=\u00bbhttps:\/\/emfoco.med.br\/wp-content\/uploads\/2023\/11\/Isabella-Ducci-Chaer-Fonte.webp\u00bb ap_name=\u00bbDra. Isabella Chaer \u00bb ap_role=\u00bbAnestesiolog\u00eda\u00bb ap_description=\u00bb<\/p>\n<p>CRM-SP <span style=%22font-weight: 400;%22>175493<\/span><\/p>\n<p>RQE <span style=%22font-weight: 400;%22>112302<\/span><\/p>\n<p>\u00bb module_wrapper_margin=\u00bb||40px||false|false\u00bb image_wrapper_padding=\u00bb|20px||20px|false|true\u00bb name_margin=\u00bb30px||||false|false\u00bb description_margin=\u00bb10px||||false|false\u00bb image_margin=\u00bb||||false|false\u00bb _builder_version=\u00bb4.23.1&#8243; _module_preset=\u00bbdefault\u00bb name_text_align=\u00bbcenter\u00bb role_font_size=\u00bb16px\u00bb description_text_align=\u00bbcenter\u00bb description_text_color=\u00bbrgba(10,10,10,0.56)\u00bb description_line_height=\u00bb0.5em\u00bb custom_margin=\u00bb||||false|false\u00bb custom_css_main_element=\u00bbtext-align: center;\u00bb border_radii_photo_border=\u00bbon|200px|200px|200px|200px\u00bb border_width_all_photo_border=\u00bb5px\u00bb border_color_all_photo_border=\u00bb#5cbfbe\u00bb global_colors_info=\u00bb{}\u00bb][\/difl_advanced_person][difl_dual_button btn_left_background_bgcolor=\u00bb#5cbfbe\u00bb btn_left_font_icon=\u00bb&#xe023;||divi||400&#8243; btn_left_icon_color=\u00bb#FFFFFF\u00bb btn_left_icon_placement=\u00bbleft\u00bb btn_right_background_background_image=\u00bbhttps:\/\/emfoco.med.br\/wp-content\/uploads\/2023\/10\/iconewhatsapp.webp\u00bb btn_right_background_background_image_size=\u00bbfit\u00bb btn_right_background_size_width=\u00bb100%\u00bb btn_right_background_size_height=\u00bb100%\u00bb use_right_button_icon=\u00bboff\u00bb right_button=\u00bb_\u00bb right_button_url=\u00bbhttps:\/\/api.whatsapp.com\/send\/?phone=\u200e551132893195&amp;text=Ol%C3%A1%2C+vim+do+site+e+gostaria+de+mais+informa%C3%A7%C3%B5es+sobre+consulta+com+a+Dra.+Isabella+Chaer.&amp;type=phone_number&amp;app_absent=0&#8243; right_button_target=\u00bbon\u00bb right_button_wrapper_margin=\u00bb||||false|false\u00bb alignment=\u00bbcenter\u00bb disabled_on=\u00bboff|off|on\u00bb _builder_version=\u00bb4.27.4&#8243; _module_preset=\u00bbdefault\u00bb left_button_text_color=\u00bb#FFFFFF\u00bb left_button_font_size=\u00bb16px\u00bb right_button_text_color=\u00bb#FFFFFF\u00bb right_button_font_size=\u00bb22px\u00bb border_radii_left_button=\u00bbon|10px|10px|10px|10px\u00bb global_colors_info=\u00bb{}\u00bb][\/difl_dual_button][et_pb_text _builder_version=\u00bb4.27.4&#8243; _module_preset=\u00bbdefault\u00bb header_2_font_size=\u00bb18px\u00bb header_2_line_height=\u00bb1.7em\u00bb header_5_text_color=\u00bb#116789&#8243; header_5_font_size=\u00bb14px\u00bb header_5_line_height=\u00bb1.4em\u00bb custom_margin=\u00bb20px|20px||20px|false|false\u00bb global_colors_info=\u00bb{}\u00bb]<\/p>\n<h5 class=\"font_6\">La Dra. Isabella Ducci Chaer Fonte es especialista en Anestesiolog\u00eda por la Facultad de Medicina de la Universidad de S\u00e3o Paulo (FMUSP). Sus principales \u00e1reas de actuaci\u00f3n son bloqueo de nervio perif\u00e9rico y evaluaci\u00f3n del riesgo quir\u00fargico.  <\/h5>\n<h2>\u200bD\u00f3nde realiz\u00f3 su formaci\u00f3n<\/h2>\n<h5 class=\"font_6\">Universidad del Estado de S\u00e3o Paulo (UNESP)<\/h5>\n<h5 class=\"font_6\">Facultad de Medicina de la Universidad de S\u00e3o Paulo (FMUSP)<\/h5>\n<h2>Hospitales de Referencia<\/h2>\n<h5 class=\"font_6\">Hospital S\u00edrio-Liban\u00eas<\/h5>\n<h5 class=\"font_6\">Hospital 9 de Julho<\/h5>\n<h5 class=\"font_6\">Vila Nova Star<\/h5>\n<p>[\/et_pb_text][\/et_pb_column][\/et_pb_row][\/et_pb_section]<\/p>\n","protected":false},"excerpt":{"rendered":"<p>Conozca el equipo de anestesi\u00f3logos del Instituto Medicina em Foco. \u00a1Nuestros profesionales est\u00e1n preparados para cuidar de usted! <\/p>\n","protected":false},"author":1,"featured_media":0,"parent":0,"menu_order":0,"comment_status":"closed","ping_status":"closed","template":"","meta":{"_et_pb_use_builder":"on","_et_pb_old_content":"","_et_gb_content_width":"","rank_math_focus_keyword":"anestesi\u00f3logo","rank_math_title":"Equipo de anestesi\u00f3logos - Instituto Medicina em Foco","rank_math_description":"Conozca el equipo de anestesi\u00f3logos del Instituto Medicina em Foco. \u00a1Nuestros profesionales est\u00e1n preparados para cuidar de usted! ","rank_math_og_title":"","rank_math_og_description":"","rank_math_og_image":"","rank_math_og_image_id":"","rank_math_twitter_title":"","rank_math_twitter_description":"","rank_math_twitter_image":"","rank_math_canonical_url":"","rank_math_robots":"","rank_math_rich_snippet":"","rank_math_snippet_name":"","rank_math_snippet_desc":"","rank_math_seo_score":"","rank_math_pillar_content":"","footnotes":""},"difl_page_category":[],"class_list":["post-293980","page","type-page","status-publish","hentry"],"_links":{"self":[{"href":"https:\/\/emfoco.med.br\/es\/wp-json\/wp\/v2\/pages\/293980","targetHints":{"allow":["GET"]}}],"collection":[{"href":"https:\/\/emfoco.med.br\/es\/wp-json\/wp\/v2\/pages"}],"about":[{"href":"https:\/\/emfoco.med.br\/es\/wp-json\/wp\/v2\/types\/page"}],"author":[{"embeddable":true,"href":"https:\/\/emfoco.med.br\/es\/wp-json\/wp\/v2\/users\/1"}],"replies":[{"embeddable":true,"href":"https:\/\/emfoco.med.br\/es\/wp-json\/wp\/v2\/comments?post=293980"}],"version-history":[{"count":1,"href":"https:\/\/emfoco.med.br\/es\/wp-json\/wp\/v2\/pages\/293980\/revisions"}],"predecessor-version":[{"id":293983,"href":"https:\/\/emfoco.med.br\/es\/wp-json\/wp\/v2\/pages\/293980\/revisions\/293983"}],"wp:attachment":[{"href":"https:\/\/emfoco.med.br\/es\/wp-json\/wp\/v2\/media?parent=293980"}],"wp:term":[{"taxonomy":"difl_page_category","embeddable":true,"href":"https:\/\/emfoco.med.br\/es\/wp-json\/wp\/v2\/difl_page_category?post=293980"}],"curies":[{"name":"wp","href":"https:\/\/api.w.org\/{rel}","templated":true}]}}