{"id":294822,"date":"2025-05-05T16:01:34","date_gmt":"2025-05-05T19:01:34","guid":{"rendered":"https:\/\/emfoco.med.br\/dr-fausto-santana\/"},"modified":"2025-08-27T20:04:08","modified_gmt":"2025-08-27T23:04:08","slug":"dr-fausto-santana","status":"publish","type":"project","link":"https:\/\/emfoco.med.br\/es\/dr-fausto-santana\/","title":{"rendered":"Dr. Fausto Santana"},"content":{"rendered":"<p><div class=\"et_d4_element et_pb_section et_pb_section_0  et_pb_css_mix_blend_mode et_section_regular et_block_section\" >\n\t\t\t\t\n\t\t\t\t\n\t\t\t\t\n\t\t\t\t\n\t\t\t\t\n\t\t\t\t\n\t\t\t\t<div class=\"et_pb_with_border et_d4_element et_pb_row et_pb_row_0 et_pb_equal_columns et_pb_gutters1  et_pb_css_mix_blend_mode et_block_row\">\n\t\t\t\t<div class=\"et_pb_with_border et_pb_column_1_3 et_d4_element et_pb_column et_pb_column_0  et_pb_css_mix_blend_mode et_block_column\">\n\t\t\t\t\n\t\t\t\t\n\t\t\t\t\n\t\t\t\t\n\t\t\t\t<div class=\"et_pb_with_border et_pb_module et_d4_element difl_advanced_person difl_advanced_person_0  et_pb_css_mix_blend_mode\">\n\t\t\t\t\n\t\t\t\t\n\t\t\t\t\n\t\t\t\t\n\t\t\t\t\n\t\t\t\t\n\t\t\t\t<div class=\"et_pb_module_inner\">\n\t\t\t\t\t<div class=\"df_ap_person_container df_ap_default_style\"> <div class=\"df_ap_person_wrapper no-image-scale\">\n                                    <div class=\"df_person_photo_wrapper\">\n                                    <div class=\" c4-izmir \">\n                                        \n                                        <div class=\"df_person_photo\">\n                                            <img decoding=\"async\" class=\"person_photo\" src=\"https:\/\/emfoco.med.br\/wp-content\/uploads\/2025\/05\/Fausto-Santana-Miniatura.webp\" alt=\"\" title=\"\">\n                                        <\/div>\n                                        <figcaption class=\"df_ap_person_content\"><\/figcaption>\n                                    <\/div>\n                                <\/div>\n                                    <div class=\"df_ap_person_desc_wrapper\">\n                                        <div class=\"df_person_details\">\n                                            <h4  class=\"df_person_name\">Dr. Fausto Santana<\/h4 >\n                                            \n                                            <div class=\"df_person_description\"> <\/p>\n<p>CRM-SP <span style=\"font-weight: 400;\">156471<\/span><span style=\"font-weight: 400;\"><\/span><\/p>\n<p><span style=\"font-weight: 400;\"><\/span>RQE <span style=\"font-weight: 400;\">123489<\/span><span style=\"font-weight: 400;\"><\/span><\/p>\n<p><\/div>\n                                        <\/div>\n                                        \n                                    <\/div>\n                                <\/div><\/div>\n\t\t\t\t<\/div>\n\t\t\t<\/div><div class=\"et_pb_module et_d4_element difl_dual_button difl_dual_button_0\">\n\t\t\t\t\n\t\t\t\t\n\t\t\t\t\n\t\t\t\t\n\t\t\t\t\n\t\t\t\t\n\t\t\t\t<div class=\"et_pb_module_inner\">\n\t\t\t\t\t<div class=\"df_button_container\"><div class=\"df_button_left_wrapper\">\n                <a href=\"https:\/\/api.whatsapp.com\/send\/?phone=\u200e551132893195&amp;text=Ol%C3%A1%2C+vim+do+site+e+gostaria+de+mais+informa%C3%A7%C3%B5es+sobre+consulta+com+o+Dr.+Fausto+Santana.&amp;type=phone_number&amp;app_absent=0\" class=\"df_button_left icon-left\" target=\"_blank\" rel=\"noopener\"><span class=\"et-pb-icon df-left-btn-icon\">&#xe023;<\/span>Reservar en l\u00ednea<\/a>\n            <\/div>  <div class=\"df_button_right_wrapper\">\n                <a href=\"https:\/\/api.whatsapp.com\/send\/?phone=\u200e551132893195&amp;text=Ol%C3%A1%2C+vim+do+site+e+gostaria+de+mais+informa%C3%A7%C3%B5es+sobre+consulta+com+o+Dr.+Fausto+Santana.&amp;type=phone_number&amp;app_absent=0\" class=\"df_button_right\" target=\"_blank\" rel=\"noopener\">_<\/a>\n            <\/div><\/div>\n\t\t\t\t<\/div>\n\t\t\t<\/div>\n\t\t\t<\/div><div class=\"et_pb_with_border et_pb_column_2_3 et_d4_element et_pb_column et_pb_column_1  et_pb_css_mix_blend_mode et-last-child et_block_column\">\n\t\t\t\t\n\t\t\t\t\n\t\t\t\t\n\t\t\t\t\n\t\t\t\t<div class=\"et_pb_module et_d4_element et_pb_text et_pb_text_0  et_pb_text_align_left et_pb_bg_layout_light\">\n\t\t\t\t\n\t\t\t\t\n\t\t\t\t\n\t\t\t\t\n\t\t\t\t<div class=\"et_pb_text_inner\"><h2>Mi historia<\/h2>\n<p>El Dr. Fausto Santana Celestino es especialista en Ortopedia y Traumatolog\u00eda con subespecializaci\u00f3n en Cirug\u00eda de Pie y Tobillo en el Hospital de S\u00e3o Paulo - Hospital Universitario de la Universidad Federal de S\u00e3o Paulo (UNIFESP).<\/p>\n<p class=\"font_6\"><\/div>\n\t\t\t<\/div><div class=\"et_pb_with_border et_pb_module et_d4_element difl_faq difl_faq_0\">\n\t\t\t\t\n\t\t\t\t\n\t\t\t\t\n\t\t\t\t\n\t\t\t\t\n\t\t\t\t\n\t\t\t\t<div class=\"et_pb_module_inner\">\n\t\t\t\t\t<div class=\"df_faq_wrapper \" data-settings='{\"faq_layout\":\"toggle\",\"activate_on_first_time\":\"off\",\"active_item_order_number\":0,\"faq_animation\":\"slide\",\"faq_anime_duration\":\"300\",\"icon_animation\":\"fade\",\"que_img_animation\":\"fade\",\"content_animation_type\":\"fade_in\",\"content_anime_duration\":\"250\",\"order_class\":\"difl_faq_0\",\"faq_layout_grid\":\"off\",\"faq_item_per_column\":\"2\",\"faq_item_per_column_tablet\":\"2\",\"faq_item_per_column_phone\":\"1\"}'><div class=\"et_pb_module et_d4_element difl_faqitem difl_faqitem_0\">\n\t\t\t\t\n\t\t\t\t\n\t\t\t\t\n\t\t\t\t\n\t\t\t\t\n\t\t\t\t\n\t\t\t\t<div class=\"et_pb_module_inner\">\n\t\t\t\t\t<div class=\"df_faq_item\" data-settings='{\"hide_faq_item\":\"\"}'>\n                <div class=\"faq_question_wrapper\">\n                <div class=\"faq_question_area\">\n                    \n                    <div class=\"faq_question\"><h3 class=\"faq_question_title\">Especialidade m\u00e9dica<\/h3><\/div>\n                <\/div>\n                <div class=\"faq_icon\"><div class=\"close_icon\"><span class=\"et-pb-icon\">&#x4c;<\/span><\/div>\n                <div class=\"open_icon\"><span class=\"et-pb-icon\">&#x4b;<\/span><\/div><\/div>\n            <\/div>\n          \n                <div class=\"faq_answer_wrapper\">\n                <div class=\"faq_answer_area\">\n                   <div class=\"faq_content\">\n                        <div class=\"faq_answer\"><div><\/p>\n<p>Ortopedia e Traumatologia<\/p>\n<p><\/div> <\/div>\n                        \n                   <\/div>\n                <\/div>\n            <\/div>\n            <\/div>\n\t\t\t\t<\/div>\n\t\t\t<\/div><div class=\"et_pb_module et_d4_element difl_faqitem difl_faqitem_1\">\n\t\t\t\t\n\t\t\t\t\n\t\t\t\t\n\t\t\t\t\n\t\t\t\t\n\t\t\t\t\n\t\t\t\t<div class=\"et_pb_module_inner\">\n\t\t\t\t\t<div class=\"df_faq_item\" data-settings='{\"hide_faq_item\":\"\"}'>\n                <div class=\"faq_question_wrapper\">\n                <div class=\"faq_question_area\">\n                    \n                    <div class=\"faq_question\"><h3 class=\"faq_question_title\">Hospitais de refer\u00eancia<\/h3><\/div>\n                <\/div>\n                <div class=\"faq_icon\"><div class=\"close_icon\"><span class=\"et-pb-icon\">&#x4c;<\/span><\/div>\n                <div class=\"open_icon\"><span class=\"et-pb-icon\">&#x4b;<\/span><\/div><\/div>\n            <\/div>\n          \n                <div class=\"faq_answer_wrapper\">\n                <div class=\"faq_answer_area\">\n                   <div class=\"faq_content\">\n                        <div class=\"faq_answer\"><div><\/p>\n<p>Hospital Santa Isabel<\/p>\n<p>Hospital Brasil<\/p>\n<p>Hospital Vila Nova Star<\/p>\n<p>Hospital Alvorada Moema<\/p>\n<p>Hospital 9 de Julho<\/p>\n<p>Hospital Nipo Brasileiro<\/p>\n<p>Hospital Blanc<\/p>\n<p><\/div> <\/div>\n                        \n                   <\/div>\n                <\/div>\n            <\/div>\n            <\/div>\n\t\t\t\t<\/div>\n\t\t\t<\/div><div class=\"et_pb_module et_d4_element difl_faqitem difl_faqitem_2\">\n\t\t\t\t\n\t\t\t\t\n\t\t\t\t\n\t\t\t\t\n\t\t\t\t\n\t\t\t\t\n\t\t\t\t<div class=\"et_pb_module_inner\">\n\t\t\t\t\t<div class=\"df_faq_item\" data-settings='{\"hide_faq_item\":\"\"}'>\n                <div class=\"faq_question_wrapper\">\n                <div class=\"faq_question_area\">\n                    \n                    <div class=\"faq_question\"><h3 class=\"faq_question_title\">Forma\u00e7\u00e3o profissional<\/h3><\/div>\n                <\/div>\n                <div class=\"faq_icon\"><div class=\"close_icon\"><span class=\"et-pb-icon\">&#x4c;<\/span><\/div>\n                <div class=\"open_icon\"><span class=\"et-pb-icon\">&#x4b;<\/span><\/div><\/div>\n            <\/div>\n          \n                <div class=\"faq_answer_wrapper\">\n                <div class=\"faq_answer_area\">\n                   <div class=\"faq_content\">\n                        <div class=\"faq_answer\"><div><\/p>\n<h6 class=\"font_6\">Gradua\u00e7\u00e3o:<\/h6>\n<ul>\n<li class=\"font_6\">Escola Paulista de Medicina da Universidade Federal de S\u00e3o Paulo (EPM\/UNIFESP)<\/li>\n<\/ul>\n<p>&nbsp;<\/p>\n<h6 class=\"font_6\">Resid\u00eancias:<\/h6>\n<ul>\n<li class=\"font_6\">Ortopedia e Traumatologia pelo Hospital S\u00e3o Paulo - Hospital Universit\u00e1rio da Universidade Federal de S\u00e3o Paulo (UNIFESP)<\/li>\n<\/ul>\n<p>&nbsp;<\/p>\n<h6>Subespecializa\u00e7\u00f5es e aperfei\u00e7oamentos:<\/h6>\n<ul>\n<li>Cirurgia de P\u00e9 e Tornozelo pelo Hospital S\u00e3o Paulo - Hospital Universit\u00e1rio da Universidade Federal de S\u00e3o Paulo (UNIFESP)<\/li>\n<\/ul>\n<ul class=\"font_6\"><\/ul>\n<ul class=\"font_6\"><\/ul>\n<ul class=\"font_6\"><\/ul>\n<ul class=\"font_6\"><\/ul>\n<ul class=\"font_6\"><\/ul>\n<ul class=\"font_6\"><\/ul>\n<ul class=\"font_6\"><\/ul>\n<ul class=\"font_6\"><\/ul>\n<p><\/div> <\/div>\n                        \n                   <\/div>\n                <\/div>\n            <\/div>\n            <\/div>\n\t\t\t\t<\/div>\n\t\t\t<\/div><div class=\"et_pb_module et_d4_element difl_faqitem difl_faqitem_3\">\n\t\t\t\t\n\t\t\t\t\n\t\t\t\t\n\t\t\t\t\n\t\t\t\t\n\t\t\t\t\n\t\t\t\t<div class=\"et_pb_module_inner\">\n\t\t\t\t\t<div class=\"df_faq_item\" data-settings='{\"hide_faq_item\":\"\"}'>\n                <div class=\"faq_question_wrapper\">\n                <div class=\"faq_question_area\">\n                    \n                    <div class=\"faq_question\"><h3 class=\"faq_question_title\">\u00c1reas de atua\u00e7\u00e3o e experi\u00eancia profissional<\/h3><\/div>\n                <\/div>\n                <div class=\"faq_icon\"><div class=\"close_icon\"><span class=\"et-pb-icon\">&#x4c;<\/span><\/div>\n                <div class=\"open_icon\"><span class=\"et-pb-icon\">&#x4b;<\/span><\/div><\/div>\n            <\/div>\n          \n                <div class=\"faq_answer_wrapper\">\n                <div class=\"faq_answer_area\">\n                   <div class=\"faq_content\">\n                        <div class=\"faq_answer\"><div><\/p>\n<h6>Cirurgia de p\u00e9 e tornozelo:<\/h6>\n<ul>\n<li>Artrodese<\/li>\n<li>Artroscopia de tornozelo<\/li>\n<li>Artrose de p\u00e9 e tornozelo<\/li>\n<li>Cisto sinovial<\/li>\n<li>Deformidades de dedos do p\u00e9 (dedos em garra)<\/li>\n<li>Entorse de tornozelo<\/li>\n<li>Espor\u00e3o de Aquiles<\/li>\n<li>Fascite plantar (espor\u00e3o calc\u00e2neo)<\/li>\n<li>Fraturas de p\u00e9 e tornozelo<\/li>\n<li>Hallux rigidus (artrose da 1 metatarsofalangeana)<\/li>\n<li>H\u00e1lux valgo (joanete)<\/li>\n<li>Infiltra\u00e7\u00e3o p\u00e9 e tornozelo<\/li>\n<li>Instabilidade ligamentar p\u00e9 e tornozelo<\/li>\n<li>Joanete do 5 dedo - joanetilho\/joanete de sastre<\/li>\n<li>Les\u00e3o de ligamento delt\u00f3ide<\/li>\n<li>Les\u00e3o de placa plantar<\/li>\n<li>Les\u00e3o de sindesmose<\/li>\n<li>Les\u00e3o osteocondral de t\u00e1lus<\/li>\n<li>Les\u00f5es tend\u00edneas p\u00e9 e tornozelo<\/li>\n<li>Metatarsalgia<\/li>\n<li>Neuroma de Morton<\/li>\n<li>P\u00e9 cavo<\/li>\n<li>P\u00e9 diab\u00e9tico<\/li>\n<li>P\u00e9 plano (p\u00e9 chato)<\/li>\n<li>S\u00edndrome de Haglund<\/li>\n<li>Tendinite<\/li>\n<li>Tendinopatia do corpo do tend\u00e3o de Aquiles (n\u00e3o insercional)<\/li>\n<li>Tendinopatia insercional tend\u00e3o de Aquiles<\/li>\n<\/ul>\n<p>&nbsp;<\/p>\n<ul><\/ul>\n<h6>Ortopedia e Traumatologia:<\/h6>\n<ul>\n<li>Bursite<\/li>\n<li>Condromal\u00e1cia patelar<\/li>\n<li>Fraturas de tratamento conservador<\/li>\n<li>Les\u00f5es esportivas<\/li>\n<li>Les\u00f5es musculares<\/li>\n<li>Lombalgia<\/li>\n<li>S\u00edndrome de manguito rotador<\/li>\n<li>Tendinite<\/li>\n<li>Torcicolo<\/li>\n<\/ul>\n<p>&nbsp;<\/p>\n<p><\/div> <\/div>\n                        \n                   <\/div>\n                <\/div>\n            <\/div>\n            <\/div>\n\t\t\t\t<\/div>\n\t\t\t<\/div><\/div>\n            \n\t\t\t\t<\/div>\n\t\t\t<\/div>\n\t\t\t<\/div>\n\t\t\t\t\n\t\t\t\t\n\t\t\t\t\n\t\t\t\t\n\t\t\t<\/div>\n\t\t\t\t\n\t\t\t\t\n\t\t\t<\/div><div class=\"et_d4_element et_pb_section et_pb_section_1  et_pb_css_mix_blend_mode et_section_regular et_block_section\" >\n\t\t\t\t\n\t\t\t\t\n\t\t\t\t\n\t\t\t\t\n\t\t\t\t\n\t\t\t\t\n\t\t\t\t<div class=\"et_pb_with_border et_d4_element et_pb_row et_pb_row_1  et_pb_css_mix_blend_mode et_block_row\">\n\t\t\t\t<div class=\"et_pb_with_border et_pb_column_4_4 et_d4_element et_pb_column et_pb_column_2  et_pb_css_mix_blend_mode et-last-child et_block_column\">\n\t\t\t\t\n\t\t\t\t\n\t\t\t\t\n\t\t\t\t\n\t\t\t\t<div class=\"et_pb_with_border et_pb_module et_d4_element difl_advanced_person difl_advanced_person_1  et_pb_css_mix_blend_mode\">\n\t\t\t\t\n\t\t\t\t\n\t\t\t\t\n\t\t\t\t\n\t\t\t\t\n\t\t\t\t\n\t\t\t\t<div class=\"et_pb_module_inner\">\n\t\t\t\t\t<div class=\"df_ap_person_container df_ap_default_style\"> <div class=\"df_ap_person_wrapper no-image-scale\">\n                                    <div class=\"df_person_photo_wrapper\">\n                                    <div class=\" c4-izmir \">\n                                        \n                                        <div class=\"df_person_photo\">\n                                            <img decoding=\"async\" class=\"person_photo\" src=\"https:\/\/emfoco.med.br\/wp-content\/uploads\/2025\/05\/Fausto-Santana-Miniatura.webp\" alt=\"\" title=\"\">\n                                        <\/div>\n                                        <figcaption class=\"df_ap_person_content\"><\/figcaption>\n                                    <\/div>\n                                <\/div>\n                                    <div class=\"df_ap_person_desc_wrapper\">\n                                        <div class=\"df_person_details\">\n                                            <h4  class=\"df_person_name\">Dr. Fausto Santana<\/h4 >\n                                            \n                                            <div class=\"df_person_description\"> <\/p>\n<p>CRM-SP <span style=\"font-weight: 400;\">156471<\/span><span style=\"font-weight: 400;\"><\/span><\/p>\n<p><span style=\"font-weight: 400;\"><\/span>RQE <span style=\"font-weight: 400;\">123489<\/span><span style=\"font-weight: 400;\"><\/span><\/p>\n<p><\/div>\n                                        <\/div>\n                                        \n                                    <\/div>\n                                <\/div><\/div>\n\t\t\t\t<\/div>\n\t\t\t<\/div><div class=\"et_pb_module et_d4_element difl_dual_button difl_dual_button_1\">\n\t\t\t\t\n\t\t\t\t\n\t\t\t\t\n\t\t\t\t\n\t\t\t\t\n\t\t\t\t\n\t\t\t\t<div class=\"et_pb_module_inner\">\n\t\t\t\t\t<div class=\"df_button_container\"><div class=\"df_button_left_wrapper\">\n                <a href=\"https:\/\/api.whatsapp.com\/send\/?phone=\u200e551132893195&amp;text=Ol%C3%A1%2C+vim+do+site+e+gostaria+de+mais+informa%C3%A7%C3%B5es+sobre+consulta+com+o+Dr.+Fausto+Santana.&amp;type=phone_number&amp;app_absent=0\" class=\"df_button_left icon-left\" target=\"_blank\" rel=\"noopener\"><span class=\"et-pb-icon df-left-btn-icon\">&#xe023;<\/span>Reservar en l\u00ednea<\/a>\n            <\/div>  <div class=\"df_button_right_wrapper\">\n                <a href=\"https:\/\/api.whatsapp.com\/send\/?phone=\u200e551132893195&amp;text=Ol%C3%A1%2C+vim+do+site+e+gostaria+de+mais+informa%C3%A7%C3%B5es+sobre+consulta+com+o+Dr.+Fausto+Santana.&amp;type=phone_number&amp;app_absent=0\" class=\"df_button_right\" target=\"_blank\" rel=\"noopener\">_<\/a>\n            <\/div><\/div>\n\t\t\t\t<\/div>\n\t\t\t<\/div><div class=\"et_pb_module et_d4_element et_pb_text et_pb_text_1  et_pb_text_align_left et_pb_bg_layout_light\">\n\t\t\t\t\n\t\t\t\t\n\t\t\t\t\n\t\t\t\t\n\t\t\t\t<div class=\"et_pb_text_inner\"><h2>Mi historia<\/h2>\n<p>El Dr. Fausto Santana Celestino es especialista en Ortopedia y Traumatolog\u00eda con subespecializaci\u00f3n en Cirug\u00eda de Pie y Tobillo en el Hospital de S\u00e3o Paulo - Hospital Universitario de la Universidad Federal de S\u00e3o Paulo (UNIFESP).<\/p>\n<p class=\"font_6\"><\/div>\n\t\t\t<\/div><div class=\"et_pb_with_border et_pb_module et_d4_element difl_faq difl_faq_1\">\n\t\t\t\t\n\t\t\t\t\n\t\t\t\t\n\t\t\t\t\n\t\t\t\t\n\t\t\t\t\n\t\t\t\t<div class=\"et_pb_module_inner\">\n\t\t\t\t\t<div class=\"df_faq_wrapper \" data-settings='{\"faq_layout\":\"toggle\",\"activate_on_first_time\":\"off\",\"active_item_order_number\":0,\"faq_animation\":\"slide\",\"faq_anime_duration\":\"300\",\"icon_animation\":\"fade\",\"que_img_animation\":\"fade\",\"content_animation_type\":\"fade_in\",\"content_anime_duration\":\"250\",\"order_class\":\"difl_faq_1\",\"faq_layout_grid\":\"off\",\"faq_item_per_column\":\"2\",\"faq_item_per_column_tablet\":\"2\",\"faq_item_per_column_phone\":\"1\"}'><div class=\"et_pb_module et_d4_element difl_faqitem difl_faqitem_4\">\n\t\t\t\t\n\t\t\t\t\n\t\t\t\t\n\t\t\t\t\n\t\t\t\t\n\t\t\t\t\n\t\t\t\t<div class=\"et_pb_module_inner\">\n\t\t\t\t\t<div class=\"df_faq_item\" data-settings='{\"hide_faq_item\":\"\"}'>\n                <div class=\"faq_question_wrapper\">\n                <div class=\"faq_question_area\">\n                    \n                    <div class=\"faq_question\"><h3 class=\"faq_question_title\">Especialidade m\u00e9dica<\/h3><\/div>\n                <\/div>\n                <div class=\"faq_icon\"><div class=\"close_icon\"><span class=\"et-pb-icon\">&#x4c;<\/span><\/div>\n                <div class=\"open_icon\"><span class=\"et-pb-icon\">&#x4b;<\/span><\/div><\/div>\n            <\/div>\n          \n                <div class=\"faq_answer_wrapper\">\n                <div class=\"faq_answer_area\">\n                   <div class=\"faq_content\">\n                        <div class=\"faq_answer\"><div><\/p>\n<p>Ortopedia e Traumatologia<\/p>\n<p><\/div> <\/div>\n                        \n                   <\/div>\n                <\/div>\n            <\/div>\n            <\/div>\n\t\t\t\t<\/div>\n\t\t\t<\/div><div class=\"et_pb_module et_d4_element difl_faqitem difl_faqitem_5\">\n\t\t\t\t\n\t\t\t\t\n\t\t\t\t\n\t\t\t\t\n\t\t\t\t\n\t\t\t\t\n\t\t\t\t<div class=\"et_pb_module_inner\">\n\t\t\t\t\t<div class=\"df_faq_item\" data-settings='{\"hide_faq_item\":\"\"}'>\n                <div class=\"faq_question_wrapper\">\n                <div class=\"faq_question_area\">\n                    \n                    <div class=\"faq_question\"><h3 class=\"faq_question_title\">Hospitais de refer\u00eancia<\/h3><\/div>\n                <\/div>\n                <div class=\"faq_icon\"><div class=\"close_icon\"><span class=\"et-pb-icon\">&#x4c;<\/span><\/div>\n                <div class=\"open_icon\"><span class=\"et-pb-icon\">&#x4b;<\/span><\/div><\/div>\n            <\/div>\n          \n                <div class=\"faq_answer_wrapper\">\n                <div class=\"faq_answer_area\">\n                   <div class=\"faq_content\">\n                        <div class=\"faq_answer\"><div><\/p>\n<p>Hospital Santa Isabel<\/p>\n<p>Hospital Brasil<\/p>\n<p>Hospital Vila Nova Star<\/p>\n<p>Hospital Alvorada Moema<\/p>\n<p>Hospital 9 de Julho<\/p>\n<p>Hospital Nipo Brasileiro<\/p>\n<p>Hospital Blanc<\/p>\n<p><\/div> <\/div>\n                        \n                   <\/div>\n                <\/div>\n            <\/div>\n            <\/div>\n\t\t\t\t<\/div>\n\t\t\t<\/div><div class=\"et_pb_module et_d4_element difl_faqitem difl_faqitem_6\">\n\t\t\t\t\n\t\t\t\t\n\t\t\t\t\n\t\t\t\t\n\t\t\t\t\n\t\t\t\t\n\t\t\t\t<div class=\"et_pb_module_inner\">\n\t\t\t\t\t<div class=\"df_faq_item\" data-settings='{\"hide_faq_item\":\"\"}'>\n                <div class=\"faq_question_wrapper\">\n                <div class=\"faq_question_area\">\n                    \n                    <div class=\"faq_question\"><h3 class=\"faq_question_title\">Forma\u00e7\u00e3o profissional<\/h3><\/div>\n                <\/div>\n                <div class=\"faq_icon\"><div class=\"close_icon\"><span class=\"et-pb-icon\">&#x4c;<\/span><\/div>\n                <div class=\"open_icon\"><span class=\"et-pb-icon\">&#x4b;<\/span><\/div><\/div>\n            <\/div>\n          \n                <div class=\"faq_answer_wrapper\">\n                <div class=\"faq_answer_area\">\n                   <div class=\"faq_content\">\n                        <div class=\"faq_answer\"><div><\/p>\n<h6 class=\"font_6\">Gradua\u00e7\u00e3o:<\/h6>\n<ul>\n<li class=\"font_6\">Escola Paulista de Medicina da Universidade Federal de S\u00e3o Paulo (EPM\/UNIFESP)<\/li>\n<\/ul>\n<p>&nbsp;<\/p>\n<h6 class=\"font_6\">Resid\u00eancias:<\/h6>\n<ul>\n<li class=\"font_6\">Ortopedia e Traumatologia pelo Hospital S\u00e3o Paulo - Hospital Universit\u00e1rio da Universidade Federal de S\u00e3o Paulo (UNIFESP)<\/li>\n<\/ul>\n<p>&nbsp;<\/p>\n<h6>Subespecializa\u00e7\u00f5es e aperfei\u00e7oamentos:<\/h6>\n<ul>\n<li>Cirurgia de P\u00e9 e Tornozelo pelo Hospital S\u00e3o Paulo - Hospital Universit\u00e1rio da Universidade Federal de S\u00e3o Paulo (UNIFESP)<\/li>\n<\/ul>\n<ul class=\"font_6\"><\/ul>\n<ul class=\"font_6\"><\/ul>\n<ul class=\"font_6\"><\/ul>\n<ul class=\"font_6\"><\/ul>\n<ul class=\"font_6\"><\/ul>\n<ul class=\"font_6\"><\/ul>\n<ul class=\"font_6\"><\/ul>\n<ul class=\"font_6\"><\/ul>\n<ul class=\"font_6\"><\/ul>\n<ul class=\"font_6\"><\/ul>\n<ul class=\"font_6\"><\/ul>\n<ul class=\"font_6\"><\/ul>\n<ul class=\"font_6\"><\/ul>\n<ul class=\"font_6\"><\/ul>\n<ul class=\"font_6\"><\/ul>\n<ul class=\"font_6\"><\/ul>\n<ul class=\"font_6\"><\/ul>\n<ul class=\"font_6\"><\/ul>\n<ul class=\"font_6\"><\/ul>\n<ul class=\"font_6\"><\/ul>\n<ul class=\"font_6\"><\/ul>\n<ul class=\"font_6\"><\/ul>\n<ul class=\"font_6\"><\/ul>\n<ul class=\"font_6\"><\/ul>\n<ul class=\"font_6\"><\/ul>\n<ul class=\"font_6\"><\/ul>\n<ul class=\"font_6\"><\/ul>\n<ul class=\"font_6\"><\/ul>\n<ul class=\"font_6\"><\/ul>\n<ul class=\"font_6\"><\/ul>\n<ul class=\"font_6\"><\/ul>\n<ul class=\"font_6\"><\/ul>\n<ul class=\"font_6\"><\/ul>\n<ul class=\"font_6\"><\/ul>\n<ul class=\"font_6\"><\/ul>\n<ul class=\"font_6\"><\/ul>\n<ul class=\"font_6\"><\/ul>\n<ul class=\"font_6\"><\/ul>\n<ul class=\"font_6\"><\/ul>\n<p><\/div> <\/div>\n                        \n                   <\/div>\n                <\/div>\n            <\/div>\n            <\/div>\n\t\t\t\t<\/div>\n\t\t\t<\/div><div class=\"et_pb_module et_d4_element difl_faqitem difl_faqitem_7\">\n\t\t\t\t\n\t\t\t\t\n\t\t\t\t\n\t\t\t\t\n\t\t\t\t\n\t\t\t\t\n\t\t\t\t<div class=\"et_pb_module_inner\">\n\t\t\t\t\t<div class=\"df_faq_item\" data-settings='{\"hide_faq_item\":\"\"}'>\n                <div class=\"faq_question_wrapper\">\n                <div class=\"faq_question_area\">\n                    \n                    <div class=\"faq_question\"><h3 class=\"faq_question_title\">\u00c1reas de atua\u00e7\u00e3o e experi\u00eancia profissional<\/h3><\/div>\n                <\/div>\n                <div class=\"faq_icon\"><div class=\"close_icon\"><span class=\"et-pb-icon\">&#x4c;<\/span><\/div>\n                <div class=\"open_icon\"><span class=\"et-pb-icon\">&#x4b;<\/span><\/div><\/div>\n            <\/div>\n          \n                <div class=\"faq_answer_wrapper\">\n                <div class=\"faq_answer_area\">\n                   <div class=\"faq_content\">\n                        <div class=\"faq_answer\"><div><\/p>\n<h6>Cirurgia de p\u00e9 e tornozelo:<\/h6>\n<ul>\n<li>Artrodese<\/li>\n<li>Artroscopia de tornozelo<\/li>\n<li>Artrose de p\u00e9 e tornozelo<\/li>\n<li>Cisto sinovial<\/li>\n<li>Deformidades de dedos do p\u00e9 (dedos em garra)<\/li>\n<li>Entorse de tornozelo<\/li>\n<li>Espor\u00e3o de Aquiles<\/li>\n<li>Fascite plantar (espor\u00e3o calc\u00e2neo)<\/li>\n<li>Fraturas de p\u00e9 e tornozelo<\/li>\n<li>Hallux rigidus (artrose da 1 metatarsofalangeana)<\/li>\n<li>H\u00e1lux valgo (joanete)<\/li>\n<li>Infiltra\u00e7\u00e3o p\u00e9 e tornozelo<\/li>\n<li>Instabilidade ligamentar p\u00e9 e tornozelo<\/li>\n<li>Joanete do 5 dedo - joanetilho\/joanete de sastre<\/li>\n<li>Les\u00e3o de ligamento delt\u00f3ide<\/li>\n<li>Les\u00e3o de placa plantar<\/li>\n<li>Les\u00e3o de sindesmose<\/li>\n<li>Les\u00e3o osteocondral de t\u00e1lus<\/li>\n<li>Les\u00f5es tend\u00edneas p\u00e9 e tornozelo<\/li>\n<li>Metatarsalgia<\/li>\n<li>Neuroma de Morton<\/li>\n<li>P\u00e9 cavo<\/li>\n<li>P\u00e9 diab\u00e9tico<\/li>\n<li>P\u00e9 plano (p\u00e9 chato)<\/li>\n<li>S\u00edndrome de Haglund<\/li>\n<li>Tendinite<\/li>\n<li>Tendinopatia do corpo do tend\u00e3o de Aquiles (n\u00e3o insercional)<\/li>\n<li>Tendinopatia insercional tend\u00e3o de Aquiles<\/li>\n<\/ul>\n<p>&nbsp;<\/p>\n<ul><\/ul>\n<h6>Ortopedia e Traumatologia:<\/h6>\n<ul>\n<li>Bursite<\/li>\n<li>Condromal\u00e1cia patelar<\/li>\n<li>Fraturas de tratamento conservador<\/li>\n<li>Les\u00f5es esportivas<\/li>\n<li>Les\u00f5es musculares<\/li>\n<li>Lombalgia<\/li>\n<li>S\u00edndrome de manguito rotador<\/li>\n<li>Tendinite<\/li>\n<li>Torcicolo<\/li>\n<\/ul>\n<p>&nbsp;<\/p>\n<p><\/div> <\/div>\n                        \n                   <\/div>\n                <\/div>\n            <\/div>\n            <\/div>\n\t\t\t\t<\/div>\n\t\t\t<\/div><\/div>\n            \n\t\t\t\t<\/div>\n\t\t\t<\/div>\n\t\t\t<\/div>\n\t\t\t\t\n\t\t\t\t\n\t\t\t\t\n\t\t\t\t\n\t\t\t<\/div>\n\t\t\t\t\n\t\t\t\t\n\t\t\t<\/div><div class=\"et_d4_element et_pb_section et_pb_section_2  et_pb_css_mix_blend_mode et_section_regular et_block_section\" >\n\t\t\t\t\n\t\t\t\t\n\t\t\t\t\n\t\t\t\t\n\t\t\t\t\n\t\t\t\t\n\t\t\t\t<div class=\"et_d4_element et_pb_row et_pb_row_2  et_pb_css_mix_blend_mode et_block_row\">\n\t\t\t\t<div class=\"et_d4_element et_pb_column_1_2 et_pb_column et_pb_column_3  et_pb_css_mix_blend_mode et_block_column\">\n\t\t\t\t\n\t\t\t\t\n\t\t\t\t\n\t\t\t\t\n\t\t\t\t<div class=\"et_pb_module et_d4_element et_pb_image et_pb_image_0\">\n\t\t\t\t\n\t\t\t\t\n\t\t\t\t\n\t\t\t\t\n\t\t\t\t<span class=\"et_pb_image_wrap \"><img loading=\"lazy\" decoding=\"async\" width=\"280\" height=\"280\" src=\"https:\/\/emfoco.med.br\/wp-content\/uploads\/2025\/05\/Cirurgia-pe-e-tornozelo.png\" alt=\"\" title=\"Cirug\u00eda de pie y tobillo\" class=\"wp-image-291657\"><\/span>\n\t\t\t<\/div><div class=\"et_pb_module et_d4_element et_pb_text et_pb_text_2  et_pb_text_align_center et_pb_bg_layout_light\">\n\t\t\t\t\n\t\t\t\t\n\t\t\t\t\n\t\t\t\t\n\t\t\t\t<div class=\"et_pb_text_inner\"><h2>Cirug\u00eda de pie y tobillo<\/h2>\n<h5>Artrodesis<\/h5>\n<h5>Artroscopia de tobillo<\/h5>\n<h5>Artritis de pie y tobillo<\/h5>\n<h5>Quiste sinovial<\/h5>\n<h5>Deformidades de los dedos de los pies (dedos en garra)<\/h5>\n<h5>Esguince de tobillo<\/h5>\n<h5>Espol\u00f3n de Aquiles<\/h5>\n<h5>Fascitis plantar (espol\u00f3n calc\u00e1neo)<\/h5>\n<h5>Fracturas de pie y tobillo<\/h5>\n<h5>Hallux rigidus (artrosis de la 1\u00aa articulaci\u00f3n metatarsofal\u00e1ngica)<\/h5>\n<h5>Hallux valgus (juanete)<\/h5>\n<h5>Infiltraci\u00f3n de pie y tobillo<\/h5>\n<h5>Inestabilidad de los ligamentos del pie y del tobillo<\/h5>\n<h5>Juanete del 5\u00ba dedo - bunion\/joanete de sastre<\/h5>\n<h5>Lesi\u00f3n del ligamento deltoideo<\/h5>\n<h5>Lesi\u00f3n de la placa plantar<\/h5>\n<h5>Lesi\u00f3n de la sindesmosis<\/h5>\n<h5>Lesi\u00f3n osteocondral del astr\u00e1galo<\/h5>\n<h5>Lesiones de los tendones del pie y del tobillo<\/h5>\n<h5>Metatarsalgia<\/h5>\n<h5>Neuroma de Morton<\/h5>\n<h5>Pies planos<\/h5>\n<h5>Pie diab\u00e9tico<\/h5>\n<h5>Pies planos<\/h5>\n<h5>S\u00edndrome de Haglund<\/h5>\n<h5>Tendinitis<\/h5>\n<h5>Tendinopat\u00eda del cuerpo del tend\u00f3n de Aquiles (no insercional)<\/h5>\n<h5>Tendinopat\u00eda insercional del tend\u00f3n de Aquiles<\/h5><\/div>\n\t\t\t<\/div>\n\t\t\t<\/div><div class=\"et_d4_element et_pb_column_1_2 et_pb_column et_pb_column_4  et_pb_css_mix_blend_mode et-last-child et_block_column\">\n\t\t\t\t\n\t\t\t\t\n\t\t\t\t\n\t\t\t\t\n\t\t\t\t<div class=\"et_pb_module et_d4_element et_pb_image et_pb_image_1\">\n\t\t\t\t\n\t\t\t\t\n\t\t\t\t\n\t\t\t\t\n\t\t\t\t<span class=\"et_pb_image_wrap \"><img loading=\"lazy\" decoding=\"async\" width=\"280\" height=\"280\" src=\"https:\/\/emfoco.med.br\/wp-content\/uploads\/2025\/05\/Ortopedia-e-Trumatologia.png\" alt=\"\" title=\"Ortopedia y traumatolog\u00eda\" class=\"wp-image-291656\"><\/span>\n\t\t\t<\/div><div class=\"et_pb_module et_d4_element et_pb_text et_pb_text_3  et_pb_text_align_center et_pb_bg_layout_light\">\n\t\t\t\t\n\t\t\t\t\n\t\t\t\t\n\t\t\t\t\n\t\t\t\t<div class=\"et_pb_text_inner\"><h2>Ortopedia y Traumatolog\u00eda<\/h2>\n<h5>Bursitis<\/h5>\n<h5>Condromalacia rotuliana<\/h5>\n<h5>Fracturas tratadas de forma conservadora<\/h5>\n<h5>Lesiones deportivas<\/h5>\n<h5>Lesiones musculares<\/h5>\n<h5>Lumbalgia<\/h5>\n<h5>S\u00edndrome del manguito rotador<\/h5>\n<h5>Tendinitis<\/h5>\n<h5>Tort\u00edcolis<\/h5><\/div>\n\t\t\t<\/div>\n\t\t\t<\/div>\n\t\t\t\t\n\t\t\t\t\n\t\t\t\t\n\t\t\t\t\n\t\t\t<\/div><div class=\"et_d4_element et_pb_row et_pb_row_4  et_pb_css_mix_blend_mode et_block_row\">\n\t\t\t\t<div class=\"et_d4_element et_pb_column_4_4 et_pb_column et_pb_column_5  et_pb_css_mix_blend_mode et-last-child et_block_column\">\n\t\t\t\t\n\t\t\t\t\n\t\t\t\t\n\t\t\t\t\n\t\t\t\t<div class=\"et_pb_button_module_wrapper et_pb_button_0_wrapper et_pb_button_alignment_center et_pb_module \">\n\t\t\t\t<a class=\"et_pb_button et_d4_element et_pb_button_0 et_pb_bg_layout_light et_block_module\" href=\"https:\/\/api.whatsapp.com\/send\/?phone=\u200e551132893195&#038;text=Ol%C3%A1%2C+vim+do+site+e+gostaria+de+mais+informa%C3%A7%C3%B5es+sobre+consulta+com+o+Dr.+Fausto+Santana.&#038;type=phone_number&#038;app_absent=0\" target=\"_blank\" data-icon=\"E\" rel=\"noopener\">Reserve su cita<\/a>\n\t\t\t<\/div>\n\t\t\t<\/div>\n\t\t\t\t\n\t\t\t\t\n\t\t\t\t\n\t\t\t\t\n\t\t\t<\/div>\n\t\t\t\t\n\t\t\t\t\n\t\t\t<\/div><div class=\"et_d4_element et_pb_section et_pb_section_3  et_pb_css_mix_blend_mode et_section_regular et_block_section\" >\n\t\t\t\t\n\t\t\t\t\n\t\t\t\t\n\t\t\t\t\n\t\t\t\t\n\t\t\t\t\n\t\t\t\t<div class=\"et_d4_element et_pb_row et_pb_row_5  et_pb_css_mix_blend_mode et_block_row\">\n\t\t\t\t<div class=\"et_d4_element et_pb_column_4_4 et_pb_column et_pb_column_6  et_pb_css_mix_blend_mode et-last-child et_block_column\">\n\t\t\t\t\n\t\t\t\t\n\t\t\t\t\n\t\t\t\t\n\t\t\t\t<div class=\"et_pb_module et_d4_element et_pb_image et_pb_image_2\">\n\t\t\t\t\n\t\t\t\t\n\t\t\t\t\n\t\t\t\t\n\t\t\t\t<span class=\"et_pb_image_wrap \"><img loading=\"lazy\" decoding=\"async\" width=\"280\" height=\"280\" src=\"https:\/\/emfoco.med.br\/wp-content\/uploads\/2025\/05\/Cirurgia-pe-e-tornozelo.png\" alt=\"\" title=\"Cirug\u00eda de pie y tobillo\" class=\"wp-image-291657\"><\/span>\n\t\t\t<\/div><div class=\"et_pb_module et_d4_element et_pb_text et_pb_text_4  et_pb_text_align_center et_pb_bg_layout_light\">\n\t\t\t\t\n\t\t\t\t\n\t\t\t\t\n\t\t\t\t\n\t\t\t\t<div class=\"et_pb_text_inner\"><h2>Cirug\u00eda de pie y tobillo<\/h2>\n<h5>Artrodesis<\/h5>\n<h5>Artroscopia de tobillo<\/h5>\n<h5>Artritis de pie y tobillo<\/h5>\n<h5>Quiste sinovial<\/h5>\n<h5>Deformidades de los dedos de los pies (dedos en garra)<\/h5>\n<h5>Esguince de tobillo<\/h5>\n<h5>Espol\u00f3n de Aquiles<\/h5>\n<h5>Fascitis plantar (espol\u00f3n calc\u00e1neo)<\/h5>\n<h5>Fracturas de pie y tobillo<\/h5>\n<h5>Hallux rigidus (artrosis de la 1\u00aa articulaci\u00f3n metatarsofal\u00e1ngica)<\/h5>\n<h5>Hallux valgus (juanete)<\/h5>\n<h5>Infiltraci\u00f3n de pie y tobillo<\/h5>\n<h5>Inestabilidad de los ligamentos del pie y del tobillo<\/h5>\n<h5>Juanete del 5\u00ba dedo - bunion\/joanete de sastre<\/h5>\n<h5>Lesi\u00f3n del ligamento deltoideo<\/h5>\n<h5>Lesi\u00f3n de la placa plantar<\/h5>\n<h5>Lesi\u00f3n de la sindesmosis<\/h5>\n<h5>Lesi\u00f3n osteocondral del astr\u00e1galo<\/h5>\n<h5>Lesiones de los tendones del pie y del tobillo<\/h5>\n<h5>Metatarsalgia<\/h5>\n<h5>Neuroma de Morton<\/h5>\n<h5>Pies planos<\/h5>\n<h5>Pie diab\u00e9tico<\/h5>\n<h5>Pies planos<\/h5>\n<h5>S\u00edndrome de Haglund<\/h5>\n<h5>Tendinitis<\/h5>\n<h5>Tendinopat\u00eda del cuerpo del tend\u00f3n de Aquiles (no insercional)<\/h5>\n<h5>Tendinopat\u00eda insercional del tend\u00f3n de Aquiles<\/h5><\/div>\n\t\t\t<\/div><div class=\"et_pb_module et_d4_element et_pb_image et_pb_image_3\">\n\t\t\t\t\n\t\t\t\t\n\t\t\t\t\n\t\t\t\t\n\t\t\t\t<span class=\"et_pb_image_wrap \"><img loading=\"lazy\" decoding=\"async\" width=\"280\" height=\"280\" src=\"https:\/\/emfoco.med.br\/wp-content\/uploads\/2025\/05\/Ortopedia-e-Trumatologia.png\" alt=\"\" title=\"Ortopedia y traumatolog\u00eda\" class=\"wp-image-291656\"><\/span>\n\t\t\t<\/div><div class=\"et_pb_module et_d4_element et_pb_text et_pb_text_5  et_pb_text_align_center et_pb_bg_layout_light\">\n\t\t\t\t\n\t\t\t\t\n\t\t\t\t\n\t\t\t\t\n\t\t\t\t<div class=\"et_pb_text_inner\"><h2>Ortopedia y Traumatolog\u00eda<\/h2>\n<h5>Bursitis<\/h5>\n<h5>Condromalacia rotuliana<\/h5>\n<h5>Fracturas tratadas de forma conservadora<\/h5>\n<h5>Lesiones deportivas<\/h5>\n<h5>Lesiones musculares<\/h5>\n<h5>Lumbalgia<\/h5>\n<h5>S\u00edndrome del manguito rotador<\/h5>\n<h5>Tendinitis<\/h5>\n<h5>Tort\u00edcolis<\/h5><\/div>\n\t\t\t<\/div>\n\t\t\t<\/div>\n\t\t\t\t\n\t\t\t\t\n\t\t\t\t\n\t\t\t\t\n\t\t\t<\/div><div class=\"et_d4_element et_pb_row et_pb_row_7  et_pb_css_mix_blend_mode et_block_row\">\n\t\t\t\t<div class=\"et_d4_element et_pb_column_4_4 et_pb_column et_pb_column_7  et_pb_css_mix_blend_mode et-last-child et_block_column\">\n\t\t\t\t\n\t\t\t\t\n\t\t\t\t\n\t\t\t\t\n\t\t\t\t<div class=\"et_pb_button_module_wrapper et_pb_button_1_wrapper et_pb_button_alignment_center et_pb_module \">\n\t\t\t\t<a class=\"et_pb_button et_d4_element et_pb_button_1 et_pb_bg_layout_light et_block_module\" href=\"https:\/\/api.whatsapp.com\/send\/?phone=\u200e551132893195&#038;text=Ol%C3%A1%2C+vim+do+site+e+gostaria+de+mais+informa%C3%A7%C3%B5es+sobre+consulta+com+o+Dr.+Fausto+Santana.&#038;type=phone_number&#038;app_absent=0\" target=\"_blank\" data-icon=\"E\" rel=\"noopener\">Reserve su cita<\/a>\n\t\t\t<\/div>\n\t\t\t<\/div>\n\t\t\t\t\n\t\t\t\t\n\t\t\t\t\n\t\t\t\t\n\t\t\t<\/div>\n\t\t\t\t\n\t\t\t\t\n\t\t\t<\/div><\/p>\n","protected":false},"excerpt":{"rendered":"<p>Conozca al Dr. Fausto Santana, Ortopedista y Traumat\u00f3logo, \u00a1integrante del equipo de especialistas de Medicina em Foco!<\/p>\n","protected":false},"author":1,"featured_media":294824,"comment_status":"open","ping_status":"closed","template":"","meta":{"rank_math_focus_keyword":"Fausto Santana, ortopedia","rank_math_title":"Dr Fausto Santana - Instituto Medicina em Foco","rank_math_description":"Conozca al Dr. Fausto Santana, Ortopedista y Traumat\u00f3logo, \u00a1integrante del equipo de especialistas de Medicina em Foco!","rank_math_og_title":"","rank_math_og_description":"","rank_math_og_image":"","rank_math_og_image_id":"","rank_math_twitter_title":"","rank_math_twitter_description":"","rank_math_twitter_image":"","rank_math_canonical_url":"","rank_math_robots":"","rank_math_rich_snippet":"","rank_math_snippet_name":"","rank_math_snippet_desc":"","rank_math_seo_score":"","rank_math_pillar_content":"","_et_pb_use_builder":"on","_et_pb_old_content":"","_et_gb_content_width":"","footnotes":""},"false":[],"class_list":["post-294822","project","type-project","status-publish","has-post-thumbnail","hentry","project_category-ortopedia-y-traumatologia"],"_links":{"self":[{"href":"https:\/\/emfoco.med.br\/es\/wp-json\/wp\/v2\/project\/294822","targetHints":{"allow":["GET"]}}],"collection":[{"href":"https:\/\/emfoco.med.br\/es\/wp-json\/wp\/v2\/project"}],"about":[{"href":"https:\/\/emfoco.med.br\/es\/wp-json\/wp\/v2\/types\/project"}],"author":[{"embeddable":true,"href":"https:\/\/emfoco.med.br\/es\/wp-json\/wp\/v2\/users\/1"}],"replies":[{"embeddable":true,"href":"https:\/\/emfoco.med.br\/es\/wp-json\/wp\/v2\/comments?post=294822"}],"version-history":[{"count":2,"href":"https:\/\/emfoco.med.br\/es\/wp-json\/wp\/v2\/project\/294822\/revisions"}],"predecessor-version":[{"id":294828,"href":"https:\/\/emfoco.med.br\/es\/wp-json\/wp\/v2\/project\/294822\/revisions\/294828"}],"wp:featuredmedia":[{"embeddable":true,"href":"https:\/\/emfoco.med.br\/es\/wp-json\/wp\/v2\/media\/294824"}],"wp:attachment":[{"href":"https:\/\/emfoco.med.br\/es\/wp-json\/wp\/v2\/media?parent=294822"}],"wp:term":[{"taxonomy":"project_category","embeddable":true,"href":"https:\/\/emfoco.med.br\/es\/wp-json\/wp\/v2\/false?post=294822"},{"taxonomy":"project_tag","embeddable":true,"href":"https:\/\/emfoco.med.br\/es\/wp-json\/wp\/v2\/false?post=294822"}],"curies":[{"name":"wp","href":"https:\/\/api.w.org\/{rel}","templated":true}]}}