{"id":294876,"date":"2025-08-18T14:44:14","date_gmt":"2025-08-18T17:44:14","guid":{"rendered":"https:\/\/emfoco.med.br\/dra-isabela-tavares\/"},"modified":"2025-08-28T14:47:21","modified_gmt":"2025-08-28T17:47:21","slug":"dra-isabela-tavares","status":"publish","type":"project","link":"https:\/\/emfoco.med.br\/es\/project\/dra-isabela-tavares\/","title":{"rendered":"Dra. Isabela Tavares"},"content":{"rendered":"<p>[et_pb_section fb_built=\u00bb1&#8243; disabled_on=\u00bboff|off|off\u00bb _builder_version=\u00bb4.24.2&#8243; _module_preset=\u00bbdefault\u00bb custom_padding=\u00bb10px||||false|false\u00bb global_colors_info=\u00bb{}\u00bb][et_pb_row column_structure=\u00bb1_3,2_3&#8243; use_custom_gutter=\u00bbon\u00bb gutter_width=\u00bb1&#8243; make_equal=\u00bbon\u00bb disabled_on=\u00bbon|on|off\u00bb _builder_version=\u00bb4.24.2&#8243; _module_preset=\u00bbdefault\u00bb width=\u00bb90%\u00bb max_width=\u00bb100%\u00bb custom_margin=\u00bb||||false|false\u00bb custom_padding=\u00bb0px|20px|0px|20px|true|true\u00bb border_color_all=\u00bb#c1eae9&#8243; global_colors_info=\u00bb{}\u00bb][et_pb_column type=\u00bb1_3&#8243; _builder_version=\u00bb4.22.2&#8243; _module_preset=\u00bbdefault\u00bb custom_padding=\u00bb20px||20px||true|false\u00bb border_radii=\u00bboff|20px|||20px\u00bb border_width_all=\u00bb5px\u00bb border_color_all=\u00bb#13678a\u00bb global_colors_info=\u00bb{}\u00bb][difl_advanced_person ap_photo=\u00bbhttps:\/\/emfoco.med.br\/wp-content\/uploads\/2025\/08\/Isabela-Tavares-Miniatura.webp\u00bb ap_name=\u00bbDra. Isabela Tavares \u00bb ap_description=\u00bb<\/p>\n<p>CRM-SP <span style=%22font-weight: 400;%22>173204<\/span><\/p>\n<p>RQE <span style=%22font-weight: 400;%22>71603<\/span><\/p>\n<p>\u00bb ap_name_tag=\u00bbh1&#8243; module_wrapper_margin=\u00bb||40px||false|false\u00bb name_margin=\u00bb30px||||false|false\u00bb description_margin=\u00bb10px||||false|false\u00bb image_margin=\u00bb||||false|false\u00bb _builder_version=\u00bb4.27.4&#8243; _module_preset=\u00bbdefault\u00bb name_text_align=\u00bbcenter\u00bb name_font_size=\u00bb28px\u00bb description_text_align=\u00bbcenter\u00bb description_text_color=\u00bbrgba(10,10,10,0.56)\u00bb description_font_size=\u00bb18px\u00bb description_line_height=\u00bb0.5em\u00bb custom_margin=\u00bb||||false|false\u00bb custom_css_main_element=\u00bbtext-align: center;\u00bb border_radii_photo_border=\u00bbon|200px|200px|200px|200px\u00bb border_width_all_photo_border=\u00bb5px\u00bb border_color_all_photo_border=\u00bb#13678a\u00bb global_colors_info=\u00bb{}\u00bb][\/difl_advanced_person][difl_dual_button btn_left_background_bgcolor=\u00bb#13678a\u00bb btn_left_font_icon=\u00bb&#xe023;||divi||400&#8243; btn_left_icon_color=\u00bb#FFFFFF\u00bb btn_left_icon_placement=\u00bbleft\u00bb btn_right_background_background_image=\u00bbhttps:\/\/emfoco.med.br\/wp-content\/uploads\/2024\/02\/iconewhatsapp1.webp\u00bb btn_right_background_background_image_size=\u00bbfit\u00bb btn_right_background_size_width=\u00bb100%\u00bb btn_right_background_size_height=\u00bb100%\u00bb use_right_button_icon=\u00bboff\u00bb left_button=\u00bbReservar en l\u00ednea\u00bb left_button_url=\u00bbhttps:\/\/api.whatsapp.com\/send\/?phone=5511920560219&amp;text=Ol%C3%A1%2C+vim+do+site+e+gostaria+de+mais+informa%C3%A7%C3%B5es+sobre+consulta+com+a+Dra.+Isabela+Tavares.&amp;type=phone_number&amp;app_absent=0&#8243; right_button=\u00bb_\u00bb right_button_url=\u00bbhttps:\/\/api.whatsapp.com\/send\/?phone=5511920560219&amp;text=Ol%C3%A1%2C+vim+do+site+e+gostaria+de+mais+informa%C3%A7%C3%B5es+sobre+consulta+com+a+Dra.+Isabela+Tavares.&amp;type=phone_number&amp;app_absent=0&#8243; right_button_target=\u00bbon\u00bb right_button_wrapper_margin=\u00bb|||50px|false|false\u00bb alignment=\u00bbcenter\u00bb _builder_version=\u00bb4.27.4&#8243; _module_preset=\u00bbdefault\u00bb left_button_text_color=\u00bb#FFFFFF\u00bb right_button_text_color=\u00bb#FFFFFF\u00bb right_button_font_size=\u00bb22px\u00bb border_radii_left_button=\u00bbon|10px|10px|10px|10px\u00bb global_colors_info=\u00bb{}\u00bb][\/difl_dual_button][\/et_pb_column][et_pb_column type=\u00bb2_3&#8243; _builder_version=\u00bb4.22.2&#8243; _module_preset=\u00bbdefault\u00bb custom_padding=\u00bb2%||||false|false\u00bb border_radii=\u00bboff||20px|20px|\u00bb border_width_all=\u00bb5px\u00bb border_color_all=\u00bb#13678a\u00bb border_width_left=\u00bb0px\u00bb global_colors_info=\u00bb{}\u00bb][et_pb_text _builder_version=\u00bb4.27.4&#8243; _module_preset=\u00bbdefault\u00bb header_2_font_size=\u00bb18px\u00bb header_2_line_height=\u00bb1.8em\u00bb header_3_font=\u00bb||||||||\u00bb header_3_text_color=\u00bb#116789&#8243; header_3_line_height=\u00bb2em\u00bb header_5_text_color=\u00bb#116789&#8243; header_5_line_height=\u00bb0.8em\u00bb width=\u00bb90%\u00bb module_alignment=\u00bbcenter\u00bb custom_margin=\u00bb||||false|false\u00bb global_colors_info=\u00bb{}\u00bb]<\/p>\n<h2>Mi historia<\/h2>\n<p>La Dra. Isabela Tavares Ribeiro hizo su residencia m\u00e9dica en Otorrinolaringolog\u00eda en la Universidad de Santo Amaro (UNISA-SP) y su beca en Laringolog\u00eda y Voz en la Universidad Federal de S\u00e3o Paulo (UNIFESP). <\/p>\n<p>Es ponente en los congresos de otorrinolaringolog\u00eda m\u00e1s importantes de Brasil. Su compromiso de ofrecer una atenci\u00f3n humanizada y personalizada es la piedra angular de su pr\u00e1ctica profesional. <\/p>\n<p>[\/et_pb_text][difl_faq faq_layout=\u00bbtoggle\u00bb close_icon_color=\u00bb#13678a\u00bb faq_wrapper_margin=\u00bb30px||30px|44px|false|false\u00bb faq_item_wrapper_margin=\u00bb||||false|false\u00bb faq_item_per_column_tablet=\u00bb2&#8243; faq_item_per_column_phone=\u00bb1&#8243; faq_item_per_column_last_edited=\u00bbon|desktop\u00bb _builder_version=\u00bb4.27.4&#8243; _module_preset=\u00bbdefault\u00bb question_text_font_size=\u00bb18px\u00bb width=\u00bb60%\u00bb border_width_all_faq_item_wrapper_border=\u00bb0px\u00bb locked=\u00bboff\u00bb global_colors_info=\u00bb{}\u00bb que_wrapper_bg_bgcolor__hover=\u00bb1px||||false|false\u00bb que_wrapper_bg_bgcolor__hover_enabled=\u00bbon|hover\u00bb][difl_faqitem question=\u00bbEspecialidade m\u00e9dica\u00bb ans_img_padding=\u00bb||||false|false\u00bb _builder_version=\u00bb4.27.4&#8243; global_colors_info=\u00bb{}\u00bb que_wrapper_bg_bgcolor__hover=\u00bb1px||||false|false\u00bb que_wrapper_bg_bgcolor__hover_enabled=\u00bbon|hover\u00bb]<\/p>\n<p>Otorrinolaringologia<\/p>\n<p>[\/difl_faqitem][difl_faqitem question=\u00bbSubespecializa\u00e7\u00f5es\u00bb ans_img_padding=\u00bb||||false|false\u00bb _builder_version=\u00bb4.27.4&#8243; global_colors_info=\u00bb{}\u00bb que_wrapper_bg_bgcolor__hover=\u00bb1px||||false|false\u00bb que_wrapper_bg_bgcolor__hover_enabled=\u00bbon|hover\u00bb]<\/p>\n<p>Laringologia e Voz<\/p>\n<p>[\/difl_faqitem][difl_faqitem question=\u00bbHospitais de refer\u00eancia\u00bb ans_img_padding=\u00bb||||false|false\u00bb _builder_version=\u00bb4.27.4&#8243; global_colors_info=\u00bb{}\u00bb que_wrapper_bg_bgcolor__hover=\u00bb1px||||false|false\u00bb que_wrapper_bg_bgcolor__hover_enabled=\u00bbon|hover\u00bb]<\/p>\n<p>Hospital Israelita Albert Einstein<\/p>\n<p>Hospital Blanc<\/p>\n<p>Hospital Oswaldo Cruz<\/p>\n<p>Hospital S\u00e3o Luiz Itaim e Morumbi<\/p>\n<p>Hospital Benefic\u00eancia Portuguesa<\/p>\n<p>Hospital 9 de Julho<\/p>\n<p>Hospital Paulista<\/p>\n<p>[\/difl_faqitem][difl_faqitem question=\u00bbForma\u00e7\u00e3o profissional\u00bb ans_img_padding=\u00bb||||false|false\u00bb _builder_version=\u00bb4.27.4&#8243; global_colors_info=\u00bb{}\u00bb que_wrapper_bg_bgcolor__hover=\u00bb1px||||false|false\u00bb que_wrapper_bg_bgcolor__hover_enabled=\u00bbon|hover\u00bb]<\/p>\n<h6 class=\"font_6\">Gradua\u00e7\u00e3o:<\/h6>\n<ul>\n<li class=\"font_6\">Universidade Federal da Bahia (UFBA)<\/li>\n<\/ul>\n<p>&nbsp;<\/p>\n<h6 class=\"font_6\">Resid\u00eancias:<\/h6>\n<ul>\n<li>Otorrinolaringologia pela Universidade Santo Amaro (UNISA-SP)<\/li>\n<\/ul>\n<p>&nbsp;<\/p>\n<h6>Especializa\u00e7\u00f5es e aperfei\u00e7oamentos:<\/h6>\n<ul>\n<li>Laringologia e Voz pela Universidade Federal de S\u00e3o Paulo (UNIFESP)<\/li>\n<\/ul>\n<ul class=\"font_6\"><\/ul>\n<p>[\/difl_faqitem][difl_faqitem question=\u00bb\u00c1reas de atua\u00e7\u00e3o e experi\u00eancia profissional\u00bb ans_img_padding=\u00bb||||false|false\u00bb _builder_version=\u00bb4.27.4&#8243; global_colors_info=\u00bb{}\u00bb que_wrapper_bg_bgcolor__hover=\u00bb1px||||false|false\u00bb que_wrapper_bg_bgcolor__hover_enabled=\u00bbon|hover\u00bb]<\/p>\n<h6>Laringologia e Voz:<\/h6>\n<ul>\n<li>Acompanhamento de voz profissional<\/li>\n<li>C\u00e2ncer inicial de laringe<\/li>\n<li>Cistos em pregas vocais<\/li>\n<li>Condrolaringoplastia (remodelamento do Pomo de Ad\u00e3o)<\/li>\n<li>Distonias lar\u00edngeas<\/li>\n<li>Fonocirurgias minimamente invasivas<\/li>\n<li>Glotoplastia de Wendler<\/li>\n<li>Laringites agudas<\/li>\n<li>Laringites cr\u00f4nicas<\/li>\n<li>Leucoplasia em pregas vocais<\/li>\n<li>Microcirurgias com laser<\/li>\n<li>N\u00f3dulos vocais<\/li>\n<li>Papiloma lar\u00edngeo e orofaringe<\/li>\n<li>Paralisia de pregas vocais<\/li>\n<li>P\u00f3lipos vocais<\/li>\n<li>Refluxo laringo-far\u00edngeo<\/li>\n<li>Rouquid\u00e3o<\/li>\n<\/ul>\n<p>&nbsp;<\/p>\n<h6>Otorrinolaringologia:<\/h6>\n<ul>\n<li>Amigdalites<\/li>\n<li>Cerume no ouvido<\/li>\n<li>Cirurgia para corre\u00e7\u00e3o de desvio de septo (septoplastia)<\/li>\n<li>Cirurgias para apneia do sono<\/li>\n<li>Cirurgias para ronco<\/li>\n<li>Faringites<\/li>\n<li>Hipertrofia de adenoide<\/li>\n<li>Hipertrofia de cornetos nasais<\/li>\n<li>Otites<\/li>\n<li>Perda auditiva<\/li>\n<li>Rinites<\/li>\n<li>Sinusites<\/li>\n<\/ul>\n<p>&nbsp;<\/p>\n<p>[\/difl_faqitem][\/difl_faq][\/et_pb_column][\/et_pb_row][\/et_pb_section][et_pb_section fb_built=\u00bb1&#8243; disabled_on=\u00bbon|on|off\u00bb _builder_version=\u00bb4.23&#8243; _module_preset=\u00bbdefault\u00bb custom_padding=\u00bb0px||||false|false\u00bb global_colors_info=\u00bb{}\u00bb][et_pb_row column_structure=\u00bb1_2,1_2&#8243; _builder_version=\u00bb4.23.1&#8243; _module_preset=\u00bbdefault\u00bb width=\u00bb44%\u00bb max_width=\u00bb100%\u00bb global_colors_info=\u00bb{}\u00bb][et_pb_column type=\u00bb1_2&#8243; _builder_version=\u00bb4.23&#8243; _module_preset=\u00bbdefault\u00bb global_colors_info=\u00bb{}\u00bb][et_pb_image src=\u00bbhttps:\/\/emfoco.med.br\/wp-content\/uploads\/2025\/08\/Laringologia-e-Voz.webp\u00bb title_text=\u00bbLaringolog\u00eda y voz\u00bb _builder_version=\u00bb4.27.4&#8243; _module_preset=\u00bbdefault\u00bb width=\u00bb50%\u00bb module_alignment=\u00bbcenter\u00bb global_colors_info=\u00bb{}\u00bb][\/et_pb_image][et_pb_text _builder_version=\u00bb4.27.4&#8243; _module_preset=\u00bbdefault\u00bb header_2_font_size=\u00bb19px\u00bb header_2_line_height=\u00bb1.8em\u00bb header_5_text_color=\u00bb#116789&#8243; header_5_line_height=\u00bb1.1em\u00bb text_orientation=\u00bbcenter\u00bb custom_margin=\u00bb-15px||||false|false\u00bb locked=\u00bboff\u00bb global_colors_info=\u00bb{}\u00bb]<\/p>\n<h2>Laringolog\u00eda y voz<\/h2>\n<h5>Acompa\u00f1amiento vocal profesional<\/h5>\n<h5>C\u00e1ncer inicial de laringe<\/h5>\n<h5>Quistes de las cuerdas vocales<\/h5>\n<h5>Condrolaringoplastia (remodelaci\u00f3n de la nuez de Ad\u00e1n)<\/h5>\n<h5>Diston\u00eda lar\u00edngea<\/h5>\n<h5>Fonocirug\u00eda m\u00ednimamente invasiva<\/h5>\n<h5>Glotoplastia de Wendler<\/h5>\n<h5>Laringitis aguda<\/h5>\n<h5>Laringitis cr\u00f3nica<\/h5>\n<h5>Leucoplasia de las cuerdas vocales<\/h5>\n<h5>Microcirug\u00eda l\u00e1ser<\/h5>\n<h5>N\u00f3dulos vocales<\/h5>\n<h5>Papiloma lar\u00edngeo y orofar\u00edngeo<\/h5>\n<h5>Par\u00e1lisis de las cuerdas vocales<\/h5>\n<h5>P\u00f3lipos vocales<\/h5>\n<h5>Reflujo laringofar\u00edngeo<\/h5>\n<h5>Ronquera<\/h5>\n<p>[\/et_pb_text][\/et_pb_column][et_pb_column type=\u00bb1_2&#8243; _builder_version=\u00bb4.23&#8243; _module_preset=\u00bbdefault\u00bb global_colors_info=\u00bb{}\u00bb][et_pb_image src=\u00bbhttps:\/\/emfoco.med.br\/wp-content\/uploads\/2025\/08\/Otorrinolaringologia.webp\u00bb title_text=\u00bbOtorrinolaringolog\u00eda\u00bb _builder_version=\u00bb4.27.4&#8243; _module_preset=\u00bbdefault\u00bb width=\u00bb50%\u00bb module_alignment=\u00bbcenter\u00bb global_colors_info=\u00bb{}\u00bb][\/et_pb_image][et_pb_text _builder_version=\u00bb4.27.4&#8243; _module_preset=\u00bbdefault\u00bb header_2_font_size=\u00bb19px\u00bb header_2_line_height=\u00bb1.8em\u00bb header_5_text_color=\u00bb#116789&#8243; header_5_line_height=\u00bb1.1em\u00bb text_orientation=\u00bbcenter\u00bb custom_margin=\u00bb-15px||||false|false\u00bb locked=\u00bboff\u00bb global_colors_info=\u00bb{}\u00bb]<\/p>\n<h2>Otorrinolaringolog\u00eda<\/h2>\n<h5>Amigdalitis<\/h5>\n<h5>Cerumen en el o\u00eddo<\/h5>\n<h5>Cirug\u00eda para corregir un tabique desviado (septoplastia)<\/h5>\n<h5>Cirug\u00eda de la apnea del sue\u00f1o<\/h5>\n<h5>Cirug\u00eda de los ronquidos<\/h5>\n<h5>Faringitis<\/h5>\n<h5>Hipertrofia adenoidea<\/h5>\n<h5>Hipertrofia de los cornetes nasales<\/h5>\n<h5>Otitis<\/h5>\n<h5>P\u00e9rdida auditiva<\/h5>\n<h5>Rinitis<\/h5>\n<h5>Sinusitis<\/h5>\n<p>[\/et_pb_text][\/et_pb_column][\/et_pb_row][et_pb_row disabled_on=\u00bbon|on|on\u00bb _builder_version=\u00bb4.25.0&#8243; _module_preset=\u00bbdefault\u00bb disabled=\u00bbon\u00bb global_colors_info=\u00bb{}\u00bb][et_pb_column type=\u00bb4_4&#8243; _builder_version=\u00bb4.25.0&#8243; _module_preset=\u00bbdefault\u00bb global_colors_info=\u00bb{}\u00bb][et_pb_video src=\u00bbhttps:\/\/www.youtube.com\/watch?v=Qk7q62ugoLM\u00bb _builder_version=\u00bb4.25.0&#8243; _module_preset=\u00bbdefault\u00bb global_colors_info=\u00bb{}\u00bb][\/et_pb_video][\/et_pb_column][\/et_pb_row][et_pb_row _builder_version=\u00bb4.25.0&#8243; _module_preset=\u00bbdefault\u00bb custom_margin=\u00bb||||false|false\u00bb locked=\u00bboff\u00bb global_colors_info=\u00bb{}\u00bb][et_pb_column type=\u00bb4_4&#8243; _builder_version=\u00bb4.24.0&#8243; _module_preset=\u00bbdefault\u00bb global_colors_info=\u00bb{}\u00bb][et_pb_button button_url=\u00bbhttps:\/\/api.whatsapp.com\/send\/?phone=5511920560219&amp;text=Ol%C3%A1%2C+vim+do+site+e+gostaria+de+mais+informa%C3%A7%C3%B5es+sobre+consulta+com+a+Dra.+Isabela+Tavares.&amp;type=phone_number&amp;app_absent=0&#8243; url_new_window=\u00bbon\u00bb button_text=\u00bbReserve su cita\u00bb button_alignment=\u00bbcenter\u00bb _builder_version=\u00bb4.27.4&#8243; _module_preset=\u00bbdefault\u00bb custom_button=\u00bbon\u00bb button_text_color=\u00bb#FFFFFF\u00bb button_bg_color=\u00bb#196586&#8243; button_border_color=\u00bb#196586&#8243; button_border_radius=\u00bb20px\u00bb button_font=\u00bb|600|||||||\u00bb button_icon=\u00bb&#x45;||divi||400&#8243; button_icon_color=\u00bb#FFFFFF\u00bb button_on_hover=\u00bboff\u00bb custom_margin=\u00bb15px||||false|false\u00bb button_text_size_tablet=\u00bb18px\u00bb button_text_size_phone=\u00bb13px\u00bb button_text_size_last_edited=\u00bbon|tablet\u00bb global_colors_info=\u00bb{}\u00bb][\/et_pb_button][\/et_pb_column][\/et_pb_row][\/et_pb_section][et_pb_section fb_built=\u00bb1&#8243; disabled_on=\u00bboff|off|on\u00bb _builder_version=\u00bb4.24.1&#8243; _module_preset=\u00bbdefault\u00bb custom_margin=\u00bb-40px||||false|false\u00bb custom_padding=\u00bb0px||||false|false\u00bb locked=\u00bboff\u00bb global_colors_info=\u00bb{}\u00bb][et_pb_row _builder_version=\u00bb4.24.2&#8243; _module_preset=\u00bbdefault\u00bb width=\u00bb100%\u00bb max_width=\u00bb100%\u00bb custom_margin=\u00bb||||false|false\u00bb custom_padding=\u00bb0px|5px|0px|5px|true|true\u00bb border_color_all=\u00bb#c1eae9&#8243; global_colors_info=\u00bb{}\u00bb][et_pb_column type=\u00bb4_4&#8243; _builder_version=\u00bb4.22.2&#8243; _module_preset=\u00bbdefault\u00bb custom_padding=\u00bb20px||20px||true|false\u00bb border_radii=\u00bboff|20px|20px|20px|20px\u00bb border_width_all=\u00bb5px\u00bb border_color_all=\u00bb#13678a\u00bb global_colors_info=\u00bb{}\u00bb][difl_advanced_person ap_photo=\u00bbhttps:\/\/emfoco.med.br\/wp-content\/uploads\/2025\/08\/Isabela-Tavares-Miniatura.webp\u00bb image_wrapper_max_width=\u00bb60%\u00bb ap_name=\u00bbDra. Isabela Tavares \u00bb ap_description=\u00bb<\/p>\n<p>CRM-SP <span style=%22font-weight: 400;%22><span>173204<\/span><\/span><\/p>\n<p>RQE <span style=%22font-weight: 400;%22><span>71603<\/span><\/span><\/p>\n<p>\u00bb module_wrapper_margin=\u00bb||40px||false|false\u00bb name_margin=\u00bb30px||||false|false\u00bb description_margin=\u00bb10px||||false|false\u00bb image_margin=\u00bb||||false|false\u00bb _builder_version=\u00bb4.27.4&#8243; _module_preset=\u00bbdefault\u00bb name_text_align=\u00bbcenter\u00bb description_text_align=\u00bbcenter\u00bb description_text_color=\u00bbrgba(10,10,10,0.56)\u00bb description_line_height=\u00bb0.5em\u00bb custom_margin=\u00bb||||false|false\u00bb custom_css_main_element=\u00bbtext-align: center;\u00bb border_radii_photo_border=\u00bbon|200px|200px|200px|200px\u00bb border_width_all_photo_border=\u00bb5px\u00bb border_color_all_photo_border=\u00bb#13678a\u00bb global_colors_info=\u00bb{}\u00bb][\/difl_advanced_person][difl_dual_button btn_left_background_bgcolor=\u00bb#13678a\u00bb btn_left_font_icon=\u00bb&#xe023;||divi||400&#8243; btn_left_icon_color=\u00bb#FFFFFF\u00bb btn_left_icon_placement=\u00bbleft\u00bb btn_right_background_background_image=\u00bbhttps:\/\/emfoco.med.br\/wp-content\/uploads\/2024\/02\/iconewhatsapp1.webp\u00bb btn_right_background_background_image_size=\u00bbfit\u00bb btn_right_background_size_width=\u00bb100%\u00bb btn_right_background_size_height=\u00bb100%\u00bb use_right_button_icon=\u00bboff\u00bb left_button=\u00bbReservar en l\u00ednea\u00bb left_button_url=\u00bbhttps:\/\/api.whatsapp.com\/send\/?phone=5511920560219&amp;text=Ol%C3%A1%2C+vim+do+site+e+gostaria+de+mais+informa%C3%A7%C3%B5es+sobre+consulta+com+a+Dra.+Isabela+Tavares.&amp;type=phone_number&amp;app_absent=0&#8243; right_button=\u00bb_\u00bb right_button_url=\u00bbhttps:\/\/api.whatsapp.com\/send\/?phone=5511920560219&amp;text=Ol%C3%A1%2C+vim+do+site+e+gostaria+de+mais+informa%C3%A7%C3%B5es+sobre+consulta+com+a+Dra.+Isabela+Tavares.&amp;type=phone_number&amp;app_absent=0&#8243; right_button_target=\u00bbon\u00bb right_button_wrapper_margin=\u00bb|||50px|false|false\u00bb left_button_padding=\u00bb10px|40px|10px|40px|false|false\u00bb alignment=\u00bbcenter\u00bb _builder_version=\u00bb4.27.4&#8243; _module_preset=\u00bbdefault\u00bb left_button_text_color=\u00bb#FFFFFF\u00bb left_button_font_size=\u00bb16px\u00bb right_button_text_color=\u00bb#FFFFFF\u00bb right_button_font_size=\u00bb16px\u00bb border_radii_left_button=\u00bbon|10px|10px|10px|10px\u00bb global_colors_info=\u00bb{}\u00bb][\/difl_dual_button][et_pb_text _builder_version=\u00bb4.27.4&#8243; _module_preset=\u00bbdefault\u00bb header_2_font_size=\u00bb22px\u00bb header_2_line_height=\u00bb1.8em\u00bb header_3_font=\u00bb||||||||\u00bb header_3_text_color=\u00bb#116789&#8243; header_3_font_size=\u00bb17px\u00bb header_3_line_height=\u00bb2em\u00bb header_5_text_color=\u00bb#116789&#8243; header_5_line_height=\u00bb0.8em\u00bb width=\u00bb90%\u00bb module_alignment=\u00bbcenter\u00bb custom_margin=\u00bb||||false|true\u00bb custom_padding=\u00bb|25px||25px|false|true\u00bb global_colors_info=\u00bb{}\u00bb]<\/p>\n<h2>Mi historia<\/h2>\n<p>La Dra. Isabela Tavares Ribeiro hizo su residencia m\u00e9dica en Otorrinolaringolog\u00eda en la Universidad de Santo Amaro (UNISA-SP) y su beca en Laringolog\u00eda y Voz en la Universidad Federal de S\u00e3o Paulo (UNIFESP). <\/p>\n<p>Es ponente en los congresos de otorrinolaringolog\u00eda m\u00e1s importantes de Brasil. Su compromiso de ofrecer una atenci\u00f3n humanizada y personalizada es la piedra angular de su pr\u00e1ctica profesional. <\/p>\n<p>[\/et_pb_text][difl_faq faq_layout=\u00bbtoggle\u00bb close_icon_color=\u00bb#13678a\u00bb faq_wrapper_margin=\u00bb30px|10px|30px|10px|false|true\u00bb faq_item_wrapper_margin=\u00bb||||false|false\u00bb faq_item_per_column_tablet=\u00bb2&#8243; faq_item_per_column_phone=\u00bb1&#8243; faq_item_per_column_last_edited=\u00bbon|desktop\u00bb _builder_version=\u00bb4.27.4&#8243; _module_preset=\u00bbdefault\u00bb question_text_font_size=\u00bb18px\u00bb border_width_all_faq_item_wrapper_border=\u00bb0px\u00bb locked=\u00bboff\u00bb global_colors_info=\u00bb{}\u00bb que_wrapper_bg_bgcolor__hover=\u00bb1px||||false|false\u00bb que_wrapper_bg_bgcolor__hover_enabled=\u00bbon|hover\u00bb][difl_faqitem question=\u00bbEspecialidade m\u00e9dica\u00bb ans_img_padding=\u00bb||||false|false\u00bb _builder_version=\u00bb4.27.4&#8243; global_colors_info=\u00bb{}\u00bb que_wrapper_bg_bgcolor__hover=\u00bb1px||||false|false\u00bb que_wrapper_bg_bgcolor__hover_enabled=\u00bbon|hover\u00bb]<\/p>\n<p>Otorrinolaringologia<\/p>\n<p>[\/difl_faqitem][difl_faqitem question=\u00bbSubespecializa\u00e7\u00f5es\u00bb ans_img_padding=\u00bb||||false|false\u00bb _builder_version=\u00bb4.27.4&#8243; global_colors_info=\u00bb{}\u00bb que_wrapper_bg_bgcolor__hover=\u00bb1px||||false|false\u00bb que_wrapper_bg_bgcolor__hover_enabled=\u00bbon|hover\u00bb]<\/p>\n<p>Laringologia e Voz<\/p>\n<p>[\/difl_faqitem][difl_faqitem question=\u00bbHospitais de refer\u00eancia\u00bb ans_img_padding=\u00bb||||false|false\u00bb _builder_version=\u00bb4.27.4&#8243; global_colors_info=\u00bb{}\u00bb que_wrapper_bg_bgcolor__hover=\u00bb1px||||false|false\u00bb que_wrapper_bg_bgcolor__hover_enabled=\u00bbon|hover\u00bb]<\/p>\n<p>Hospital Israelita Albert Einstein<\/p>\n<p>Hospital Blanc<\/p>\n<p>Hospital Oswaldo Cruz<\/p>\n<p>Hospital S\u00e3o Luiz Itaim e Morumbi<\/p>\n<p>Hospital Benefic\u00eancia Portuguesa<\/p>\n<p>Hospital 9 de Julho<\/p>\n<p>Hospital Paulista <\/p>\n<p>[\/difl_faqitem][difl_faqitem question=\u00bbForma\u00e7\u00e3o profissional\u00bb ans_img_padding=\u00bb||||false|false\u00bb _builder_version=\u00bb4.27.4&#8243; global_colors_info=\u00bb{}\u00bb que_wrapper_bg_bgcolor__hover=\u00bb1px||||false|false\u00bb que_wrapper_bg_bgcolor__hover_enabled=\u00bbon|hover\u00bb]<\/p>\n<h6 class=\"font_6\">Gradua\u00e7\u00e3o:<\/h6>\n<ul>\n<li class=\"font_6\">Universidade Federal da Bahia (UFBA)<\/li>\n<\/ul>\n<p>&nbsp;<\/p>\n<h6 class=\"font_6\">Resid\u00eancias:<\/h6>\n<ul>\n<li>Otorrinolaringologia pela Universidade Santo Amaro (UNISA-SP)<\/li>\n<\/ul>\n<p>&nbsp;<\/p>\n<h6>Especializa\u00e7\u00f5es e aperfei\u00e7oamentos:<\/h6>\n<ul>\n<li>Laringologia e Voz pela Universidade Federal de S\u00e3o Paulo (UNIFESP)<\/li>\n<\/ul>\n<ul class=\"font_6\"><\/ul>\n<ul class=\"font_6\"><\/ul>\n<p>[\/difl_faqitem][difl_faqitem question=\u00bb\u00c1reas de atua\u00e7\u00e3o e experi\u00eancia profissional\u00bb ans_img_padding=\u00bb||||false|false\u00bb _builder_version=\u00bb4.27.4&#8243; global_colors_info=\u00bb{}\u00bb que_wrapper_bg_bgcolor__hover=\u00bb1px||||false|false\u00bb que_wrapper_bg_bgcolor__hover_enabled=\u00bbon|hover\u00bb]<\/p>\n<h6>Laringologia e Voz:<\/h6>\n<ul>\n<li>Acompanhamento de voz profissional<\/li>\n<li>C\u00e2ncer inicial de laringe<\/li>\n<li>Cistos em pregas vocais<\/li>\n<li>Condrolaringoplastia (remodelamento do Pomo de Ad\u00e3o)<\/li>\n<li>Distonias lar\u00edngeas<\/li>\n<li>Fonocirurgias minimamente invasivas<\/li>\n<li>Glotoplastia de Wendler<\/li>\n<li>Laringites agudas<\/li>\n<li>Laringites cr\u00f4nicas<\/li>\n<li>Leucoplasia em pregas vocais<\/li>\n<li>Microcirurgias com laser<\/li>\n<li>N\u00f3dulos vocais<\/li>\n<li>Papiloma lar\u00edngeo e orofaringe<\/li>\n<li>Paralisia de pregas vocais<\/li>\n<li>P\u00f3lipos vocais<\/li>\n<li>Refluxo laringo-far\u00edngeo<\/li>\n<li>Rouquid\u00e3o<\/li>\n<\/ul>\n<p>&nbsp;<\/p>\n<h6>Otorrinolaringologia:<\/h6>\n<ul>\n<li>Amigdalites<\/li>\n<li>Cerume no ouvido<\/li>\n<li>Cirurgia para corre\u00e7\u00e3o de desvio de septo (septoplastia)<\/li>\n<li>Cirurgias para apneia do sono<\/li>\n<li>Cirurgias para ronco<\/li>\n<li>Faringites<\/li>\n<li>Hipertrofia de adenoide<\/li>\n<li>Hipertrofia de cornetos nasais<\/li>\n<li>Otites<\/li>\n<li>Perda auditiva<\/li>\n<li>Rinites<\/li>\n<li>Sinusites<\/li>\n<\/ul>\n<p>&nbsp;<\/p>\n<p>[\/difl_faqitem][\/difl_faq][\/et_pb_column][\/et_pb_row][\/et_pb_section][et_pb_section fb_built=\u00bb1&#8243; disabled_on=\u00bboff|off|on\u00bb _builder_version=\u00bb4.23&#8243; _module_preset=\u00bbdefault\u00bb custom_padding=\u00bb0px||||false|false\u00bb global_colors_info=\u00bb{}\u00bb][et_pb_row _builder_version=\u00bb4.23&#8243; _module_preset=\u00bbdefault\u00bb width=\u00bb90%\u00bb max_width=\u00bb100%\u00bb global_colors_info=\u00bb{}\u00bb][et_pb_column type=\u00bb4_4&#8243; _builder_version=\u00bb4.23&#8243; _module_preset=\u00bbdefault\u00bb global_colors_info=\u00bb{}\u00bb][et_pb_image src=\u00bbhttps:\/\/emfoco.med.br\/wp-content\/uploads\/2025\/08\/Laringologia-e-Voz.webp\u00bb title_text=\u00bbLaringolog\u00eda y voz\u00bb align=\u00bbcenter\u00bb _builder_version=\u00bb4.27.4&#8243; _module_preset=\u00bbdefault\u00bb width=\u00bb50%\u00bb max_width=\u00bb60%\u00bb module_alignment=\u00bbcenter\u00bb custom_padding=\u00bb||||true|true\u00bb global_colors_info=\u00bb{}\u00bb][\/et_pb_image][et_pb_text _builder_version=\u00bb4.27.4&#8243; _module_preset=\u00bbdefault\u00bb header_2_font_size=\u00bb19px\u00bb header_2_line_height=\u00bb1.8em\u00bb header_5_text_color=\u00bb#116789&#8243; header_5_line_height=\u00bb1.1em\u00bb text_orientation=\u00bbcenter\u00bb custom_margin=\u00bb-15px||||false|false\u00bb locked=\u00bboff\u00bb global_colors_info=\u00bb{}\u00bb]<\/p>\n<h2>Laringolog\u00eda y voz<\/h2>\n<h5>Acompa\u00f1amiento vocal profesional<\/h5>\n<h5>C\u00e1ncer inicial de laringe<\/h5>\n<h5>Quistes de las cuerdas vocales<\/h5>\n<h5>Condrolaringoplastia (remodelaci\u00f3n de la nuez de Ad\u00e1n)<\/h5>\n<h5>Diston\u00eda lar\u00edngea<\/h5>\n<h5>Fonocirug\u00eda m\u00ednimamente invasiva<\/h5>\n<h5>Glotoplastia de Wendler<\/h5>\n<h5>Laringitis aguda<\/h5>\n<h5>Laringitis cr\u00f3nica<\/h5>\n<h5>Leucoplasia de las cuerdas vocales<\/h5>\n<h5>Microcirug\u00eda l\u00e1ser<\/h5>\n<h5>N\u00f3dulos vocales<\/h5>\n<h5>Papiloma lar\u00edngeo y orofar\u00edngeo<\/h5>\n<h5>Par\u00e1lisis de las cuerdas vocales<\/h5>\n<h5>P\u00f3lipos vocales<\/h5>\n<h5>Reflujo laringofar\u00edngeo<\/h5>\n<h5>Ronquera<\/h5>\n<p>[\/et_pb_text][et_pb_image src=\u00bbhttps:\/\/emfoco.med.br\/wp-content\/uploads\/2023\/12\/2.-Cirurgia-Plastica-copiar.webp\u00bb title_text=\u00bb2. Copia de cirug\u00eda pl\u00e1stica\u00bb align=\u00bbcenter\u00bb _builder_version=\u00bb4.23.1&#8243; _module_preset=\u00bbdefault\u00bb width=\u00bb50%\u00bb max_width=\u00bb60%\u00bb module_alignment=\u00bbcenter\u00bb custom_padding=\u00bb||||true|true\u00bb global_colors_info=\u00bb{}\u00bb][\/et_pb_image][et_pb_text _builder_version=\u00bb4.27.4&#8243; _module_preset=\u00bbdefault\u00bb header_2_font_size=\u00bb19px\u00bb header_2_line_height=\u00bb1.8em\u00bb header_5_text_color=\u00bb#116789&#8243; header_5_line_height=\u00bb1.1em\u00bb text_orientation=\u00bbcenter\u00bb custom_margin=\u00bb-15px||||false|false\u00bb locked=\u00bboff\u00bb global_colors_info=\u00bb{}\u00bb]<\/p>\n<h2>Otorrinolaringolog\u00eda<\/h2>\n<h5>Amigdalitis<\/h5>\n<h5>Cerumen en el o\u00eddo<\/h5>\n<h5>Cirug\u00eda para corregir un tabique desviado (septoplastia)<\/h5>\n<h5>Cirug\u00eda de la apnea del sue\u00f1o<\/h5>\n<h5>Cirug\u00eda de los ronquidos<\/h5>\n<h5>Faringitis<\/h5>\n<h5>Hipertrofia adenoidea<\/h5>\n<h5>Hipertrofia de los cornetes nasales<\/h5>\n<h5>Otitis<\/h5>\n<h5>P\u00e9rdida auditiva<\/h5>\n<h5>Rinitis<\/h5>\n<h5>Sinusitis<\/h5>\n<p>[\/et_pb_text][\/et_pb_column][\/et_pb_row][et_pb_row disabled_on=\u00bbon|on|on\u00bb _builder_version=\u00bb4.25.0&#8243; _module_preset=\u00bbdefault\u00bb disabled=\u00bbon\u00bb global_colors_info=\u00bb{}\u00bb][et_pb_column type=\u00bb4_4&#8243; _builder_version=\u00bb4.25.0&#8243; _module_preset=\u00bbdefault\u00bb global_colors_info=\u00bb{}\u00bb][et_pb_video src=\u00bbhttps:\/\/www.youtube.com\/watch?v=Qk7q62ugoLM\u00bb _builder_version=\u00bb4.25.0&#8243; _module_preset=\u00bbdefault\u00bb global_colors_info=\u00bb{}\u00bb][\/et_pb_video][\/et_pb_column][\/et_pb_row][et_pb_row _builder_version=\u00bb4.25.0&#8243; _module_preset=\u00bbdefault\u00bb custom_margin=\u00bb||||false|false\u00bb locked=\u00bboff\u00bb global_colors_info=\u00bb{}\u00bb][et_pb_column type=\u00bb4_4&#8243; _builder_version=\u00bb4.24.0&#8243; _module_preset=\u00bbdefault\u00bb global_colors_info=\u00bb{}\u00bb][et_pb_button button_url=\u00bbhttps:\/\/api.whatsapp.com\/send\/?phone=5511920560219&amp;text=Ol%C3%A1%2C+vim+do+site+e+gostaria+de+mais+informa%C3%A7%C3%B5es+sobre+consulta+com+a+Dra.+Isabela+Tavares.&amp;type=phone_number&amp;app_absent=0&#8243; url_new_window=\u00bbon\u00bb button_text=\u00bbReserve su cita\u00bb button_alignment=\u00bbcenter\u00bb _builder_version=\u00bb4.27.4&#8243; _module_preset=\u00bbdefault\u00bb custom_button=\u00bbon\u00bb button_text_color=\u00bb#FFFFFF\u00bb button_bg_color=\u00bb#196586&#8243; button_border_color=\u00bb#196586&#8243; button_border_radius=\u00bb20px\u00bb button_font=\u00bb|600|||||||\u00bb button_icon=\u00bb&#x45;||divi||400&#8243; button_icon_color=\u00bb#FFFFFF\u00bb button_on_hover=\u00bboff\u00bb custom_margin=\u00bb15px||||false|false\u00bb button_text_size_tablet=\u00bb18px\u00bb button_text_size_phone=\u00bb13px\u00bb button_text_size_last_edited=\u00bbon|tablet\u00bb global_colors_info=\u00bb{}\u00bb][\/et_pb_button][\/et_pb_column][\/et_pb_row][\/et_pb_section]<\/p>\n","protected":false},"excerpt":{"rendered":"<p>Conozca a la Dra. Isabela Tavares, otorrinolaring\u00f3loga y miembro del equipo de Medicina em Foco. <\/p>\n","protected":false},"author":1,"featured_media":294880,"comment_status":"open","ping_status":"closed","template":"","meta":{"_et_pb_use_builder":"on","_et_pb_old_content":"","_et_gb_content_width":"","rank_math_focus_keyword":"Isabela Tavares","rank_math_title":"Dra. Isabela Tavares - Instituto Medicina em Foco ","rank_math_description":"Conozca a la Dra. Isabela Tavares, otorrinolaring\u00f3loga y miembro del equipo de Medicina em Foco. ","rank_math_og_title":"","rank_math_og_description":"","rank_math_og_image":"","rank_math_og_image_id":"","rank_math_twitter_title":"","rank_math_twitter_description":"","rank_math_twitter_image":"","rank_math_canonical_url":"","rank_math_robots":"","rank_math_rich_snippet":"","rank_math_snippet_name":"","rank_math_snippet_desc":"","rank_math_seo_score":"","rank_math_pillar_content":"","footnotes":""},"false":[],"class_list":["post-294876","project","type-project","status-publish","has-post-thumbnail","hentry","project_category-otorrinolaringologia-es"],"_links":{"self":[{"href":"https:\/\/emfoco.med.br\/es\/wp-json\/wp\/v2\/project\/294876","targetHints":{"allow":["GET"]}}],"collection":[{"href":"https:\/\/emfoco.med.br\/es\/wp-json\/wp\/v2\/project"}],"about":[{"href":"https:\/\/emfoco.med.br\/es\/wp-json\/wp\/v2\/types\/project"}],"author":[{"embeddable":true,"href":"https:\/\/emfoco.med.br\/es\/wp-json\/wp\/v2\/users\/1"}],"replies":[{"embeddable":true,"href":"https:\/\/emfoco.med.br\/es\/wp-json\/wp\/v2\/comments?post=294876"}],"version-history":[{"count":4,"href":"https:\/\/emfoco.med.br\/es\/wp-json\/wp\/v2\/project\/294876\/revisions"}],"predecessor-version":[{"id":296087,"href":"https:\/\/emfoco.med.br\/es\/wp-json\/wp\/v2\/project\/294876\/revisions\/296087"}],"wp:featuredmedia":[{"embeddable":true,"href":"https:\/\/emfoco.med.br\/es\/wp-json\/wp\/v2\/media\/294880"}],"wp:attachment":[{"href":"https:\/\/emfoco.med.br\/es\/wp-json\/wp\/v2\/media?parent=294876"}],"wp:term":[{"taxonomy":"project_category","embeddable":true,"href":"https:\/\/emfoco.med.br\/es\/wp-json\/wp\/v2\/false?post=294876"},{"taxonomy":"project_tag","embeddable":true,"href":"https:\/\/emfoco.med.br\/es\/wp-json\/wp\/v2\/false?post=294876"}],"curies":[{"name":"wp","href":"https:\/\/api.w.org\/{rel}","templated":true}]}}