{"id":295260,"date":"2024-11-21T14:50:10","date_gmt":"2024-11-21T17:50:10","guid":{"rendered":"https:\/\/emfoco.med.br\/dr-cristiano-augusto\/"},"modified":"2025-08-27T20:08:09","modified_gmt":"2025-08-27T23:08:09","slug":"dr-cristiano-augusto","status":"publish","type":"project","link":"https:\/\/emfoco.med.br\/es\/dr-cristiano-augusto\/","title":{"rendered":"Dr. Cristiano Augusto"},"content":{"rendered":"<p>[et_pb_section fb_built=\u00bb1&#8243; disabled_on=\u00bbon|on|off\u00bb _builder_version=\u00bb4.24.2&#8243; _module_preset=\u00bbdefault\u00bb custom_padding=\u00bb10px||||false|false\u00bb global_colors_info=\u00bb{}\u00bb][et_pb_row column_structure=\u00bb1_3,2_3&#8243; use_custom_gutter=\u00bbon\u00bb gutter_width=\u00bb1&#8243; make_equal=\u00bbon\u00bb _builder_version=\u00bb4.24.2&#8243; _module_preset=\u00bbdefault\u00bb width=\u00bb90%\u00bb max_width=\u00bb100%\u00bb custom_margin=\u00bb||||false|false\u00bb custom_padding=\u00bb0px|20px|0px|20px|true|true\u00bb border_color_all=\u00bb#c1eae9&#8243; global_colors_info=\u00bb{}\u00bb][et_pb_column type=\u00bb1_3&#8243; _builder_version=\u00bb4.22.2&#8243; _module_preset=\u00bbdefault\u00bb custom_padding=\u00bb20px||20px||true|false\u00bb border_radii=\u00bboff|20px|||20px\u00bb border_width_all=\u00bb5px\u00bb border_color_all=\u00bb#13678a\u00bb global_colors_info=\u00bb{}\u00bb][difl_advanced_person ap_photo=\u00bbhttps:\/\/emfoco.med.br\/wp-content\/uploads\/2024\/11\/Cristiano-Augusto-profile.webp\u00bb ap_name=\u00bbDr. Cristiano Augusto\u00bb ap_description=\u00bb<\/p>\n<p>CRM-SP <span style=%22font-weight: 400;%22>114668<\/span><\/p>\n<p>RQE <span style=%22font-weight: 400;%22>83810\/838101<\/span><\/p>\n<p>\u00bb module_wrapper_margin=\u00bb||40px||false|false\u00bb name_margin=\u00bb30px||||false|false\u00bb description_margin=\u00bb10px||||false|false\u00bb image_margin=\u00bb||||false|false\u00bb _builder_version=\u00bb4.27.4&#8243; _module_preset=\u00bbdefault\u00bb name_text_align=\u00bbcenter\u00bb name_font_size=\u00bb28px\u00bb description_text_align=\u00bbcenter\u00bb description_text_color=\u00bbrgba(10,10,10,0.56)\u00bb description_font_size=\u00bb18px\u00bb description_line_height=\u00bb0.5em\u00bb custom_margin=\u00bb||||false|false\u00bb hover_enabled=\u00bb0&#8243; custom_css_main_element=\u00bbtext-align: center;\u00bb border_radii_photo_border=\u00bbon|200px|200px|200px|200px\u00bb border_width_all_photo_border=\u00bb5px\u00bb border_color_all_photo_border=\u00bb#13678a\u00bb global_colors_info=\u00bb{}\u00bb ap_name_tag=\u00bbh1&#8243; sticky_enabled=\u00bb0&#8243;][\/difl_advanced_person][difl_dual_button btn_left_background_bgcolor=\u00bb#13678a\u00bb btn_left_font_icon=\u00bb&#xe023;||divi||400&#8243; btn_left_icon_color=\u00bb#FFFFFF\u00bb btn_left_icon_placement=\u00bbleft\u00bb btn_right_background_background_image=\u00bbhttps:\/\/emfoco.med.br\/wp-content\/uploads\/2024\/02\/iconewhatsapp1.webp\u00bb btn_right_background_background_image_size=\u00bbfit\u00bb btn_right_background_size_width=\u00bb100%\u00bb btn_right_background_size_height=\u00bb100%\u00bb use_right_button_icon=\u00bboff\u00bb left_button=\u00bbReservar en l\u00ednea\u00bb left_button_url=\u00bbhttps:\/\/api.whatsapp.com\/send\/?phone=\u200e551132893195&amp;text=Ol%C3%A1%2C+vim+do+site+e+gostaria+de+mais+informa%C3%A7%C3%B5es+sobre+consulta+com+o+Dr.+Cristiano+Augusto.&amp;type=phone_number&amp;app_absent=0&#8243; right_button=\u00bb_\u00bb right_button_url=\u00bbhttps:\/\/api.whatsapp.com\/send\/?phone=\u200e551132893195&amp;text=Ol%C3%A1%2C+vim+do+site+e+gostaria+de+mais+informa%C3%A7%C3%B5es+sobre+consulta+com+o+Dr.+Cristiano+Augusto.&amp;type=phone_number&amp;app_absent=0&#8243; right_button_target=\u00bbon\u00bb right_button_wrapper_margin=\u00bb|||50px|false|false\u00bb alignment=\u00bbcenter\u00bb _builder_version=\u00bb4.27.4&#8243; _module_preset=\u00bbdefault\u00bb left_button_text_color=\u00bb#FFFFFF\u00bb right_button_text_color=\u00bb#FFFFFF\u00bb right_button_font_size=\u00bb22px\u00bb border_radii_left_button=\u00bbon|10px|10px|10px|10px\u00bb global_colors_info=\u00bb{}\u00bb][\/difl_dual_button][\/et_pb_column][et_pb_column type=\u00bb2_3&#8243; _builder_version=\u00bb4.22.2&#8243; _module_preset=\u00bbdefault\u00bb custom_padding=\u00bb2%||||false|false\u00bb border_radii=\u00bboff||20px|20px|\u00bb border_width_all=\u00bb5px\u00bb border_color_all=\u00bb#13678a\u00bb border_width_left=\u00bb0px\u00bb global_colors_info=\u00bb{}\u00bb][et_pb_text _builder_version=\u00bb4.27.3&#8243; _module_preset=\u00bbdefault\u00bb header_2_font_size=\u00bb18px\u00bb header_2_line_height=\u00bb1.8em\u00bb header_3_font=\u00bb||||||||\u00bb header_3_text_color=\u00bb#116789&#8243; header_3_line_height=\u00bb2em\u00bb header_5_text_color=\u00bb#116789&#8243; header_5_line_height=\u00bb0.8em\u00bb width=\u00bb90%\u00bb module_alignment=\u00bbcenter\u00bb custom_margin=\u00bb||||false|false\u00bb global_colors_info=\u00bb{}\u00bb]<\/p>\n<h2>Mi historia<\/h2>\n<p><a href=\"https:\/\/emfoco.med.br\/es\/dr-cristiano-duarte-augusto-neurologo-en-sao-paulo\/\">El Dr. Cristiano Duarte Augusto<\/a> es especialista en Medicina Cl\u00ednica y Neurolog\u00eda en el Hospital Santa Marcelina, y en Neurofisiolog\u00eda en el Hospital das Cl\u00ednicas de la Facultad de Medicina de la Universidad de S\u00e3o Paulo, con t\u00edtulo de la Sociedad Brasile\u00f1a de Neurolog\u00eda y Neurofisiolog\u00eda. Tiene postgrado en Sue\u00f1o por la Sociedad Ben\u00e9fica Israelita Brasile\u00f1a Albert Einstein y en Medicina del Sue\u00f1o por el Instituto del Sue\u00f1o de S\u00e3o Paulo. <\/p>\n<p>&nbsp;<\/p>\n<p>[\/et_pb_text][difl_faq faq_layout=\u00bbtoggle\u00bb close_icon_color=\u00bb#13678a\u00bb faq_wrapper_margin=\u00bb30px||30px|44px|false|false\u00bb faq_item_wrapper_margin=\u00bb||||false|false\u00bb faq_item_per_column_tablet=\u00bb2&#8243; faq_item_per_column_phone=\u00bb1&#8243; faq_item_per_column_last_edited=\u00bbon|desktop\u00bb _builder_version=\u00bb4.27.4&#8243; _module_preset=\u00bbdefault\u00bb question_text_font_size=\u00bb18px\u00bb width=\u00bb60%\u00bb border_width_all_faq_item_wrapper_border=\u00bb0px\u00bb locked=\u00bboff\u00bb global_colors_info=\u00bb{}\u00bb que_wrapper_bg_bgcolor__hover=\u00bb1px||||false|false\u00bb que_wrapper_bg_bgcolor__hover_enabled=\u00bbon|hover\u00bb][difl_faqitem question=\u00bbEspecialidade m\u00e9dica\u00bb ans_img_padding=\u00bb||||false|false\u00bb _builder_version=\u00bb4.27.3&#8243; global_colors_info=\u00bb{}\u00bb que_wrapper_bg_bgcolor__hover=\u00bb1px||||false|false\u00bb que_wrapper_bg_bgcolor__hover_enabled=\u00bbon|hover\u00bb]<\/p>\n<p>Neurologia<\/p>\n<p>[\/difl_faqitem][difl_faqitem question=\u00bbSubespecializa\u00e7\u00f5es\u00bb ans_img_padding=\u00bb||||false|false\u00bb _builder_version=\u00bb4.27.3&#8243; global_colors_info=\u00bb{}\u00bb que_wrapper_bg_bgcolor__hover=\u00bb1px||||false|false\u00bb que_wrapper_bg_bgcolor__hover_enabled=\u00bbon|hover\u00bb]<\/p>\n<p>Neurofisiologia<\/p>\n<p>[\/difl_faqitem][difl_faqitem question=\u00bbHospitais de refer\u00eancia\u00bb ans_img_padding=\u00bb||||false|false\u00bb _builder_version=\u00bb4.27.3&#8243; global_colors_info=\u00bb{}\u00bb que_wrapper_bg_bgcolor__hover=\u00bb1px||||false|false\u00bb que_wrapper_bg_bgcolor__hover_enabled=\u00bbon|hover\u00bb]<\/p>\n<p>Instituto do C\u00e2ncer do Estado de S\u00e3o Paulo<\/p>\n<p>Hospital das Cl\u00ednicas<\/p>\n<p>Hospital Santa Marcelina<\/p>\n<p>Hospital Evang\u00e9lico de Curitiba<\/p>\n<p>[\/difl_faqitem][difl_faqitem question=\u00bbForma\u00e7\u00e3o profissional\u00bb ans_img_padding=\u00bb||||false|false\u00bb _builder_version=\u00bb4.27.3&#8243; global_colors_info=\u00bb{}\u00bb que_wrapper_bg_bgcolor__hover=\u00bb1px||||false|false\u00bb que_wrapper_bg_bgcolor__hover_enabled=\u00bbon|hover\u00bb]<\/p>\n<h6 class=\"font_6\">Gradua\u00e7\u00e3o:<\/h6>\n<ul>\n<li class=\"font_6\">Faculdade Evang\u00e9lica Mackenzie do Paran\u00e1<\/li>\n<\/ul>\n<p>&nbsp;<\/p>\n<h6 class=\"font_6\">Resid\u00eancias:<\/h6>\n<ul>\n<li>Cl\u00ednica M\u00e9dica pelo Hospital Santa Marcelina<\/li>\n<li>Neurologia pelo Hospital Santa Marcelina<\/li>\n<\/ul>\n<p>&nbsp;<\/p>\n<h6>Especializa\u00e7\u00f5es e aperfei\u00e7oamentos:<\/h6>\n<ul>\n<li>Neurofisiologia pelo Hospital das Cl\u00ednicas da Faculdade de Medicina da Universidade de S\u00e3o Paulo (HC-FMUSP)<\/li>\n<li>P\u00f3s-gradua\u00e7\u00e3o em Sono pela Sociedade Beneficente Israelita Brasileira Albert Einstein<\/li>\n<li>P\u00f3s-gradua\u00e7\u00e3o em Medicina do Sono pelo Instituto do Sono de S\u00e3o Paulo<\/li>\n<\/ul>\n<ul class=\"font_6\"><\/ul>\n<p>[\/difl_faqitem][difl_faqitem question=\u00bb\u00c1reas de atua\u00e7\u00e3o e experi\u00eancia profissional\u00bb ans_img_padding=\u00bb||||false|false\u00bb _builder_version=\u00bb4.27.3&#8243; global_colors_info=\u00bb{}\u00bb que_wrapper_bg_bgcolor__hover=\u00bb1px||||false|false\u00bb que_wrapper_bg_bgcolor__hover_enabled=\u00bbon|hover\u00bb]<\/p>\n<h6>Cefaleia:<\/h6>\n<ul>\n<li>Cefaleia tipo tensional<\/li>\n<li>Cefaleia Trig\u00eamino Auton\u00f4mica (CTA)<\/li>\n<li>Enxaqueca<\/li>\n<li>Neuralgia do trig\u00eameo<\/li>\n<\/ul>\n<p>&nbsp;<\/p>\n<h6>Dem\u00eancia:<\/h6>\n<ul>\n<li>Alzheimer<\/li>\n<li>Comprometimento cognitivo leve<\/li>\n<li>Queixas de altera\u00e7\u00e3o da aten\u00e7\u00e3o<\/li>\n<li>Queixas de esquecimento<\/li>\n<\/ul>\n<p>&nbsp;<\/p>\n<h6>Doen\u00e7as cerebrovasculares:<\/h6>\n<ul>\n<li>Acidente Isqu\u00eamico Transit\u00f3rio (AIT)<\/li>\n<li>Acidente Vascular Cerebral (AVC)<\/li>\n<li>Trombose venosa cerebral<\/li>\n<\/ul>\n<p>&nbsp;<\/p>\n<h6>Doen\u00e7as neuromusculares:<\/h6>\n<ul>\n<li>Polineuropatia<\/li>\n<li>Polirradiculoneuropatias<\/li>\n<\/ul>\n<p>&nbsp;<\/p>\n<h6>Epilepsia:<\/h6>\n<ul>\n<li>Eletroencefalograma<\/li>\n<li>Epilepsias focais<\/li>\n<li>Epilepsias generalizadas<\/li>\n<\/ul>\n<p>&nbsp;<\/p>\n<h6>Sono:<\/h6>\n<ul>\n<li>Apneia do sono<\/li>\n<li>Ins\u00f4nia<\/li>\n<li>Polissonografia<\/li>\n<li>Sonol\u00eancia diurna<\/li>\n<\/ul>\n<p>&nbsp;<\/p>\n<h6>Transtorno do movimento:<\/h6>\n<ul>\n<li>Distonia<\/li>\n<li>Parkinson<\/li>\n<li>Tremor essencial<\/li>\n<\/ul>\n<p>[\/difl_faqitem][\/difl_faq][\/et_pb_column][\/et_pb_row][\/et_pb_section][et_pb_section fb_built=\u00bb1&#8243; disabled_on=\u00bboff|off|on\u00bb _builder_version=\u00bb4.22.2&#8243; _module_preset=\u00bbdefault\u00bb custom_padding=\u00bb0px||||false|false\u00bb global_colors_info=\u00bb{}\u00bb][et_pb_row _builder_version=\u00bb4.24.2&#8243; _module_preset=\u00bbdefault\u00bb width=\u00bb100%\u00bb max_width=\u00bb100%\u00bb custom_margin=\u00bb||||false|false\u00bb custom_padding=\u00bb0px|5px|0px|5px|true|true\u00bb border_color_all=\u00bb#c1eae9&#8243; global_colors_info=\u00bb{}\u00bb][et_pb_column type=\u00bb4_4&#8243; _builder_version=\u00bb4.22.2&#8243; _module_preset=\u00bbdefault\u00bb custom_padding=\u00bb20px||20px||true|false\u00bb border_radii=\u00bboff|20px|20px|20px|20px\u00bb border_width_all=\u00bb5px\u00bb border_color_all=\u00bb#13678a\u00bb global_colors_info=\u00bb{}\u00bb][difl_advanced_person ap_photo=\u00bbhttps:\/\/emfoco.med.br\/wp-content\/uploads\/2024\/11\/Cristiano-Augusto-profile.webp\u00bb image_wrapper_max_width=\u00bb60%\u00bb ap_name=\u00bbDr. Cristiano Augusto\u00bb ap_description=\u00bb<\/p>\n<p>CRM-SP <span style=%22font-weight: 400;%22>114668<\/span><\/p>\n<p>RQE <span style=%22font-weight: 400;%22>83810\/838101<\/span><\/p>\n<p>\u00bb module_wrapper_margin=\u00bb||40px||false|false\u00bb name_margin=\u00bb30px||||false|false\u00bb description_margin=\u00bb10px||||false|false\u00bb image_margin=\u00bb||||false|false\u00bb _builder_version=\u00bb4.27.3&#8243; _module_preset=\u00bbdefault\u00bb name_text_align=\u00bbcenter\u00bb description_text_align=\u00bbcenter\u00bb description_text_color=\u00bbrgba(10,10,10,0.56)\u00bb description_line_height=\u00bb0.5em\u00bb custom_margin=\u00bb||||false|false\u00bb custom_css_main_element=\u00bbtext-align: center;\u00bb border_radii_photo_border=\u00bbon|200px|200px|200px|200px\u00bb border_width_all_photo_border=\u00bb5px\u00bb border_color_all_photo_border=\u00bb#13678a\u00bb global_colors_info=\u00bb{}\u00bb][\/difl_advanced_person][difl_dual_button btn_left_background_bgcolor=\u00bb#13678a\u00bb btn_left_font_icon=\u00bb&#xe023;||divi||400&#8243; btn_left_icon_color=\u00bb#FFFFFF\u00bb btn_left_icon_placement=\u00bbleft\u00bb btn_right_background_background_image=\u00bbhttps:\/\/emfoco.med.br\/wp-content\/uploads\/2024\/02\/iconewhatsapp1.webp\u00bb btn_right_background_background_image_size=\u00bbfit\u00bb btn_right_background_size_width=\u00bb100%\u00bb btn_right_background_size_height=\u00bb100%\u00bb use_right_button_icon=\u00bboff\u00bb left_button=\u00bbReservar en l\u00ednea\u00bb left_button_url=\u00bbhttps:\/\/api.whatsapp.com\/send\/?phone=\u200e551132893195&amp;text=Ol%C3%A1%2C+vim+do+site+e+gostaria+de+mais+informa%C3%A7%C3%B5es+sobre+consulta+com+o+Dr.+Cristiano+Augusto.&amp;type=phone_number&amp;app_absent=0&#8243; left_button_target=\u00bbon\u00bb right_button=\u00bb_\u00bb right_button_url=\u00bbhttps:\/\/api.whatsapp.com\/send\/?phone=\u200e551132893195&amp;text=Ol%C3%A1%2C+vim+do+site+e+gostaria+de+mais+informa%C3%A7%C3%B5es+sobre+consulta+com+o+Dr.+Cristiano+Augusto.&amp;type=phone_number&amp;app_absent=0&#8243; right_button_target=\u00bbon\u00bb left_button_wrapper_margin=\u00bb0px||||false|false\u00bb left_button_wrapper_padding=\u00bb||||false|false\u00bb right_button_wrapper_margin=\u00bb|||50px|false|false\u00bb left_button_padding=\u00bb10px|40px|10px|40px|false|false\u00bb alignment=\u00bbcenter\u00bb _builder_version=\u00bb4.27.4&#8243; _module_preset=\u00bbdefault\u00bb left_button_text_color=\u00bb#FFFFFF\u00bb left_button_font_size=\u00bb16px\u00bb right_button_text_color=\u00bb#FFFFFF\u00bb right_button_font_size=\u00bb16px\u00bb border_radii_left_button=\u00bbon|10px|10px|10px|10px\u00bb global_colors_info=\u00bb{}\u00bb][\/difl_dual_button][et_pb_text _builder_version=\u00bb4.27.3&#8243; _module_preset=\u00bbdefault\u00bb header_2_font_size=\u00bb22px\u00bb header_2_line_height=\u00bb1.8em\u00bb header_3_font=\u00bb||||||||\u00bb header_3_text_color=\u00bb#116789&#8243; header_3_font_size=\u00bb17px\u00bb header_3_line_height=\u00bb2em\u00bb header_5_text_color=\u00bb#116789&#8243; header_5_line_height=\u00bb0.8em\u00bb width=\u00bb90%\u00bb module_alignment=\u00bbcenter\u00bb custom_margin=\u00bb||||false|true\u00bb custom_padding=\u00bb|25px||25px|false|true\u00bb global_colors_info=\u00bb{}\u00bb]<\/p>\n<h2>Mi historia<\/h2>\n<p><a href=\"https:\/\/emfoco.med.br\/es\/dr-cristiano-duarte-augusto-neurologo-en-sao-paulo\/\">El Dr. Cristiano Duarte Augusto<\/a> es especialista en Medicina Cl\u00ednica y Neurolog\u00eda en el Hospital Santa Marcelina, y en Neurofisiolog\u00eda en el Hospital das Cl\u00ednicas de la Facultad de Medicina de la Universidad de S\u00e3o Paulo, con t\u00edtulo de la Sociedad Brasile\u00f1a de Neurolog\u00eda y Neurofisiolog\u00eda. Tiene postgrado en Sue\u00f1o por la Sociedad Ben\u00e9fica Israelita Brasile\u00f1a Albert Einstein y en Medicina del Sue\u00f1o por el Instituto del Sue\u00f1o de S\u00e3o Paulo. <\/p>\n<p>&nbsp;<\/p>\n<p>[\/et_pb_text][difl_faq faq_layout=\u00bbtoggle\u00bb close_icon_color=\u00bb#13678a\u00bb faq_wrapper_margin=\u00bb30px|10px|30px|10px|false|true\u00bb faq_item_wrapper_margin=\u00bb||||false|false\u00bb faq_item_per_column_tablet=\u00bb2&#8243; faq_item_per_column_phone=\u00bb1&#8243; faq_item_per_column_last_edited=\u00bbon|desktop\u00bb _builder_version=\u00bb4.27.3&#8243; _module_preset=\u00bbdefault\u00bb question_text_font_size=\u00bb18px\u00bb border_width_all_faq_item_wrapper_border=\u00bb0px\u00bb locked=\u00bboff\u00bb global_colors_info=\u00bb{}\u00bb que_wrapper_bg_bgcolor__hover=\u00bb1px||||false|false\u00bb que_wrapper_bg_bgcolor__hover_enabled=\u00bbon|hover\u00bb][difl_faqitem question=\u00bbEspecialidade m\u00e9dica\u00bb ans_img_padding=\u00bb||||false|false\u00bb _builder_version=\u00bb4.27.3&#8243; global_colors_info=\u00bb{}\u00bb que_wrapper_bg_bgcolor__hover=\u00bb1px||||false|false\u00bb que_wrapper_bg_bgcolor__hover_enabled=\u00bbon|hover\u00bb]<\/p>\n<p>Neurologia<\/p>\n<p>[\/difl_faqitem][difl_faqitem question=\u00bbSubespecializa\u00e7\u00f5es\u00bb ans_img_padding=\u00bb||||false|false\u00bb _builder_version=\u00bb4.27.3&#8243; global_colors_info=\u00bb{}\u00bb que_wrapper_bg_bgcolor__hover=\u00bb1px||||false|false\u00bb que_wrapper_bg_bgcolor__hover_enabled=\u00bbon|hover\u00bb]<\/p>\n<p>Neurofisiologia<\/p>\n<p>[\/difl_faqitem][difl_faqitem question=\u00bbHospitais de refer\u00eancia\u00bb ans_img_padding=\u00bb||||false|false\u00bb _builder_version=\u00bb4.27.3&#8243; global_colors_info=\u00bb{}\u00bb que_wrapper_bg_bgcolor__hover=\u00bb1px||||false|false\u00bb que_wrapper_bg_bgcolor__hover_enabled=\u00bbon|hover\u00bb]<\/p>\n<p>Instituto do C\u00e2ncer do Estado de S\u00e3o Paulo<\/p>\n<p>Hospital das Cl\u00ednicas<\/p>\n<p>Hospital Santa Marcelina<\/p>\n<p>Hospital Evang\u00e9lico de Curitiba<\/p>\n<p>[\/difl_faqitem][difl_faqitem question=\u00bbForma\u00e7\u00e3o profissional\u00bb ans_img_padding=\u00bb||||false|false\u00bb _builder_version=\u00bb4.27.3&#8243; global_colors_info=\u00bb{}\u00bb que_wrapper_bg_bgcolor__hover=\u00bb1px||||false|false\u00bb que_wrapper_bg_bgcolor__hover_enabled=\u00bbon|hover\u00bb]<\/p>\n<h6 class=\"font_6\">Gradua\u00e7\u00e3o:<\/h6>\n<ul>\n<li class=\"font_6\">Faculdade Evang\u00e9lica Mackenzie do Paran\u00e1<\/li>\n<\/ul>\n<p>&nbsp;<\/p>\n<h6 class=\"font_6\">Resid\u00eancias:<\/h6>\n<ul>\n<li>Cl\u00ednica M\u00e9dica pelo Hospital Santa Marcelina<\/li>\n<li>Neurologia pelo Hospital Santa Marcelina<\/li>\n<\/ul>\n<p>&nbsp;<\/p>\n<h6>Especializa\u00e7\u00f5es e aperfei\u00e7oamentos:<\/h6>\n<ul>\n<li>Neurofisiologia pelo Hospital das Cl\u00ednicas da Faculdade de Medicina da Universidade de S\u00e3o Paulo (HC-FMUSP)<\/li>\n<li>P\u00f3s-gradua\u00e7\u00e3o em Sono pela Sociedade Beneficente Israelita Brasileira Albert Einstein<\/li>\n<li>P\u00f3s-gradua\u00e7\u00e3o em Medicina do Sono pelo Instituto do Sono de S\u00e3o Paulo<\/li>\n<\/ul>\n<ul class=\"font_6\"><\/ul>\n<ul class=\"font_6\"><\/ul>\n<ul class=\"font_6\"><\/ul>\n<p>[\/difl_faqitem][difl_faqitem question=\u00bb\u00c1reas de atua\u00e7\u00e3o e experi\u00eancia profissional\u00bb ans_img_padding=\u00bb||||false|false\u00bb _builder_version=\u00bb4.27.3&#8243; global_colors_info=\u00bb{}\u00bb que_wrapper_bg_bgcolor__hover=\u00bb1px||||false|false\u00bb que_wrapper_bg_bgcolor__hover_enabled=\u00bbon|hover\u00bb]<\/p>\n<h6>Cefaleia:<\/h6>\n<ul>\n<li>Cefaleia tipo tensional<\/li>\n<li>Cefaleia Trig\u00eamino Auton\u00f4mica (CTA)<\/li>\n<li>Enxaqueca<\/li>\n<li>Neuralgia do trig\u00eameo<\/li>\n<\/ul>\n<p>&nbsp;<\/p>\n<h6>Dem\u00eancia:<\/h6>\n<ul>\n<li>Alzheimer<\/li>\n<li>Comprometimento cognitivo leve<\/li>\n<li>Queixas de altera\u00e7\u00e3o da aten\u00e7\u00e3o<\/li>\n<li>Queixas de esquecimento<\/li>\n<\/ul>\n<p>&nbsp;<\/p>\n<h6>Doen\u00e7as cerebrovasculares:<\/h6>\n<ul>\n<li>Acidente Isqu\u00eamico Transit\u00f3rio (AIT)<\/li>\n<li>Acidente Vascular Cerebral (AVC)<\/li>\n<li>Trombose venosa cerebral <\/li>\n<\/ul>\n<p>&nbsp;<\/p>\n<h6>Doen\u00e7as neuromusculares:<\/h6>\n<ul>\n<li>Polineuropatia<\/li>\n<li>Polirradiculoneuropatias<\/li>\n<\/ul>\n<p>&nbsp;<\/p>\n<h6>Epilepsia:<\/h6>\n<ul>\n<li>Eletroencefalograma<\/li>\n<li>Epilepsias focais<\/li>\n<li>Epilepsias generalizadas<\/li>\n<\/ul>\n<p>&nbsp;<\/p>\n<h6>Sono:<\/h6>\n<ul>\n<li>Apneia do sono<\/li>\n<li>Ins\u00f4nia<\/li>\n<li>Polissonografia<\/li>\n<li>Sonol\u00eancia diurna<\/li>\n<\/ul>\n<p>&nbsp;<\/p>\n<h6>Transtorno do movimento:<\/h6>\n<ul>\n<li>Distonia<\/li>\n<li>Parkinson<\/li>\n<li>Tremor essencial<\/li>\n<\/ul>\n<p>[\/difl_faqitem][\/difl_faq][\/et_pb_column][\/et_pb_row][\/et_pb_section][et_pb_section fb_built=\u00bb1&#8243; disabled_on=\u00bboff|off|on\u00bb _builder_version=\u00bb4.23&#8243; _module_preset=\u00bbdefault\u00bb custom_padding=\u00bb0px||||false|false\u00bb global_colors_info=\u00bb{}\u00bb][et_pb_row _builder_version=\u00bb4.23.1&#8243; _module_preset=\u00bbdefault\u00bb width=\u00bb70%\u00bb max_width=\u00bb100%\u00bb locked=\u00bboff\u00bb global_colors_info=\u00bb{}\u00bb][et_pb_column type=\u00bb4_4&#8243; _builder_version=\u00bb4.23&#8243; _module_preset=\u00bbdefault\u00bb global_colors_info=\u00bb{}\u00bb][et_pb_image src=\u00bbhttps:\/\/emfoco.med.br\/wp-content\/uploads\/2024\/11\/Cefaleia-copiar.webp\u00bb title_text=\u00bbCopia de dolor de cabeza\u00bb _builder_version=\u00bb4.27.3&#8243; _module_preset=\u00bbdefault\u00bb width=\u00bb50%\u00bb module_alignment=\u00bbcenter\u00bb global_colors_info=\u00bb{}\u00bb][\/et_pb_image][et_pb_text _builder_version=\u00bb4.27.3&#8243; _module_preset=\u00bbdefault\u00bb header_2_font_size=\u00bb19px\u00bb header_2_line_height=\u00bb1.8em\u00bb header_5_text_color=\u00bb#116789&#8243; header_5_line_height=\u00bb1.1em\u00bb text_orientation=\u00bbcenter\u00bb custom_margin=\u00bb-30px||||false|false\u00bb locked=\u00bboff\u00bb global_colors_info=\u00bb{}\u00bb]<\/p>\n<h2>Dolor de cabeza<\/h2>\n<h5>Cefalea tensional<\/h5>\n<h5>Cefalea trigeminal aut\u00f3noma (CTA)<\/h5>\n<h5>Migra\u00f1a<\/h5>\n<h5>Neuralgia del trig\u00e9mino<\/h5>\n<p>[\/et_pb_text][et_pb_image src=\u00bbhttps:\/\/emfoco.med.br\/wp-content\/uploads\/2024\/11\/Demencia-copiar.webp\u00bb title_text=\u00bbCopia de demencia\u00bb _builder_version=\u00bb4.27.3&#8243; _module_preset=\u00bbdefault\u00bb width=\u00bb50%\u00bb module_alignment=\u00bbcenter\u00bb global_colors_info=\u00bb{}\u00bb][\/et_pb_image][et_pb_text _builder_version=\u00bb4.27.3&#8243; _module_preset=\u00bbdefault\u00bb header_2_font_size=\u00bb19px\u00bb header_2_line_height=\u00bb1.8em\u00bb header_5_text_color=\u00bb#116789&#8243; header_5_line_height=\u00bb1.1em\u00bb text_orientation=\u00bbcenter\u00bb custom_margin=\u00bb-30px||||false|false\u00bb locked=\u00bboff\u00bb global_colors_info=\u00bb{}\u00bb]<\/p>\n<h2>Demencia<\/h2>\n<h5>Alzheimer<\/h5>\n<h5>Deterioro cognitivo leve<\/h5>\n<h5>Quejas de alteraci\u00f3n de la atenci\u00f3n<\/h5>\n<h5>Quejas de olvido<\/h5>\n<p>[\/et_pb_text][et_pb_image src=\u00bbhttps:\/\/emfoco.med.br\/wp-content\/uploads\/2024\/11\/Doencas-cerebrovasculares-copiar.webp\u00bb title_text=\u00bbEnfermedades cerebrovasculares copia\u00bb _builder_version=\u00bb4.27.3&#8243; _module_preset=\u00bbdefault\u00bb width=\u00bb50%\u00bb module_alignment=\u00bbcenter\u00bb global_colors_info=\u00bb{}\u00bb][\/et_pb_image][et_pb_text _builder_version=\u00bb4.27.3&#8243; _module_preset=\u00bbdefault\u00bb header_2_font_size=\u00bb19px\u00bb header_2_line_height=\u00bb1.8em\u00bb header_5_text_color=\u00bb#116789&#8243; header_5_line_height=\u00bb1.1em\u00bb text_orientation=\u00bbcenter\u00bb custom_margin=\u00bb-15px||||false|false\u00bb locked=\u00bboff\u00bb global_colors_info=\u00bb{}\u00bb]<\/p>\n<h2>Enfermedades cerebrovasculares<\/h2>\n<h5>Accidente cerebrovascular isqu\u00e9mico transitorio (AIT)<\/h5>\n<h5>Accidente vascular cerebral (AVC)<\/h5>\n<h5>Trombosis venosa cerebral  <\/h5>\n<p>[\/et_pb_text][et_pb_image src=\u00bbhttps:\/\/emfoco.med.br\/wp-content\/uploads\/2024\/11\/Doencas-neuromusculares-copiar.webp\u00bb title_text=\u00bbCopia de enfermedades neuromusculares\u00bb _builder_version=\u00bb4.27.3&#8243; _module_preset=\u00bbdefault\u00bb width=\u00bb50%\u00bb module_alignment=\u00bbcenter\u00bb global_colors_info=\u00bb{}\u00bb][\/et_pb_image][et_pb_text _builder_version=\u00bb4.27.3&#8243; _module_preset=\u00bbdefault\u00bb header_2_font_size=\u00bb19px\u00bb header_2_line_height=\u00bb1.8em\u00bb header_5_text_color=\u00bb#116789&#8243; header_5_line_height=\u00bb1.1em\u00bb text_orientation=\u00bbcenter\u00bb custom_margin=\u00bb-30px||||false|false\u00bb locked=\u00bboff\u00bb global_colors_info=\u00bb{}\u00bb]<\/p>\n<h2>Enfermedades neuromusculares<\/h2>\n<h5>Polineuropat\u00eda<\/h5>\n<h5>Polirradiculoneuropat\u00edas<\/h5>\n<p>[\/et_pb_text][et_pb_image src=\u00bbhttps:\/\/emfoco.med.br\/wp-content\/uploads\/2024\/11\/Epilepsia-copiar.webp\u00bb title_text=\u00bbCopia de epilepsia\u00bb _builder_version=\u00bb4.27.3&#8243; _module_preset=\u00bbdefault\u00bb width=\u00bb50%\u00bb module_alignment=\u00bbcenter\u00bb global_colors_info=\u00bb{}\u00bb][\/et_pb_image][et_pb_text _builder_version=\u00bb4.27.3&#8243; _module_preset=\u00bbdefault\u00bb header_2_font_size=\u00bb19px\u00bb header_2_line_height=\u00bb1.8em\u00bb header_5_text_color=\u00bb#116789&#8243; header_5_line_height=\u00bb1.1em\u00bb text_orientation=\u00bbcenter\u00bb custom_margin=\u00bb-30px||||false|false\u00bb locked=\u00bboff\u00bb global_colors_info=\u00bb{}\u00bb]<\/p>\n<h2>Epilepsia<\/h2>\n<h5>Electroencefalograma<\/h5>\n<h5>Epilepsias focales<\/h5>\n<h5>Epilepsias generalizadas<\/h5>\n<p>[\/et_pb_text][et_pb_image src=\u00bbhttps:\/\/emfoco.med.br\/wp-content\/uploads\/2024\/11\/Sono-copiar.webp\u00bb title_text=\u00bbCopia del sue\u00f1o\u00bb _builder_version=\u00bb4.27.3&#8243; _module_preset=\u00bbdefault\u00bb width=\u00bb50%\u00bb module_alignment=\u00bbcenter\u00bb global_colors_info=\u00bb{}\u00bb][\/et_pb_image][et_pb_text _builder_version=\u00bb4.27.3&#8243; _module_preset=\u00bbdefault\u00bb header_2_font_size=\u00bb19px\u00bb header_2_line_height=\u00bb1.8em\u00bb header_5_text_color=\u00bb#116789&#8243; header_5_line_height=\u00bb1.1em\u00bb text_orientation=\u00bbcenter\u00bb custom_margin=\u00bb-30px||||false|false\u00bb locked=\u00bboff\u00bb global_colors_info=\u00bb{}\u00bb]<\/p>\n<h2>Dormir<\/h2>\n<h5>Apnea del sue\u00f1o<\/h5>\n<h5>Insomnio<\/h5>\n<h5>Polisomnograf\u00eda<\/h5>\n<h5>Somnolencia diurna<\/h5>\n<p>[\/et_pb_text][et_pb_image src=\u00bbhttps:\/\/emfoco.med.br\/wp-content\/uploads\/2024\/11\/Transtorno-do-movimento-copiar.webp\u00bb title_text=\u00bbCopia de trastornos del movimiento\u00bb _builder_version=\u00bb4.27.3&#8243; _module_preset=\u00bbdefault\u00bb width=\u00bb50%\u00bb module_alignment=\u00bbcenter\u00bb global_colors_info=\u00bb{}\u00bb][\/et_pb_image][et_pb_text _builder_version=\u00bb4.27.3&#8243; _module_preset=\u00bbdefault\u00bb header_2_font_size=\u00bb19px\u00bb header_2_line_height=\u00bb1.8em\u00bb header_5_text_color=\u00bb#116789&#8243; header_5_line_height=\u00bb1.1em\u00bb text_orientation=\u00bbcenter\u00bb custom_margin=\u00bb-30px||||false|false\u00bb locked=\u00bboff\u00bb global_colors_info=\u00bb{}\u00bb]<\/p>\n<h2>Trastorno del movimiento<\/h2>\n<h5>Diston\u00eda<\/h5>\n<h5>Parkinson<\/h5>\n<h5>Temblor esencial<\/h5>\n<p>[\/et_pb_text][\/et_pb_column][\/et_pb_row][et_pb_row disabled_on=\u00bboff|off|off\u00bb _builder_version=\u00bb4.25.0&#8243; _module_preset=\u00bbdefault\u00bb global_colors_info=\u00bb{}\u00bb][et_pb_column type=\u00bb4_4&#8243; _builder_version=\u00bb4.25.0&#8243; _module_preset=\u00bbdefault\u00bb global_colors_info=\u00bb{}\u00bb][et_pb_video src=\u00bbhttps:\/\/youtu.be\/FJn7T9vYF3k\u00bb _builder_version=\u00bb4.27.3&#8243; _module_preset=\u00bbdefault\u00bb global_colors_info=\u00bb{}\u00bb][\/et_pb_video][\/et_pb_column][\/et_pb_row][et_pb_row _builder_version=\u00bb4.25.0&#8243; _module_preset=\u00bbdefault\u00bb custom_margin=\u00bb||||false|false\u00bb locked=\u00bboff\u00bb global_colors_info=\u00bb{}\u00bb][et_pb_column type=\u00bb4_4&#8243; _builder_version=\u00bb4.24.0&#8243; _module_preset=\u00bbdefault\u00bb global_colors_info=\u00bb{}\u00bb][et_pb_button button_url=\u00bbhttps:\/\/api.whatsapp.com\/send\/?phone=\u200e551132893195&amp;text=Ol%C3%A1%2C+vim+do+site+e+gostaria+de+mais+informa%C3%A7%C3%B5es+sobre+consulta+com+o+Dr.+Cristiano+Augusto.&amp;type=phone_number&amp;app_absent=0&#8243; url_new_window=\u00bbon\u00bb button_text=\u00bbReserve su cita\u00bb button_alignment=\u00bbcenter\u00bb _builder_version=\u00bb4.27.4&#8243; _module_preset=\u00bbdefault\u00bb custom_button=\u00bbon\u00bb button_text_color=\u00bb#FFFFFF\u00bb button_bg_color=\u00bb#196586&#8243; button_border_color=\u00bb#196586&#8243; button_border_radius=\u00bb20px\u00bb button_font=\u00bb|600|||||||\u00bb button_icon=\u00bb&#x45;||divi||400&#8243; button_icon_color=\u00bb#FFFFFF\u00bb button_on_hover=\u00bboff\u00bb custom_margin=\u00bb15px||||false|false\u00bb button_text_size_tablet=\u00bb18px\u00bb button_text_size_phone=\u00bb13px\u00bb button_text_size_last_edited=\u00bbon|tablet\u00bb global_colors_info=\u00bb{}\u00bb][\/et_pb_button][\/et_pb_column][\/et_pb_row][\/et_pb_section][et_pb_section fb_built=\u00bb1&#8243; disabled_on=\u00bbon|on|off\u00bb _builder_version=\u00bb4.23&#8243; _module_preset=\u00bbdefault\u00bb custom_padding=\u00bb0px||||false|false\u00bb global_colors_info=\u00bb{}\u00bb][et_pb_row column_structure=\u00bb1_4,1_4,1_4,1_4&#8243; _builder_version=\u00bb4.23.1&#8243; _module_preset=\u00bbdefault\u00bb width=\u00bb70%\u00bb max_width=\u00bb100%\u00bb locked=\u00bboff\u00bb global_colors_info=\u00bb{}\u00bb][et_pb_column type=\u00bb1_4&#8243; _builder_version=\u00bb4.23&#8243; _module_preset=\u00bbdefault\u00bb global_colors_info=\u00bb{}\u00bb][et_pb_image src=\u00bbhttps:\/\/emfoco.med.br\/wp-content\/uploads\/2024\/11\/Cefaleia-copiar.webp\u00bb title_text=\u00bbCopia de dolor de cabeza\u00bb _builder_version=\u00bb4.27.3&#8243; _module_preset=\u00bbdefault\u00bb width=\u00bb50%\u00bb module_alignment=\u00bbcenter\u00bb global_colors_info=\u00bb{}\u00bb][\/et_pb_image][et_pb_text _builder_version=\u00bb4.27.3&#8243; _module_preset=\u00bbdefault\u00bb header_2_font_size=\u00bb19px\u00bb header_2_line_height=\u00bb1.8em\u00bb header_5_text_color=\u00bb#116789&#8243; header_5_line_height=\u00bb1.1em\u00bb text_orientation=\u00bbcenter\u00bb custom_margin=\u00bb-30px||||false|false\u00bb locked=\u00bboff\u00bb global_colors_info=\u00bb{}\u00bb]<\/p>\n<h2>Dolor de cabeza<\/h2>\n<h5>Cefalea tensional<\/h5>\n<h5>Cefalea trigeminal aut\u00f3noma (CTA)<\/h5>\n<h5>Migra\u00f1a<\/h5>\n<h5>Neuralgia del trig\u00e9mino<\/h5>\n<p>[\/et_pb_text][\/et_pb_column][et_pb_column type=\u00bb1_4&#8243; _builder_version=\u00bb4.23&#8243; _module_preset=\u00bbdefault\u00bb global_colors_info=\u00bb{}\u00bb][et_pb_image src=\u00bbhttps:\/\/emfoco.med.br\/wp-content\/uploads\/2024\/11\/Demencia-copiar.webp\u00bb title_text=\u00bbCopia de demencia\u00bb _builder_version=\u00bb4.27.3&#8243; _module_preset=\u00bbdefault\u00bb width=\u00bb50%\u00bb module_alignment=\u00bbcenter\u00bb global_colors_info=\u00bb{}\u00bb][\/et_pb_image][et_pb_text _builder_version=\u00bb4.27.3&#8243; _module_preset=\u00bbdefault\u00bb header_2_font_size=\u00bb19px\u00bb header_2_line_height=\u00bb1.8em\u00bb header_5_text_color=\u00bb#116789&#8243; header_5_line_height=\u00bb1.1em\u00bb text_orientation=\u00bbcenter\u00bb custom_margin=\u00bb-30px||||false|false\u00bb locked=\u00bboff\u00bb global_colors_info=\u00bb{}\u00bb]<\/p>\n<h2>Demencia<\/h2>\n<h5>Alzheimer<\/h5>\n<h5>Deterioro cognitivo leve<\/h5>\n<h5>Quejas de alteraci\u00f3n de la atenci\u00f3n<\/h5>\n<h5>Quejas de olvido<\/h5>\n<p>[\/et_pb_text][\/et_pb_column][et_pb_column type=\u00bb1_4&#8243; _builder_version=\u00bb4.23&#8243; _module_preset=\u00bbdefault\u00bb global_colors_info=\u00bb{}\u00bb][et_pb_image src=\u00bbhttps:\/\/emfoco.med.br\/wp-content\/uploads\/2024\/11\/Doencas-cerebrovasculares-copiar.webp\u00bb title_text=\u00bbEnfermedades cerebrovasculares copia\u00bb _builder_version=\u00bb4.27.3&#8243; _module_preset=\u00bbdefault\u00bb width=\u00bb50%\u00bb module_alignment=\u00bbcenter\u00bb global_colors_info=\u00bb{}\u00bb][\/et_pb_image][et_pb_text _builder_version=\u00bb4.27.3&#8243; _module_preset=\u00bbdefault\u00bb header_2_font_size=\u00bb19px\u00bb header_2_line_height=\u00bb1.8em\u00bb header_5_text_color=\u00bb#116789&#8243; header_5_line_height=\u00bb1.1em\u00bb text_orientation=\u00bbcenter\u00bb custom_margin=\u00bb-15px||||false|false\u00bb locked=\u00bboff\u00bb global_colors_info=\u00bb{}\u00bb]<\/p>\n<h2>Enfermedades cerebrovasculares<\/h2>\n<h5>Accidente cerebrovascular isqu\u00e9mico transitorio (AIT)<\/h5>\n<h5>Accidente vascular cerebral (AVC)<\/h5>\n<h5>Trombosis venosa cerebral  <\/h5>\n<p>[\/et_pb_text][\/et_pb_column][et_pb_column type=\u00bb1_4&#8243; _builder_version=\u00bb4.23&#8243; _module_preset=\u00bbdefault\u00bb global_colors_info=\u00bb{}\u00bb][et_pb_image src=\u00bbhttps:\/\/emfoco.med.br\/wp-content\/uploads\/2024\/11\/Doencas-neuromusculares-copiar.webp\u00bb title_text=\u00bbCopia de enfermedades neuromusculares\u00bb _builder_version=\u00bb4.27.3&#8243; _module_preset=\u00bbdefault\u00bb width=\u00bb50%\u00bb module_alignment=\u00bbcenter\u00bb global_colors_info=\u00bb{}\u00bb][\/et_pb_image][et_pb_text _builder_version=\u00bb4.27.3&#8243; _module_preset=\u00bbdefault\u00bb header_2_font_size=\u00bb19px\u00bb header_2_line_height=\u00bb1.8em\u00bb header_5_text_color=\u00bb#116789&#8243; header_5_line_height=\u00bb1.1em\u00bb text_orientation=\u00bbcenter\u00bb custom_margin=\u00bb-15px||||false|false\u00bb locked=\u00bboff\u00bb global_colors_info=\u00bb{}\u00bb]<\/p>\n<h2>Enfermedades neuromusculares<\/h2>\n<h5>Polineuropat\u00eda<\/h5>\n<h5>Polirradiculoneuropat\u00edas<\/h5>\n<p>[\/et_pb_text][\/et_pb_column][\/et_pb_row][et_pb_row column_structure=\u00bb1_3,1_3,1_3&#8243; _builder_version=\u00bb4.23.1&#8243; _module_preset=\u00bbdefault\u00bb width=\u00bb70%\u00bb max_width=\u00bb100%\u00bb locked=\u00bboff\u00bb global_colors_info=\u00bb{}\u00bb][et_pb_column type=\u00bb1_3&#8243; _builder_version=\u00bb4.23&#8243; _module_preset=\u00bbdefault\u00bb global_colors_info=\u00bb{}\u00bb][et_pb_image src=\u00bbhttps:\/\/emfoco.med.br\/wp-content\/uploads\/2024\/11\/Epilepsia-copiar.webp\u00bb title_text=\u00bbCopia de epilepsia\u00bb _builder_version=\u00bb4.27.3&#8243; _module_preset=\u00bbdefault\u00bb width=\u00bb37%\u00bb module_alignment=\u00bbcenter\u00bb global_colors_info=\u00bb{}\u00bb][\/et_pb_image][et_pb_text _builder_version=\u00bb4.27.3&#8243; _module_preset=\u00bbdefault\u00bb header_2_font_size=\u00bb19px\u00bb header_2_line_height=\u00bb1.8em\u00bb header_5_text_color=\u00bb#116789&#8243; header_5_line_height=\u00bb1.1em\u00bb text_orientation=\u00bbcenter\u00bb custom_margin=\u00bb-30px||||false|false\u00bb locked=\u00bboff\u00bb global_colors_info=\u00bb{}\u00bb]<\/p>\n<h2>Epilepsia<\/h2>\n<h5>Electroencefalograma<\/h5>\n<h5>Epilepsias focales<\/h5>\n<h5>Epilepsias generalizadas<\/h5>\n<p>[\/et_pb_text][\/et_pb_column][et_pb_column type=\u00bb1_3&#8243; _builder_version=\u00bb4.23&#8243; _module_preset=\u00bbdefault\u00bb global_colors_info=\u00bb{}\u00bb][et_pb_image src=\u00bbhttps:\/\/emfoco.med.br\/wp-content\/uploads\/2024\/11\/Sono-copiar.webp\u00bb title_text=\u00bbCopia del sue\u00f1o\u00bb _builder_version=\u00bb4.27.3&#8243; _module_preset=\u00bbdefault\u00bb width=\u00bb37%\u00bb module_alignment=\u00bbcenter\u00bb global_colors_info=\u00bb{}\u00bb][\/et_pb_image][et_pb_text _builder_version=\u00bb4.27.3&#8243; _module_preset=\u00bbdefault\u00bb header_2_font_size=\u00bb19px\u00bb header_2_line_height=\u00bb1.8em\u00bb header_5_text_color=\u00bb#116789&#8243; header_5_line_height=\u00bb1.1em\u00bb text_orientation=\u00bbcenter\u00bb custom_margin=\u00bb-30px||||false|false\u00bb locked=\u00bboff\u00bb global_colors_info=\u00bb{}\u00bb]<\/p>\n<h2>Dormir<\/h2>\n<h5>Apnea del sue\u00f1o<\/h5>\n<h5>Insomnio<\/h5>\n<h5>Polisomnograf\u00eda<\/h5>\n<h5>Somnolencia diurna<\/h5>\n<p>[\/et_pb_text][\/et_pb_column][et_pb_column type=\u00bb1_3&#8243; _builder_version=\u00bb4.23&#8243; _module_preset=\u00bbdefault\u00bb global_colors_info=\u00bb{}\u00bb][et_pb_image src=\u00bbhttps:\/\/emfoco.med.br\/wp-content\/uploads\/2024\/11\/Transtorno-do-movimento-copiar.webp\u00bb title_text=\u00bbCopia de trastornos del movimiento\u00bb _builder_version=\u00bb4.27.3&#8243; _module_preset=\u00bbdefault\u00bb width=\u00bb37%\u00bb module_alignment=\u00bbcenter\u00bb global_colors_info=\u00bb{}\u00bb][\/et_pb_image][et_pb_text _builder_version=\u00bb4.27.3&#8243; _module_preset=\u00bbdefault\u00bb header_2_font_size=\u00bb19px\u00bb header_2_line_height=\u00bb1.8em\u00bb header_5_text_color=\u00bb#116789&#8243; header_5_line_height=\u00bb1.1em\u00bb text_orientation=\u00bbcenter\u00bb custom_margin=\u00bb-15px||||false|false\u00bb locked=\u00bboff\u00bb global_colors_info=\u00bb{}\u00bb]<\/p>\n<h2>Trastorno del movimiento<\/h2>\n<h5>Diston\u00eda<\/h5>\n<h5>Parkinson<\/h5>\n<h5>Temblor esencial<\/h5>\n<p>[\/et_pb_text][\/et_pb_column][\/et_pb_row][et_pb_row disabled_on=\u00bboff|off|off\u00bb _builder_version=\u00bb4.25.0&#8243; _module_preset=\u00bbdefault\u00bb global_colors_info=\u00bb{}\u00bb][et_pb_column type=\u00bb4_4&#8243; _builder_version=\u00bb4.25.0&#8243; _module_preset=\u00bbdefault\u00bb global_colors_info=\u00bb{}\u00bb][et_pb_video src=\u00bbhttps:\/\/youtu.be\/FJn7T9vYF3k\u00bb _builder_version=\u00bb4.27.3&#8243; _module_preset=\u00bbdefault\u00bb global_colors_info=\u00bb{}\u00bb][\/et_pb_video][\/et_pb_column][\/et_pb_row][et_pb_row _builder_version=\u00bb4.25.0&#8243; _module_preset=\u00bbdefault\u00bb custom_margin=\u00bb||||false|false\u00bb locked=\u00bboff\u00bb global_colors_info=\u00bb{}\u00bb][et_pb_column type=\u00bb4_4&#8243; _builder_version=\u00bb4.24.0&#8243; _module_preset=\u00bbdefault\u00bb global_colors_info=\u00bb{}\u00bb][et_pb_button button_url=\u00bbhttps:\/\/api.whatsapp.com\/send\/?phone=\u200e551132893195&amp;text=Ol%C3%A1%2C+vim+do+site+e+gostaria+de+mais+informa%C3%A7%C3%B5es+sobre+consulta+com+o+Dr.+Cristiano+Augusto.&amp;type=phone_number&amp;app_absent=0&#8243; url_new_window=\u00bbon\u00bb button_text=\u00bbReserve su cita\u00bb button_alignment=\u00bbcenter\u00bb _builder_version=\u00bb4.27.4&#8243; _module_preset=\u00bbdefault\u00bb custom_button=\u00bbon\u00bb button_text_color=\u00bb#FFFFFF\u00bb button_bg_color=\u00bb#196586&#8243; button_border_color=\u00bb#196586&#8243; button_border_radius=\u00bb20px\u00bb button_font=\u00bb|600|||||||\u00bb button_icon=\u00bb&#x45;||divi||400&#8243; button_icon_color=\u00bb#FFFFFF\u00bb button_on_hover=\u00bboff\u00bb custom_margin=\u00bb15px||||false|false\u00bb button_text_size_tablet=\u00bb18px\u00bb button_text_size_phone=\u00bb13px\u00bb button_text_size_last_edited=\u00bbon|tablet\u00bb global_colors_info=\u00bb{}\u00bb][\/et_pb_button][\/et_pb_column][\/et_pb_row][\/et_pb_section]<\/p>\n","protected":false},"excerpt":{"rendered":"<p>Conozca al Dr. Cristiano Augusto, especialista en Medicina Interna, Neurolog\u00eda y Neurofisiolog\u00eda.<\/p>\n","protected":false},"author":1,"featured_media":295269,"comment_status":"open","ping_status":"closed","template":"","meta":{"_et_pb_use_builder":"on","_et_pb_old_content":"","_et_gb_content_width":"","rank_math_focus_keyword":"dr cristiano augusto","rank_math_title":"Dr. Cristiano Augusto","rank_math_description":"Conozca al Dr. Cristiano Augusto, especialista en Medicina Interna, Neurolog\u00eda y Neurofisiolog\u00eda.","rank_math_og_title":"","rank_math_og_description":"","rank_math_og_image":"","rank_math_og_image_id":"","rank_math_twitter_title":"","rank_math_twitter_description":"","rank_math_twitter_image":"","rank_math_canonical_url":"","rank_math_robots":"","rank_math_rich_snippet":"","rank_math_snippet_name":"","rank_math_snippet_desc":"","rank_math_seo_score":"","rank_math_pillar_content":"","footnotes":""},"false":[],"class_list":["post-295260","project","type-project","status-publish","has-post-thumbnail","hentry","project_category-neurologia-es"],"_links":{"self":[{"href":"https:\/\/emfoco.med.br\/es\/wp-json\/wp\/v2\/project\/295260","targetHints":{"allow":["GET"]}}],"collection":[{"href":"https:\/\/emfoco.med.br\/es\/wp-json\/wp\/v2\/project"}],"about":[{"href":"https:\/\/emfoco.med.br\/es\/wp-json\/wp\/v2\/types\/project"}],"author":[{"embeddable":true,"href":"https:\/\/emfoco.med.br\/es\/wp-json\/wp\/v2\/users\/1"}],"replies":[{"embeddable":true,"href":"https:\/\/emfoco.med.br\/es\/wp-json\/wp\/v2\/comments?post=295260"}],"version-history":[{"count":1,"href":"https:\/\/emfoco.med.br\/es\/wp-json\/wp\/v2\/project\/295260\/revisions"}],"predecessor-version":[{"id":295275,"href":"https:\/\/emfoco.med.br\/es\/wp-json\/wp\/v2\/project\/295260\/revisions\/295275"}],"wp:featuredmedia":[{"embeddable":true,"href":"https:\/\/emfoco.med.br\/es\/wp-json\/wp\/v2\/media\/295269"}],"wp:attachment":[{"href":"https:\/\/emfoco.med.br\/es\/wp-json\/wp\/v2\/media?parent=295260"}],"wp:term":[{"taxonomy":"project_category","embeddable":true,"href":"https:\/\/emfoco.med.br\/es\/wp-json\/wp\/v2\/false?post=295260"},{"taxonomy":"project_tag","embeddable":true,"href":"https:\/\/emfoco.med.br\/es\/wp-json\/wp\/v2\/false?post=295260"}],"curies":[{"name":"wp","href":"https:\/\/api.w.org\/{rel}","templated":true}]}}