{"id":295856,"date":"2024-05-22T14:47:43","date_gmt":"2024-05-22T17:47:43","guid":{"rendered":"https:\/\/emfoco.med.br\/dra-leila-rodriguez\/"},"modified":"2025-08-27T20:27:39","modified_gmt":"2025-08-27T23:27:39","slug":"dra-leila-rodriguez","status":"publish","type":"project","link":"https:\/\/emfoco.med.br\/es\/project\/dra-leila-rodriguez\/","title":{"rendered":"Dra. Leila Rodr\u00edguez"},"content":{"rendered":"<p>[et_pb_section fb_built=\u00bb1&#8243; disabled_on=\u00bbon|on|off\u00bb _builder_version=\u00bb4.24.2&#8243; _module_preset=\u00bbdefault\u00bb custom_padding=\u00bb10px||||false|false\u00bb global_colors_info=\u00bb{}\u00bb][et_pb_row column_structure=\u00bb1_3,2_3&#8243; use_custom_gutter=\u00bbon\u00bb gutter_width=\u00bb1&#8243; make_equal=\u00bbon\u00bb _builder_version=\u00bb4.24.2&#8243; _module_preset=\u00bbdefault\u00bb width=\u00bb90%\u00bb max_width=\u00bb100%\u00bb custom_margin=\u00bb||||false|false\u00bb custom_padding=\u00bb0px|20px|0px|20px|true|true\u00bb border_color_all=\u00bb#c1eae9&#8243; global_colors_info=\u00bb{}\u00bb][et_pb_column type=\u00bb1_3&#8243; _builder_version=\u00bb4.22.2&#8243; _module_preset=\u00bbdefault\u00bb custom_padding=\u00bb20px||20px||true|false\u00bb border_radii=\u00bboff|20px|||20px\u00bb border_width_all=\u00bb5px\u00bb border_color_all=\u00bb#13678a\u00bb global_colors_info=\u00bb{}\u00bb][difl_advanced_person ap_photo=\u00bbhttps:\/\/emfoco.med.br\/wp-content\/uploads\/2024\/05\/Dra.-Leila-RodriguezPerfil.webp\u00bb ap_name=\u00bbDra. Leila Rodr\u00edguez \u00bb ap_description=\u00bb<\/p>\n<p>CRM-SP <span style=%22font-weight: 400;%22>157537<\/span><span style=%22font-weight: 400;%22><\/span><\/p>\n<p><span style=%22font-weight: 400;%22><\/span>RQE <span style=%22font-weight: 400;%22>97026<\/span><span style=%22font-weight: 400;%22><\/span><\/p>\n<p><span style=%22font-weight: 400;%22><\/span><\/p>\n<p>\u00bb module_wrapper_margin=\u00bb||40px||false|false\u00bb name_margin=\u00bb30px||||false|false\u00bb description_margin=\u00bb10px||||false|false\u00bb image_margin=\u00bb||||false|false\u00bb _builder_version=\u00bb4.27.4&#8243; _module_preset=\u00bbdefault\u00bb name_text_align=\u00bbcenter\u00bb name_font_size=\u00bb28px\u00bb description_text_align=\u00bbcenter\u00bb description_text_color=\u00bbrgba(10,10,10,0.56)\u00bb description_font_size=\u00bb18px\u00bb description_line_height=\u00bb0.5em\u00bb custom_margin=\u00bb||||false|false\u00bb hover_enabled=\u00bb0&#8243; custom_css_main_element=\u00bbtext-align: center;\u00bb border_radii_photo_border=\u00bbon|200px|200px|200px|200px\u00bb border_width_all_photo_border=\u00bb5px\u00bb border_color_all_photo_border=\u00bb#13678a\u00bb global_colors_info=\u00bb{}\u00bb ap_name_tag=\u00bbh1&#8243; sticky_enabled=\u00bb0&#8243;][\/difl_advanced_person][difl_dual_button btn_left_background_bgcolor=\u00bb#13678a\u00bb btn_left_font_icon=\u00bb&#xe023;||divi||400&#8243; btn_left_icon_color=\u00bb#FFFFFF\u00bb btn_left_icon_placement=\u00bbleft\u00bb btn_right_background_background_image=\u00bbhttps:\/\/emfoco.med.br\/wp-content\/uploads\/2024\/02\/iconewhatsapp1.webp\u00bb btn_right_background_background_image_size=\u00bbfit\u00bb btn_right_background_size_width=\u00bb100%\u00bb btn_right_background_size_height=\u00bb100%\u00bb use_right_button_icon=\u00bboff\u00bb left_button=\u00bbReservar en l\u00ednea\u00bb left_button_url=\u00bbhttps:\/\/api.whatsapp.com\/send\/?phone=\u200e551132893195&amp;text=Ol%C3%A1%2C+vim+do+site+e+gostaria+de+mais+informa%C3%A7%C3%B5es+sobre+consulta+com+a+Dra.+Leila+Rodriguez.&amp;type=phone_number&amp;app_absent=0&#8243; right_button=\u00bb_\u00bb right_button_url=\u00bbhttps:\/\/api.whatsapp.com\/send\/?phone=\u200e551132893195&amp;text=Ol%C3%A1%2C+vim+do+site+e+gostaria+de+mais+informa%C3%A7%C3%B5es+sobre+consulta+com+a+Dra.+Leila+Rodriguez.&amp;type=phone_number&amp;app_absent=0&#8243; right_button_target=\u00bbon\u00bb right_button_wrapper_margin=\u00bb|||50px|false|false\u00bb alignment=\u00bbcenter\u00bb _builder_version=\u00bb4.27.4&#8243; _module_preset=\u00bbdefault\u00bb left_button_text_color=\u00bb#FFFFFF\u00bb right_button_text_color=\u00bb#FFFFFF\u00bb right_button_font_size=\u00bb22px\u00bb border_radii_left_button=\u00bbon|10px|10px|10px|10px\u00bb global_colors_info=\u00bb{}\u00bb][\/difl_dual_button][\/et_pb_column][et_pb_column type=\u00bb2_3&#8243; _builder_version=\u00bb4.22.2&#8243; _module_preset=\u00bbdefault\u00bb custom_padding=\u00bb2%||||false|false\u00bb border_radii=\u00bboff||20px|20px|\u00bb border_width_all=\u00bb5px\u00bb border_color_all=\u00bb#13678a\u00bb border_width_left=\u00bb0px\u00bb global_colors_info=\u00bb{}\u00bb][et_pb_text _builder_version=\u00bb4.27.0&#8243; _module_preset=\u00bbdefault\u00bb header_2_font_size=\u00bb18px\u00bb header_2_line_height=\u00bb1.8em\u00bb header_3_font=\u00bb||||||||\u00bb header_3_text_color=\u00bb#116789&#8243; header_3_line_height=\u00bb2em\u00bb header_5_text_color=\u00bb#116789&#8243; header_5_line_height=\u00bb0.8em\u00bb width=\u00bb90%\u00bb module_alignment=\u00bbcenter\u00bb custom_margin=\u00bb||||false|false\u00bb global_colors_info=\u00bb{}\u00bb]<\/p>\n<h2>Mi historia<\/h2>\n<p class=\"font_6\">A  <a href=\"https:\/\/emfoco.med.br\/cirurgia-pediatrica-em-sao-paulo-dra-leila-rodriguez\/\" target=\"_blank\" rel=\"noopener\">Dra. Leila Rodr\u00edguez Martins <\/a>  es especialista en Cirug\u00eda General y Cirug\u00eda Pedi\u00e1trica por la Facultad de Medicina de Ribeir\u00e3o Preto (FMRP-USP). Se ha subespecializado en coloproctolog\u00eda pedi\u00e1trica y trasplante hep\u00e1tico pedi\u00e1trico en el Hospital das Cl\u00ednicas de la Facultad de Medicina de la Universidad de S\u00e3o Paulo (HC-FMUSP). Sus principales \u00e1reas de especializaci\u00f3n son la cirug\u00eda pedi\u00e1trica, la coloproctolog\u00eda pedi\u00e1trica y la videocirug\u00eda.  <\/p>\n<p>[\/et_pb_text][difl_faq faq_layout=\u00bbtoggle\u00bb close_icon_color=\u00bb#13678a\u00bb faq_wrapper_margin=\u00bb30px||30px|44px|false|false\u00bb faq_item_wrapper_margin=\u00bb||||false|false\u00bb faq_item_per_column_tablet=\u00bb2&#8243; faq_item_per_column_phone=\u00bb1&#8243; faq_item_per_column_last_edited=\u00bbon|desktop\u00bb _builder_version=\u00bb4.27.0&#8243; _module_preset=\u00bbdefault\u00bb question_text_font_size=\u00bb18px\u00bb width=\u00bb60%\u00bb border_width_all_faq_item_wrapper_border=\u00bb0px\u00bb locked=\u00bboff\u00bb global_colors_info=\u00bb{}\u00bb que_wrapper_bg_bgcolor__hover=\u00bb1px||||false|false\u00bb que_wrapper_bg_bgcolor__hover_enabled=\u00bbon|hover\u00bb][difl_faqitem question=\u00bbEspecialidade m\u00e9dica\u00bb ans_img_padding=\u00bb||||false|false\u00bb _builder_version=\u00bb4.27.0&#8243; global_colors_info=\u00bb{}\u00bb que_wrapper_bg_bgcolor__hover=\u00bb1px||||false|false\u00bb que_wrapper_bg_bgcolor__hover_enabled=\u00bbon|hover\u00bb]<\/p>\n<p>Cirurgia Geral<\/p>\n<p>Cirurgia Pedi\u00e1trica<\/p>\n<p>[\/difl_faqitem][difl_faqitem question=\u00bbSubespecializa\u00e7\u00f5es\u00bb ans_img_padding=\u00bb||||false|false\u00bb _builder_version=\u00bb4.27.0&#8243; global_colors_info=\u00bb{}\u00bb que_wrapper_bg_bgcolor__hover=\u00bb1px||||false|false\u00bb que_wrapper_bg_bgcolor__hover_enabled=\u00bbon|hover\u00bb]<\/p>\n<p>Coloproctologia Pediatrica<\/p>\n<p>Manometria anorretal Infantil<\/p>\n<p>Hepatologia e Transplante hep\u00e1tico pedi\u00e1trico<\/p>\n<p>[\/difl_faqitem][difl_faqitem question=\u00bbHospitais de refer\u00eancia\u00bb ans_img_padding=\u00bb||||false|false\u00bb _builder_version=\u00bb4.27.0&#8243; global_colors_info=\u00bb{}\u00bb que_wrapper_bg_bgcolor__hover=\u00bb1px||||false|false\u00bb que_wrapper_bg_bgcolor__hover_enabled=\u00bbon|hover\u00bb]<\/p>\n<p>Hospital S\u00edrio-Liban\u00eas<br \/>Hospital Samaritano<br \/>Hospital 9 de Julho<br \/>Hospital das Cl\u00ednicas da Faculdade de Medicina da Universidade de S\u00e3o Paulo (HC-FMUSP)<br \/>Hospital Albert Einstein<\/p>\n<p>[\/difl_faqitem][difl_faqitem question=\u00bbForma\u00e7\u00e3o profissional\u00bb ans_img_padding=\u00bb||||false|false\u00bb _builder_version=\u00bb4.27.0&#8243; global_colors_info=\u00bb{}\u00bb que_wrapper_bg_bgcolor__hover=\u00bb1px||||false|false\u00bb que_wrapper_bg_bgcolor__hover_enabled=\u00bbon|hover\u00bb]<\/p>\n<h6 class=\"font_6\">Gradua\u00e7\u00e3o:<\/h6>\n<ul>\n<li class=\"font_6\">Faculdade de Medicina de S\u00e3o Jos\u00e9 do Rio Preto (FAMERP)<\/li>\n<\/ul>\n<p>&nbsp;<\/p>\n<h6 class=\"font_6\">Resid\u00eancias:<\/h6>\n<ul>\n<li>Cirurgia Geral pela Faculdade de Medicina de Ribeir\u00e3o Preto (FMRP-USP)<\/li>\n<li>Cirurgia Pedi\u00e1trica pela Faculdade de Medicina de Ribeir\u00e3o Preto (FMRP-USP)<\/li>\n<\/ul>\n<p>&nbsp;<\/p>\n<h6>Especializa\u00e7\u00f5es e aperfei\u00e7oamentos:<\/h6>\n<ul>\n<li>Transplante hep\u00e1tico pedi\u00e1trico pelo Hospital das Cl\u00ednicas da Faculdade de Medicina da Universidade de S\u00e3o Paulo (HC-FMUSP)<\/li>\n<li>Doutorado em andamento pela Faculdade de Medicina da Universidade de S\u00e3o Paulo (FMUSP)<\/li>\n<\/ul>\n<ul class=\"font_6\"><\/ul>\n<p>[\/difl_faqitem][difl_faqitem question=\u00bb\u00c1reas de atua\u00e7\u00e3o e experi\u00eancia profissional\u00bb ans_img_padding=\u00bb||||false|false\u00bb _builder_version=\u00bb4.27.0&#8243; global_colors_info=\u00bb{}\u00bb que_wrapper_bg_bgcolor__hover=\u00bb1px||||false|false\u00bb que_wrapper_bg_bgcolor__hover_enabled=\u00bbon|hover\u00bb]<\/p>\n<h6>Cirurgia pedi\u00e1trica:<\/h6>\n<ul>\n<li>Cirurgia abdominal infantil<\/li>\n<li>Cirurgia tor\u00e1cica infantil<\/li>\n<li>Urologia pedi\u00e1trica b\u00e1sica<\/li>\n<li>Videolaparoscopia infantil<\/li>\n<\/ul>\n<p>&nbsp;<\/p>\n<h6>Coloproctologia Pediatrica:<\/h6>\n<ul>\n<li>Abscesso perianais infantis<\/li>\n<li>Colelit\u00edase Infantil<\/li>\n<li>Constipa\u00e7\u00e3o Infantil<\/li>\n<li>Doen\u00e7as hemorroid\u00e1rias<\/li>\n<li>Dor abdominal cr\u00f4nica<\/li>\n<li>Fissuras anais<\/li>\n<li>Manometria anorretal<\/li>\n<li>Megac\u00f3lon<\/li>\n<li>Incontin\u00eancia Fecal Infantil<\/li>\n<\/ul>\n<p>\u00a0Pediatria:<\/p>\n<ul>\n<li>Adenomegalia<\/li>\n<li>Anquiloglossia<\/li>\n<li>Cisto tireoglosso<\/li>\n<li>Disfagia<\/li>\n<li>Les\u00e3o de pele<\/li>\n<li>Molusco contagioso<\/li>\n<li>Polidactilia<\/li>\n<li>Refluxo<\/li>\n<li>Unhas encravadas<\/li>\n<\/ul>\n<h6>Urologia infantil b\u00e1sica:<\/h6>\n<ul>\n<li>Criptorquidia<\/li>\n<li>Fimose<\/li>\n<li>H\u00e9rnia inguinal<\/li>\n<li>Sin\u00e9quia vaginal<\/li>\n<li>Test\u00edculo retr\u00e1til<\/li>\n<\/ul>\n<p>[\/difl_faqitem][\/difl_faq][\/et_pb_column][\/et_pb_row][\/et_pb_section][et_pb_section fb_built=\u00bb1&#8243; disabled_on=\u00bboff|off|on\u00bb _builder_version=\u00bb4.22.2&#8243; _module_preset=\u00bbdefault\u00bb custom_padding=\u00bb0px||||false|false\u00bb global_colors_info=\u00bb{}\u00bb][et_pb_row _builder_version=\u00bb4.24.2&#8243; _module_preset=\u00bbdefault\u00bb width=\u00bb100%\u00bb max_width=\u00bb100%\u00bb custom_margin=\u00bb||||false|false\u00bb custom_padding=\u00bb0px|5px|0px|5px|true|true\u00bb border_color_all=\u00bb#c1eae9&#8243; global_colors_info=\u00bb{}\u00bb][et_pb_column type=\u00bb4_4&#8243; _builder_version=\u00bb4.22.2&#8243; _module_preset=\u00bbdefault\u00bb custom_padding=\u00bb20px||20px||true|false\u00bb border_radii=\u00bboff|20px|20px|20px|20px\u00bb border_width_all=\u00bb5px\u00bb border_color_all=\u00bb#13678a\u00bb global_colors_info=\u00bb{}\u00bb][difl_advanced_person ap_photo=\u00bbhttps:\/\/emfoco.med.br\/wp-content\/uploads\/2024\/05\/Dra.-Leila-RodriguezPerfil.webp\u00bb image_wrapper_max_width=\u00bb60%\u00bb ap_name=\u00bbDra. Leila Rodr\u00edguez \u00bb ap_description=\u00bb<\/p>\n<p>CRM-SP <span style=%22font-weight: 400;%22>157537<\/span><span style=%22font-weight: 400;%22><\/span><\/p>\n<p><span style=%22font-weight: 400;%22><\/span>RQE <span style=%22font-weight: 400;%22>97026<\/span><span style=%22font-weight: 400;%22><\/span><\/p>\n<p>\u00bb module_wrapper_margin=\u00bb||40px||false|false\u00bb name_margin=\u00bb30px||||false|false\u00bb description_margin=\u00bb10px||||false|false\u00bb image_margin=\u00bb||||false|false\u00bb _builder_version=\u00bb4.25.1&#8243; _module_preset=\u00bbdefault\u00bb name_text_align=\u00bbcenter\u00bb description_text_align=\u00bbcenter\u00bb description_text_color=\u00bbrgba(10,10,10,0.56)\u00bb description_line_height=\u00bb0.5em\u00bb custom_margin=\u00bb||||false|false\u00bb custom_css_main_element=\u00bbtext-align: center;\u00bb border_radii_photo_border=\u00bbon|200px|200px|200px|200px\u00bb border_width_all_photo_border=\u00bb5px\u00bb border_color_all_photo_border=\u00bb#13678a\u00bb global_colors_info=\u00bb{}\u00bb][\/difl_advanced_person][difl_dual_button btn_left_background_bgcolor=\u00bb#13678a\u00bb btn_left_font_icon=\u00bb&#xe023;||divi||400&#8243; btn_left_icon_color=\u00bb#FFFFFF\u00bb btn_left_icon_placement=\u00bbleft\u00bb btn_right_background_background_image=\u00bbhttps:\/\/emfoco.med.br\/wp-content\/uploads\/2024\/02\/iconewhatsapp1.webp\u00bb btn_right_background_background_image_size=\u00bbfit\u00bb btn_right_background_size_width=\u00bb100%\u00bb btn_right_background_size_height=\u00bb100%\u00bb use_right_button_icon=\u00bboff\u00bb left_button=\u00bbReservar en l\u00ednea\u00bb left_button_url=\u00bbhttps:\/\/api.whatsapp.com\/send\/?phone=\u200e551132893195&amp;text=Ol%C3%A1%2C+vim+do+site+e+gostaria+de+mais+informa%C3%A7%C3%B5es+sobre+consulta+com+a+Dra.+Leila+Rodriguez.&amp;type=phone_number&amp;app_absent=0&#8243; left_button_target=\u00bbon\u00bb right_button=\u00bb_\u00bb right_button_url=\u00bbhttps:\/\/api.whatsapp.com\/send\/?phone=\u200e551132893195&amp;text=Ol%C3%A1%2C+vim+do+site+e+gostaria+de+mais+informa%C3%A7%C3%B5es+sobre+consulta+com+a+Dra.+Leila+Rodriguez.&amp;type=phone_number&amp;app_absent=0&#8243; right_button_target=\u00bbon\u00bb right_button_wrapper_margin=\u00bb|||20px|false|false\u00bb left_button_padding=\u00bb10px|40px|10px|40px|false|false\u00bb alignment=\u00bbcenter\u00bb _builder_version=\u00bb4.27.4&#8243; _module_preset=\u00bbdefault\u00bb left_button_text_color=\u00bb#FFFFFF\u00bb left_button_font_size=\u00bb16px\u00bb right_button_text_color=\u00bb#FFFFFF\u00bb right_button_font_size=\u00bb16px\u00bb border_radii_left_button=\u00bbon|10px|10px|10px|10px\u00bb global_colors_info=\u00bb{}\u00bb][\/difl_dual_button][et_pb_text _builder_version=\u00bb4.27.0&#8243; _module_preset=\u00bbdefault\u00bb header_2_font_size=\u00bb22px\u00bb header_2_line_height=\u00bb1.8em\u00bb header_3_font=\u00bb||||||||\u00bb header_3_text_color=\u00bb#116789&#8243; header_3_font_size=\u00bb17px\u00bb header_3_line_height=\u00bb2em\u00bb header_5_text_color=\u00bb#116789&#8243; header_5_line_height=\u00bb0.8em\u00bb width=\u00bb90%\u00bb module_alignment=\u00bbcenter\u00bb custom_margin=\u00bb||||false|true\u00bb custom_padding=\u00bb|25px||25px|false|true\u00bb global_colors_info=\u00bb{}\u00bb]<\/p>\n<h2>Mi historia<\/h2>\n<p class=\"font_6\">A  <a href=\"https:\/\/emfoco.med.br\/cirurgia-pediatrica-em-sao-paulo-dra-leila-rodriguez\/\" target=\"_blank\" rel=\"noopener\">Dra. Leila Rodr\u00edguez Martins <\/a>  es especialista en Cirug\u00eda General y Cirug\u00eda Pedi\u00e1trica por la Facultad de Medicina de Ribeir\u00e3o Preto (FMRP-USP). Se ha subespecializado en trasplante hep\u00e1tico pedi\u00e1trico en el Hospital das Cl\u00ednicas de la Facultad de Medicina de la Universidad de S\u00e3o Paulo (HC-FMUSP). Sus principales \u00e1reas de especializaci\u00f3n son la cirug\u00eda pedi\u00e1trica, la coloproctolog\u00eda infantil, la pediatr\u00eda y la videocirug\u00eda.  <\/p>\n<p>[\/et_pb_text][difl_faq faq_layout=\u00bbtoggle\u00bb close_icon_color=\u00bb#13678a\u00bb faq_wrapper_margin=\u00bb30px|10px|30px|10px|false|true\u00bb faq_item_wrapper_margin=\u00bb||||false|false\u00bb faq_item_per_column_tablet=\u00bb2&#8243; faq_item_per_column_phone=\u00bb1&#8243; faq_item_per_column_last_edited=\u00bbon|desktop\u00bb _builder_version=\u00bb4.27.0&#8243; _module_preset=\u00bbdefault\u00bb question_text_font_size=\u00bb18px\u00bb border_width_all_faq_item_wrapper_border=\u00bb0px\u00bb locked=\u00bboff\u00bb global_colors_info=\u00bb{}\u00bb que_wrapper_bg_bgcolor__hover=\u00bb1px||||false|false\u00bb que_wrapper_bg_bgcolor__hover_enabled=\u00bbon|hover\u00bb][difl_faqitem question=\u00bbEspecialidade m\u00e9dica\u00bb ans_img_padding=\u00bb||||false|false\u00bb _builder_version=\u00bb4.25.1&#8243; global_colors_info=\u00bb{}\u00bb que_wrapper_bg_bgcolor__hover=\u00bb1px||||false|false\u00bb que_wrapper_bg_bgcolor__hover_enabled=\u00bbon|hover\u00bb]<\/p>\n<p>Cirurgia Geral<\/p>\n<p>Cirurgia Pedi\u00e1trica<\/p>\n<p>[\/difl_faqitem][difl_faqitem question=\u00bbSubespecializa\u00e7\u00f5es\u00bb ans_img_padding=\u00bb||||false|false\u00bb _builder_version=\u00bb4.25.1&#8243; global_colors_info=\u00bb{}\u00bb que_wrapper_bg_bgcolor__hover=\u00bb1px||||false|false\u00bb que_wrapper_bg_bgcolor__hover_enabled=\u00bbon|hover\u00bb]<\/p>\n<p>Transplante hep\u00e1tico pedi\u00e1trico<\/p>\n<p>[\/difl_faqitem][difl_faqitem question=\u00bbHospitais de refer\u00eancia\u00bb ans_img_padding=\u00bb||||false|false\u00bb _builder_version=\u00bb4.27.0&#8243; global_colors_info=\u00bb{}\u00bb que_wrapper_bg_bgcolor__hover=\u00bb1px||||false|false\u00bb que_wrapper_bg_bgcolor__hover_enabled=\u00bbon|hover\u00bb]<\/p>\n<p>Hospital S\u00edrio-Liban\u00eas<br \/>Hospital Samaritano<br \/>Hospital 9 de Julho<br \/>Hospital das Cl\u00ednicas da Faculdade de Medicina da Universidade de S\u00e3o Paulo (HC-FMUSP)<br \/>Hospital Albert Einstein<\/p>\n<p>[\/difl_faqitem][difl_faqitem question=\u00bbForma\u00e7\u00e3o profissional\u00bb ans_img_padding=\u00bb||||false|false\u00bb _builder_version=\u00bb4.27.0&#8243; global_colors_info=\u00bb{}\u00bb que_wrapper_bg_bgcolor__hover=\u00bb1px||||false|false\u00bb que_wrapper_bg_bgcolor__hover_enabled=\u00bbon|hover\u00bb]<\/p>\n<h6 class=\"font_6\">Gradua\u00e7\u00e3o:<\/h6>\n<ul>\n<li class=\"font_6\">Faculdade de Medicina de S\u00e3o Jos\u00e9 do Rio Preto (FAMERP)<\/li>\n<\/ul>\n<p>&nbsp;<\/p>\n<h6 class=\"font_6\">Resid\u00eancias:<\/h6>\n<ul>\n<li>Cirurgia Geral pela Faculdade de Medicina de Ribeir\u00e3o Preto (FMRP-USP)<\/li>\n<li>Cirurgia Pedi\u00e1trica pela Faculdade de Medicina de Ribeir\u00e3o Preto (FMRP-USP)<\/li>\n<\/ul>\n<p>&nbsp;<\/p>\n<h6>Especializa\u00e7\u00f5es e aperfei\u00e7oamentos:<\/h6>\n<ul>\n<li>Transplante hep\u00e1tico pedi\u00e1trico pelo Hospital das Cl\u00ednicas da Faculdade de Medicina da Universidade de S\u00e3o Paulo (HC-FMUSP)<\/li>\n<li>Doutorado em andamento pela Faculdade de Medicina da Universidade de S\u00e3o Paulo (FMUSP)<\/li>\n<\/ul>\n<ul class=\"font_6\"><\/ul>\n<ul class=\"font_6\"><\/ul>\n<ul class=\"font_6\"><\/ul>\n<ul class=\"font_6\"><\/ul>\n<ul class=\"font_6\"><\/ul>\n<p>[\/difl_faqitem][difl_faqitem question=\u00bb\u00c1reas de atua\u00e7\u00e3o e experi\u00eancia profissional\u00bb ans_img_padding=\u00bb||||false|false\u00bb _builder_version=\u00bb4.25.1&#8243; global_colors_info=\u00bb{}\u00bb que_wrapper_bg_bgcolor__hover=\u00bb1px||||false|false\u00bb que_wrapper_bg_bgcolor__hover_enabled=\u00bbon|hover\u00bb]<\/p>\n<h6>Cirurgia pedi\u00e1trica:<\/h6>\n<ul>\n<li>Cirurgia abdominal infantil<\/li>\n<li>Cirurgia tor\u00e1cica infantil<\/li>\n<li>Urologia pedi\u00e1trica b\u00e1sica<\/li>\n<li>Videolaparoscopia infantil<\/li>\n<\/ul>\n<p>&nbsp;<\/p>\n<h6>Coloproctologia infantil:<\/h6>\n<ul>\n<li>Abscesso perianais infantis<\/li>\n<li>Colelit\u00edase infantil<\/li>\n<li>Constipa\u00e7\u00e3o infantil<\/li>\n<li>Doen\u00e7as hemorroid\u00e1rias<\/li>\n<li>Dor abdominal cr\u00f4nica<\/li>\n<li>Fissuras anais<\/li>\n<li>Manometria anorretal<\/li>\n<li>Megac\u00f3lon<\/li>\n<\/ul>\n<p>&nbsp;<\/p>\n<h6>Pediatria:<\/h6>\n<ul>\n<li>Adenomegalia<\/li>\n<li>Anquiloglossia<\/li>\n<li>Cisto tireoglosso<\/li>\n<li>Disfagia<\/li>\n<li>Les\u00e3o de pele<\/li>\n<li>Molusco contagioso<\/li>\n<li>Polidactilia<\/li>\n<li>Refluxo<\/li>\n<li>Unhas encravadas<\/li>\n<\/ul>\n<h6><\/h6>\n<h6>Urologia infantil b\u00e1sica:<\/h6>\n<ul>\n<li>Criptorquidia<\/li>\n<li>Fimose<\/li>\n<li>H\u00e9rnia inguinal<\/li>\n<li>Sin\u00e9quia vaginal<\/li>\n<li>Test\u00edculo retr\u00e1til<\/li>\n<\/ul>\n<p>[\/difl_faqitem][\/difl_faq][\/et_pb_column][\/et_pb_row][\/et_pb_section][et_pb_section fb_built=\u00bb1&#8243; disabled_on=\u00bbon|on|off\u00bb _builder_version=\u00bb4.23&#8243; _module_preset=\u00bbdefault\u00bb custom_padding=\u00bb0px||||false|false\u00bb global_colors_info=\u00bb{}\u00bb][et_pb_row column_structure=\u00bb1_4,1_4,1_4,1_4&#8243; _builder_version=\u00bb4.25.0&#8243; _module_preset=\u00bbdefault\u00bb width=\u00bb70%\u00bb max_width=\u00bb100%\u00bb global_colors_info=\u00bb{}\u00bb][et_pb_column type=\u00bb1_4&#8243; _builder_version=\u00bb4.23&#8243; _module_preset=\u00bbdefault\u00bb global_colors_info=\u00bb{}\u00bb][et_pb_image src=\u00bbhttps:\/\/emfoco.med.br\/wp-content\/uploads\/2024\/05\/Cirurgia-pediatrica-copiar.webp\u00bb title_text=\u00bbCopia de cirug\u00eda pedi\u00e1trica\u00bb _builder_version=\u00bb4.25.1&#8243; _module_preset=\u00bbdefault\u00bb width=\u00bb50%\u00bb module_alignment=\u00bbcenter\u00bb global_colors_info=\u00bb{}\u00bb][\/et_pb_image][et_pb_text _builder_version=\u00bb4.25.1&#8243; _module_preset=\u00bbdefault\u00bb header_2_font_size=\u00bb19px\u00bb header_2_line_height=\u00bb1.8em\u00bb header_5_text_color=\u00bb#116789&#8243; header_5_line_height=\u00bb1.1em\u00bb text_orientation=\u00bbcenter\u00bb custom_margin=\u00bb-15px||||false|false\u00bb locked=\u00bboff\u00bb global_colors_info=\u00bb{}\u00bb]<\/p>\n<h2>Cirug\u00eda pedi\u00e1trica<\/h2>\n<h5>Cirug\u00eda abdominal infantil<\/h5>\n<h5>Cirug\u00eda tor\u00e1cica infantil<\/h5>\n<h5>Urolog\u00eda pedi\u00e1trica b\u00e1sica<\/h5>\n<h5>Videolaparoscopia infantil<\/h5>\n<p>[\/et_pb_text][\/et_pb_column][et_pb_column type=\u00bb1_4&#8243; _builder_version=\u00bb4.23&#8243; _module_preset=\u00bbdefault\u00bb global_colors_info=\u00bb{}\u00bb][et_pb_image src=\u00bbhttps:\/\/emfoco.med.br\/wp-content\/uploads\/2024\/05\/Coloproctologia-infantil-copiar.webp\u00bb title_text=\u00bbCopia de coloproctolog\u00eda infantil\u00bb _builder_version=\u00bb4.25.1&#8243; _module_preset=\u00bbdefault\u00bb width=\u00bb50%\u00bb module_alignment=\u00bbcenter\u00bb global_colors_info=\u00bb{}\u00bb][\/et_pb_image][et_pb_text _builder_version=\u00bb4.27.0&#8243; _module_preset=\u00bbdefault\u00bb header_2_font_size=\u00bb19px\u00bb header_2_line_height=\u00bb1.8em\u00bb header_5_text_color=\u00bb#116789&#8243; header_5_line_height=\u00bb1.1em\u00bb text_orientation=\u00bbcenter\u00bb custom_margin=\u00bb-15px||||false|false\u00bb locked=\u00bboff\u00bb global_colors_info=\u00bb{}\u00bb]<\/p>\n<h2>Coloproctolog\u00eda infantil<\/h2>\n<h5>Abscesos perianales en ni\u00f1os<\/h5>\n<h5>Colelitiasis infantil<\/h5>\n<h5>Estre\u00f1imiento infantil<\/h5>\n<h5>Enfermedades hemorroidales<\/h5>\n<h5>Dolor abdominal cr\u00f3nico<\/h5>\n<h5>Fisuras anales<\/h5>\n<h5>Manometr\u00eda anorrectal<\/h5>\n<h5>Megacolon<\/h5>\n<h5>Incontinencia fecal en ni\u00f1os<\/h5>\n<p>&nbsp;<\/p>\n<p>[\/et_pb_text][\/et_pb_column][et_pb_column type=\u00bb1_4&#8243; _builder_version=\u00bb4.23&#8243; _module_preset=\u00bbdefault\u00bb global_colors_info=\u00bb{}\u00bb][et_pb_image src=\u00bbhttps:\/\/emfoco.med.br\/wp-content\/uploads\/2024\/05\/Pediatria-copiar.webp\u00bb title_text=\u00bbCopia de pediatr\u00eda\u00bb _builder_version=\u00bb4.25.1&#8243; _module_preset=\u00bbdefault\u00bb width=\u00bb50%\u00bb module_alignment=\u00bbcenter\u00bb global_colors_info=\u00bb{}\u00bb][\/et_pb_image][et_pb_text _builder_version=\u00bb4.25.1&#8243; _module_preset=\u00bbdefault\u00bb header_2_font_size=\u00bb19px\u00bb header_2_line_height=\u00bb1.8em\u00bb header_5_text_color=\u00bb#116789&#8243; header_5_line_height=\u00bb1.1em\u00bb text_orientation=\u00bbcenter\u00bb custom_margin=\u00bb-15px||||false|false\u00bb locked=\u00bboff\u00bb global_colors_info=\u00bb{}\u00bb]<\/p>\n<h2>Pediatr\u00eda<\/h2>\n<h5>Adenomegalia<\/h5>\n<h5>Anquiloglosia<\/h5>\n<h5>Quiste tirogloso<\/h5>\n<h5>Disfagia<\/h5>\n<h5>Lesiones cut\u00e1neas<\/h5>\n<h5>Molusco contagioso<\/h5>\n<h5>Polidactilia<\/h5>\n<h5>Reflujo<\/h5>\n<h5>U\u00f1as encarnadas<\/h5>\n<p>[\/et_pb_text][\/et_pb_column][et_pb_column type=\u00bb1_4&#8243; _builder_version=\u00bb4.23&#8243; _module_preset=\u00bbdefault\u00bb global_colors_info=\u00bb{}\u00bb][et_pb_image src=\u00bbhttps:\/\/emfoco.med.br\/wp-content\/uploads\/2024\/05\/Urologia-infantil-basica-copiar.webp\u00bb title_text=\u00bbCopia b\u00e1sica de urolog\u00eda infantil\u00bb _builder_version=\u00bb4.25.1&#8243; _module_preset=\u00bbdefault\u00bb width=\u00bb50%\u00bb module_alignment=\u00bbcenter\u00bb global_colors_info=\u00bb{}\u00bb][\/et_pb_image][et_pb_text _builder_version=\u00bb4.25.1&#8243; _module_preset=\u00bbdefault\u00bb header_2_font_size=\u00bb19px\u00bb header_2_line_height=\u00bb1.8em\u00bb header_5_text_color=\u00bb#116789&#8243; header_5_line_height=\u00bb1.1em\u00bb text_orientation=\u00bbcenter\u00bb custom_margin=\u00bb-15px||||false|false\u00bb locked=\u00bboff\u00bb global_colors_info=\u00bb{}\u00bb]<\/p>\n<h2>Urolog\u00eda infantil b\u00e1sica<\/h2>\n<h5>Criptorquidia<\/h5>\n<h5>Fimosis<\/h5>\n<h5>Hernia inguinal<\/h5>\n<h5>Sinequia vaginal<\/h5>\n<h5>Test\u00edculo retr\u00e1ctil<\/h5>\n<p>[\/et_pb_text][\/et_pb_column][\/et_pb_row][et_pb_row disabled_on=\u00bboff|off|off\u00bb _builder_version=\u00bb4.25.0&#8243; _module_preset=\u00bbdefault\u00bb global_colors_info=\u00bb{}\u00bb][et_pb_column type=\u00bb4_4&#8243; _builder_version=\u00bb4.25.0&#8243; _module_preset=\u00bbdefault\u00bb global_colors_info=\u00bb{}\u00bb][et_pb_video src=\u00bbhttps:\/\/www.youtube.com\/watch?v=QyB4cvJjwFs\u00bb _builder_version=\u00bb4.25.1&#8243; _module_preset=\u00bbdefault\u00bb global_colors_info=\u00bb{}\u00bb][\/et_pb_video][\/et_pb_column][\/et_pb_row][et_pb_row _builder_version=\u00bb4.25.0&#8243; _module_preset=\u00bbdefault\u00bb custom_margin=\u00bb||||false|false\u00bb global_colors_info=\u00bb{}\u00bb][et_pb_column type=\u00bb4_4&#8243; _builder_version=\u00bb4.24.0&#8243; _module_preset=\u00bbdefault\u00bb global_colors_info=\u00bb{}\u00bb][et_pb_button button_url=\u00bbhttps:\/\/api.whatsapp.com\/send\/?phone=\u200e551132893195&amp;text=Ol%C3%A1%2C+vim+do+site+e+gostaria+de+mais+informa%C3%A7%C3%B5es+sobre+consulta+com+a+Dra.+Leila+Rodriguez.&amp;type=phone_number&amp;app_absent=0&#8243; url_new_window=\u00bbon\u00bb button_text=\u00bbReserve su cita\u00bb button_alignment=\u00bbcenter\u00bb _builder_version=\u00bb4.27.4&#8243; _module_preset=\u00bbdefault\u00bb custom_button=\u00bbon\u00bb button_text_color=\u00bb#FFFFFF\u00bb button_bg_color=\u00bb#196586&#8243; button_border_color=\u00bb#196586&#8243; button_border_radius=\u00bb20px\u00bb button_font=\u00bb|600|||||||\u00bb button_icon=\u00bb&#x45;||divi||400&#8243; button_icon_color=\u00bb#FFFFFF\u00bb button_on_hover=\u00bboff\u00bb custom_margin=\u00bb15px||||false|false\u00bb button_text_size_tablet=\u00bb18px\u00bb button_text_size_phone=\u00bb13px\u00bb button_text_size_last_edited=\u00bbon|tablet\u00bb global_colors_info=\u00bb{}\u00bb][\/et_pb_button][\/et_pb_column][\/et_pb_row][\/et_pb_section][et_pb_section fb_built=\u00bb1&#8243; disabled_on=\u00bboff|off|on\u00bb _builder_version=\u00bb4.23&#8243; _module_preset=\u00bbdefault\u00bb custom_padding=\u00bb0px||||false|false\u00bb global_colors_info=\u00bb{}\u00bb][et_pb_row _builder_version=\u00bb4.23.1&#8243; _module_preset=\u00bbdefault\u00bb width=\u00bb70%\u00bb max_width=\u00bb100%\u00bb global_colors_info=\u00bb{}\u00bb][et_pb_column type=\u00bb4_4&#8243; _builder_version=\u00bb4.23&#8243; _module_preset=\u00bbdefault\u00bb global_colors_info=\u00bb{}\u00bb][et_pb_image src=\u00bbhttps:\/\/emfoco.med.br\/wp-content\/uploads\/2024\/05\/Cirurgia-pediatrica-copiar.webp\u00bb title_text=\u00bbCopia de cirug\u00eda pedi\u00e1trica\u00bb _builder_version=\u00bb4.25.1&#8243; _module_preset=\u00bbdefault\u00bb width=\u00bb50%\u00bb module_alignment=\u00bbcenter\u00bb global_colors_info=\u00bb{}\u00bb][\/et_pb_image][et_pb_text _builder_version=\u00bb4.25.1&#8243; _module_preset=\u00bbdefault\u00bb header_2_font_size=\u00bb19px\u00bb header_2_line_height=\u00bb1.8em\u00bb header_5_text_color=\u00bb#116789&#8243; header_5_line_height=\u00bb1.1em\u00bb text_orientation=\u00bbcenter\u00bb custom_margin=\u00bb-15px||||false|false\u00bb locked=\u00bboff\u00bb global_colors_info=\u00bb{}\u00bb]<\/p>\n<h2>Cirug\u00eda pedi\u00e1trica<\/h2>\n<h5>Cirug\u00eda abdominal infantil<\/h5>\n<h5>Cirug\u00eda tor\u00e1cica infantil<\/h5>\n<h5>Urolog\u00eda pedi\u00e1trica b\u00e1sica<\/h5>\n<h5>Videolaparoscopia infantil<\/h5>\n<p>[\/et_pb_text][et_pb_image src=\u00bbhttps:\/\/emfoco.med.br\/wp-content\/uploads\/2024\/05\/Coloproctologia-infantil-copiar.webp\u00bb title_text=\u00bbCopia de coloproctolog\u00eda infantil\u00bb _builder_version=\u00bb4.25.1&#8243; _module_preset=\u00bbdefault\u00bb width=\u00bb50%\u00bb module_alignment=\u00bbcenter\u00bb global_colors_info=\u00bb{}\u00bb][\/et_pb_image][et_pb_text _builder_version=\u00bb4.25.1&#8243; _module_preset=\u00bbdefault\u00bb header_2_font_size=\u00bb19px\u00bb header_2_line_height=\u00bb1.8em\u00bb header_5_text_color=\u00bb#116789&#8243; header_5_line_height=\u00bb1.1em\u00bb text_orientation=\u00bbcenter\u00bb custom_margin=\u00bb-30px||||false|false\u00bb locked=\u00bboff\u00bb global_colors_info=\u00bb{}\u00bb]<\/p>\n<h2>Coloproctolog\u00eda infantil<\/h2>\n<h5>Abscesos perianales en ni\u00f1os<\/h5>\n<h5>Colelitiasis infantil<\/h5>\n<h5>Estre\u00f1imiento infantil<\/h5>\n<h5>Enfermedades hemorroidales<\/h5>\n<h5>Dolor abdominal cr\u00f3nico<\/h5>\n<h5>Fisuras anales<\/h5>\n<h5>Manometr\u00eda anorrectal<\/h5>\n<h5>Megacolon<\/h5>\n<p>[\/et_pb_text][et_pb_image src=\u00bbhttps:\/\/emfoco.med.br\/wp-content\/uploads\/2024\/05\/Pediatria-copiar.webp\u00bb title_text=\u00bbCopia de pediatr\u00eda\u00bb _builder_version=\u00bb4.25.1&#8243; _module_preset=\u00bbdefault\u00bb width=\u00bb50%\u00bb module_alignment=\u00bbcenter\u00bb global_colors_info=\u00bb{}\u00bb][\/et_pb_image][et_pb_text _builder_version=\u00bb4.25.1&#8243; _module_preset=\u00bbdefault\u00bb header_2_font_size=\u00bb19px\u00bb header_2_line_height=\u00bb1.8em\u00bb header_5_text_color=\u00bb#116789&#8243; header_5_line_height=\u00bb1.1em\u00bb text_orientation=\u00bbcenter\u00bb custom_margin=\u00bb-30px||||false|false\u00bb locked=\u00bboff\u00bb global_colors_info=\u00bb{}\u00bb]<\/p>\n<h2>Pediatr\u00eda<\/h2>\n<h5>Adenomegalia<\/h5>\n<h5>Anquiloglosia<\/h5>\n<h5>Quiste tirogloso<\/h5>\n<h5>Disfagia<\/h5>\n<h5>Lesiones cut\u00e1neas<\/h5>\n<h5>Molusco contagioso<\/h5>\n<h5>Polidactilia<\/h5>\n<h5>Reflujo<\/h5>\n<h5>U\u00f1as encarnadas<\/h5>\n<p>[\/et_pb_text][\/et_pb_column][\/et_pb_row][et_pb_row _builder_version=\u00bb4.23.1&#8243; _module_preset=\u00bbdefault\u00bb width=\u00bb70%\u00bb max_width=\u00bb100%\u00bb global_colors_info=\u00bb{}\u00bb][et_pb_column type=\u00bb4_4&#8243; _builder_version=\u00bb4.23&#8243; _module_preset=\u00bbdefault\u00bb global_colors_info=\u00bb{}\u00bb][et_pb_image src=\u00bbhttps:\/\/emfoco.med.br\/wp-content\/uploads\/2024\/05\/Urologia-infantil-basica-copiar.webp\u00bb title_text=\u00bbCopia b\u00e1sica de urolog\u00eda infantil\u00bb _builder_version=\u00bb4.25.1&#8243; _module_preset=\u00bbdefault\u00bb width=\u00bb50%\u00bb module_alignment=\u00bbcenter\u00bb global_colors_info=\u00bb{}\u00bb][\/et_pb_image][et_pb_text _builder_version=\u00bb4.25.1&#8243; _module_preset=\u00bbdefault\u00bb header_2_font_size=\u00bb19px\u00bb header_2_line_height=\u00bb1.8em\u00bb header_5_text_color=\u00bb#116789&#8243; header_5_line_height=\u00bb1.1em\u00bb text_orientation=\u00bbcenter\u00bb custom_margin=\u00bb-15px||||false|false\u00bb locked=\u00bboff\u00bb global_colors_info=\u00bb{}\u00bb]<\/p>\n<h2>Urolog\u00eda infantil b\u00e1sica<\/h2>\n<h5>Criptorquidia<\/h5>\n<h5>Fimosis<\/h5>\n<h5>Hernia inguinal<\/h5>\n<h5>Sinequia vaginal<\/h5>\n<h5>Test\u00edculo retr\u00e1ctil<\/h5>\n<p>[\/et_pb_text][\/et_pb_column][\/et_pb_row][et_pb_row disabled_on=\u00bboff|off|off\u00bb _builder_version=\u00bb4.25.0&#8243; _module_preset=\u00bbdefault\u00bb locked=\u00bboff\u00bb global_colors_info=\u00bb{}\u00bb][et_pb_column type=\u00bb4_4&#8243; _builder_version=\u00bb4.25.0&#8243; _module_preset=\u00bbdefault\u00bb global_colors_info=\u00bb{}\u00bb][et_pb_video src=\u00bbhttps:\/\/www.youtube.com\/watch?v=QyB4cvJjwFs\u00bb _builder_version=\u00bb4.25.1&#8243; _module_preset=\u00bbdefault\u00bb global_colors_info=\u00bb{}\u00bb][\/et_pb_video][\/et_pb_column][\/et_pb_row][et_pb_row _builder_version=\u00bb4.24.0&#8243; _module_preset=\u00bbdefault\u00bb custom_margin=\u00bb-21px||||false|false\u00bb global_colors_info=\u00bb{}\u00bb][et_pb_column type=\u00bb4_4&#8243; _builder_version=\u00bb4.24.0&#8243; _module_preset=\u00bbdefault\u00bb global_colors_info=\u00bb{}\u00bb][et_pb_button button_url=\u00bbhttps:\/\/api.whatsapp.com\/send\/?phone=\u200e551132893195&amp;text=Ol%C3%A1%2C+vim+do+site+e+gostaria+de+mais+informa%C3%A7%C3%B5es+sobre+consulta+com+a+Dra.+Leila+Rodriguez.&amp;type=phone_number&amp;app_absent=0&#8243; url_new_window=\u00bbon\u00bb button_text=\u00bbReserve su cita\u00bb button_alignment=\u00bbcenter\u00bb _builder_version=\u00bb4.27.4&#8243; _module_preset=\u00bbdefault\u00bb custom_button=\u00bbon\u00bb button_text_color=\u00bb#FFFFFF\u00bb button_bg_color=\u00bb#196586&#8243; button_border_color=\u00bb#196586&#8243; button_border_radius=\u00bb20px\u00bb button_font=\u00bb|600|||||||\u00bb button_icon=\u00bb&#x45;||divi||400&#8243; button_icon_color=\u00bb#FFFFFF\u00bb button_on_hover=\u00bboff\u00bb button_text_size_tablet=\u00bb18px\u00bb button_text_size_phone=\u00bb13px\u00bb button_text_size_last_edited=\u00bbon|tablet\u00bb global_colors_info=\u00bb{}\u00bb][\/et_pb_button][\/et_pb_column][\/et_pb_row][\/et_pb_section]<\/p>\n","protected":false},"excerpt":{"rendered":"<p>La Dra. Leila Rodr\u00edguez eligi\u00f3 su especialidad por su pasi\u00f3n por la recuperaci\u00f3n infantil, adem\u00e1s de poder trabajar como cirujana general infantil. <\/p>\n","protected":false},"author":1,"featured_media":295862,"comment_status":"open","ping_status":"closed","template":"","meta":{"_et_pb_use_builder":"on","_et_pb_old_content":"","_et_gb_content_width":"","rank_math_focus_keyword":"dr leila rodriguez, draleilarodriguez, coloproctolog\u00eda pedi\u00e1trica, proct\u00f3logo pedi\u00e1trico, estre\u00f1imiento, estre\u00f1imiento infantil, incontinencia fecal ","rank_math_title":"Dra. Leila Rodriguez | Coloproct\u00f3loga pedi\u00e1trica ","rank_math_description":"La Dra. Leila Rodr\u00edguez eligi\u00f3 la coloproctolog\u00eda pedi\u00e1trica por su pasi\u00f3n por la recuperaci\u00f3n infantil, adem\u00e1s de poder trabajar como cirujana general infantil. ","rank_math_og_title":"","rank_math_og_description":"","rank_math_og_image":"","rank_math_og_image_id":"","rank_math_twitter_title":"","rank_math_twitter_description":"","rank_math_twitter_image":"","rank_math_canonical_url":"","rank_math_robots":"","rank_math_rich_snippet":"","rank_math_snippet_name":"","rank_math_snippet_desc":"","rank_math_seo_score":"","rank_math_pillar_content":"","footnotes":""},"false":[],"class_list":["post-295856","project","type-project","status-publish","has-post-thumbnail","hentry","project_category-cirugia-pediatrica"],"_links":{"self":[{"href":"https:\/\/emfoco.med.br\/es\/wp-json\/wp\/v2\/project\/295856","targetHints":{"allow":["GET"]}}],"collection":[{"href":"https:\/\/emfoco.med.br\/es\/wp-json\/wp\/v2\/project"}],"about":[{"href":"https:\/\/emfoco.med.br\/es\/wp-json\/wp\/v2\/types\/project"}],"author":[{"embeddable":true,"href":"https:\/\/emfoco.med.br\/es\/wp-json\/wp\/v2\/users\/1"}],"replies":[{"embeddable":true,"href":"https:\/\/emfoco.med.br\/es\/wp-json\/wp\/v2\/comments?post=295856"}],"version-history":[{"count":10,"href":"https:\/\/emfoco.med.br\/es\/wp-json\/wp\/v2\/project\/295856\/revisions"}],"predecessor-version":[{"id":295943,"href":"https:\/\/emfoco.med.br\/es\/wp-json\/wp\/v2\/project\/295856\/revisions\/295943"}],"wp:featuredmedia":[{"embeddable":true,"href":"https:\/\/emfoco.med.br\/es\/wp-json\/wp\/v2\/media\/295862"}],"wp:attachment":[{"href":"https:\/\/emfoco.med.br\/es\/wp-json\/wp\/v2\/media?parent=295856"}],"wp:term":[{"taxonomy":"project_category","embeddable":true,"href":"https:\/\/emfoco.med.br\/es\/wp-json\/wp\/v2\/false?post=295856"},{"taxonomy":"project_tag","embeddable":true,"href":"https:\/\/emfoco.med.br\/es\/wp-json\/wp\/v2\/false?post=295856"}],"curies":[{"name":"wp","href":"https:\/\/api.w.org\/{rel}","templated":true}]}}