{"id":295988,"date":"2024-11-05T09:16:46","date_gmt":"2024-11-05T12:16:46","guid":{"rendered":"https:\/\/emfoco.med.br\/dra-daniela-galli\/"},"modified":"2025-08-27T20:28:29","modified_gmt":"2025-08-27T23:28:29","slug":"dra-daniela-galli","status":"publish","type":"project","link":"https:\/\/emfoco.med.br\/es\/dra-daniela-galli\/","title":{"rendered":"Dra. Daniela Galli"},"content":{"rendered":"<p>[et_pb_section fb_built=\u00bb1&#8243; disabled_on=\u00bbon|on|off\u00bb _builder_version=\u00bb4.24.2&#8243; _module_preset=\u00bbdefault\u00bb custom_padding=\u00bb10px||||false|false\u00bb global_colors_info=\u00bb{}\u00bb][et_pb_row column_structure=\u00bb1_3,2_3&#8243; use_custom_gutter=\u00bbon\u00bb gutter_width=\u00bb1&#8243; make_equal=\u00bbon\u00bb _builder_version=\u00bb4.27.2&#8243; _module_preset=\u00bbdefault\u00bb width=\u00bb90%\u00bb max_width=\u00bb100%\u00bb custom_margin=\u00bb||||false|false\u00bb custom_padding=\u00bb0px|20px|0px|20px|true|true\u00bb border_color_all=\u00bb#c1eae9&#8243; global_colors_info=\u00bb{}\u00bb][et_pb_column type=\u00bb1_3&#8243; _builder_version=\u00bb4.27.2&#8243; _module_preset=\u00bbdefault\u00bb custom_padding=\u00bb20px||20px||true|false\u00bb border_radii=\u00bboff|20px|||20px\u00bb border_width_all=\u00bb5px\u00bb border_color_all=\u00bb#13678a\u00bb global_colors_info=\u00bb{}\u00bb][difl_advanced_person ap_photo=\u00bbhttps:\/\/emfoco.med.br\/wp-content\/uploads\/2024\/11\/Daniela-Galli-Profile.webp\u00bb ap_name=\u00bbDra. Daniela Galli \u00bb ap_description=\u00bb<\/p>\n<p>CRFa-SP <span style=%22font-weight: 400;%22>2-8980<\/span><span style=%22font-weight: 400;%22><\/span><\/p>\n<p><span style=%22font-weight: 400;%22><\/span>Especialista en voz CFF <span style=%22font-weight: 400;%22>5275\/10<\/span><span style=%22font-weight: 400;%22><\/span><\/p>\n<p><span style=%22font-weight: 400;%22><\/span><\/p>\n<p>\u00bb module_wrapper_margin=\u00bb||40px||false|false\u00bb name_margin=\u00bb30px||||false|false\u00bb description_margin=\u00bb10px||||false|false\u00bb image_margin=\u00bb||||false|false\u00bb _builder_version=\u00bb4.27.2&#8243; _module_preset=\u00bbdefault\u00bb name_text_align=\u00bbcenter\u00bb name_font_size=\u00bb28px\u00bb description_text_align=\u00bbcenter\u00bb description_text_color=\u00bbrgba(10,10,10,0.56)\u00bb description_font_size=\u00bb18px\u00bb description_line_height=\u00bb0.5em\u00bb custom_margin=\u00bb||||false|false\u00bb custom_css_main_element=\u00bbtext-align: center;\u00bb border_radii_photo_border=\u00bbon|200px|200px|200px|200px\u00bb border_width_all_photo_border=\u00bb5px\u00bb border_color_all_photo_border=\u00bb#13678a\u00bb global_colors_info=\u00bb{}\u00bb][\/difl_advanced_person][difl_dual_button btn_left_background_bgcolor=\u00bb#13678a\u00bb btn_left_font_icon=\u00bb&#xe023;||divi||400&#8243; btn_left_icon_color=\u00bb#FFFFFF\u00bb btn_left_icon_placement=\u00bbleft\u00bb btn_right_background_background_image=\u00bbhttps:\/\/emfoco.med.br\/wp-content\/uploads\/2024\/02\/iconewhatsapp1.webp\u00bb btn_right_background_background_image_size=\u00bbfit\u00bb btn_right_background_size_width=\u00bb100%\u00bb btn_right_background_size_height=\u00bb100%\u00bb use_right_button_icon=\u00bboff\u00bb left_button=\u00bbReservar en l\u00ednea\u00bb left_button_url=\u00bbhttps:\/\/api.whatsapp.com\/send\/?phone=\u200e551132893195&amp;text=Ol%C3%A1%2C+vim+do+site+e+gostaria+de+mais+informa%C3%A7%C3%B5es+sobre+consulta+com+a+Dra.+Daniela+Galli.&amp;type=phone_number&amp;app_absent=0&#8243; right_button=\u00bb_\u00bb right_button_url=\u00bbhttps:\/\/api.whatsapp.com\/send\/?phone=\u200e551132893195&amp;text=Ol%C3%A1%2C+vim+do+site+e+gostaria+de+mais+informa%C3%A7%C3%B5es+sobre+consulta+com+a+Dra.+Daniela+Galli.&amp;type=phone_number&amp;app_absent=0&#8243; right_button_target=\u00bbon\u00bb right_button_wrapper_margin=\u00bb|||50px|false|false\u00bb alignment=\u00bbcenter\u00bb _builder_version=\u00bb4.27.4&#8243; _module_preset=\u00bbdefault\u00bb left_button_text_color=\u00bb#FFFFFF\u00bb right_button_text_color=\u00bb#FFFFFF\u00bb right_button_font_size=\u00bb22px\u00bb border_radii_left_button=\u00bbon|10px|10px|10px|10px\u00bb global_colors_info=\u00bb{}\u00bb][\/difl_dual_button][\/et_pb_column][et_pb_column type=\u00bb2_3&#8243; _builder_version=\u00bb4.27.2&#8243; _module_preset=\u00bbdefault\u00bb custom_padding=\u00bb2%||1%||false|false\u00bb border_radii=\u00bboff||20px|20px|\u00bb border_width_all=\u00bb5px\u00bb border_color_all=\u00bb#13678a\u00bb border_width_left=\u00bb0px\u00bb global_colors_info=\u00bb{}\u00bb][et_pb_text _builder_version=\u00bb4.27.4&#8243; _module_preset=\u00bbdefault\u00bb header_2_font_size=\u00bb18px\u00bb header_2_line_height=\u00bb1.8em\u00bb header_3_font=\u00bb||||||||\u00bb header_3_text_color=\u00bb#116789&#8243; header_3_line_height=\u00bb2em\u00bb header_5_text_color=\u00bb#116789&#8243; header_5_line_height=\u00bb0.8em\u00bb width=\u00bb90%\u00bb module_alignment=\u00bbcenter\u00bb custom_margin=\u00bb||||false|false\u00bb global_colors_info=\u00bb{}\u00bb]<\/p>\n<h2>Mi historia<\/h2>\n<p class=\"font_6\">A  <a href=\"https:\/\/emfoco.med.br\/es\/dra-daniela-galli-logopedia-sao-paulo\/\">Dra. Daniela Martins Galli <\/a>  Tiene un m\u00e1ster en Logopedia por la Pontificia Universidad Cat\u00f3lica de S\u00e3o Paulo y una especializaci\u00f3n en Voz por la Irmandade da Santa Casa de Miseric\u00f3rdia de S\u00e3o Paulo.  <\/p>\n<p>[\/et_pb_text][difl_faq faq_layout=\u00bbtoggle\u00bb close_icon_color=\u00bb#13678a\u00bb faq_wrapper_margin=\u00bb30px||30px|44px|false|false\u00bb faq_item_wrapper_margin=\u00bb||||false|false\u00bb faq_item_per_column_tablet=\u00bb2&#8243; faq_item_per_column_phone=\u00bb1&#8243; faq_item_per_column_last_edited=\u00bbon|desktop\u00bb _builder_version=\u00bb4.27.2&#8243; _module_preset=\u00bbdefault\u00bb question_text_font_size=\u00bb18px\u00bb width=\u00bb60%\u00bb border_width_all_faq_item_wrapper_border=\u00bb0px\u00bb locked=\u00bboff\u00bb global_colors_info=\u00bb{}\u00bb que_wrapper_bg_bgcolor__hover=\u00bb1px||||false|false\u00bb que_wrapper_bg_bgcolor__hover_enabled=\u00bbon|hover\u00bb][difl_faqitem question=\u00bbEspecialidade\u00bb ans_img_padding=\u00bb||||false|false\u00bb _builder_version=\u00bb4.27.2&#8243; global_colors_info=\u00bb{}\u00bb que_wrapper_bg_bgcolor__hover=\u00bb1px||||false|false\u00bb que_wrapper_bg_bgcolor__hover_enabled=\u00bbon|hover\u00bb]<\/p>\n<p>Fonoaudiologia<\/p>\n<p>[\/difl_faqitem][difl_faqitem question=\u00bbSubespecializa\u00e7\u00f5es\u00bb ans_img_padding=\u00bb||||false|false\u00bb _builder_version=\u00bb4.27.2&#8243; global_colors_info=\u00bb{}\u00bb que_wrapper_bg_bgcolor__hover=\u00bb1px||||false|false\u00bb que_wrapper_bg_bgcolor__hover_enabled=\u00bbon|hover\u00bb]<\/p>\n<p>Voz<\/p>\n<p>[\/difl_faqitem][difl_faqitem question=\u00bbHospitais de refer\u00eancia\u00bb ans_img_padding=\u00bb||||false|false\u00bb _builder_version=\u00bb4.27.2&#8243; global_colors_info=\u00bb{}\u00bb que_wrapper_bg_bgcolor__hover=\u00bb1px||||false|false\u00bb que_wrapper_bg_bgcolor__hover_enabled=\u00bbon|hover\u00bb]<\/p>\n<p>Instituto de Infectologia Em\u00edlio Ribas<\/p>\n<p>Santa Casa de Miseric\u00f3rdia de S\u00e3o Paulo<\/p>\n<p>Hospital Paulista de Otorrinolaringologia<\/p>\n<p>Hospital do Servidor P\u00fablico Estadual &#8211; SP<\/p>\n<p>Hospital Infantil Darcy Vargas<\/p>\n<p>[\/difl_faqitem][difl_faqitem question=\u00bbForma\u00e7\u00e3o profissional\u00bb ans_img_padding=\u00bb||||false|false\u00bb _builder_version=\u00bb4.27.2&#8243; global_colors_info=\u00bb{}\u00bb que_wrapper_bg_bgcolor__hover=\u00bb1px||||false|false\u00bb que_wrapper_bg_bgcolor__hover_enabled=\u00bbon|hover\u00bb]<\/p>\n<h6 class=\"font_6\">Gradua\u00e7\u00e3o:<\/h6>\n<ul>\n<li class=\"font_6\">Fonoaudiologia pela Pontif\u00edcia Universidade Cat\u00f3lica de S\u00e3o Paulo (PUC-SP)<\/li>\n<\/ul>\n<p>&nbsp;<\/p>\n<h6>Especializa\u00e7\u00f5es e aperfei\u00e7oamentos:<\/h6>\n<ul>\n<li>Mestrado em Comunica\u00e7\u00e3o Humana e Sa\u00fade pela Pontif\u00edcia Universidade Cat\u00f3lica de S\u00e3o Paulo (PUC-SP)<\/li>\n<li>Especialista em Voz pelo Conselho Federal de Fonoaudiologia (CFF)<\/li>\n<li>Aprimoramento em Sa\u00fade Coletiva pela Pontif\u00edcia Universidade Cat\u00f3lica de S\u00e3o Paulo (PUC-SP)<\/li>\n<\/ul>\n<ul class=\"font_6\"><\/ul>\n<p>[\/difl_faqitem][difl_faqitem question=\u00bb\u00c1reas de atua\u00e7\u00e3o e experi\u00eancia profissional\u00bb ans_img_padding=\u00bb||||false|false\u00bb _builder_version=\u00bb4.27.2&#8243; global_colors_info=\u00bb{}\u00bb que_wrapper_bg_bgcolor__hover=\u00bb1px||||false|false\u00bb que_wrapper_bg_bgcolor__hover_enabled=\u00bbon|hover\u00bb]<\/p>\n<h6>Comunica\u00e7\u00e3o, dic\u00e7\u00e3o e orat\u00f3ria:<\/h6>\n<ul>\n<li>Avalia\u00e7\u00e3o e diagn\u00f3stico da fala, linguagem, voz e motricidade orofacial envolvidas na performance comunicativa;<\/li>\n<li>Levantamento das necessidades e demandas na comunica\u00e7\u00e3o verbal e n\u00e3o-verbal;<\/li>\n<li>Desenvolvimento dos recursos e habilidades comunicativas;<\/li>\n<li>Treinamento da comunica\u00e7\u00e3o com a realiza\u00e7\u00e3o de exerc\u00edcios e t\u00e9cnicas vocais;<\/li>\n<li>Conscientiza\u00e7\u00e3o e desenvolvimento da pot\u00eancia da voz e comunica\u00e7\u00e3o para perder o medo de falar em p\u00fablico;<\/li>\n<li>Prepara\u00e7\u00e3o para apresenta\u00e7\u00f5es orais, reuni\u00f5es e exposi\u00e7\u00f5es em p\u00fablico;<\/li>\n<li>Prepara\u00e7\u00e3o para apresenta\u00e7\u00f5es acad\u00eamicas como semin\u00e1rios, defesas de mestrado e doutorado, etc), sustenta\u00e7\u00e3o oral e exame da OAB;<\/li>\n<li>Prepara\u00e7\u00e3o para entrevistas, videocurr\u00edculo, sele\u00e7\u00f5es, recrutamento e produ\u00e7\u00e3o de conte\u00fado digital.<\/li>\n<\/ul>\n<p>&nbsp;<\/p>\n<h6>Linguagem e fala:<\/h6>\n<ul>\n<li>Estimula\u00e7\u00e3o, desenvolvimento e reabilita\u00e7\u00e3o dos dist\u00farbios da linguagem oral, fala e escrita em crian\u00e7as, provenientes ou n\u00e3o de les\u00f5es neurol\u00f3gicas ou fatores ambientais;<\/li>\n<li>Trabalho com pais e escolas no caso de crian\u00e7as com transtornos de linguagem;<\/li>\n<li>Atraso no desenvolvimento de linguagem e fala;<\/li>\n<li>Dist\u00farbio espec\u00edfico de linguagem;<\/li>\n<li>Altera\u00e7\u00e3o dos Processos Fon\u00e9tico-Fonol\u00f3gicos;<\/li>\n<li>Troca de letras na fala e na escrita;<\/li>\n<li>Dislalia, discalculia, disgrafia, disortografia, dislexia, dist\u00farbios do aprendizado em geral;<\/li>\n<li>Dificuldades no processo de alfabetiza\u00e7\u00e3o;<\/li>\n<li>Disflu\u00eancia e Gagueira;<\/li>\n<li>Realiza\u00e7\u00e3o de laudos, relat\u00f3rios e\/ou encaminhamentos, quando necess\u00e1rio.<\/li>\n<\/ul>\n<p>&nbsp;<\/p>\n<h6>Motricidade orofacial:<\/h6>\n<ul>\n<li>Reabilita\u00e7\u00e3o das estruturas orofaciais envolvidas nas fun\u00e7\u00f5es de respira\u00e7\u00e3o, suc\u00e7\u00e3o, mastiga\u00e7\u00e3o, degluti\u00e7\u00e3o, express\u00e3o facial e articula\u00e7\u00e3o da fala;<\/li>\n<li>Ronco e apneia do sono;<\/li>\n<li>Dist\u00farbios temporomandibulares;<\/li>\n<li>Bruxismo;<\/li>\n<li>Hipotonia dos \u00d3rg\u00e3os Fonoarticuladores;<\/li>\n<li>Interposi\u00e7\u00e3o de l\u00edngua ou ceceio frontal;<\/li>\n<li>Degluti\u00e7\u00e3o at\u00edpica e disfagia;<\/li>\n<li>Paralisia facial;<\/li>\n<li>Realiza\u00e7\u00e3o de laudos, relat\u00f3rios e\/ou encaminhamentos, quando necess\u00e1rio.<\/li>\n<\/ul>\n<h6><\/h6>\n<h6>Voz:<\/h6>\n<ul>\n<li>Avalia\u00e7\u00e3o cl\u00ednica perceptivo auditiva da voz;<\/li>\n<li>Avalia\u00e7\u00e3o instrumental (an\u00e1lise ac\u00fastica) da voz;<\/li>\n<li>Aprimoramento vocal;<\/li>\n<li>Reabilita\u00e7\u00e3o das disfonias (rouquid\u00e3o) por uso excessivo da voz e mau uso, por n\u00f3dulos vocais, paresia e paralisia lar\u00edngea, cisto vocal, sulco vocal, p\u00f3lipos, presbifonia, entre outros (em crian\u00e7as, adultos e idosos);<\/li>\n<li>Muda vocal incompleta;<\/li>\n<li>Disfonia psicog\u00eanica;<\/li>\n<li>Condicionamento vocal para profissionais de alta performance e demanda de uso de voz como \u201cYouTubers\u201d, cantores, atores, vendedores, locutores, palestrantes, entre outros);<\/li>\n<li>Terapia fonoaudiol\u00f3gica tradicional com a realiza\u00e7\u00e3o de exerc\u00edcios vocais, t\u00e9cnicas, orienta\u00e7\u00f5es e aplica\u00e7\u00e3o de recursos terap\u00eauticos adicionais, quando necess\u00e1rio, como: bandagem terap\u00eautica, eletroestimula\u00e7\u00e3o, fotobiomodula\u00e7\u00e3o, manobras e massagens;<\/li>\n<li>Realiza\u00e7\u00e3o de laudos, relat\u00f3rios e\/ou encaminhamentos, quando necess\u00e1rio.<\/li>\n<\/ul>\n<p>&nbsp;<\/p>\n<h6>Voz e g\u00eanero:<\/h6>\n<ul>\n<li>Terapia de voz e de comunica\u00e7\u00e3o (feminiza\u00e7\u00e3o vocal) para mulheres transg\u00eaneros e travestis;<\/li>\n<li>Terapia de voz e comunica\u00e7\u00e3o para homens transg\u00eanero;<\/li>\n<li>Terapia fonoaudiol\u00f3gica para pessoas n\u00e3o bin\u00e1rias;<\/li>\n<li>Aperfei\u00e7oamento da voz art\u00edstica de pessoas transg\u00eaneros e n\u00e3o bin\u00e1rias.<\/li>\n<\/ul>\n<p>[\/difl_faqitem][\/difl_faq][\/et_pb_column][\/et_pb_row][\/et_pb_section][et_pb_section fb_built=\u00bb1&#8243; disabled_on=\u00bboff|off|on\u00bb _builder_version=\u00bb4.22.2&#8243; _module_preset=\u00bbdefault\u00bb custom_padding=\u00bb0px||||false|false\u00bb global_colors_info=\u00bb{}\u00bb][et_pb_row _builder_version=\u00bb4.24.2&#8243; _module_preset=\u00bbdefault\u00bb width=\u00bb100%\u00bb max_width=\u00bb100%\u00bb custom_margin=\u00bb||||false|false\u00bb custom_padding=\u00bb0px|5px|0px|5px|true|true\u00bb border_color_all=\u00bb#c1eae9&#8243; global_colors_info=\u00bb{}\u00bb][et_pb_column type=\u00bb4_4&#8243; _builder_version=\u00bb4.22.2&#8243; _module_preset=\u00bbdefault\u00bb custom_padding=\u00bb20px||20px||true|false\u00bb border_radii=\u00bboff|20px|20px|20px|20px\u00bb border_width_all=\u00bb5px\u00bb border_color_all=\u00bb#13678a\u00bb global_colors_info=\u00bb{}\u00bb][difl_advanced_person ap_photo=\u00bbhttps:\/\/emfoco.med.br\/wp-content\/uploads\/2024\/11\/Daniela-Galli-Profile.webp\u00bb image_wrapper_max_width=\u00bb60%\u00bb ap_name=\u00bbDra. Daniela Galli \u00bb ap_description=\u00bb<\/p>\n<p>CRFa-SP <span style=%22font-weight: 400;%22>2-8980<\/span><span style=%22font-weight: 400;%22><\/span><\/p>\n<p><span style=%22font-weight: 400;%22><\/span>Especialista en voz CFF <span style=%22font-weight: 400;%22>5275\/10<\/span><span style=%22font-weight: 400;%22><\/span><\/p>\n<p>\u00bb module_wrapper_margin=\u00bb||40px||false|false\u00bb name_margin=\u00bb30px||||false|false\u00bb description_margin=\u00bb10px||||false|false\u00bb image_margin=\u00bb||||false|false\u00bb _builder_version=\u00bb4.27.2&#8243; _module_preset=\u00bbdefault\u00bb name_text_align=\u00bbcenter\u00bb description_text_align=\u00bbcenter\u00bb description_text_color=\u00bbrgba(10,10,10,0.56)\u00bb description_line_height=\u00bb0.5em\u00bb custom_margin=\u00bb||||false|false\u00bb custom_css_main_element=\u00bbtext-align: center;\u00bb border_radii_photo_border=\u00bbon|200px|200px|200px|200px\u00bb border_width_all_photo_border=\u00bb5px\u00bb border_color_all_photo_border=\u00bb#13678a\u00bb global_colors_info=\u00bb{}\u00bb][\/difl_advanced_person][difl_dual_button btn_left_background_bgcolor=\u00bb#13678a\u00bb btn_left_font_icon=\u00bb&#xe023;||divi||400&#8243; btn_left_icon_color=\u00bb#FFFFFF\u00bb btn_left_icon_placement=\u00bbleft\u00bb btn_right_background_background_image=\u00bbhttps:\/\/emfoco.med.br\/wp-content\/uploads\/2024\/02\/iconewhatsapp1.webp\u00bb btn_right_background_background_image_size=\u00bbfit\u00bb btn_right_background_size_width=\u00bb100%\u00bb btn_right_background_size_height=\u00bb100%\u00bb use_right_button_icon=\u00bboff\u00bb left_button=\u00bbReservar en l\u00ednea\u00bb left_button_url=\u00bbhttps:\/\/api.whatsapp.com\/send\/?phone=\u200e551132893195&amp;text=Ol%C3%A1%2C+vim+do+site+e+gostaria+de+mais+informa%C3%A7%C3%B5es+sobre+consulta+com+a+Dra.+Daniela+Galli.&amp;type=phone_number&amp;app_absent=0&#8243; left_button_target=\u00bbon\u00bb right_button=\u00bb_\u00bb right_button_url=\u00bbhttps:\/\/api.whatsapp.com\/send\/?phone=\u200e551132893195&amp;text=Ol%C3%A1%2C+vim+do+site+e+gostaria+de+mais+informa%C3%A7%C3%B5es+sobre+consulta+com+a+Dra.+Daniela+Galli.&amp;type=phone_number&amp;app_absent=0&#8243; right_button_target=\u00bbon\u00bb right_button_wrapper_margin=\u00bb|||20px|false|false\u00bb left_button_padding=\u00bb10px|40px|10px|40px|false|false\u00bb alignment=\u00bbcenter\u00bb _builder_version=\u00bb4.27.4&#8243; _module_preset=\u00bbdefault\u00bb left_button_text_color=\u00bb#FFFFFF\u00bb left_button_font_size=\u00bb16px\u00bb right_button_text_color=\u00bb#FFFFFF\u00bb right_button_font_size=\u00bb16px\u00bb border_radii_left_button=\u00bbon|10px|10px|10px|10px\u00bb global_colors_info=\u00bb{}\u00bb][\/difl_dual_button][et_pb_text _builder_version=\u00bb4.27.2&#8243; _module_preset=\u00bbdefault\u00bb header_2_font_size=\u00bb22px\u00bb header_2_line_height=\u00bb1.8em\u00bb header_3_font=\u00bb||||||||\u00bb header_3_text_color=\u00bb#116789&#8243; header_3_font_size=\u00bb17px\u00bb header_3_line_height=\u00bb2em\u00bb header_5_text_color=\u00bb#116789&#8243; header_5_line_height=\u00bb0.8em\u00bb width=\u00bb90%\u00bb module_alignment=\u00bbcenter\u00bb custom_margin=\u00bb||||false|true\u00bb custom_padding=\u00bb|25px||25px|false|true\u00bb global_colors_info=\u00bb{}\u00bb]<\/p>\n<h2>Mi historia<\/h2>\n<p class=\"font_6\">A  <a href=\"https:\/\/emfoco.med.br\/es\/dra-daniela-galli-logopedia-sao-paulo\/\">Dra. Daniela Martins Galli <\/a>  Es M\u00e1ster en Logopedia por la Pontificia Universidad Cat\u00f3lica de S\u00e3o Paulo y Especialista en Voz por la Irmandade da Santa Casa de Miseric\u00f3rdia de S\u00e3o Paulo. Es especialista en Voz por el Consejo Federal de Fonoaudiolog\u00eda y miembro de la Sociedad Brasile\u00f1a de Fonoaudiolog\u00eda, colaborando con los departamentos de Voz y Salud Colectiva.   <\/p>\n<p>[\/et_pb_text][difl_faq faq_layout=\u00bbtoggle\u00bb close_icon_color=\u00bb#13678a\u00bb faq_wrapper_margin=\u00bb30px|10px|30px|10px|false|true\u00bb faq_item_wrapper_margin=\u00bb||||false|false\u00bb faq_item_per_column_tablet=\u00bb2&#8243; faq_item_per_column_phone=\u00bb1&#8243; faq_item_per_column_last_edited=\u00bbon|desktop\u00bb _builder_version=\u00bb4.27.2&#8243; _module_preset=\u00bbdefault\u00bb question_text_font_size=\u00bb18px\u00bb border_width_all_faq_item_wrapper_border=\u00bb0px\u00bb locked=\u00bboff\u00bb global_colors_info=\u00bb{}\u00bb que_wrapper_bg_bgcolor__hover=\u00bb1px||||false|false\u00bb que_wrapper_bg_bgcolor__hover_enabled=\u00bbon|hover\u00bb][difl_faqitem question=\u00bbEspecialidade m\u00e9dica\u00bb ans_img_padding=\u00bb||||false|false\u00bb _builder_version=\u00bb4.27.2&#8243; global_colors_info=\u00bb{}\u00bb que_wrapper_bg_bgcolor__hover=\u00bb1px||||false|false\u00bb que_wrapper_bg_bgcolor__hover_enabled=\u00bbon|hover\u00bb]<\/p>\n<p>Fonoaudiologia<\/p>\n<p>[\/difl_faqitem][difl_faqitem question=\u00bbSubespecializa\u00e7\u00f5es\u00bb ans_img_padding=\u00bb||||false|false\u00bb _builder_version=\u00bb4.27.2&#8243; global_colors_info=\u00bb{}\u00bb que_wrapper_bg_bgcolor__hover=\u00bb1px||||false|false\u00bb que_wrapper_bg_bgcolor__hover_enabled=\u00bbon|hover\u00bb]<\/p>\n<p>Voz<\/p>\n<p>[\/difl_faqitem][difl_faqitem question=\u00bbHospitais de refer\u00eancia\u00bb ans_img_padding=\u00bb||||false|false\u00bb _builder_version=\u00bb4.27.2&#8243; global_colors_info=\u00bb{}\u00bb que_wrapper_bg_bgcolor__hover=\u00bb1px||||false|false\u00bb que_wrapper_bg_bgcolor__hover_enabled=\u00bbon|hover\u00bb]<\/p>\n<p>Instituto de Infectologia Em\u00edlio Ribas<\/p>\n<p>Santa Casa de Miseric\u00f3rdia de S\u00e3o Paulo<\/p>\n<p>Hospital Paulista de Otorrinolaringologia<\/p>\n<p>Hospital do Servidor P\u00fablico Estadual &#8211; SP<\/p>\n<p>Hospital Infantil Darcy Vargas<\/p>\n<p>[\/difl_faqitem][difl_faqitem question=\u00bbForma\u00e7\u00e3o profissional\u00bb ans_img_padding=\u00bb||||false|false\u00bb _builder_version=\u00bb4.27.2&#8243; global_colors_info=\u00bb{}\u00bb que_wrapper_bg_bgcolor__hover=\u00bb1px||||false|false\u00bb que_wrapper_bg_bgcolor__hover_enabled=\u00bbon|hover\u00bb]<\/p>\n<h6 class=\"font_6\">Gradua\u00e7\u00e3o:<\/h6>\n<ul>\n<li class=\"font_6\">Fonoaudiologia pela Pontif\u00edcia Universidade Cat\u00f3lica de S\u00e3o Paulo (PUC-SP)<\/li>\n<\/ul>\n<p>&nbsp;<\/p>\n<h6>Especializa\u00e7\u00f5es e aperfei\u00e7oamentos:<\/h6>\n<ul>\n<li>Mestrado em Comunica\u00e7\u00e3o Humana e Sa\u00fade pela Pontif\u00edcia Universidade Cat\u00f3lica de S\u00e3o Paulo (PUC-SP)<\/li>\n<li>Especialista em Voz pelo Conselho Federal de Fonoaudiologia (CFF)<\/li>\n<li>Aprimoramento em Sa\u00fade Coletiva pela Pontif\u00edcia Universidade Cat\u00f3lica de S\u00e3o Paulo (PUC-SP)<\/li>\n<\/ul>\n<ul class=\"font_6\"><\/ul>\n<ul class=\"font_6\"><\/ul>\n<ul class=\"font_6\"><\/ul>\n<ul class=\"font_6\"><\/ul>\n<ul class=\"font_6\"><\/ul>\n<p>[\/difl_faqitem][difl_faqitem question=\u00bb\u00c1reas de atua\u00e7\u00e3o e experi\u00eancia profissional\u00bb ans_img_padding=\u00bb||||false|false\u00bb _builder_version=\u00bb4.27.2&#8243; global_colors_info=\u00bb{}\u00bb que_wrapper_bg_bgcolor__hover=\u00bb1px||||false|false\u00bb que_wrapper_bg_bgcolor__hover_enabled=\u00bbon|hover\u00bb]<\/p>\n<h6>Comunica\u00e7\u00e3o, dic\u00e7\u00e3o e orat\u00f3ria:<\/h6>\n<ul>\n<li>Avalia\u00e7\u00e3o e diagn\u00f3stico da fala, linguagem, voz e motricidade orofacial envolvidas na performance comunicativa;<\/li>\n<li>Levantamento das necessidades e demandas na comunica\u00e7\u00e3o verbal e n\u00e3o-verbal;<\/li>\n<li>Desenvolvimento dos recursos e habilidades comunicativas;<\/li>\n<li>Treinamento da comunica\u00e7\u00e3o com a realiza\u00e7\u00e3o de exerc\u00edcios e t\u00e9cnicas vocais;<\/li>\n<li>Conscientiza\u00e7\u00e3o e desenvolvimento da pot\u00eancia da voz e comunica\u00e7\u00e3o para perder o medo de falar em p\u00fablico;<\/li>\n<li>Prepara\u00e7\u00e3o para apresenta\u00e7\u00f5es orais, reuni\u00f5es e exposi\u00e7\u00f5es em p\u00fablico;<\/li>\n<li>Prepara\u00e7\u00e3o para apresenta\u00e7\u00f5es acad\u00eamicas como semin\u00e1rios, defesas de mestrado e doutorado, etc), sustenta\u00e7\u00e3o oral e exame da OAB;<\/li>\n<li>Prepara\u00e7\u00e3o para entrevistas, videocurr\u00edculo, sele\u00e7\u00f5es, recrutamento e produ\u00e7\u00e3o de conte\u00fado digital.<\/li>\n<\/ul>\n<p>&nbsp;<\/p>\n<h6>Linguagem e fala:<\/h6>\n<ul>\n<li>Estimula\u00e7\u00e3o, desenvolvimento e reabilita\u00e7\u00e3o dos dist\u00farbios da linguagem oral, fala e escrita em crian\u00e7as, provenientes ou n\u00e3o de les\u00f5es neurol\u00f3gicas ou fatores ambientais;<\/li>\n<li>Trabalho com pais e escolas no caso de crian\u00e7as com transtornos de linguagem;<\/li>\n<li>Atraso no desenvolvimento de linguagem e fala;<\/li>\n<li>Dist\u00farbio espec\u00edfico de linguagem;<\/li>\n<li>Altera\u00e7\u00e3o dos Processos Fon\u00e9tico-Fonol\u00f3gicos;<\/li>\n<li>Troca de letras na fala e na escrita;<\/li>\n<li>Dislalia, discalculia, disgrafia, disortografia, dislexia, dist\u00farbios do aprendizado em geral;<\/li>\n<li>Dificuldades no processo de alfabetiza\u00e7\u00e3o;<\/li>\n<li>Disflu\u00eancia e Gagueira;<\/li>\n<li>Realiza\u00e7\u00e3o de laudos, relat\u00f3rios e\/ou encaminhamentos, quando necess\u00e1rio.<\/li>\n<\/ul>\n<p>&nbsp;<\/p>\n<h6>Motricidade orofacial:<\/h6>\n<ul>\n<li>Reabilita\u00e7\u00e3o das estruturas orofaciais envolvidas nas fun\u00e7\u00f5es de respira\u00e7\u00e3o, suc\u00e7\u00e3o, mastiga\u00e7\u00e3o, degluti\u00e7\u00e3o, express\u00e3o facial e articula\u00e7\u00e3o da fala;<\/li>\n<li>Ronco e apneia do sono;<\/li>\n<li>Dist\u00farbios temporomandibulares;<\/li>\n<li>Bruxismo;<\/li>\n<li>Hipotonia dos \u00d3rg\u00e3os Fonoarticuladores;<\/li>\n<li>Interposi\u00e7\u00e3o de l\u00edngua ou ceceio frontal;<\/li>\n<li>Degluti\u00e7\u00e3o at\u00edpica e disfagia;<\/li>\n<li>Paralisia facial;<\/li>\n<li>Realiza\u00e7\u00e3o de laudos, relat\u00f3rios e\/ou encaminhamentos, quando necess\u00e1rio.<\/li>\n<\/ul>\n<h6><\/h6>\n<h6>Voz:<\/h6>\n<ul>\n<li>Avalia\u00e7\u00e3o cl\u00ednica perceptivo auditiva da voz;<\/li>\n<li>Avalia\u00e7\u00e3o instrumental (an\u00e1lise ac\u00fastica) da voz;<\/li>\n<li>Aprimoramento vocal;<\/li>\n<li>Reabilita\u00e7\u00e3o das disfonias (rouquid\u00e3o) por uso excessivo da voz e mau uso, por n\u00f3dulos vocais, paresia e paralisia lar\u00edngea, cisto vocal, sulco vocal, p\u00f3lipos, presbifonia, entre outros (em crian\u00e7as, adultos e idosos);<\/li>\n<li>Muda vocal incompleta;<\/li>\n<li>Disfonia psicog\u00eanica;<\/li>\n<li>Condicionamento vocal para profissionais de alta performance e demanda de uso de voz como \u201cYouTubers\u201d, cantores, atores, vendedores, locutores, palestrantes, entre outros);<\/li>\n<li>Terapia fonoaudiol\u00f3gica tradicional com a realiza\u00e7\u00e3o de exerc\u00edcios vocais, t\u00e9cnicas, orienta\u00e7\u00f5es e aplica\u00e7\u00e3o de recursos terap\u00eauticos adicionais, quando necess\u00e1rio, como: bandagem terap\u00eautica, eletroestimula\u00e7\u00e3o, fotobiomodula\u00e7\u00e3o, manobras e massagens;<\/li>\n<li>Realiza\u00e7\u00e3o de laudos, relat\u00f3rios e\/ou encaminhamentos, quando necess\u00e1rio.<\/li>\n<\/ul>\n<p>&nbsp;<\/p>\n<h6>Voz e g\u00eanero:<\/h6>\n<ul>\n<li>Terapia de voz e de comunica\u00e7\u00e3o (feminiza\u00e7\u00e3o vocal) para mulheres transg\u00eaneros e travestis;<\/li>\n<li>Terapia de voz e comunica\u00e7\u00e3o para homens transg\u00eanero;<\/li>\n<li>Terapia fonoaudiol\u00f3gica para pessoas n\u00e3o bin\u00e1rias;<\/li>\n<li>Aperfei\u00e7oamento da voz art\u00edstica de pessoas transg\u00eaneros e n\u00e3o bin\u00e1rias.<\/li>\n<\/ul>\n<p>[\/difl_faqitem][\/difl_faq][\/et_pb_column][\/et_pb_row][\/et_pb_section][et_pb_section fb_built=\u00bb1&#8243; disabled_on=\u00bbon|on|off\u00bb _builder_version=\u00bb4.23&#8243; _module_preset=\u00bbdefault\u00bb custom_padding=\u00bb0px||||false|false\u00bb global_colors_info=\u00bb{}\u00bb][et_pb_row column_structure=\u00bb1_5,1_5,1_5,1_5,1_5&#8243; _builder_version=\u00bb4.27.2&#8243; _module_preset=\u00bbdefault\u00bb width=\u00bb85%\u00bb max_width=\u00bb100%\u00bb global_colors_info=\u00bb{}\u00bb][et_pb_column type=\u00bb1_5&#8243; _builder_version=\u00bb4.23&#8243; _module_preset=\u00bbdefault\u00bb global_colors_info=\u00bb{}\u00bb][et_pb_image src=\u00bbhttps:\/\/emfoco.med.br\/wp-content\/uploads\/2024\/11\/1.-Comunicacao-diccao-e-oratoria-copiar.webp\u00bb title_text=\u00bb1. Dicci\u00f3n comunicativa y copia oratoria\u00bb _builder_version=\u00bb4.27.2&#8243; _module_preset=\u00bbdefault\u00bb width=\u00bb50%\u00bb module_alignment=\u00bbcenter\u00bb global_colors_info=\u00bb{}\u00bb][\/et_pb_image][et_pb_text _builder_version=\u00bb4.27.2&#8243; _module_preset=\u00bbdefault\u00bb header_2_font_size=\u00bb19px\u00bb header_2_line_height=\u00bb1.8em\u00bb header_5_text_color=\u00bb#116789&#8243; header_5_line_height=\u00bb1.1em\u00bb text_orientation=\u00bbcenter\u00bb custom_margin=\u00bb-15px||||false|false\u00bb locked=\u00bboff\u00bb global_colors_info=\u00bb{}\u00bb]<\/p>\n<h2>Comunicaci\u00f3n, dicci\u00f3n y oratoria<\/h2>\n<p>[\/et_pb_text][\/et_pb_column][et_pb_column type=\u00bb1_5&#8243; _builder_version=\u00bb4.23&#8243; _module_preset=\u00bbdefault\u00bb global_colors_info=\u00bb{}\u00bb][et_pb_image src=\u00bbhttps:\/\/emfoco.med.br\/wp-content\/uploads\/2024\/11\/2.-Linguagem-e-fala-copiar.webp\u00bb title_text=\u00bb2. Copia de lenguaje y habla\u00bb _builder_version=\u00bb4.27.2&#8243; _module_preset=\u00bbdefault\u00bb width=\u00bb50%\u00bb module_alignment=\u00bbcenter\u00bb global_colors_info=\u00bb{}\u00bb][\/et_pb_image][et_pb_text _builder_version=\u00bb4.27.2&#8243; _module_preset=\u00bbdefault\u00bb header_2_font_size=\u00bb19px\u00bb header_2_line_height=\u00bb1.8em\u00bb header_5_text_color=\u00bb#116789&#8243; header_5_line_height=\u00bb1.1em\u00bb text_orientation=\u00bbcenter\u00bb custom_margin=\u00bb-15px||||false|false\u00bb locked=\u00bboff\u00bb global_colors_info=\u00bb{}\u00bb]<\/p>\n<h2>Lengua y habla<\/h2>\n<p>[\/et_pb_text][\/et_pb_column][et_pb_column type=\u00bb1_5&#8243; _builder_version=\u00bb4.23&#8243; _module_preset=\u00bbdefault\u00bb global_colors_info=\u00bb{}\u00bb][et_pb_image src=\u00bbhttps:\/\/emfoco.med.br\/wp-content\/uploads\/2024\/11\/3.-Motricidade-orofacial-copiar.webp\u00bb title_text=\u00bb3. Copia de habilidades motoras orofaciales\u00bb _builder_version=\u00bb4.27.2&#8243; _module_preset=\u00bbdefault\u00bb width=\u00bb50%\u00bb module_alignment=\u00bbcenter\u00bb global_colors_info=\u00bb{}\u00bb][\/et_pb_image][et_pb_text _builder_version=\u00bb4.27.2&#8243; _module_preset=\u00bbdefault\u00bb header_2_font_size=\u00bb19px\u00bb header_2_line_height=\u00bb1.8em\u00bb header_5_text_color=\u00bb#116789&#8243; header_5_line_height=\u00bb1.1em\u00bb text_orientation=\u00bbcenter\u00bb custom_margin=\u00bb-15px||||false|false\u00bb locked=\u00bboff\u00bb global_colors_info=\u00bb{}\u00bb]<\/p>\n<h2>Motricidad orofacial<\/h2>\n<p>[\/et_pb_text][\/et_pb_column][et_pb_column type=\u00bb1_5&#8243; _builder_version=\u00bb4.23&#8243; _module_preset=\u00bbdefault\u00bb global_colors_info=\u00bb{}\u00bb][et_pb_image src=\u00bbhttps:\/\/emfoco.med.br\/wp-content\/uploads\/2024\/11\/4.-Voz-copiar.webp\u00bb title_text=\u00bb4. Copia de voz\u00bb _builder_version=\u00bb4.27.2&#8243; _module_preset=\u00bbdefault\u00bb width=\u00bb50%\u00bb module_alignment=\u00bbcenter\u00bb global_colors_info=\u00bb{}\u00bb][\/et_pb_image][et_pb_text _builder_version=\u00bb4.27.2&#8243; _module_preset=\u00bbdefault\u00bb header_2_font_size=\u00bb19px\u00bb header_2_line_height=\u00bb1.8em\u00bb header_5_text_color=\u00bb#116789&#8243; header_5_line_height=\u00bb1.1em\u00bb text_orientation=\u00bbcenter\u00bb custom_margin=\u00bb-15px||||false|false\u00bb locked=\u00bboff\u00bb global_colors_info=\u00bb{}\u00bb]<\/p>\n<h2>Voz<\/h2>\n<p>[\/et_pb_text][\/et_pb_column][et_pb_column type=\u00bb1_5&#8243; _builder_version=\u00bb4.23&#8243; _module_preset=\u00bbdefault\u00bb global_colors_info=\u00bb{}\u00bb][et_pb_image src=\u00bbhttps:\/\/emfoco.med.br\/wp-content\/uploads\/2024\/11\/5.-Voz-e-genero-copiar.webp\u00bb title_text=\u00bb5. Voz y copia de g\u00e9nero\u00bb _builder_version=\u00bb4.27.2&#8243; _module_preset=\u00bbdefault\u00bb width=\u00bb50%\u00bb module_alignment=\u00bbcenter\u00bb global_colors_info=\u00bb{}\u00bb][\/et_pb_image][et_pb_text _builder_version=\u00bb4.27.2&#8243; _module_preset=\u00bbdefault\u00bb header_2_font_size=\u00bb19px\u00bb header_2_line_height=\u00bb1.8em\u00bb header_5_text_color=\u00bb#116789&#8243; header_5_line_height=\u00bb1.1em\u00bb text_orientation=\u00bbcenter\u00bb custom_margin=\u00bb-15px||||false|false\u00bb locked=\u00bboff\u00bb global_colors_info=\u00bb{}\u00bb]<\/p>\n<h2>Voz y g\u00e9nero<\/h2>\n<p>[\/et_pb_text][\/et_pb_column][\/et_pb_row][et_pb_row disabled_on=\u00bbon|on|off\u00bb _builder_version=\u00bb4.25.0&#8243; _module_preset=\u00bbdefault\u00bb global_colors_info=\u00bb{}\u00bb][et_pb_column type=\u00bb4_4&#8243; _builder_version=\u00bb4.25.0&#8243; _module_preset=\u00bbdefault\u00bb global_colors_info=\u00bb{}\u00bb][et_pb_video src=\u00bbhttps:\/\/www.youtube.com\/watch?v=bOga82pwM2M\u00bb _builder_version=\u00bb4.27.2&#8243; _module_preset=\u00bbdefault\u00bb global_colors_info=\u00bb{}\u00bb][\/et_pb_video][\/et_pb_column][\/et_pb_row][et_pb_row _builder_version=\u00bb4.25.0&#8243; _module_preset=\u00bbdefault\u00bb custom_margin=\u00bb||||false|false\u00bb global_colors_info=\u00bb{}\u00bb][et_pb_column type=\u00bb4_4&#8243; _builder_version=\u00bb4.24.0&#8243; _module_preset=\u00bbdefault\u00bb global_colors_info=\u00bb{}\u00bb][et_pb_button button_url=\u00bbhttps:\/\/api.whatsapp.com\/send\/?phone=\u200e551132893195&amp;text=Ol%C3%A1%2C+vim+do+site+e+gostaria+de+mais+informa%C3%A7%C3%B5es+sobre+consulta+com+a+Dra.+Daniela+Galli.&amp;type=phone_number&amp;app_absent=0&#8243; url_new_window=\u00bbon\u00bb button_text=\u00bbReserve su cita\u00bb button_alignment=\u00bbcenter\u00bb _builder_version=\u00bb4.27.4&#8243; _module_preset=\u00bbdefault\u00bb custom_button=\u00bbon\u00bb button_text_color=\u00bb#FFFFFF\u00bb button_bg_color=\u00bb#196586&#8243; button_border_color=\u00bb#196586&#8243; button_border_radius=\u00bb20px\u00bb button_font=\u00bb|600|||||||\u00bb button_icon=\u00bb&#x45;||divi||400&#8243; button_icon_color=\u00bb#FFFFFF\u00bb button_on_hover=\u00bboff\u00bb custom_margin=\u00bb15px||||false|false\u00bb button_text_size_tablet=\u00bb18px\u00bb button_text_size_phone=\u00bb13px\u00bb button_text_size_last_edited=\u00bbon|tablet\u00bb global_colors_info=\u00bb{}\u00bb][\/et_pb_button][\/et_pb_column][\/et_pb_row][\/et_pb_section][et_pb_section fb_built=\u00bb1&#8243; disabled_on=\u00bboff|off|on\u00bb _builder_version=\u00bb4.23&#8243; _module_preset=\u00bbdefault\u00bb custom_padding=\u00bb0px||||false|false\u00bb global_colors_info=\u00bb{}\u00bb][et_pb_row _builder_version=\u00bb4.23.1&#8243; _module_preset=\u00bbdefault\u00bb width=\u00bb70%\u00bb max_width=\u00bb100%\u00bb global_colors_info=\u00bb{}\u00bb][et_pb_column type=\u00bb4_4&#8243; _builder_version=\u00bb4.23&#8243; _module_preset=\u00bbdefault\u00bb global_colors_info=\u00bb{}\u00bb][et_pb_image src=\u00bbhttps:\/\/emfoco.med.br\/wp-content\/uploads\/2024\/11\/1.-Comunicacao-diccao-e-oratoria-copiar.webp\u00bb title_text=\u00bb1. Dicci\u00f3n comunicativa y copia oratoria\u00bb _builder_version=\u00bb4.27.2&#8243; _module_preset=\u00bbdefault\u00bb width=\u00bb50%\u00bb module_alignment=\u00bbcenter\u00bb global_colors_info=\u00bb{}\u00bb][\/et_pb_image][et_pb_text _builder_version=\u00bb4.27.2&#8243; _module_preset=\u00bbdefault\u00bb header_2_font_size=\u00bb19px\u00bb header_2_line_height=\u00bb1.8em\u00bb header_5_text_color=\u00bb#116789&#8243; header_5_line_height=\u00bb1.1em\u00bb text_orientation=\u00bbcenter\u00bb custom_margin=\u00bb-15px||||false|false\u00bb locked=\u00bboff\u00bb global_colors_info=\u00bb{}\u00bb]<\/p>\n<h2>Comunicaci\u00f3n, dicci\u00f3n y oratoria<\/h2>\n<p>[\/et_pb_text][et_pb_image src=\u00bbhttps:\/\/emfoco.med.br\/wp-content\/uploads\/2024\/11\/2.-Linguagem-e-fala-copiar.webp\u00bb title_text=\u00bb2. Copia de lenguaje y habla\u00bb _builder_version=\u00bb4.27.2&#8243; _module_preset=\u00bbdefault\u00bb width=\u00bb50%\u00bb module_alignment=\u00bbcenter\u00bb global_colors_info=\u00bb{}\u00bb][\/et_pb_image][et_pb_text _builder_version=\u00bb4.27.2&#8243; _module_preset=\u00bbdefault\u00bb header_2_font_size=\u00bb19px\u00bb header_2_line_height=\u00bb1.8em\u00bb header_5_text_color=\u00bb#116789&#8243; header_5_line_height=\u00bb1.1em\u00bb text_orientation=\u00bbcenter\u00bb custom_margin=\u00bb-30px||||false|false\u00bb locked=\u00bboff\u00bb global_colors_info=\u00bb{}\u00bb]<\/p>\n<h2>Lengua y habla<\/h2>\n<p>[\/et_pb_text][et_pb_image src=\u00bbhttps:\/\/emfoco.med.br\/wp-content\/uploads\/2024\/11\/3.-Motricidade-orofacial-copiar.webp\u00bb title_text=\u00bb3. Copia de habilidades motoras orofaciales\u00bb _builder_version=\u00bb4.27.2&#8243; _module_preset=\u00bbdefault\u00bb width=\u00bb50%\u00bb module_alignment=\u00bbcenter\u00bb global_colors_info=\u00bb{}\u00bb][\/et_pb_image][et_pb_text _builder_version=\u00bb4.27.2&#8243; _module_preset=\u00bbdefault\u00bb header_2_font_size=\u00bb19px\u00bb header_2_line_height=\u00bb1.8em\u00bb header_5_text_color=\u00bb#116789&#8243; header_5_line_height=\u00bb1.1em\u00bb text_orientation=\u00bbcenter\u00bb custom_margin=\u00bb-30px||||false|false\u00bb locked=\u00bboff\u00bb global_colors_info=\u00bb{}\u00bb]<\/p>\n<h2>Motricidad orofacial<\/h2>\n<p>[\/et_pb_text][\/et_pb_column][\/et_pb_row][et_pb_row _builder_version=\u00bb4.23.1&#8243; _module_preset=\u00bbdefault\u00bb width=\u00bb70%\u00bb max_width=\u00bb100%\u00bb global_colors_info=\u00bb{}\u00bb][et_pb_column type=\u00bb4_4&#8243; _builder_version=\u00bb4.23&#8243; _module_preset=\u00bbdefault\u00bb global_colors_info=\u00bb{}\u00bb][et_pb_image src=\u00bbhttps:\/\/emfoco.med.br\/wp-content\/uploads\/2024\/11\/4.-Voz-copiar.webp\u00bb title_text=\u00bb4. Copia de voz\u00bb _builder_version=\u00bb4.27.2&#8243; _module_preset=\u00bbdefault\u00bb width=\u00bb50%\u00bb module_alignment=\u00bbcenter\u00bb global_colors_info=\u00bb{}\u00bb][\/et_pb_image][et_pb_text _builder_version=\u00bb4.27.2&#8243; _module_preset=\u00bbdefault\u00bb header_2_font_size=\u00bb19px\u00bb header_2_line_height=\u00bb1.8em\u00bb header_5_text_color=\u00bb#116789&#8243; header_5_line_height=\u00bb1.1em\u00bb text_orientation=\u00bbcenter\u00bb custom_margin=\u00bb-15px||||false|false\u00bb locked=\u00bboff\u00bb global_colors_info=\u00bb{}\u00bb]<\/p>\n<h2>Voz<\/h2>\n<p>[\/et_pb_text][et_pb_image src=\u00bbhttps:\/\/emfoco.med.br\/wp-content\/uploads\/2024\/11\/5.-Voz-e-genero-copiar.webp\u00bb title_text=\u00bb5. Voz y copia de g\u00e9nero\u00bb _builder_version=\u00bb4.27.2&#8243; _module_preset=\u00bbdefault\u00bb width=\u00bb50%\u00bb module_alignment=\u00bbcenter\u00bb global_colors_info=\u00bb{}\u00bb][\/et_pb_image][et_pb_text _builder_version=\u00bb4.27.2&#8243; _module_preset=\u00bbdefault\u00bb header_2_font_size=\u00bb19px\u00bb header_2_line_height=\u00bb1.8em\u00bb header_5_text_color=\u00bb#116789&#8243; header_5_line_height=\u00bb1.1em\u00bb text_orientation=\u00bbcenter\u00bb custom_margin=\u00bb-15px||||false|false\u00bb locked=\u00bboff\u00bb global_colors_info=\u00bb{}\u00bb]<\/p>\n<h2>Voz y g\u00e9nero<\/h2>\n<p>[\/et_pb_text][\/et_pb_column][\/et_pb_row][et_pb_row disabled_on=\u00bboff|off|on\u00bb _builder_version=\u00bb4.25.0&#8243; _module_preset=\u00bbdefault\u00bb locked=\u00bboff\u00bb global_colors_info=\u00bb{}\u00bb][et_pb_column type=\u00bb4_4&#8243; _builder_version=\u00bb4.25.0&#8243; _module_preset=\u00bbdefault\u00bb global_colors_info=\u00bb{}\u00bb][et_pb_video src=\u00bbhttps:\/\/www.youtube.com\/watch?v=bOga82pwM2M\u00bb _builder_version=\u00bb4.27.2&#8243; _module_preset=\u00bbdefault\u00bb global_colors_info=\u00bb{}\u00bb][\/et_pb_video][\/et_pb_column][\/et_pb_row][et_pb_row _builder_version=\u00bb4.24.0&#8243; _module_preset=\u00bbdefault\u00bb custom_margin=\u00bb-21px||||false|false\u00bb global_colors_info=\u00bb{}\u00bb][et_pb_column type=\u00bb4_4&#8243; _builder_version=\u00bb4.24.0&#8243; _module_preset=\u00bbdefault\u00bb global_colors_info=\u00bb{}\u00bb][et_pb_button button_url=\u00bbhttps:\/\/api.whatsapp.com\/send\/?phone=\u200e551132893195&amp;text=Ol%C3%A1%2C+vim+do+site+e+gostaria+de+mais+informa%C3%A7%C3%B5es+sobre+consulta+com+a+Dra.+Daniela+Galli.&amp;type=phone_number&amp;app_absent=0&#8243; url_new_window=\u00bbon\u00bb button_text=\u00bbReserve su cita\u00bb button_alignment=\u00bbcenter\u00bb _builder_version=\u00bb4.27.4&#8243; _module_preset=\u00bbdefault\u00bb custom_button=\u00bbon\u00bb button_text_color=\u00bb#FFFFFF\u00bb button_bg_color=\u00bb#196586&#8243; button_border_color=\u00bb#196586&#8243; button_border_radius=\u00bb20px\u00bb button_font=\u00bb|600|||||||\u00bb button_icon=\u00bb&#x45;||divi||400&#8243; button_icon_color=\u00bb#FFFFFF\u00bb button_on_hover=\u00bboff\u00bb button_text_size_tablet=\u00bb18px\u00bb button_text_size_phone=\u00bb13px\u00bb button_text_size_last_edited=\u00bbon|tablet\u00bb global_colors_info=\u00bb{}\u00bb][\/et_pb_button][\/et_pb_column][\/et_pb_row][\/et_pb_section]<\/p>\n","protected":false},"excerpt":{"rendered":"<p>Conozca a la Dra. Daniela Galli, m\u00e1ster en Logopedia y Audiolog\u00eda por la Pontificia Universidad Cat\u00f3lica de S\u00e3o Paulo y especializada en Voz. <\/p>\n","protected":false},"author":1,"featured_media":295990,"comment_status":"open","ping_status":"closed","template":"","meta":{"_et_pb_use_builder":"on","_et_pb_old_content":"","_et_gb_content_width":"","rank_math_focus_keyword":"daniela galli","rank_math_title":"Dra. Daniela Galli ","rank_math_description":"Conozca a la Dra. Daniela Galli, m\u00e1ster en Logopedia y Audiolog\u00eda por la Pontificia Universidad Cat\u00f3lica de S\u00e3o Paulo y especializada en Voz. ","rank_math_og_title":"","rank_math_og_description":"","rank_math_og_image":"","rank_math_og_image_id":"","rank_math_twitter_title":"","rank_math_twitter_description":"","rank_math_twitter_image":"","rank_math_canonical_url":"","rank_math_robots":"","rank_math_rich_snippet":"","rank_math_snippet_name":"","rank_math_snippet_desc":"","rank_math_seo_score":"","rank_math_pillar_content":"","footnotes":""},"false":[],"class_list":["post-295988","project","type-project","status-publish","has-post-thumbnail","hentry","project_category-logopedia"],"_links":{"self":[{"href":"https:\/\/emfoco.med.br\/es\/wp-json\/wp\/v2\/project\/295988","targetHints":{"allow":["GET"]}}],"collection":[{"href":"https:\/\/emfoco.med.br\/es\/wp-json\/wp\/v2\/project"}],"about":[{"href":"https:\/\/emfoco.med.br\/es\/wp-json\/wp\/v2\/types\/project"}],"author":[{"embeddable":true,"href":"https:\/\/emfoco.med.br\/es\/wp-json\/wp\/v2\/users\/1"}],"replies":[{"embeddable":true,"href":"https:\/\/emfoco.med.br\/es\/wp-json\/wp\/v2\/comments?post=295988"}],"version-history":[{"count":1,"href":"https:\/\/emfoco.med.br\/es\/wp-json\/wp\/v2\/project\/295988\/revisions"}],"predecessor-version":[{"id":296002,"href":"https:\/\/emfoco.med.br\/es\/wp-json\/wp\/v2\/project\/295988\/revisions\/296002"}],"wp:featuredmedia":[{"embeddable":true,"href":"https:\/\/emfoco.med.br\/es\/wp-json\/wp\/v2\/media\/295990"}],"wp:attachment":[{"href":"https:\/\/emfoco.med.br\/es\/wp-json\/wp\/v2\/media?parent=295988"}],"wp:term":[{"taxonomy":"project_category","embeddable":true,"href":"https:\/\/emfoco.med.br\/es\/wp-json\/wp\/v2\/false?post=295988"},{"taxonomy":"project_tag","embeddable":true,"href":"https:\/\/emfoco.med.br\/es\/wp-json\/wp\/v2\/false?post=295988"}],"curies":[{"name":"wp","href":"https:\/\/api.w.org\/{rel}","templated":true}]}}