{"id":296016,"date":"2024-11-05T10:11:22","date_gmt":"2024-11-05T13:11:22","guid":{"rendered":"https:\/\/emfoco.med.br\/dr-gabriel-picarelli\/"},"modified":"2025-08-28T08:50:29","modified_gmt":"2025-08-28T11:50:29","slug":"dr-gabriel-picarelli","status":"publish","type":"project","link":"https:\/\/emfoco.med.br\/es\/project\/dr-gabriel-picarelli\/","title":{"rendered":"Dr. Gabriel Picarelli"},"content":{"rendered":"<p>[et_pb_section fb_built=\u00bb1&#8243; disabled_on=\u00bbon|on|off\u00bb _builder_version=\u00bb4.24.2&#8243; _module_preset=\u00bbdefault\u00bb custom_padding=\u00bb10px||||false|false\u00bb global_colors_info=\u00bb{}\u00bb][et_pb_row column_structure=\u00bb1_3,2_3&#8243; use_custom_gutter=\u00bbon\u00bb gutter_width=\u00bb1&#8243; make_equal=\u00bbon\u00bb _builder_version=\u00bb4.27.2&#8243; _module_preset=\u00bbdefault\u00bb width=\u00bb90%\u00bb max_width=\u00bb100%\u00bb custom_margin=\u00bb||||false|false\u00bb custom_padding=\u00bb0px|20px|0px|20px|true|true\u00bb border_color_all=\u00bb#c1eae9&#8243; global_colors_info=\u00bb{}\u00bb][et_pb_column type=\u00bb1_3&#8243; _builder_version=\u00bb4.27.2&#8243; _module_preset=\u00bbdefault\u00bb custom_padding=\u00bb20px||20px||true|false\u00bb border_radii=\u00bboff|20px|||20px\u00bb border_width_all=\u00bb5px\u00bb border_color_all=\u00bb#13678a\u00bb global_colors_info=\u00bb{}\u00bb][difl_advanced_person ap_photo=\u00bbhttps:\/\/emfoco.med.br\/wp-content\/uploads\/2024\/11\/Gabriel-Picarelli-Profile-Carrossel.webp\u00bb ap_name=\u00bbDr. Gabriel Picarelli\u00bb ap_description=\u00bb<\/p>\n<p>CRM-SP <span style=%22font-weight: 400;%22>135780<\/span><\/p>\n<p>RQE <span style=%22font-weight: 400;%22>46641<\/span><\/p>\n<p>RQE <span style=%22font-weight: 400;%22>46641-1<\/span><\/p>\n<p>\u00bb ap_name_tag=\u00bbh1&#8243; module_wrapper_margin=\u00bb||40px||false|false\u00bb name_margin=\u00bb30px||||false|false\u00bb description_margin=\u00bb10px||||false|false\u00bb image_margin=\u00bb||||false|false\u00bb _builder_version=\u00bb4.27.4&#8243; _module_preset=\u00bbdefault\u00bb name_text_align=\u00bbcenter\u00bb name_font_size=\u00bb28px\u00bb description_text_align=\u00bbcenter\u00bb description_text_color=\u00bbrgba(10,10,10,0.56)\u00bb description_font_size=\u00bb18px\u00bb description_line_height=\u00bb0.5em\u00bb custom_margin=\u00bb||||false|false\u00bb custom_css_main_element=\u00bbtext-align: center;\u00bb border_radii_photo_border=\u00bbon|200px|200px|200px|200px\u00bb border_width_all_photo_border=\u00bb5px\u00bb border_color_all_photo_border=\u00bb#13678a\u00bb global_colors_info=\u00bb{}\u00bb][\/difl_advanced_person][difl_dual_button btn_left_background_bgcolor=\u00bb#13678a\u00bb btn_left_font_icon=\u00bb&#xe023;||divi||400&#8243; btn_left_icon_color=\u00bb#FFFFFF\u00bb btn_left_icon_placement=\u00bbleft\u00bb btn_right_background_background_image=\u00bbhttps:\/\/emfoco.med.br\/wp-content\/uploads\/2024\/02\/iconewhatsapp1.webp\u00bb btn_right_background_background_image_size=\u00bbfit\u00bb btn_right_background_size_width=\u00bb100%\u00bb btn_right_background_size_height=\u00bb100%\u00bb use_right_button_icon=\u00bboff\u00bb left_button=\u00bbReservar en l\u00ednea\u00bb left_button_url=\u00bbhttps:\/\/api.whatsapp.com\/send\/?phone=\u200e551132893195&amp;text=Ol%C3%A1%2C+vim+do+site+e+gostaria+de+mais+informa%C3%A7%C3%B5es+sobre+consulta+com+o+Dr.+Gabriel+Picarelli.&amp;type=phone_number&amp;app_absent=0&#8243; left_button_target=\u00bbon\u00bb right_button=\u00bb_\u00bb right_button_url=\u00bbhttps:\/\/api.whatsapp.com\/send\/?phone=\u200e551132893195&amp;text=Ol%C3%A1%2C+vim+do+site+e+gostaria+de+mais+informa%C3%A7%C3%B5es+sobre+consulta+com+o+Dr.+Gabriel+Picarelli.&amp;type=phone_number&amp;app_absent=0&#8243; right_button_target=\u00bbon\u00bb right_button_wrapper_margin=\u00bb|||50px|false|false\u00bb alignment=\u00bbcenter\u00bb _builder_version=\u00bb4.27.4&#8243; _module_preset=\u00bbdefault\u00bb left_button_text_color=\u00bb#FFFFFF\u00bb right_button_text_color=\u00bb#FFFFFF\u00bb right_button_font_size=\u00bb22px\u00bb border_radii_left_button=\u00bbon|10px|10px|10px|10px\u00bb global_colors_info=\u00bb{}\u00bb][\/difl_dual_button][\/et_pb_column][et_pb_column type=\u00bb2_3&#8243; _builder_version=\u00bb4.27.2&#8243; _module_preset=\u00bbdefault\u00bb custom_padding=\u00bb2%||3%||false|false\u00bb border_radii=\u00bboff||20px|20px|\u00bb border_width_all=\u00bb5px\u00bb border_color_all=\u00bb#13678a\u00bb border_width_left=\u00bb0px\u00bb global_colors_info=\u00bb{}\u00bb][et_pb_text disabled_on=\u00bbon|on|off\u00bb _builder_version=\u00bb4.27.4&#8243; _module_preset=\u00bbdefault\u00bb header_2_line_height=\u00bb1.8em\u00bb header_3_font=\u00bb||||||||\u00bb header_3_text_color=\u00bb#116789&#8243; header_3_line_height=\u00bb2em\u00bb header_5_text_color=\u00bb#116789&#8243; header_5_line_height=\u00bb0.8em\u00bb width=\u00bb90%\u00bb module_alignment=\u00bbcenter\u00bb custom_margin=\u00bb||||false|false\u00bb global_colors_info=\u00bb{}\u00bb]<\/p>\n<h2>Mi historia<\/h2>\n<p class=\"font_6\"><a href=\"https:\/\/emfoco.med.br\/es\/fisiatria-para-el-dolor-cronico-y-la-espasticidad\/\">El Dr. Gabriel Neves Picarelli<\/a> es m\u00e9dico especialista en Medicina F\u00edsica y Rehabilitaci\u00f3n, con especializaci\u00f3n en Medicina del Deporte, p\u00e9rdida de peso, hipertrofia muscular y mejora del rendimiento f\u00edsico. Tiene una amplia experiencia en el manejo de terapias hormonales y estrategias individualizadas para pacientes con sarcopenia, siempre con un enfoque en la seguridad y los resultados. <\/p>\n<p>[\/et_pb_text][difl_faq faq_layout=\u00bbtoggle\u00bb close_icon_color=\u00bb#13678a\u00bb faq_wrapper_margin=\u00bb30px||30px|44px|false|false\u00bb faq_item_wrapper_margin=\u00bb||||false|false\u00bb faq_item_per_column_tablet=\u00bb2&#8243; faq_item_per_column_phone=\u00bb1&#8243; faq_item_per_column_last_edited=\u00bbon|desktop\u00bb _builder_version=\u00bb4.27.4&#8243; _module_preset=\u00bbdefault\u00bb question_text_font_size=\u00bb18px\u00bb width=\u00bb60%\u00bb border_width_all_faq_item_wrapper_border=\u00bb0px\u00bb locked=\u00bboff\u00bb global_colors_info=\u00bb{}\u00bb que_wrapper_bg_bgcolor__hover=\u00bb1px||||false|false\u00bb que_wrapper_bg_bgcolor__hover_enabled=\u00bbon|hover\u00bb][difl_faqitem question=\u00bbEspecialidade\u00bb ans_img_padding=\u00bb||||false|false\u00bb _builder_version=\u00bb4.27.4&#8243; global_colors_info=\u00bb{}\u00bb que_wrapper_bg_bgcolor__hover=\u00bb1px||||false|false\u00bb que_wrapper_bg_bgcolor__hover_enabled=\u00bbon|hover\u00bb]<\/p>\n<p>Medicina Esportiva<br \/>Hipertrofia<br \/>Anaboliza\u00e7\u00e3o de Sarcop\u00eanicos<br \/>Fisiatria e Reabilita\u00e7\u00e3o<\/p>\n<p>[\/difl_faqitem][difl_faqitem question=\u00bbSubespecializa\u00e7\u00f5es\u00bb ans_img_padding=\u00bb||||false|false\u00bb _builder_version=\u00bb4.27.2&#8243; global_colors_info=\u00bb{}\u00bb que_wrapper_bg_bgcolor__hover=\u00bb1px||||false|false\u00bb que_wrapper_bg_bgcolor__hover_enabled=\u00bbon|hover\u00bb]<\/p>\n<p>Medicina do Esporte e Exerc\u00edcio<\/p>\n<p>Monitoriza\u00e7\u00e3o Neurofisiol\u00f3gica Intraoperat\u00f3ria<\/p>\n<p>Infiltra\u00e7\u00f5es Articulares e Musculares<\/p>\n<p>[\/difl_faqitem][difl_faqitem question=\u00bbHospitais de refer\u00eancia\u00bb ans_img_padding=\u00bb||||false|false\u00bb _builder_version=\u00bb4.27.2&#8243; global_colors_info=\u00bb{}\u00bb que_wrapper_bg_bgcolor__hover=\u00bb1px||||false|false\u00bb que_wrapper_bg_bgcolor__hover_enabled=\u00bbon|hover\u00bb]<\/p>\n<p>Santa Casa de Miseric\u00f3rdia de S\u00e3o Paulo<\/p>\n<p>[\/difl_faqitem][difl_faqitem question=\u00bbForma\u00e7\u00e3o profissional\u00bb ans_img_padding=\u00bb||||false|false\u00bb _builder_version=\u00bb4.27.4&#8243; global_colors_info=\u00bb{}\u00bb que_wrapper_bg_bgcolor__hover=\u00bb1px||||false|false\u00bb que_wrapper_bg_bgcolor__hover_enabled=\u00bbon|hover\u00bb]<\/p>\n<h6 class=\"font_6\">Gradua\u00e7\u00e3o:<\/h6>\n<ul>\n<li class=\"font_6\">Faculdade de Ci\u00eancias M\u00e9dicas da Santa Casa de Miseric\u00f3rdia de S\u00e3o Paulo (FCMSCSP)<\/li>\n<\/ul>\n<p>&nbsp;<\/p>\n<h5>Resid\u00eancias:<\/h5>\n<ul>\n<li>Fisiatria pela Santa Casa de Miseric\u00f3rdia de S\u00e3o Paulo<\/li>\n<li>Neurofisiologia Cl\u00ednica pela Santa Casa de Miseric\u00f3rdia de S\u00e3o Paulo<\/li>\n<li>Medicina do Esporte e Exerc\u00edcio<\/li>\n<\/ul>\n<p>&nbsp;<\/p>\n<h6>Especializa\u00e7\u00f5es e aperfei\u00e7oamentos:<\/h6>\n<ul>\n<li>Monitoriza\u00e7\u00e3o Neurofisiol\u00f3gica Intraoperat\u00f3ria pela Neurosafe Torres Castellon<\/li>\n<li>Infiltra\u00e7\u00f5es Articulares e Musculares pela Santa Casa de Miseric\u00f3rdia de S\u00e3o Paulo<\/li>\n<\/ul>\n<ul class=\"font_6\"><\/ul>\n<p>[\/difl_faqitem][difl_faqitem question=\u00bb\u00c1reas de atua\u00e7\u00e3o e experi\u00eancia profissional\u00bb ans_img_padding=\u00bb||||false|false\u00bb _builder_version=\u00bb4.27.2&#8243; design_answer_text_ul_item_indent=\u00bb20px\u00bb global_colors_info=\u00bb{}\u00bb que_wrapper_bg_bgcolor__hover=\u00bb1px||||false|false\u00bb que_wrapper_bg_bgcolor__hover_enabled=\u00bbon|hover\u00bb]<\/p>\n<h6>Fisiatria:<\/h6>\n<ul>\n<li>Artrites e artroses<\/li>\n<li>Controle da espasticidade p\u00f3s les\u00e3o medular, AVC, paralisia cerebral, TCE e interna\u00e7\u00e3o prolongada<\/li>\n<li>Diminui\u00e7\u00e3o de for\u00e7a muscular<\/li>\n<li>Dores e contraturas musculares<\/li>\n<li>Dores e tendinites do quadril e regi\u00e3o gl\u00fatea e p\u00fabica<\/li>\n<li>Dores e tendinites em coxa e joelho<\/li>\n<li>Dores e tendinites em panturrilha e tornozelo<\/li>\n<li>Dores e tendinites no ombro e cotovelo<\/li>\n<li>Dores na coluna cervical tor\u00e1cica e lombar<\/li>\n<li>Manejo cl\u00ednico do paciente p\u00f3s les\u00e3o medular<\/li>\n<\/ul>\n<p>&nbsp;<\/p>\n<h6>Medicina do Esporte e Exerc\u00edcio:<\/h6>\n<ul>\n<li>Aprimoramento do rendimento esportivo<\/li>\n<li>Orienta\u00e7\u00f5es sobre uso de recursos ergog\u00eanicos<\/li>\n<li>Recupera\u00e7\u00e3o da qualidade do treino sem dor<\/li>\n<li>Tratamento das les\u00f5es relacionadas ao esporte\n<ul>\n<li>Artrose, canelite, cervicalgia, dor articular, dorsalgia, epicondilite, fadiga, hipertens\u00e3o patelofemoral, lombalgia, s\u00edndrome do impacto femoro acetabular, s\u00edndrome do manguito rotador, s\u00edndrome miofascial<\/li>\n<\/ul>\n<\/li>\n<\/ul>\n<p>&nbsp;<\/p>\n<h6>Monitoriza\u00e7\u00e3o Neurofisiol\u00f3gica Intraoperat\u00f3ria:<\/h6>\n<ul>\n<li>Cirurgias de Cabe\u00e7a e Pesco\u00e7o\n<ul>\n<li>Monitoriza\u00e7\u00e3o de nervo facial multimodalidade com potencial evocado motor, eletromiografia de varredura livre, mapeamento neural com eletromiografia estimulada;<\/li>\n<li>Monitoriza\u00e7\u00e3o de nervo lar\u00edngeo recorrente por t\u00e9cnica multimodalidade com potencial evocado motor, reflexo adutor lar\u00edngeo, mapeamento neural e eletromiografia de varredura livre.<\/li>\n<\/ul>\n<\/li>\n<li>Cirurgias de Coluna\n<ul>\n<li>Corre\u00e7\u00e3o de deformidades como escoliose, artrose degenerativa de coluna, espondiloses, artrodese cervical, artrodese lombar, cirurgia endosc\u00f3pica de coluna. A depender do caso usa-se a multimodalidade com potencial evocado motor;<\/li>\n<li>Eletromiografia de varredura livre;<\/li>\n<li>Eletromiografia estimulada para posicionamento de parafusos e mapeamento de nervos;<\/li>\n<li>Potencial evocado somato sensitivo.<\/li>\n<\/ul>\n<\/li>\n<li>Cirurgias Otorrinolaringol\u00f3gicas\n<ul>\n<li>Monitoriza\u00e7\u00e3o de nervo facial multimodalidade com potencial evocado motor, eletromiografia de varredura livre, mapeamento neural com eletromiografia estimulada;<\/li>\n<li>Monitoriza\u00e7\u00e3o de nervo vest\u00edbulo coclear com potencial evocado auditivo.<\/li>\n<\/ul>\n<\/li>\n<li>Neurocirurgias\n<ul>\n<li>Estimula\u00e7\u00e3o cont\u00ednua por meio de strip subdural, eletrocorticografia, mapeamento de tecido cortical e subcortical, bem como identifica\u00e7\u00e3o de nervos cranianos por meio da eletromiografia estimulada;<\/li>\n<li>Ressec\u00e7\u00e3o tumoral cortical, subcortical, tronco encef\u00e1lico, \u00e2ngulo ponto cerebelar, awake craniotomy, clipagem de aneurismas e corre\u00e7\u00e3o de malforma\u00e7\u00f5es arteriovenosas;<\/li>\n<li>T\u00e9cnica multimodalidade envolvendo potenciais evocados motores e somato sensitivos, eletromiografia de varredura livre.<\/li>\n<\/ul>\n<\/li>\n<\/ul>\n<p>[\/difl_faqitem][\/difl_faq][\/et_pb_column][\/et_pb_row][\/et_pb_section][et_pb_section fb_built=\u00bb1&#8243; disabled_on=\u00bboff|off|on\u00bb _builder_version=\u00bb4.22.2&#8243; _module_preset=\u00bbdefault\u00bb custom_padding=\u00bb0px||||false|false\u00bb global_colors_info=\u00bb{}\u00bb][et_pb_row _builder_version=\u00bb4.24.2&#8243; _module_preset=\u00bbdefault\u00bb width=\u00bb100%\u00bb max_width=\u00bb100%\u00bb custom_margin=\u00bb||||false|false\u00bb custom_padding=\u00bb0px|5px|0px|5px|true|true\u00bb border_color_all=\u00bb#c1eae9&#8243; global_colors_info=\u00bb{}\u00bb][et_pb_column type=\u00bb4_4&#8243; _builder_version=\u00bb4.22.2&#8243; _module_preset=\u00bbdefault\u00bb custom_padding=\u00bb20px||20px||true|false\u00bb border_radii=\u00bboff|20px|20px|20px|20px\u00bb border_width_all=\u00bb5px\u00bb border_color_all=\u00bb#13678a\u00bb global_colors_info=\u00bb{}\u00bb][difl_advanced_person ap_photo=\u00bbhttps:\/\/emfoco.med.br\/wp-content\/uploads\/2024\/11\/Gabriel-Picarelli-Profile-Carrossel.webp\u00bb image_wrapper_max_width=\u00bb60%\u00bb ap_name=\u00bbDr. Gabriel Picarelli\u00bb ap_description=\u00bb<\/p>\n<p>CRM-SP <span style=%22font-weight: 400;%22>135780<\/span><\/p>\n<p>RQE <span style=%22font-weight: 400;%22>46641<\/span><\/p>\n<p>RQE <span style=%22font-weight: 400;%22>46641-1<\/span><\/p>\n<p>\u00bb module_wrapper_margin=\u00bb||40px||false|false\u00bb name_margin=\u00bb30px||||false|false\u00bb description_margin=\u00bb10px||||false|false\u00bb image_margin=\u00bb||||false|false\u00bb _builder_version=\u00bb4.27.2&#8243; _module_preset=\u00bbdefault\u00bb name_text_align=\u00bbcenter\u00bb description_text_align=\u00bbcenter\u00bb description_text_color=\u00bbrgba(10,10,10,0.56)\u00bb description_line_height=\u00bb0.5em\u00bb custom_margin=\u00bb||||false|false\u00bb custom_css_main_element=\u00bbtext-align: center;\u00bb border_radii_photo_border=\u00bbon|200px|200px|200px|200px\u00bb border_width_all_photo_border=\u00bb5px\u00bb border_color_all_photo_border=\u00bb#13678a\u00bb global_colors_info=\u00bb{}\u00bb][\/difl_advanced_person][difl_dual_button btn_left_background_bgcolor=\u00bb#13678a\u00bb btn_left_font_icon=\u00bb&#xe023;||divi||400&#8243; btn_left_icon_color=\u00bb#FFFFFF\u00bb btn_left_icon_placement=\u00bbleft\u00bb btn_right_background_background_image=\u00bbhttps:\/\/emfoco.med.br\/wp-content\/uploads\/2024\/02\/iconewhatsapp1.webp\u00bb btn_right_background_background_image_size=\u00bbfit\u00bb btn_right_background_size_width=\u00bb100%\u00bb btn_right_background_size_height=\u00bb100%\u00bb use_right_button_icon=\u00bboff\u00bb left_button=\u00bbReservar en l\u00ednea\u00bb left_button_url=\u00bbhttps:\/\/api.whatsapp.com\/send\/?phone=\u200e551132893195&amp;text=Ol%C3%A1%2C+vim+do+site+e+gostaria+de+mais+informa%C3%A7%C3%B5es+sobre+consulta+com+o+Dr.+Gabriel+Picarelli.&amp;type=phone_number&amp;app_absent=0&#8243; right_button=\u00bb_\u00bb right_button_url=\u00bbhttps:\/\/api.whatsapp.com\/send\/?phone=\u200e551132893195&amp;text=Ol%C3%A1%2C+vim+do+site+e+gostaria+de+mais+informa%C3%A7%C3%B5es+sobre+consulta+com+o+Dr.+Gabriel+Picarelli.&amp;type=phone_number&amp;app_absent=0&#8243; right_button_target=\u00bbon\u00bb right_button_wrapper_margin=\u00bb|||50px|false|false\u00bb left_button_padding=\u00bb10px|40px|10px|40px|false|false\u00bb alignment=\u00bbcenter\u00bb _builder_version=\u00bb4.27.4&#8243; _module_preset=\u00bbdefault\u00bb left_button_text_color=\u00bb#FFFFFF\u00bb left_button_font_size=\u00bb16px\u00bb right_button_text_color=\u00bb#FFFFFF\u00bb right_button_font_size=\u00bb16px\u00bb border_radii_left_button=\u00bbon|10px|10px|10px|10px\u00bb global_colors_info=\u00bb{}\u00bb][\/difl_dual_button][et_pb_text disabled_on=\u00bboff|off|on\u00bb _builder_version=\u00bb4.27.4&#8243; _module_preset=\u00bbdefault\u00bb header_2_font_size=\u00bb22px\u00bb header_2_line_height=\u00bb1.8em\u00bb header_3_font=\u00bb||||||||\u00bb header_3_text_color=\u00bb#116789&#8243; header_3_font_size=\u00bb17px\u00bb header_3_line_height=\u00bb2em\u00bb header_5_text_color=\u00bb#116789&#8243; header_5_line_height=\u00bb0.8em\u00bb width=\u00bb90%\u00bb module_alignment=\u00bbcenter\u00bb custom_margin=\u00bb||||false|true\u00bb custom_padding=\u00bb|25px||25px|false|true\u00bb global_colors_info=\u00bb{}\u00bb]<\/p>\n<h2>Mi historia<\/h2>\n<p class=\"font_6\"><a href=\"https:\/\/emfoco.med.br\/es\/fisiatria-para-el-dolor-cronico-y-la-espasticidad\/\">El Dr. Gabriel Neves Picarelli<\/a> es m\u00e9dico especialista en Medicina F\u00edsica y Rehabilitaci\u00f3n, con especializaci\u00f3n en Medicina del Deporte, p\u00e9rdida de peso, hipertrofia muscular y mejora del rendimiento f\u00edsico. Tiene una amplia experiencia en el manejo de terapias hormonales y estrategias individualizadas para pacientes con sarcopenia, siempre con un enfoque en la seguridad y los resultados. <\/p>\n<p>[\/et_pb_text][difl_faq faq_layout=\u00bbtoggle\u00bb close_icon_color=\u00bb#13678a\u00bb faq_wrapper_margin=\u00bb30px|10px|30px|10px|false|true\u00bb faq_item_wrapper_margin=\u00bb||||false|false\u00bb faq_item_per_column_tablet=\u00bb2&#8243; faq_item_per_column_phone=\u00bb1&#8243; faq_item_per_column_last_edited=\u00bbon|desktop\u00bb _builder_version=\u00bb4.27.4&#8243; _module_preset=\u00bbdefault\u00bb question_text_font_size=\u00bb18px\u00bb border_width_all_faq_item_wrapper_border=\u00bb0px\u00bb locked=\u00bboff\u00bb global_colors_info=\u00bb{}\u00bb que_wrapper_bg_bgcolor__hover=\u00bb1px||||false|false\u00bb que_wrapper_bg_bgcolor__hover_enabled=\u00bbon|hover\u00bb][difl_faqitem question=\u00bbEspecialidade\u00bb ans_img_padding=\u00bb||||false|false\u00bb _builder_version=\u00bb4.27.4&#8243; global_colors_info=\u00bb{}\u00bb que_wrapper_bg_bgcolor__hover=\u00bb1px||||false|false\u00bb que_wrapper_bg_bgcolor__hover_enabled=\u00bbon|hover\u00bb]<\/p>\n<p>Medicina Esportiva<br \/>Hipertrofia<br \/>Anaboliza\u00e7\u00e3o de Sarcop\u00eanicos<br \/>Fisiatria e Reabilita\u00e7\u00e3o<\/p>\n<p>[\/difl_faqitem][difl_faqitem question=\u00bbSubespecializa\u00e7\u00f5es\u00bb ans_img_padding=\u00bb||||false|false\u00bb _builder_version=\u00bb4.27.4&#8243; global_colors_info=\u00bb{}\u00bb que_wrapper_bg_bgcolor__hover=\u00bb1px||||false|false\u00bb que_wrapper_bg_bgcolor__hover_enabled=\u00bbon|hover\u00bb]<\/p>\n<p>Medicina do Esporte e Exerc\u00edcio<\/p>\n<p>Nutrologia Cl\u00ednica para Emagrecimento<\/p>\n<p>Manejo de Anabolizantes para Sarcop\u00eanicos<\/p>\n<p>Infiltra\u00e7\u00f5es Articulares e Musculares<\/p>\n<p>[\/difl_faqitem][difl_faqitem question=\u00bbHospitais de refer\u00eancia\u00bb ans_img_padding=\u00bb||||false|false\u00bb _builder_version=\u00bb4.27.2&#8243; global_colors_info=\u00bb{}\u00bb que_wrapper_bg_bgcolor__hover=\u00bb1px||||false|false\u00bb que_wrapper_bg_bgcolor__hover_enabled=\u00bbon|hover\u00bb]<\/p>\n<p>Santa Casa de Miseric\u00f3rdia de S\u00e3o Paulo<\/p>\n<p>[\/difl_faqitem][difl_faqitem question=\u00bbForma\u00e7\u00e3o profissional\u00bb ans_img_padding=\u00bb||||false|false\u00bb _builder_version=\u00bb4.27.4&#8243; global_colors_info=\u00bb{}\u00bb que_wrapper_bg_bgcolor__hover=\u00bb1px||||false|false\u00bb que_wrapper_bg_bgcolor__hover_enabled=\u00bbon|hover\u00bb]<\/p>\n<h6 class=\"font_6\">Gradua\u00e7\u00e3o:<\/h6>\n<ul>\n<li class=\"font_6\">Faculdade de Ci\u00eancias M\u00e9dicas da Santa Casa de Miseric\u00f3rdia de S\u00e3o Paulo (FCMSCSP)<\/li>\n<\/ul>\n<p>&nbsp;<\/p>\n<h5>Resid\u00eancias:<\/h5>\n<ul>\n<li>Fisiatria pela Santa Casa de Miseric\u00f3rdia de S\u00e3o Paulo<\/li>\n<li>Neurofisiologia Cl\u00ednica pela Santa Casa de Miseric\u00f3rdia de S\u00e3o Paulo<\/li>\n<li>Medicina Esportiva e HIpertofia<\/li>\n<\/ul>\n<p>&nbsp;<\/p>\n<h6>Especializa\u00e7\u00f5es e aperfei\u00e7oamentos:<\/h6>\n<ul>\n<li>Medicina do Esporte e Exerc\u00edcio pela Faculdade Unigua\u00e7u<\/li>\n<li>Monitoriza\u00e7\u00e3o Neurofisiol\u00f3gica Intraoperat\u00f3ria pela Neurosafe Torres Castellon<\/li>\n<li>Infiltra\u00e7\u00f5es Articulares e Musculares pela Santa Casa de Miseric\u00f3rdia de S\u00e3o Paulo<\/li>\n<\/ul>\n<ul class=\"font_6\"><\/ul>\n<ul class=\"font_6\"><\/ul>\n<p>[\/difl_faqitem][difl_faqitem question=\u00bb\u00c1reas de atua\u00e7\u00e3o e experi\u00eancia profissional\u00bb ans_img_padding=\u00bb||||false|false\u00bb _builder_version=\u00bb4.27.2&#8243; design_answer_text_ul_item_indent=\u00bb20px\u00bb global_colors_info=\u00bb{}\u00bb que_wrapper_bg_bgcolor__hover=\u00bb1px||||false|false\u00bb que_wrapper_bg_bgcolor__hover_enabled=\u00bbon|hover\u00bb]<\/p>\n<h6>Fisiatria:<\/h6>\n<ul>\n<li>Artrites e artroses<\/li>\n<li>Controle da espasticidade p\u00f3s les\u00e3o medular, AVC, paralisia cerebral, TCE e interna\u00e7\u00e3o prolongada<\/li>\n<li>Diminui\u00e7\u00e3o de for\u00e7a muscular<\/li>\n<li>Dores e contraturas musculares<\/li>\n<li>Dores e tendinites do quadril e regi\u00e3o gl\u00fatea e p\u00fabica<\/li>\n<li>Dores e tendinites em coxa e joelho<\/li>\n<li>Dores e tendinites em panturrilha e tornozelo<\/li>\n<li>Dores e tendinites no ombro e cotovelo<\/li>\n<li>Dores na coluna cervical tor\u00e1cica e lombar<\/li>\n<li>Manejo cl\u00ednico do paciente p\u00f3s les\u00e3o medular<\/li>\n<\/ul>\n<p>&nbsp;<\/p>\n<h6>Medicina do Esporte e Exerc\u00edcio:<\/h6>\n<ul>\n<li>Aprimoramento do rendimento esportivo<\/li>\n<li>Orienta\u00e7\u00f5es sobre uso de recursos ergog\u00eanicos<\/li>\n<li>Recupera\u00e7\u00e3o da qualidade do treino sem dor<\/li>\n<li>Tratamento das les\u00f5es relacionadas ao esporte\n<ul>\n<li>Artrose, canelite, cervicalgia, dor articular, dorsalgia, epicondilite, fadiga, hipertens\u00e3o patelofemoral, lombalgia, s\u00edndrome do impacto femoro acetabular, s\u00edndrome do manguito rotador, s\u00edndrome miofascial<\/li>\n<\/ul>\n<\/li>\n<\/ul>\n<p>&nbsp;<\/p>\n<h6>Monitoriza\u00e7\u00e3o Neurofisiol\u00f3gica Intraoperat\u00f3ria:<\/h6>\n<ul>\n<li>Cirurgias de Cabe\u00e7a e Pesco\u00e7o\n<ul>\n<li>Monitoriza\u00e7\u00e3o de nervo facial multimodalidade com potencial evocado motor, eletromiografia de varredura livre, mapeamento neural com eletromiografia estimulada;<\/li>\n<li>Monitoriza\u00e7\u00e3o de nervo lar\u00edngeo recorrente por t\u00e9cnica multimodalidade com potencial evocado motor, reflexo adutor lar\u00edngeo, mapeamento neural e eletromiografia de varredura livre.<\/li>\n<\/ul>\n<\/li>\n<li>Cirurgias de Coluna\n<ul>\n<li>Corre\u00e7\u00e3o de deformidades como escoliose, artrose degenerativa de coluna, espondiloses, artrodese cervical, artrodese lombar, cirurgia endosc\u00f3pica de coluna. A depender do caso usa-se a multimodalidade com potencial evocado motor;<\/li>\n<li>Eletromiografia de varredura livre;<\/li>\n<li>Eletromiografia estimulada para posicionamento de parafusos e mapeamento de nervos;<\/li>\n<li>Potencial evocado somato sensitivo.<\/li>\n<\/ul>\n<\/li>\n<li>Cirurgias Otorrinolaringol\u00f3gicas\n<ul>\n<li>Monitoriza\u00e7\u00e3o de nervo facial multimodalidade com potencial evocado motor, eletromiografia de varredura livre, mapeamento neural com eletromiografia estimulada;<\/li>\n<li>Monitoriza\u00e7\u00e3o de nervo vest\u00edbulo coclear com potencial evocado auditivo.<\/li>\n<\/ul>\n<\/li>\n<li>Neurocirurgias\n<ul>\n<li>Estimula\u00e7\u00e3o cont\u00ednua por meio de strip subdural, eletrocorticografia, mapeamento de tecido cortical e subcortical, bem como identifica\u00e7\u00e3o de nervos cranianos por meio da eletromiografia estimulada;<\/li>\n<li>Ressec\u00e7\u00e3o tumoral cortical, subcortical, tronco encef\u00e1lico, \u00e2ngulo ponto cerebelar, awake craniotomy, clipagem de aneurismas e corre\u00e7\u00e3o de malforma\u00e7\u00f5es arteriovenosas;<\/li>\n<li>T\u00e9cnica multimodalidade envolvendo potenciais evocados motores e somato sensitivos, eletromiografia de varredura livre.<\/li>\n<\/ul>\n<\/li>\n<\/ul>\n<p>[\/difl_faqitem][\/difl_faq][\/et_pb_column][\/et_pb_row][\/et_pb_section][et_pb_section fb_built=\u00bb1&#8243; disabled_on=\u00bbon|on|off\u00bb _builder_version=\u00bb4.23&#8243; _module_preset=\u00bbdefault\u00bb custom_padding=\u00bb0px||||false|false\u00bb global_colors_info=\u00bb{}\u00bb][et_pb_row column_structure=\u00bb1_3,1_3,1_3&#8243; _builder_version=\u00bb4.23&#8243; _module_preset=\u00bbdefault\u00bb width=\u00bb70%\u00bb max_width=\u00bb100%\u00bb global_colors_info=\u00bb{}\u00bb][et_pb_column type=\u00bb1_3&#8243; _builder_version=\u00bb4.23&#8243; _module_preset=\u00bbdefault\u00bb global_colors_info=\u00bb{}\u00bb][et_pb_image src=\u00bbhttps:\/\/emfoco.med.br\/wp-content\/uploads\/2024\/11\/Fisiatria-copiar.webp\u00bb title_text=\u00bbCopia de fisiatr\u00eda\u00bb _builder_version=\u00bb4.27.2&#8243; _module_preset=\u00bbdefault\u00bb width=\u00bb50%\u00bb module_alignment=\u00bbcenter\u00bb global_colors_info=\u00bb{}\u00bb][\/et_pb_image][et_pb_text _builder_version=\u00bb4.27.4&#8243; _module_preset=\u00bbdefault\u00bb header_2_font_size=\u00bb19px\u00bb header_2_line_height=\u00bb1.8em\u00bb header_5_text_color=\u00bb#116789&#8243; header_5_line_height=\u00bb1.1em\u00bb text_orientation=\u00bbcenter\u00bb custom_margin=\u00bb-30px||||false|false\u00bb custom_padding=\u00bb||0px|||\u00bb locked=\u00bboff\u00bb global_colors_info=\u00bb{}\u00bb]<\/p>\n<h2>Fisiatr\u00eda<\/h2>\n<p>Dolor que dificulta el entrenamiento<\/p>\n<p>Tendinitis y lesiones musculares<\/p>\n<p>Falta de movilidad y flexibilidad<\/p>\n<p>R\u00e1pida recuperaci\u00f3n para volver al entrenamiento<\/p>\n<p>[\/et_pb_text][\/et_pb_column][et_pb_column type=\u00bb1_3&#8243; _builder_version=\u00bb4.23&#8243; _module_preset=\u00bbdefault\u00bb global_colors_info=\u00bb{}\u00bb][et_pb_image src=\u00bbhttps:\/\/emfoco.med.br\/wp-content\/uploads\/2024\/11\/Medicina-do-Esporte-e-Exercicio-copiar.webp\u00bb title_text=\u00bbMedicina del deporte y del ejercicio ejemplar\u00bb _builder_version=\u00bb4.27.2&#8243; _module_preset=\u00bbdefault\u00bb width=\u00bb50%\u00bb module_alignment=\u00bbcenter\u00bb global_colors_info=\u00bb{}\u00bb][\/et_pb_image][et_pb_text _builder_version=\u00bb4.27.2&#8243; _module_preset=\u00bbdefault\u00bb header_2_font_size=\u00bb19px\u00bb header_2_line_height=\u00bb1.8em\u00bb header_5_text_color=\u00bb#116789&#8243; header_5_line_height=\u00bb1.1em\u00bb text_orientation=\u00bbcenter\u00bb custom_margin=\u00bb-30px||||false|false\u00bb custom_padding=\u00bb|||1px||\u00bb locked=\u00bboff\u00bb global_colors_info=\u00bb{}\u00bb]<\/p>\n<h2>Medicina del deporte y del ejercicio<\/h2>\n<p data-pm-slice=\"0 0 []\">Aumento de la masa muscular (hipertrofia)<\/p>\n<p>Adelgazamiento con supervisi\u00f3n m\u00e9dica<\/p>\n<p>Quema grasa sin p\u00e9rdida de rendimiento<\/p>\n<p>Uso seguro de los esteroides anabolizantes<\/p>\n<p>[\/et_pb_text][\/et_pb_column][et_pb_column type=\u00bb1_3&#8243; _builder_version=\u00bb4.23&#8243; _module_preset=\u00bbdefault\u00bb global_colors_info=\u00bb{}\u00bb][et_pb_image src=\u00bbhttps:\/\/emfoco.med.br\/wp-content\/uploads\/2024\/11\/Monitorizacao-Neurofisiologica-Intraoperatoria-copiar.webp\u00bb title_text=\u00bbCopia de la monitorizaci\u00f3n neurofisiol\u00f3gica intraoperatoria\u00bb _builder_version=\u00bb4.27.2&#8243; _module_preset=\u00bbdefault\u00bb width=\u00bb50%\u00bb module_alignment=\u00bbcenter\u00bb global_colors_info=\u00bb{}\u00bb][\/et_pb_image][et_pb_text _builder_version=\u00bb4.27.2&#8243; _module_preset=\u00bbdefault\u00bb header_2_font_size=\u00bb19px\u00bb header_2_line_height=\u00bb1.8em\u00bb header_5_text_color=\u00bb#116789&#8243; header_5_line_height=\u00bb1.1em\u00bb text_orientation=\u00bbcenter\u00bb custom_margin=\u00bb-30px||||false|false\u00bb locked=\u00bboff\u00bb global_colors_info=\u00bb{}\u00bb]<\/p>\n<h2>Monitorizaci\u00f3n neurofisiol\u00f3gica intraoperatoria<\/h2>\n<p>[\/et_pb_text][\/et_pb_column][\/et_pb_row][et_pb_row _builder_version=\u00bb4.25.0&#8243; _module_preset=\u00bbdefault\u00bb global_colors_info=\u00bb{}\u00bb][et_pb_column type=\u00bb4_4&#8243; _builder_version=\u00bb4.25.0&#8243; _module_preset=\u00bbdefault\u00bb global_colors_info=\u00bb{}\u00bb][et_pb_video src=\u00bbhttps:\/\/www.youtube.com\/watch?v=4DbL88kcyqw\u00bb _builder_version=\u00bb4.27.2&#8243; _module_preset=\u00bbdefault\u00bb global_colors_info=\u00bb{}\u00bb][\/et_pb_video][\/et_pb_column][\/et_pb_row][et_pb_row _builder_version=\u00bb4.25.0&#8243; _module_preset=\u00bbdefault\u00bb custom_margin=\u00bb||||false|false\u00bb locked=\u00bboff\u00bb global_colors_info=\u00bb{}\u00bb][et_pb_column type=\u00bb4_4&#8243; _builder_version=\u00bb4.24.0&#8243; _module_preset=\u00bbdefault\u00bb global_colors_info=\u00bb{}\u00bb][et_pb_button button_url=\u00bbhttps:\/\/api.whatsapp.com\/send\/?phone=\u200e551132893195&amp;text=Ol%C3%A1%2C+vim+do+site+e+gostaria+de+mais+informa%C3%A7%C3%B5es+sobre+consulta+com+o+Dr.+Gabriel+Picarelli.&amp;type=phone_number&amp;app_absent=0&#8243; url_new_window=\u00bbon\u00bb button_text=\u00bbReserve su cita\u00bb button_alignment=\u00bbcenter\u00bb _builder_version=\u00bb4.27.4&#8243; _module_preset=\u00bbdefault\u00bb custom_button=\u00bbon\u00bb button_text_color=\u00bb#FFFFFF\u00bb button_bg_color=\u00bb#196586&#8243; button_border_color=\u00bb#196586&#8243; button_border_radius=\u00bb20px\u00bb button_font=\u00bb|600|||||||\u00bb button_icon=\u00bb&#x45;||divi||400&#8243; button_icon_color=\u00bb#FFFFFF\u00bb button_on_hover=\u00bboff\u00bb custom_margin=\u00bb15px||||false|false\u00bb button_text_size_tablet=\u00bb18px\u00bb button_text_size_phone=\u00bb13px\u00bb button_text_size_last_edited=\u00bbon|tablet\u00bb global_colors_info=\u00bb{}\u00bb][\/et_pb_button][\/et_pb_column][\/et_pb_row][\/et_pb_section][et_pb_section fb_built=\u00bb1&#8243; disabled_on=\u00bboff|off|on\u00bb _builder_version=\u00bb4.23&#8243; _module_preset=\u00bbdefault\u00bb custom_padding=\u00bb0px||||false|false\u00bb global_colors_info=\u00bb{}\u00bb][et_pb_row _builder_version=\u00bb4.23&#8243; _module_preset=\u00bbdefault\u00bb width=\u00bb90%\u00bb max_width=\u00bb100%\u00bb global_colors_info=\u00bb{}\u00bb][et_pb_column type=\u00bb4_4&#8243; _builder_version=\u00bb4.23&#8243; _module_preset=\u00bbdefault\u00bb global_colors_info=\u00bb{}\u00bb][et_pb_image src=\u00bbhttps:\/\/emfoco.med.br\/wp-content\/uploads\/2024\/11\/Fisiatria-copiar.webp\u00bb title_text=\u00bbCopia de fisiatr\u00eda\u00bb align=\u00bbcenter\u00bb _builder_version=\u00bb4.27.2&#8243; _module_preset=\u00bbdefault\u00bb width=\u00bb50%\u00bb max_width=\u00bb60%\u00bb module_alignment=\u00bbcenter\u00bb custom_padding=\u00bb||||true|true\u00bb global_colors_info=\u00bb{}\u00bb][\/et_pb_image][et_pb_text _builder_version=\u00bb4.27.4&#8243; _module_preset=\u00bbdefault\u00bb header_2_font_size=\u00bb19px\u00bb header_2_line_height=\u00bb1.8em\u00bb header_5_text_color=\u00bb#116789&#8243; header_5_line_height=\u00bb1.1em\u00bb text_orientation=\u00bbcenter\u00bb custom_margin=\u00bb-30px||||false|false\u00bb locked=\u00bboff\u00bb global_colors_info=\u00bb{}\u00bb]<\/p>\n<h2>Fisiatr\u00eda<\/h2>\n<p>Dolor que dificulta el entrenamiento<\/p>\n<p>Tendinitis y lesiones musculares<\/p>\n<p>Falta de movilidad y flexibilidad<\/p>\n<p>R\u00e1pida recuperaci\u00f3n para volver al entrenamiento<\/p>\n<p>[\/et_pb_text][et_pb_image src=\u00bbhttps:\/\/emfoco.med.br\/wp-content\/uploads\/2024\/11\/Medicina-do-Esporte-e-Exercicio-copiar.webp\u00bb title_text=\u00bbMedicina del deporte y del ejercicio ejemplar\u00bb align=\u00bbcenter\u00bb _builder_version=\u00bb4.27.2&#8243; _module_preset=\u00bbdefault\u00bb width=\u00bb50%\u00bb max_width=\u00bb60%\u00bb module_alignment=\u00bbcenter\u00bb custom_padding=\u00bb||||true|true\u00bb global_colors_info=\u00bb{}\u00bb][\/et_pb_image][et_pb_text _builder_version=\u00bb4.27.2&#8243; _module_preset=\u00bbdefault\u00bb header_2_font_size=\u00bb19px\u00bb header_2_line_height=\u00bb1.8em\u00bb header_5_text_color=\u00bb#116789&#8243; header_5_line_height=\u00bb1.1em\u00bb text_orientation=\u00bbcenter\u00bb custom_margin=\u00bb-30px||||false|false\u00bb locked=\u00bboff\u00bb global_colors_info=\u00bb{}\u00bb]<\/p>\n<h2>Medicina del deporte y del ejercicio<\/h2>\n<div class=\"et_pb_text_inner\">\n<div data-shortcode-id=\"6.0.1.1-1743805164988\" data-quickaccess-editable=\"yes\" class=\"et-fb-popover-tinymce\">\n<div class=\"mce-content-body\" contenteditable=\"true\" style=\"position: relative;\">\n<p data-pm-slice=\"0 0 []\">Aumento de la masa muscular (hipertrofia)<\/p>\n<p>Adelgazamiento con supervisi\u00f3n m\u00e9dica<\/p>\n<p>Quema grasa sin p\u00e9rdida de rendimiento<\/p>\n<p>Uso seguro de los esteroides anabolizantes<\/p>\n<\/div>\n<\/div>\n<\/div>\n<div class=\"et-fb-mousetrap et-fb-mousetrap--module et-fb-mousetrap-pointer\" style=\"background: rgba(76, 88, 102, 0.1); pointer-events: auto;\"><\/div>\n<div class=\"et-pb-draggable-spacing et-pb-draggable-spacing__sizing et-pb-draggable-spacing__height et-pb-draggable-spacing__top et-pb-draggable-spacing--animated\"><\/div>\n<div class=\"et-pb-draggable-spacing__top et-pb-draggable-spacing__tooltip\">\n<div class=\"value\">Altura m\u00ednima: auto<\/div>\n<\/div>\n<div class=\"et-pb-draggable-spacing et-pb-draggable-spacing__sizing et-pb-draggable-spacing__height et-pb-draggable-spacing__bottom et-pb-draggable-spacing--animated\"><\/div>\n<div class=\"et-pb-draggable-spacing__bottom et-pb-draggable-spacing__tooltip\">\n<div class=\"value\">Altura m\u00ednima: auto<\/div>\n<\/div>\n<div class=\"et-pb-draggable-spacing et-pb-draggable-spacing__sizing et-pb-draggable-spacing__width et-pb-draggable-spacing__left et-pb-draggable-spacing--animated\"><\/div>\n<div class=\"et-pb-draggable-spacing__left et-pb-draggable-spacing__tooltip\">\n<div class=\"value\">Anchura m\u00e1xima: auto<\/div>\n<\/div>\n<div class=\"et-pb-draggable-spacing et-pb-draggable-spacing__sizing et-pb-draggable-spacing__width et-pb-draggable-spacing__right et-pb-draggable-spacing--animated\"><\/div>\n<div class=\"et-pb-draggable-spacing__right et-pb-draggable-spacing__tooltip\">\n<div class=\"value\">Anchura m\u00e1xima: auto<\/div>\n<\/div>\n<p>[\/et_pb_text][et_pb_image src=\u00bbhttps:\/\/emfoco.med.br\/wp-content\/uploads\/2024\/11\/Monitorizacao-Neurofisiologica-Intraoperatoria-copiar.webp\u00bb title_text=\u00bbCopia de la monitorizaci\u00f3n neurofisiol\u00f3gica intraoperatoria\u00bb align=\u00bbcenter\u00bb _builder_version=\u00bb4.27.2&#8243; _module_preset=\u00bbdefault\u00bb width=\u00bb50%\u00bb max_width=\u00bb60%\u00bb module_alignment=\u00bbcenter\u00bb custom_padding=\u00bb||||true|true\u00bb global_colors_info=\u00bb{}\u00bb][\/et_pb_image][et_pb_text _builder_version=\u00bb4.27.2&#8243; _module_preset=\u00bbdefault\u00bb header_2_font_size=\u00bb19px\u00bb header_2_line_height=\u00bb1.8em\u00bb header_5_text_color=\u00bb#116789&#8243; header_5_line_height=\u00bb1.1em\u00bb text_orientation=\u00bbcenter\u00bb custom_margin=\u00bb-30px||||false|false\u00bb locked=\u00bboff\u00bb global_colors_info=\u00bb{}\u00bb]<\/p>\n<h2>Monitorizaci\u00f3n neurofisiol\u00f3gica intraoperatoria<\/h2>\n<p>[\/et_pb_text][\/et_pb_column][\/et_pb_row][et_pb_row _builder_version=\u00bb4.25.0&#8243; _module_preset=\u00bbdefault\u00bb global_colors_info=\u00bb{}\u00bb][et_pb_column type=\u00bb4_4&#8243; _builder_version=\u00bb4.25.0&#8243; _module_preset=\u00bbdefault\u00bb global_colors_info=\u00bb{}\u00bb][et_pb_video src=\u00bbhttps:\/\/www.youtube.com\/watch?v=4DbL88kcyqw\u00bb _builder_version=\u00bb4.27.2&#8243; _module_preset=\u00bbdefault\u00bb global_colors_info=\u00bb{}\u00bb][\/et_pb_video][\/et_pb_column][\/et_pb_row][et_pb_row _builder_version=\u00bb4.25.0&#8243; _module_preset=\u00bbdefault\u00bb custom_margin=\u00bb||||false|false\u00bb locked=\u00bboff\u00bb global_colors_info=\u00bb{}\u00bb][et_pb_column type=\u00bb4_4&#8243; _builder_version=\u00bb4.24.0&#8243; _module_preset=\u00bbdefault\u00bb global_colors_info=\u00bb{}\u00bb][et_pb_button button_url=\u00bbhttps:\/\/api.whatsapp.com\/send\/?phone=\u200e551132893195&amp;text=Ol%C3%A1%2C+vim+do+site+e+gostaria+de+mais+informa%C3%A7%C3%B5es+sobre+consulta+com+o+Dr.+Gabriel+Picarelli.&amp;type=phone_number&amp;app_absent=0&#8243; url_new_window=\u00bbon\u00bb button_text=\u00bbReserve su cita\u00bb button_alignment=\u00bbcenter\u00bb _builder_version=\u00bb4.27.4&#8243; _module_preset=\u00bbdefault\u00bb custom_button=\u00bbon\u00bb button_text_color=\u00bb#FFFFFF\u00bb button_bg_color=\u00bb#196586&#8243; button_border_color=\u00bb#196586&#8243; button_border_radius=\u00bb20px\u00bb button_font=\u00bb|600|||||||\u00bb button_icon=\u00bb&#x45;||divi||400&#8243; button_icon_color=\u00bb#FFFFFF\u00bb button_on_hover=\u00bboff\u00bb custom_margin=\u00bb15px||||false|false\u00bb button_text_size_tablet=\u00bb18px\u00bb button_text_size_phone=\u00bb13px\u00bb button_text_size_last_edited=\u00bbon|tablet\u00bb global_colors_info=\u00bb{}\u00bb][\/et_pb_button][\/et_pb_column][\/et_pb_row][\/et_pb_section]<\/p>\n","protected":false},"excerpt":{"rendered":"<p>El Dr. Gabriel Picarelli es especialista en Medicina F\u00edsica y Rehabilitaci\u00f3n (Fisiatr\u00eda) y Neurofisiolog\u00eda Cl\u00ednica en la Santa Casa de Misericordia de S\u00e3o Paulo.  <\/p>\n","protected":false},"author":1,"featured_media":296019,"comment_status":"open","ping_status":"closed","template":"","meta":{"_et_pb_use_builder":"on","_et_pb_old_content":"","_et_gb_content_width":"","rank_math_focus_keyword":"gabriel picarelli","rank_math_title":"Dr. Gabriel Picarelli","rank_math_description":"El Dr. Gabriel Picarelli es especialista en Medicina F\u00edsica y Rehabilitaci\u00f3n (Fisiatr\u00eda) y Neurofisiolog\u00eda Cl\u00ednica en la Santa Casa de Misericordia de S\u00e3o Paulo.  ","rank_math_og_title":"","rank_math_og_description":"","rank_math_og_image":"","rank_math_og_image_id":"","rank_math_twitter_title":"","rank_math_twitter_description":"","rank_math_twitter_image":"","rank_math_canonical_url":"","rank_math_robots":"","rank_math_rich_snippet":"","rank_math_snippet_name":"","rank_math_snippet_desc":"","rank_math_seo_score":"","rank_math_pillar_content":"","footnotes":""},"false":[],"class_list":["post-296016","project","type-project","status-publish","has-post-thumbnail","hentry","project_category-fisiatria-es","project_category-neurofisiologia-clinica-es"],"_links":{"self":[{"href":"https:\/\/emfoco.med.br\/es\/wp-json\/wp\/v2\/project\/296016","targetHints":{"allow":["GET"]}}],"collection":[{"href":"https:\/\/emfoco.med.br\/es\/wp-json\/wp\/v2\/project"}],"about":[{"href":"https:\/\/emfoco.med.br\/es\/wp-json\/wp\/v2\/types\/project"}],"author":[{"embeddable":true,"href":"https:\/\/emfoco.med.br\/es\/wp-json\/wp\/v2\/users\/1"}],"replies":[{"embeddable":true,"href":"https:\/\/emfoco.med.br\/es\/wp-json\/wp\/v2\/comments?post=296016"}],"version-history":[{"count":5,"href":"https:\/\/emfoco.med.br\/es\/wp-json\/wp\/v2\/project\/296016\/revisions"}],"predecessor-version":[{"id":296047,"href":"https:\/\/emfoco.med.br\/es\/wp-json\/wp\/v2\/project\/296016\/revisions\/296047"}],"wp:featuredmedia":[{"embeddable":true,"href":"https:\/\/emfoco.med.br\/es\/wp-json\/wp\/v2\/media\/296019"}],"wp:attachment":[{"href":"https:\/\/emfoco.med.br\/es\/wp-json\/wp\/v2\/media?parent=296016"}],"wp:term":[{"taxonomy":"project_category","embeddable":true,"href":"https:\/\/emfoco.med.br\/es\/wp-json\/wp\/v2\/false?post=296016"},{"taxonomy":"project_tag","embeddable":true,"href":"https:\/\/emfoco.med.br\/es\/wp-json\/wp\/v2\/false?post=296016"}],"curies":[{"name":"wp","href":"https:\/\/api.w.org\/{rel}","templated":true}]}}